{"id":623,"date":"2020-10-21T03:05:35","date_gmt":"2020-10-21T02:05:35","guid":{"rendered":"https:\/\/sopronigyujtemenyek.lutheran.hu\/?page_id=623"},"modified":"2021-12-09T17:54:46","modified_gmt":"2021-12-09T16:54:46","slug":"fotogyujtemeny","status":"publish","type":"page","link":"https:\/\/sopronigyujtemenyek.lutheran.hu\/?page_id=623","title":{"rendered":"Fot\u00f3gy\u0171jtem\u00e9ny"},"content":{"rendered":"\t<!-- CSS Part Start From Here-->\r\n\t<style>\r\n\t\t\r\n\t\t.portfolio-wraper {\r\n\t\t\t\t\t\tmargin-bottom:20px;\r\n\t\t}\r\n\t\t.pfg-bootstrap .img-fluid {\r\n\t\t  max-width: 100%;\r\n\t\t  height: auto;\r\n\t\t}\r\n\r\n\t\t.pfg-bootstrap .img-thumbnail {\r\n\t\t  padding: 0.25rem;\r\n\t\t  background-color: #fff;\r\n\r\n\t\t  \t\t  border: 1px solid #dee2e6;\r\n\t\t  border-radius: 0.25rem;\r\n\t\t  \t\t  max-width: 100%;\r\n\t\t  height: auto;\r\n\t\t}\r\n\t\t.pfg-bootstrap .img-circle {\r\n\t\t  border-radius: 50%;\r\n\t\t}\r\n\t\t.pfg-bootstrap img {\r\n\t\t -moz-transition: all .2s ease-in-out;\r\n\t\t  -webkit-transition: all .2s ease-in-out;\r\n\t\t  -ms-transition: all .2s ease-in-out;\r\n\t\t  -o-transition: all .2s ease-in-out;\r\n\t\t  transition: all .2s ease-in-out;\r\n\t\t}\r\n\t\t.pfg-bootstrap .thumbnail {\r\n\t\t  display: block;\r\n\t\t  padding: 4px;\r\n\t\t  \/*margin-bottom: 20px;*\/\r\n\t\t  line-height: 1.42857143;\r\n\t\t  background-color: #fff;\r\n\t\t  border: 1px solid #ddd;\r\n\t\t  border-radius: 4px;\r\n\t\t  -webkit-transition: border .2s ease-in-out;\r\n\t\t\t   -o-transition: border .2s ease-in-out;\r\n\t\t\t\t  transition: border .2s ease-in-out;\r\n\t\t}\r\n\t\t.pfg-bootstrap .thumbnail > img,\r\n\t\t.pfg-bootstrap .thumbnail a > img {\r\n\t\t  margin-right: auto;\r\n\t\t  margin-left: auto;\r\n\t\t}\r\n\t\t.pfg-bootstrap a.thumbnail:hover,\r\n\t\t.pfg-bootstrap a.thumbnail:focus,\r\n\t\t.pfg-bootstrap a.thumbnail.active {\r\n\t\t  border-color: #337ab7;\r\n\t\t}\r\n\t\t.pfg-bootstrap .thumbnail .caption {\r\n\t\t  padding: 9px;\r\n\t\t  color: #333;\r\n\t\t}\r\n\r\n\t\tfigure {\r\n\t\t  margin: 0;\r\n\t\t}\r\n\t\timg {\r\n\t\t  vertical-align: middle;\r\n\t\t}\r\n\t\t.pfg-bootstrap .img-responsive,\r\n\t\t.pfg-bootstrap .thumbnail > img,\r\n\t\t.pfg-bootstrap .thumbnail a > img,\r\n\t\t.pfg-bootstrap .carousel-inner > .item > img,\r\n\t\t.pfg-bootstrap .carousel-inner > .item > a > img {\r\n\t\t  display: block;\r\n\t\t  max-width: 100%;\r\n\t\t  height: auto;\r\n\t\t}\r\n\t\t.pfg-bootstrap .img-rounded {\r\n\t\t  border-radius: 6px;\r\n\t\t}\r\n\t\t\r\n\t\t\t\t\tspan.item_desc_628{\r\n\t\t\t\tdisplay:none !important;\r\n\t\t\t}\r\n\t\t\t\tli#all {\r\n\t\t\tmargin: 0;\r\n\t\t}\r\n\t\t\r\n\t\t.simplefilter li {\r\n\t\t\tmargin-top: 5px;\r\n\t\t}\r\n\t\t\r\n\t\t.filtr-search {\r\n\t\t\tmargin-top:10px !important;\r\n\t\t\twidth:200px !important;\r\n\t\t\tmargin-bottom: 20px;\r\n\t\t}\r\n\t\t#all-simplefilter {\r\n\t\t\tdisplay:inline;\r\n\t\t\tpadding-left: 0px !important;\r\n\t\t}\r\n\t\t#f-simplefilter-628 {\r\n\t\t\tdisplay:inline;\r\n\t\t\tpadding-left: 0px !important;\r\n\t\t}\r\n\t\tbutton:hover {\r\n\t\t\tbackground-color: unset !important;\r\n\t\t}\r\n\t\t\r\n\t\t\t\t\r\n\t\t@keyframes .YouTubePopUp-Content  {\r\n\t\t\tfrom {\r\n\t\t\t\ttransform: translate3d(0, 100%, 0);\r\n\t\t\t\tvisibility: visible;\r\n\t\t\t}\r\n\r\n\t\t\tto {\r\n\t\t\t\ttransform: translate3d(0, 0, 0);\r\n\t\t\t}\r\n\t\t}\r\n\r\n\t\t.YouTubePopUp-Content  {\r\n\t\t\tanimation-name: .YouTubePopUp-Content ;\r\n\t\t}\r\n\r\n\t\t.YouTubePopUp-Close { \r\n\t\t\tbackground:url(https:\/\/sopronigyujtemenyek.lutheran.hu\/wp-content\/plugins\/portfolio-filter-gallery\/\/img\/close-icon-white.png) no-repeat;\r\n\t\t\tbackground-size:50px 50px;\r\n\t\t\t-webkit-background-size:70px 50px;\r\n\t\t\t-moz-background-size:70px 50px;\r\n\t\t\t-o-background-size:70px 50px;\r\n\t\t}\r\n\t\tul.simplefilter {\r\n\t\t\tmargin-left: 0 !important;\r\n\t\t}\r\n\t\t.pfg_img_628 {\r\n\t\t\twidth: 100% !important;\r\n\t\t\theight: 100% !important;\r\n\t\t}\r\n\t\t.filter_gallery_628 > a {\r\n\t\t\tposition: initial !important;\r\n\t\t}\r\n\t\t.thumbnail_628 {\r\n\t\t\twidth:100% !important;\r\n\t\t\theight:auto;\r\n\t\t\tmargin-bottom: 0px !important;\r\n\t\t\t\r\n\t\t}\r\n\t\t.filtr-item {\r\n\t\t\tpadding-right:7px !important;\r\n\t\t\tpadding-left:7px !important;\r\n\t\t\tpadding-top:7px !important;\r\n\t\t\tpadding-bottom:7px !important;\r\n\t\t}\r\n\t\t.filtr-item img {\r\n\t\t\ttransition: all .2s !important\r\n\t\t}\r\n\t\t\t\t\t\t.filtr_item_628 img {\r\n\t\t\tfilter: grayscale(70%);\r\n\t\t}\r\n\t\t.filtr_item_628 img:hover {\r\n\t\t   filter: none;\r\n\t\t}\r\n\t\t\t\t.simplefilter_628 li {\r\n\t\t\tbackground-color: #ccc;\r\n\t\t\tcolor: #000000;\r\n\t\t}\r\n\t\t\r\n\t\t.simplefilter_628 li:hover {\r\n\t\t\tbackground-color: #656565 !important;\r\n\t\t}\r\n\t\t\r\n\t\t.simplefilter_628 li.active {\r\n\t\t\tbackground-color: #656565 !important;\r\n\t\t}\r\n\t\t\r\n\t\t\t<\/style>\r\n\t\t<div class=\"portfolio-wraper pfg-bootstrap\" version=\"1.7.2\">\r\n\t\t\t\t\t<div class=\"col-lg-12 col-md-12 col-xs-12 \">\r\n\t\t\t\t<ul id=\"all-simplefilter\" class=\"filtr-control-628 simplefilter simplefilter_628\">\r\n\t\t\t\t\t<li id=\"all\" class=\"active filtr-controls-628\" data-filter=\"all\">Mind<\/li>\r\n\t\t\t\t<\/ul>\r\n\t\t\t\t<ul id=\"f-simplefilter-628\" class=\"filtr-control-628 simplefilter simplefilter_628\">\r\n\t\t\t\t\t\t\t\t\t\t\t\t\t<li data-filter=\"9\"\r\n\t\t\t\t\t\t\t\t\tclass=\"filtr-controls-628\">Tan\u00e1rok<\/li>\r\n\t\t\t\t\t\t\t\t\t\t\t\t\t\t\t\t<li data-filter=\"3\"\r\n\t\t\t\t\t\t\t\t\tclass=\"filtr-controls-628\">Lelk\u00e9szek<\/li>\r\n\t\t\t\t\t\t\t\t\t\t\t\t\t\t\t\t<li data-filter=\"2\"\r\n\t\t\t\t\t\t\t\t\tclass=\"filtr-controls-628\">Esem\u00e9nyek<\/li>\r\n\t\t\t\t\t\t\t\t\t\t\t\t\t\t\t\t<li data-filter=\"8\"\r\n\t\t\t\t\t\t\t\t\tclass=\"filtr-controls-628\">Konfirm\u00e1ci\u00f3s k\u00e9pek<\/li>\r\n\t\t\t\t\t\t\t\t\t\t\t\t\t\t\t\t<li data-filter=\"6\"\r\n\t\t\t\t\t\t\t\t\tclass=\"filtr-controls-628\">Oszt\u00e1lyk\u00e9pek<\/li>\r\n\t\t\t\t\t\t\t\t\t\t\t\t\t\t\t\t<li data-filter=\"5\"\r\n\t\t\t\t\t\t\t\t\tclass=\"filtr-controls-628\">Tabl\u00f3k\u00e9pek<\/li>\r\n\t\t\t\t\t\t\t\t\t\t\t\t\t\t\t\t<li data-filter=\"4\"\r\n\t\t\t\t\t\t\t\t\tclass=\"filtr-controls-628\">Fel\u00fcgyel\u0151k<\/li>\r\n\t\t\t\t\t\t\t\t\t\t\t\t\t\t\t\t<li data-filter=\"1\"\r\n\t\t\t\t\t\t\t\t\tclass=\"filtr-controls-628\">Utcak\u00e9p<\/li>\r\n\t\t\t\t\t\t\t\t\t\t\t\t\t\t\t\t<li data-filter=\"7\"\r\n\t\t\t\t\t\t\t\t\tclass=\"filtr-controls-628\">Di\u00e1kok<\/li>\r\n\t\t\t\t\t\t\t\t\t\t\t\t<\/ul>\r\n\r\n\t\t\t<\/div>\r\n\t\t\t\t<!-- Shuffle & Sort Controls -->\r\n\t\t\t\t\t<div class=\"col-md-12 filter-wrap \">\r\n\t\t\t\t<input type=\"text\" class=\"filtr-controls-628 filtr-search filtr_search_628\" name=\"filtr-search\" placeholder=\"Keres\u00e9s\" data-search><\/li>\r\n\t\t\t<\/div>\r\n\t\t\t\t\r\n\t\t<div class=\"row loading-wrapper text-center\">\r\n\t\t\t<img decoding=\"async\" src=\"https:\/\/sopronigyujtemenyek.lutheran.hu\/wp-content\/plugins\/portfolio-filter-gallery\/\/img\/loading-icon.gif\" width=\"60\">\r\n\t\t<\/div>\r\n\t\t<div class=\"filter_gallery_628 row filtr-container filters-div\" style=\"opacity:0; display:none;\">\r\n\t\t\t\t\t\t\t\t<a href=\"https:\/\/sopronigyujtemenyek.lutheran.hu\/wp-content\/uploads\/Ev.-Tank\u00e9p.tan\u00e1ri-kar-1935-1.jpg\" class=\"pfg-lightbox-all pfg-lightbox-9\" data-lightbox=\"pfg-lightbox\"  data-title=\"Evang\u00e9likus Tan\u00edt\u00f3k\u00e9pz\u0151 tan\u00e1ri kara,1935 (SEL XV.5. 4.d.)\" data-alt=\"Evang\u00e9likus Tan\u00edt\u00f3k\u00e9pz\u0151 tan\u00e1ri kara,1935 (SEL XV.5. 4.d.)\" title=\"Evang\u00e9likus Tan\u00edt\u00f3k\u00e9pz\u0151 tan\u00e1ri kara,1935 (SEL XV.5. 4.d.)\">\r\n\t\t\t\t\t\t<div data-category=\"9\" data-sort=\"Evang\u00e9likus Tan\u00edt\u00f3k\u00e9pz\u0151 tan\u00e1ri kara,1935 (SEL XV.5. 4.d.)\" class=\"animateonload filtr-item filtr_item_628 single_one col-lg-2 col-md-3 col-sm-4 col-6\">\r\n\t\t\t\t\t\t\t\t\t\t\t\t\t\t\t<img decoding=\"async\" class=\" thumbnail  thumbnail_628 pfg-img pfg_img_628 img-responsive hvr-float-shadow\" src=\"https:\/\/sopronigyujtemenyek.lutheran.hu\/wp-content\/uploads\/Ev.-Tank\u00e9p.tan\u00e1ri-kar-1935-1-150x150.jpg\" alt=\"\">\r\n\t\t\t\t\t\t\t\t\t\t\t\t\t\t\t\t\t<div class=\"item-position item_position_628\">1<\/div>\r\n\t\t\t\t\t\t\t\t\t\t\t\t\t\t\t\t\t\t<span class=\"item-desc item_desc_628\">Evang\u00e9likus Tan\u00edt\u00f3k\u00e9pz\u0151 tan\u00e1ri kara,1935 (SEL XV.5. 4.d.)<\/span>\r\n\t\t\t\t\t\t\t\t\t\t\t\t\t\t<\/div>\r\n\t\t\t\t\t<\/a>\r\n\t\t\t\t\t\t\t\t\t\t<a href=\"https:\/\/sopronigyujtemenyek.lutheran.hu\/wp-content\/uploads\/Ev.-Tank\u00e9p.tan\u00e1ri-kar-\u00e9.n.-2-1.jpg\" class=\"pfg-lightbox-all pfg-lightbox-9\" data-lightbox=\"pfg-lightbox\"  data-title=\"Evang\u00e9likus Tan\u00edt\u00f3k\u00e9pz\u0151 tan\u00e1ri kara, \u00e9.n. (SEL XV.5. 4.d.)\" data-alt=\"Evang\u00e9likus Tan\u00edt\u00f3k\u00e9pz\u0151 tan\u00e1ri kara, \u00e9.n. (SEL XV.5. 4.d.)\" title=\"Evang\u00e9likus Tan\u00edt\u00f3k\u00e9pz\u0151 tan\u00e1ri kara, \u00e9.n. (SEL XV.5. 4.d.)\">\r\n\t\t\t\t\t\t<div data-category=\"9\" data-sort=\"Evang\u00e9likus Tan\u00edt\u00f3k\u00e9pz\u0151 tan\u00e1ri kara, \u00e9.n. (SEL XV.5. 4.d.)\" class=\"animateonload filtr-item filtr_item_628 single_one col-lg-2 col-md-3 col-sm-4 col-6\">\r\n\t\t\t\t\t\t\t\t\t\t\t\t\t\t\t<img decoding=\"async\" class=\" thumbnail  thumbnail_628 pfg-img pfg_img_628 img-responsive hvr-float-shadow\" src=\"https:\/\/sopronigyujtemenyek.lutheran.hu\/wp-content\/uploads\/Ev.-Tank\u00e9p.tan\u00e1ri-kar-\u00e9.n.-2-1-150x150.jpg\" alt=\"\">\r\n\t\t\t\t\t\t\t\t\t\t\t\t\t\t\t\t\t<div class=\"item-position item_position_628\">2<\/div>\r\n\t\t\t\t\t\t\t\t\t\t\t\t\t\t\t\t\t\t<span class=\"item-desc item_desc_628\">Evang\u00e9likus Tan\u00edt\u00f3k\u00e9pz\u0151 tan\u00e1ri kara, \u00e9.n. (SEL XV.5. 4.d.)<\/span>\r\n\t\t\t\t\t\t\t\t\t\t\t\t\t\t<\/div>\r\n\t\t\t\t\t<\/a>\r\n\t\t\t\t\t\t\t\t\t\t<a href=\"https:\/\/sopronigyujtemenyek.lutheran.hu\/wp-content\/uploads\/Ev.-Tank\u00e9p.tan\u00e1ri-kar-\u00e9.n.-3-1.jpg\" class=\"pfg-lightbox-all pfg-lightbox-9\" data-lightbox=\"pfg-lightbox\"  data-title=\"Evang\u00e9likus Tan\u00edt\u00f3k\u00e9pz\u0151 tan\u00e1ri kara, \u00e9.n. (SEL XV.5. 4.d.)\" data-alt=\"Evang\u00e9likus Tan\u00edt\u00f3k\u00e9pz\u0151 tan\u00e1ri kara, \u00e9.n. (SEL XV.5. 4.d.)\" title=\"Evang\u00e9likus Tan\u00edt\u00f3k\u00e9pz\u0151 tan\u00e1ri kara, \u00e9.n. (SEL XV.5. 4.d.)\">\r\n\t\t\t\t\t\t<div data-category=\"9\" data-sort=\"Evang\u00e9likus Tan\u00edt\u00f3k\u00e9pz\u0151 tan\u00e1ri kara, \u00e9.n. (SEL XV.5. 4.d.)\" class=\"animateonload filtr-item filtr_item_628 single_one col-lg-2 col-md-3 col-sm-4 col-6\">\r\n\t\t\t\t\t\t\t\t\t\t\t\t\t\t\t<img decoding=\"async\" class=\" thumbnail  thumbnail_628 pfg-img pfg_img_628 img-responsive hvr-float-shadow\" src=\"https:\/\/sopronigyujtemenyek.lutheran.hu\/wp-content\/uploads\/Ev.-Tank\u00e9p.tan\u00e1ri-kar-\u00e9.n.-3-1-150x150.jpg\" alt=\"\">\r\n\t\t\t\t\t\t\t\t\t\t\t\t\t\t\t\t\t<div class=\"item-position item_position_628\">3<\/div>\r\n\t\t\t\t\t\t\t\t\t\t\t\t\t\t\t\t\t\t<span class=\"item-desc item_desc_628\">Evang\u00e9likus Tan\u00edt\u00f3k\u00e9pz\u0151 tan\u00e1ri kara, \u00e9.n. (SEL XV.5. 4.d.)<\/span>\r\n\t\t\t\t\t\t\t\t\t\t\t\t\t\t<\/div>\r\n\t\t\t\t\t<\/a>\r\n\t\t\t\t\t\t\t\t\t\t<a href=\"https:\/\/sopronigyujtemenyek.lutheran.hu\/wp-content\/uploads\/Hamar-Gyula-2-1.jpg\" class=\"pfg-lightbox-all pfg-lightbox-9\" data-lightbox=\"pfg-lightbox\"  data-title=\"Hamar Gyula (1881-1976) k\u00e9pz\u0151int\u00e9zeti tan\u00e1r, igazgat\u00f3 (SEL XV.5. 4.d.)\" data-alt=\"Hamar Gyula (1881-1976) k\u00e9pz\u0151int\u00e9zeti tan\u00e1r, igazgat\u00f3 (SEL XV.5. 4.d.)\" title=\"Hamar Gyula (1881-1976) k\u00e9pz\u0151int\u00e9zeti tan\u00e1r, igazgat\u00f3 (SEL XV.5. 4.d.)\">\r\n\t\t\t\t\t\t<div data-category=\"9\" data-sort=\"Hamar Gyula (1881-1976) k\u00e9pz\u0151int\u00e9zeti tan\u00e1r, igazgat\u00f3 (SEL XV.5. 4.d.)\" class=\"animateonload filtr-item filtr_item_628 single_one col-lg-2 col-md-3 col-sm-4 col-6\">\r\n\t\t\t\t\t\t\t\t\t\t\t\t\t\t\t<img decoding=\"async\" class=\" thumbnail  thumbnail_628 pfg-img pfg_img_628 img-responsive hvr-float-shadow\" src=\"https:\/\/sopronigyujtemenyek.lutheran.hu\/wp-content\/uploads\/Hamar-Gyula-2-1-150x150.jpg\" alt=\"\">\r\n\t\t\t\t\t\t\t\t\t\t\t\t\t\t\t\t\t<div class=\"item-position item_position_628\">4<\/div>\r\n\t\t\t\t\t\t\t\t\t\t\t\t\t\t\t\t\t\t<span class=\"item-desc item_desc_628\">Hamar Gyula (1881-1976) k\u00e9pz\u0151int\u00e9zeti tan\u00e1r, igazgat\u00f3 (SEL XV.5. 4.d.)<\/span>\r\n\t\t\t\t\t\t\t\t\t\t\t\t\t\t<\/div>\r\n\t\t\t\t\t<\/a>\r\n\t\t\t\t\t\t\t\t\t\t<a href=\"https:\/\/sopronigyujtemenyek.lutheran.hu\/wp-content\/uploads\/Ev.-Tank\u00e9p.tan\u00e1ri-kar-\u00e9.n.-1.jpg\" class=\"pfg-lightbox-all pfg-lightbox-9\" data-lightbox=\"pfg-lightbox\"  data-title=\"Evang\u00e9likus Tan\u00edt\u00f3k\u00e9pz\u0151 tan\u00e1ri kara, \u00e9.n. (SEL XV.5. 4.d.)\" data-alt=\"Evang\u00e9likus Tan\u00edt\u00f3k\u00e9pz\u0151 tan\u00e1ri kara, \u00e9.n. (SEL XV.5. 4.d.)\" title=\"Evang\u00e9likus Tan\u00edt\u00f3k\u00e9pz\u0151 tan\u00e1ri kara, \u00e9.n. (SEL XV.5. 4.d.)\">\r\n\t\t\t\t\t\t<div data-category=\"9\" data-sort=\"Evang\u00e9likus Tan\u00edt\u00f3k\u00e9pz\u0151 tan\u00e1ri kara, \u00e9.n. (SEL XV.5. 4.d.)\" class=\"animateonload filtr-item filtr_item_628 single_one col-lg-2 col-md-3 col-sm-4 col-6\">\r\n\t\t\t\t\t\t\t\t\t\t\t\t\t\t\t<img decoding=\"async\" class=\" thumbnail  thumbnail_628 pfg-img pfg_img_628 img-responsive hvr-float-shadow\" src=\"https:\/\/sopronigyujtemenyek.lutheran.hu\/wp-content\/uploads\/Ev.-Tank\u00e9p.tan\u00e1ri-kar-\u00e9.n.-1-150x150.jpg\" alt=\"\">\r\n\t\t\t\t\t\t\t\t\t\t\t\t\t\t\t\t\t<div class=\"item-position item_position_628\">5<\/div>\r\n\t\t\t\t\t\t\t\t\t\t\t\t\t\t\t\t\t\t<span class=\"item-desc item_desc_628\">Evang\u00e9likus Tan\u00edt\u00f3k\u00e9pz\u0151 tan\u00e1ri kara, \u00e9.n. (SEL XV.5. 4.d.)<\/span>\r\n\t\t\t\t\t\t\t\t\t\t\t\t\t\t<\/div>\r\n\t\t\t\t\t<\/a>\r\n\t\t\t\t\t\t\t\t\t\t<a href=\"https:\/\/sopronigyujtemenyek.lutheran.hu\/wp-content\/uploads\/Hamar-Gyula-3-1.jpg\" class=\"pfg-lightbox-all pfg-lightbox-9\" data-lightbox=\"pfg-lightbox\"  data-title=\"Hamar Gyula (1881-1976) k\u00e9pz\u0151int\u00e9zeti tan\u00e1r, igazgat\u00f3 (SEL XV.5. 4.d)\" data-alt=\"Hamar Gyula (1881-1976) k\u00e9pz\u0151int\u00e9zeti tan\u00e1r, igazgat\u00f3 (SEL XV.5. 4.d)\" title=\"Hamar Gyula (1881-1976) k\u00e9pz\u0151int\u00e9zeti tan\u00e1r, igazgat\u00f3 (SEL XV.5. 4.d)\">\r\n\t\t\t\t\t\t<div data-category=\"9\" data-sort=\"Hamar Gyula (1881-1976) k\u00e9pz\u0151int\u00e9zeti tan\u00e1r, igazgat\u00f3 (SEL XV.5. 4.d)\" class=\"animateonload filtr-item filtr_item_628 single_one col-lg-2 col-md-3 col-sm-4 col-6\">\r\n\t\t\t\t\t\t\t\t\t\t\t\t\t\t\t<img decoding=\"async\" class=\" thumbnail  thumbnail_628 pfg-img pfg_img_628 img-responsive hvr-float-shadow\" src=\"https:\/\/sopronigyujtemenyek.lutheran.hu\/wp-content\/uploads\/Hamar-Gyula-3-1-150x150.jpg\" alt=\"\">\r\n\t\t\t\t\t\t\t\t\t\t\t\t\t\t\t\t\t<div class=\"item-position item_position_628\">6<\/div>\r\n\t\t\t\t\t\t\t\t\t\t\t\t\t\t\t\t\t\t<span class=\"item-desc item_desc_628\">Hamar Gyula (1881-1976) k\u00e9pz\u0151int\u00e9zeti tan\u00e1r, igazgat\u00f3 (SEL XV.5. 4.d)<\/span>\r\n\t\t\t\t\t\t\t\t\t\t\t\t\t\t<\/div>\r\n\t\t\t\t\t<\/a>\r\n\t\t\t\t\t\t\t\t\t\t<a href=\"https:\/\/sopronigyujtemenyek.lutheran.hu\/wp-content\/uploads\/Lenk-Jen\u0151-1-1.jpg\" class=\"pfg-lightbox-all pfg-lightbox-9\" data-lightbox=\"pfg-lightbox\"  data-title=\"Lenk Jen\u0151 k\u00e9pz\u0151int\u00e9zeti tan\u00e1r (SEL XV.5. 4.d)\" data-alt=\"Lenk Jen\u0151 k\u00e9pz\u0151int\u00e9zeti tan\u00e1r (SEL XV.5. 4.d)\" title=\"Lenk Jen\u0151 k\u00e9pz\u0151int\u00e9zeti tan\u00e1r (SEL XV.5. 4.d)\">\r\n\t\t\t\t\t\t<div data-category=\"9\" data-sort=\"Lenk Jen\u0151 k\u00e9pz\u0151int\u00e9zeti tan\u00e1r (SEL XV.5. 4.d)\" class=\"animateonload filtr-item filtr_item_628 single_one col-lg-2 col-md-3 col-sm-4 col-6\">\r\n\t\t\t\t\t\t\t\t\t\t\t\t\t\t\t<img decoding=\"async\" class=\" thumbnail  thumbnail_628 pfg-img pfg_img_628 img-responsive hvr-float-shadow\" src=\"https:\/\/sopronigyujtemenyek.lutheran.hu\/wp-content\/uploads\/Lenk-Jen\u0151-1-1-150x150.jpg\" alt=\"\">\r\n\t\t\t\t\t\t\t\t\t\t\t\t\t\t\t\t\t<div class=\"item-position item_position_628\">7<\/div>\r\n\t\t\t\t\t\t\t\t\t\t\t\t\t\t\t\t\t\t<span class=\"item-desc item_desc_628\">Lenk Jen\u0151 k\u00e9pz\u0151int\u00e9zeti tan\u00e1r (SEL XV.5. 4.d)<\/span>\r\n\t\t\t\t\t\t\t\t\t\t\t\t\t\t<\/div>\r\n\t\t\t\t\t<\/a>\r\n\t\t\t\t\t\t\t\t\t\t<a href=\"https:\/\/sopronigyujtemenyek.lutheran.hu\/wp-content\/uploads\/P\u00e1lffy-J\u00f3zsef-1.jpg\" class=\"pfg-lightbox-all pfg-lightbox-3\" data-lightbox=\"pfg-lightbox\"  data-title=\"P\u00e1lffy J\u00f3zsef (1812-1869) lelk\u00e9sz, k\u00e9pz\u0151int\u00e9zeti igazgat\u00f3, tan\u00e1r (SEL XV.5. 4.d)\" data-alt=\"P\u00e1lffy J\u00f3zsef (1812-1869) lelk\u00e9sz, k\u00e9pz\u0151int\u00e9zeti igazgat\u00f3, tan\u00e1r (SEL XV.5. 4.d)\" title=\"P\u00e1lffy J\u00f3zsef (1812-1869) lelk\u00e9sz, k\u00e9pz\u0151int\u00e9zeti igazgat\u00f3, tan\u00e1r (SEL XV.5. 4.d)\">\r\n\t\t\t\t\t\t<div data-category=\"3\" data-sort=\"P\u00e1lffy J\u00f3zsef (1812-1869) lelk\u00e9sz, k\u00e9pz\u0151int\u00e9zeti igazgat\u00f3, tan\u00e1r (SEL XV.5. 4.d)\" class=\"animateonload filtr-item filtr_item_628 single_one col-lg-2 col-md-3 col-sm-4 col-6\">\r\n\t\t\t\t\t\t\t\t\t\t\t\t\t\t\t<img decoding=\"async\" class=\" thumbnail  thumbnail_628 pfg-img pfg_img_628 img-responsive hvr-float-shadow\" src=\"https:\/\/sopronigyujtemenyek.lutheran.hu\/wp-content\/uploads\/P\u00e1lffy-J\u00f3zsef-1-150x150.jpg\" alt=\"\">\r\n\t\t\t\t\t\t\t\t\t\t\t\t\t\t\t\t\t<div class=\"item-position item_position_628\">8<\/div>\r\n\t\t\t\t\t\t\t\t\t\t\t\t\t\t\t\t\t\t<span class=\"item-desc item_desc_628\">P\u00e1lffy J\u00f3zsef (1812-1869) lelk\u00e9sz, k\u00e9pz\u0151int\u00e9zeti igazgat\u00f3, tan\u00e1r (SEL XV.5. 4.d)<\/span>\r\n\t\t\t\t\t\t\t\t\t\t\t\t\t\t<\/div>\r\n\t\t\t\t\t<\/a>\r\n\t\t\t\t\t\t\t\t\t\t<a href=\"https:\/\/sopronigyujtemenyek.lutheran.hu\/wp-content\/uploads\/Rozsonday-K\u00e1roly-1.jpg\" class=\"pfg-lightbox-all pfg-lightbox-9\" data-lightbox=\"pfg-lightbox\"  data-title=\"Rozsonday K\u00e1roly (1901-1967) k\u00e9pz\u0151int\u00e9zeti tan\u00e1r, igazgat\u00f3 (SEL XV.5. 4.d)\" data-alt=\"Rozsonday K\u00e1roly (1901-1967) k\u00e9pz\u0151int\u00e9zeti tan\u00e1r, igazgat\u00f3 (SEL XV.5. 4.d)\" title=\"Rozsonday K\u00e1roly (1901-1967) k\u00e9pz\u0151int\u00e9zeti tan\u00e1r, igazgat\u00f3 (SEL XV.5. 4.d)\">\r\n\t\t\t\t\t\t<div data-category=\"9\" data-sort=\"Rozsonday K\u00e1roly (1901-1967) k\u00e9pz\u0151int\u00e9zeti tan\u00e1r, igazgat\u00f3 (SEL XV.5. 4.d)\" class=\"animateonload filtr-item filtr_item_628 single_one col-lg-2 col-md-3 col-sm-4 col-6\">\r\n\t\t\t\t\t\t\t\t\t\t\t\t\t\t\t<img decoding=\"async\" class=\" thumbnail  thumbnail_628 pfg-img pfg_img_628 img-responsive hvr-float-shadow\" src=\"https:\/\/sopronigyujtemenyek.lutheran.hu\/wp-content\/uploads\/Rozsonday-K\u00e1roly-1-150x150.jpg\" alt=\"\">\r\n\t\t\t\t\t\t\t\t\t\t\t\t\t\t\t\t\t<div class=\"item-position item_position_628\">9<\/div>\r\n\t\t\t\t\t\t\t\t\t\t\t\t\t\t\t\t\t\t<span class=\"item-desc item_desc_628\">Rozsonday K\u00e1roly (1901-1967) k\u00e9pz\u0151int\u00e9zeti tan\u00e1r, igazgat\u00f3 (SEL XV.5. 4.d)<\/span>\r\n\t\t\t\t\t\t\t\t\t\t\t\t\t\t<\/div>\r\n\t\t\t\t\t<\/a>\r\n\t\t\t\t\t\t\t\t\t\t<a href=\"https:\/\/sopronigyujtemenyek.lutheran.hu\/wp-content\/uploads\/Lenk-Jen\u0151-2-1.jpg\" class=\"pfg-lightbox-all pfg-lightbox-9\" data-lightbox=\"pfg-lightbox\"  data-title=\"Lenk Jen\u0151 k\u00e9pz\u0151int\u00e9zeti tan\u00e1r (SEL XV.5. 4.d)\" data-alt=\"Lenk Jen\u0151 k\u00e9pz\u0151int\u00e9zeti tan\u00e1r (SEL XV.5. 4.d)\" title=\"Lenk Jen\u0151 k\u00e9pz\u0151int\u00e9zeti tan\u00e1r (SEL XV.5. 4.d)\">\r\n\t\t\t\t\t\t<div data-category=\"9\" data-sort=\"Lenk Jen\u0151 k\u00e9pz\u0151int\u00e9zeti tan\u00e1r (SEL XV.5. 4.d)\" class=\"animateonload filtr-item filtr_item_628 single_one col-lg-2 col-md-3 col-sm-4 col-6\">\r\n\t\t\t\t\t\t\t\t\t\t\t\t\t\t\t<img decoding=\"async\" class=\" thumbnail  thumbnail_628 pfg-img pfg_img_628 img-responsive hvr-float-shadow\" src=\"https:\/\/sopronigyujtemenyek.lutheran.hu\/wp-content\/uploads\/Lenk-Jen\u0151-2-1-150x150.jpg\" alt=\"\">\r\n\t\t\t\t\t\t\t\t\t\t\t\t\t\t\t\t\t<div class=\"item-position item_position_628\">10<\/div>\r\n\t\t\t\t\t\t\t\t\t\t\t\t\t\t\t\t\t\t<span class=\"item-desc item_desc_628\">Lenk Jen\u0151 k\u00e9pz\u0151int\u00e9zeti tan\u00e1r (SEL XV.5. 4.d)<\/span>\r\n\t\t\t\t\t\t\t\t\t\t\t\t\t\t<\/div>\r\n\t\t\t\t\t<\/a>\r\n\t\t\t\t\t\t\t\t\t\t<a href=\"https:\/\/sopronigyujtemenyek.lutheran.hu\/wp-content\/uploads\/Lenky-Jen\u0151-Kb.1950-1.jpg\" class=\"pfg-lightbox-all pfg-lightbox-9\" data-lightbox=\"pfg-lightbox\"  data-title=\"Lenk Jen\u0151, k\u00e9pz\u0151int\u00e9zeti tan\u00e1r (SEL XV.5. 4.d)\" data-alt=\"Lenk Jen\u0151, k\u00e9pz\u0151int\u00e9zeti tan\u00e1r (SEL XV.5. 4.d)\" title=\"Lenk Jen\u0151, k\u00e9pz\u0151int\u00e9zeti tan\u00e1r (SEL XV.5. 4.d)\">\r\n\t\t\t\t\t\t<div data-category=\"9\" data-sort=\"Lenk Jen\u0151, k\u00e9pz\u0151int\u00e9zeti tan\u00e1r (SEL XV.5. 4.d)\" class=\"animateonload filtr-item filtr_item_628 single_one col-lg-2 col-md-3 col-sm-4 col-6\">\r\n\t\t\t\t\t\t\t\t\t\t\t\t\t\t\t<img decoding=\"async\" class=\" thumbnail  thumbnail_628 pfg-img pfg_img_628 img-responsive hvr-float-shadow\" src=\"https:\/\/sopronigyujtemenyek.lutheran.hu\/wp-content\/uploads\/Lenky-Jen\u0151-Kb.1950-1-150x150.jpg\" alt=\"\">\r\n\t\t\t\t\t\t\t\t\t\t\t\t\t\t\t\t\t<div class=\"item-position item_position_628\">11<\/div>\r\n\t\t\t\t\t\t\t\t\t\t\t\t\t\t\t\t\t\t<span class=\"item-desc item_desc_628\">Lenk Jen\u0151, k\u00e9pz\u0151int\u00e9zeti tan\u00e1r (SEL XV.5. 4.d)<\/span>\r\n\t\t\t\t\t\t\t\t\t\t\t\t\t\t<\/div>\r\n\t\t\t\t\t<\/a>\r\n\t\t\t\t\t\t\t\t\t\t<a href=\"https:\/\/sopronigyujtemenyek.lutheran.hu\/wp-content\/uploads\/V\u00e1rallyay-J\u00e1nos-1.jpg\" class=\"pfg-lightbox-all pfg-lightbox-9\" data-lightbox=\"pfg-lightbox\"  data-title=\"V\u00e1rallyay J\u00e1nos k\u00e9pz\u0151int\u00e9zeti tan\u00e1r (SEL XV.5. 4.d.)\" data-alt=\"V\u00e1rallyay J\u00e1nos k\u00e9pz\u0151int\u00e9zeti tan\u00e1r (SEL XV.5. 4.d.)\" title=\"V\u00e1rallyay J\u00e1nos k\u00e9pz\u0151int\u00e9zeti tan\u00e1r (SEL XV.5. 4.d.)\">\r\n\t\t\t\t\t\t<div data-category=\"9\" data-sort=\"V\u00e1rallyay J\u00e1nos k\u00e9pz\u0151int\u00e9zeti tan\u00e1r (SEL XV.5. 4.d.)\" class=\"animateonload filtr-item filtr_item_628 single_one col-lg-2 col-md-3 col-sm-4 col-6\">\r\n\t\t\t\t\t\t\t\t\t\t\t\t\t\t\t<img decoding=\"async\" class=\" thumbnail  thumbnail_628 pfg-img pfg_img_628 img-responsive hvr-float-shadow\" src=\"https:\/\/sopronigyujtemenyek.lutheran.hu\/wp-content\/uploads\/V\u00e1rallyay-J\u00e1nos-1-150x150.jpg\" alt=\"\">\r\n\t\t\t\t\t\t\t\t\t\t\t\t\t\t\t\t\t<div class=\"item-position item_position_628\">12<\/div>\r\n\t\t\t\t\t\t\t\t\t\t\t\t\t\t\t\t\t\t<span class=\"item-desc item_desc_628\">V\u00e1rallyay J\u00e1nos k\u00e9pz\u0151int\u00e9zeti tan\u00e1r (SEL XV.5. 4.d.)<\/span>\r\n\t\t\t\t\t\t\t\t\t\t\t\t\t\t<\/div>\r\n\t\t\t\t\t<\/a>\r\n\t\t\t\t\t\t\t\t\t\t<a href=\"https:\/\/sopronigyujtemenyek.lutheran.hu\/wp-content\/uploads\/Hamar-Gyula-1.jpg\" class=\"pfg-lightbox-all pfg-lightbox-9\" data-lightbox=\"pfg-lightbox\"  data-title=\"Hamar Gyula (1881-1976) k\u00e9pz\u0151int\u00e9zeti tan\u00e1r, igazgat\u00f3 (SEL XV.5. 4.d.)\" data-alt=\"Hamar Gyula (1881-1976) k\u00e9pz\u0151int\u00e9zeti tan\u00e1r, igazgat\u00f3 (SEL XV.5. 4.d.)\" title=\"Hamar Gyula (1881-1976) k\u00e9pz\u0151int\u00e9zeti tan\u00e1r, igazgat\u00f3 (SEL XV.5. 4.d.)\">\r\n\t\t\t\t\t\t<div data-category=\"9\" data-sort=\"Hamar Gyula (1881-1976) k\u00e9pz\u0151int\u00e9zeti tan\u00e1r, igazgat\u00f3 (SEL XV.5. 4.d.)\" class=\"animateonload filtr-item filtr_item_628 single_one col-lg-2 col-md-3 col-sm-4 col-6\">\r\n\t\t\t\t\t\t\t\t\t\t\t\t\t\t\t<img decoding=\"async\" class=\" thumbnail  thumbnail_628 pfg-img pfg_img_628 img-responsive hvr-float-shadow\" src=\"https:\/\/sopronigyujtemenyek.lutheran.hu\/wp-content\/uploads\/Hamar-Gyula-1-150x150.jpg\" alt=\"\">\r\n\t\t\t\t\t\t\t\t\t\t\t\t\t\t\t\t\t<div class=\"item-position item_position_628\">13<\/div>\r\n\t\t\t\t\t\t\t\t\t\t\t\t\t\t\t\t\t\t<span class=\"item-desc item_desc_628\">Hamar Gyula (1881-1976) k\u00e9pz\u0151int\u00e9zeti tan\u00e1r, igazgat\u00f3 (SEL XV.5. 4.d.)<\/span>\r\n\t\t\t\t\t\t\t\t\t\t\t\t\t\t<\/div>\r\n\t\t\t\t\t<\/a>\r\n\t\t\t\t\t\t\t\t\t\t<a href=\"https:\/\/sopronigyujtemenyek.lutheran.hu\/wp-content\/uploads\/Kapi-B\u00e9la-p\u00fcsp\u00f6k-l\u00e1togat\u00e1sa-Sopronban-1929.-j\u00falius10.jpg\" class=\"pfg-lightbox-all pfg-lightbox-2\" data-lightbox=\"pfg-lightbox\"  data-title=\"Kapi B\u00e9la p\u00fcsp\u00f6k l\u00e1togat\u00e1sa Sopronban 1929. j\u00falius 8- 12. (SEL XV.5. 6.d.)\" data-alt=\"Kapi B\u00e9la p\u00fcsp\u00f6k l\u00e1togat\u00e1sa Sopronban 1929. j\u00falius 8- 12. (SEL XV.5. 6.d.)\" title=\"Kapi B\u00e9la p\u00fcsp\u00f6k l\u00e1togat\u00e1sa Sopronban 1929. j\u00falius 8- 12. (SEL XV.5. 6.d.)\">\r\n\t\t\t\t\t\t<div data-category=\"2\" data-sort=\"Kapi B\u00e9la p\u00fcsp\u00f6k l\u00e1togat\u00e1sa Sopronban 1929. j\u00falius 8- 12. (SEL XV.5. 6.d.)\" class=\"animateonload filtr-item filtr_item_628 single_one col-lg-2 col-md-3 col-sm-4 col-6\">\r\n\t\t\t\t\t\t\t\t\t\t\t\t\t\t\t<img decoding=\"async\" class=\" thumbnail  thumbnail_628 pfg-img pfg_img_628 img-responsive hvr-float-shadow\" src=\"https:\/\/sopronigyujtemenyek.lutheran.hu\/wp-content\/uploads\/Kapi-B\u00e9la-p\u00fcsp\u00f6k-l\u00e1togat\u00e1sa-Sopronban-1929.-j\u00falius10-150x150.jpg\" alt=\"\">\r\n\t\t\t\t\t\t\t\t\t\t\t\t\t\t\t\t\t<div class=\"item-position item_position_628\">14<\/div>\r\n\t\t\t\t\t\t\t\t\t\t\t\t\t\t\t\t\t\t<span class=\"item-desc item_desc_628\">Kapi B\u00e9la p\u00fcsp\u00f6k l\u00e1togat\u00e1sa Sopronban 1929. j\u00falius 8- 12. (SEL XV.5. 6.d.)<\/span>\r\n\t\t\t\t\t\t\t\t\t\t\t\t\t\t<\/div>\r\n\t\t\t\t\t<\/a>\r\n\t\t\t\t\t\t\t\t\t\t<a href=\"https:\/\/sopronigyujtemenyek.lutheran.hu\/wp-content\/uploads\/Kapi-B\u00e9la-p\u00fcsp\u00f6k-l\u00e1togat\u00e1sa-Sopronban-1929.-j\u00falius12.jpg\" class=\"pfg-lightbox-all pfg-lightbox-2\" data-lightbox=\"pfg-lightbox\"  data-title=\"Kapi B\u00e9la p\u00fcsp\u00f6k l\u00e1togat\u00e1sa Sopronban 11929. j\u00falius 8- 12. (SEL XV.5. 6.d.)\" data-alt=\"Kapi B\u00e9la p\u00fcsp\u00f6k l\u00e1togat\u00e1sa Sopronban 11929. j\u00falius 8- 12. (SEL XV.5. 6.d.)\" title=\"Kapi B\u00e9la p\u00fcsp\u00f6k l\u00e1togat\u00e1sa Sopronban 11929. j\u00falius 8- 12. (SEL XV.5. 6.d.)\">\r\n\t\t\t\t\t\t<div data-category=\"2\" data-sort=\"Kapi B\u00e9la p\u00fcsp\u00f6k l\u00e1togat\u00e1sa Sopronban 11929. j\u00falius 8- 12. (SEL XV.5. 6.d.)\" class=\"animateonload filtr-item filtr_item_628 single_one col-lg-2 col-md-3 col-sm-4 col-6\">\r\n\t\t\t\t\t\t\t\t\t\t\t\t\t\t\t<img decoding=\"async\" class=\" thumbnail  thumbnail_628 pfg-img pfg_img_628 img-responsive hvr-float-shadow\" src=\"https:\/\/sopronigyujtemenyek.lutheran.hu\/wp-content\/uploads\/Kapi-B\u00e9la-p\u00fcsp\u00f6k-l\u00e1togat\u00e1sa-Sopronban-1929.-j\u00falius12-150x150.jpg\" alt=\"\">\r\n\t\t\t\t\t\t\t\t\t\t\t\t\t\t\t\t\t<div class=\"item-position item_position_628\">15<\/div>\r\n\t\t\t\t\t\t\t\t\t\t\t\t\t\t\t\t\t\t<span class=\"item-desc item_desc_628\">Kapi B\u00e9la p\u00fcsp\u00f6k l\u00e1togat\u00e1sa Sopronban 11929. j\u00falius 8- 12. (SEL XV.5. 6.d.)<\/span>\r\n\t\t\t\t\t\t\t\t\t\t\t\t\t\t<\/div>\r\n\t\t\t\t\t<\/a>\r\n\t\t\t\t\t\t\t\t\t\t<a href=\"https:\/\/sopronigyujtemenyek.lutheran.hu\/wp-content\/uploads\/Kapi-B\u00e9la-p\u00fcsp\u00f6k-l\u00e1togat\u00e1sa-Sopronban-1929.-j\u00falius11.jpg\" class=\"pfg-lightbox-all pfg-lightbox-2\" data-lightbox=\"pfg-lightbox\"  data-title=\"Kapi B\u00e9la p\u00fcsp\u00f6k l\u00e1togat\u00e1sa Sopronban 1929. j\u00falius 8- 12. (SEL XV.5. 6.d.)\" data-alt=\"Kapi B\u00e9la p\u00fcsp\u00f6k l\u00e1togat\u00e1sa Sopronban 1929. j\u00falius 8- 12. (SEL XV.5. 6.d.)\" title=\"Kapi B\u00e9la p\u00fcsp\u00f6k l\u00e1togat\u00e1sa Sopronban 1929. j\u00falius 8- 12. (SEL XV.5. 6.d.)\">\r\n\t\t\t\t\t\t<div data-category=\"2\" data-sort=\"Kapi B\u00e9la p\u00fcsp\u00f6k l\u00e1togat\u00e1sa Sopronban 1929. j\u00falius 8- 12. (SEL XV.5. 6.d.)\" class=\"animateonload filtr-item filtr_item_628 single_one col-lg-2 col-md-3 col-sm-4 col-6\">\r\n\t\t\t\t\t\t\t\t\t\t\t\t\t\t\t<img decoding=\"async\" class=\" thumbnail  thumbnail_628 pfg-img pfg_img_628 img-responsive hvr-float-shadow\" src=\"https:\/\/sopronigyujtemenyek.lutheran.hu\/wp-content\/uploads\/Kapi-B\u00e9la-p\u00fcsp\u00f6k-l\u00e1togat\u00e1sa-Sopronban-1929.-j\u00falius11-150x150.jpg\" alt=\"\">\r\n\t\t\t\t\t\t\t\t\t\t\t\t\t\t\t\t\t<div class=\"item-position item_position_628\">16<\/div>\r\n\t\t\t\t\t\t\t\t\t\t\t\t\t\t\t\t\t\t<span class=\"item-desc item_desc_628\">Kapi B\u00e9la p\u00fcsp\u00f6k l\u00e1togat\u00e1sa Sopronban 1929. j\u00falius 8- 12. (SEL XV.5. 6.d.)<\/span>\r\n\t\t\t\t\t\t\t\t\t\t\t\t\t\t<\/div>\r\n\t\t\t\t\t<\/a>\r\n\t\t\t\t\t\t\t\t\t\t<a href=\"https:\/\/sopronigyujtemenyek.lutheran.hu\/wp-content\/uploads\/Kapi-B\u00e9la-p\u00fcsp\u00f6k-l\u00e1togat\u00e1sa-Sopronban-1929.-j\u00falius13.jpg\" class=\"pfg-lightbox-all pfg-lightbox-2\" data-lightbox=\"pfg-lightbox\"  data-title=\"Kapi B\u00e9la p\u00fcsp\u00f6k l\u00e1togat\u00e1sa Sopronban 1929. j\u00falius 8- 12. (SEL XV.5. 6.d.)\" data-alt=\"Kapi B\u00e9la p\u00fcsp\u00f6k l\u00e1togat\u00e1sa Sopronban 1929. j\u00falius 8- 12. (SEL XV.5. 6.d.)\" title=\"Kapi B\u00e9la p\u00fcsp\u00f6k l\u00e1togat\u00e1sa Sopronban 1929. j\u00falius 8- 12. (SEL XV.5. 6.d.)\">\r\n\t\t\t\t\t\t<div data-category=\"2\" data-sort=\"Kapi B\u00e9la p\u00fcsp\u00f6k l\u00e1togat\u00e1sa Sopronban 1929. j\u00falius 8- 12. (SEL XV.5. 6.d.)\" class=\"animateonload filtr-item filtr_item_628 single_one col-lg-2 col-md-3 col-sm-4 col-6\">\r\n\t\t\t\t\t\t\t\t\t\t\t\t\t\t\t<img decoding=\"async\" class=\" thumbnail  thumbnail_628 pfg-img pfg_img_628 img-responsive hvr-float-shadow\" src=\"https:\/\/sopronigyujtemenyek.lutheran.hu\/wp-content\/uploads\/Kapi-B\u00e9la-p\u00fcsp\u00f6k-l\u00e1togat\u00e1sa-Sopronban-1929.-j\u00falius13-150x150.jpg\" alt=\"\">\r\n\t\t\t\t\t\t\t\t\t\t\t\t\t\t\t\t\t<div class=\"item-position item_position_628\">17<\/div>\r\n\t\t\t\t\t\t\t\t\t\t\t\t\t\t\t\t\t\t<span class=\"item-desc item_desc_628\">Kapi B\u00e9la p\u00fcsp\u00f6k l\u00e1togat\u00e1sa Sopronban 1929. j\u00falius 8- 12. (SEL XV.5. 6.d.)<\/span>\r\n\t\t\t\t\t\t\t\t\t\t\t\t\t\t<\/div>\r\n\t\t\t\t\t<\/a>\r\n\t\t\t\t\t\t\t\t\t\t<a href=\"https:\/\/sopronigyujtemenyek.lutheran.hu\/wp-content\/uploads\/Kapi-B\u00e9la-p\u00fcsp\u00f6k-l\u00e1togat\u00e1sa-Sopronban-1929.-j\u00falius1.jpg\" class=\"pfg-lightbox-all pfg-lightbox-2\" data-lightbox=\"pfg-lightbox\"  data-title=\"Kapi B\u00e9la p\u00fcsp\u00f6k l\u00e1togat\u00e1sa Sopronban 1929. j\u00falius 8- 12. (SEL XV.5. 6.d.)\" data-alt=\"Kapi B\u00e9la p\u00fcsp\u00f6k l\u00e1togat\u00e1sa Sopronban 1929. j\u00falius 8- 12. (SEL XV.5. 6.d.)\" title=\"Kapi B\u00e9la p\u00fcsp\u00f6k l\u00e1togat\u00e1sa Sopronban 1929. j\u00falius 8- 12. (SEL XV.5. 6.d.)\">\r\n\t\t\t\t\t\t<div data-category=\"2\" data-sort=\"Kapi B\u00e9la p\u00fcsp\u00f6k l\u00e1togat\u00e1sa Sopronban 1929. j\u00falius 8- 12. (SEL XV.5. 6.d.)\" class=\"animateonload filtr-item filtr_item_628 single_one col-lg-2 col-md-3 col-sm-4 col-6\">\r\n\t\t\t\t\t\t\t\t\t\t\t\t\t\t\t<img decoding=\"async\" class=\" thumbnail  thumbnail_628 pfg-img pfg_img_628 img-responsive hvr-float-shadow\" src=\"https:\/\/sopronigyujtemenyek.lutheran.hu\/wp-content\/uploads\/Kapi-B\u00e9la-p\u00fcsp\u00f6k-l\u00e1togat\u00e1sa-Sopronban-1929.-j\u00falius1-150x150.jpg\" alt=\"\">\r\n\t\t\t\t\t\t\t\t\t\t\t\t\t\t\t\t\t<div class=\"item-position item_position_628\">18<\/div>\r\n\t\t\t\t\t\t\t\t\t\t\t\t\t\t\t\t\t\t<span class=\"item-desc item_desc_628\">Kapi B\u00e9la p\u00fcsp\u00f6k l\u00e1togat\u00e1sa Sopronban 1929. j\u00falius 8- 12. (SEL XV.5. 6.d.)<\/span>\r\n\t\t\t\t\t\t\t\t\t\t\t\t\t\t<\/div>\r\n\t\t\t\t\t<\/a>\r\n\t\t\t\t\t\t\t\t\t\t<a href=\"https:\/\/sopronigyujtemenyek.lutheran.hu\/wp-content\/uploads\/Kapi-B\u00e9la-p\u00fcsp\u00f6k-l\u00e1togat\u00e1sa-Sopronban-1929.-j\u00falius2.jpg\" class=\"pfg-lightbox-all pfg-lightbox-2\" data-lightbox=\"pfg-lightbox\"  data-title=\"Kapi B\u00e9la p\u00fcsp\u00f6k l\u00e1togat\u00e1sa Sopronban 1929. j\u00falius 8- 12. (SEL XV.5. 6.d.)\" data-alt=\"Kapi B\u00e9la p\u00fcsp\u00f6k l\u00e1togat\u00e1sa Sopronban 1929. j\u00falius 8- 12. (SEL XV.5. 6.d.)\" title=\"Kapi B\u00e9la p\u00fcsp\u00f6k l\u00e1togat\u00e1sa Sopronban 1929. j\u00falius 8- 12. (SEL XV.5. 6.d.)\">\r\n\t\t\t\t\t\t<div data-category=\"2\" data-sort=\"Kapi B\u00e9la p\u00fcsp\u00f6k l\u00e1togat\u00e1sa Sopronban 1929. j\u00falius 8- 12. (SEL XV.5. 6.d.)\" class=\"animateonload filtr-item filtr_item_628 single_one col-lg-2 col-md-3 col-sm-4 col-6\">\r\n\t\t\t\t\t\t\t\t\t\t\t\t\t\t\t<img decoding=\"async\" class=\" thumbnail  thumbnail_628 pfg-img pfg_img_628 img-responsive hvr-float-shadow\" src=\"https:\/\/sopronigyujtemenyek.lutheran.hu\/wp-content\/uploads\/Kapi-B\u00e9la-p\u00fcsp\u00f6k-l\u00e1togat\u00e1sa-Sopronban-1929.-j\u00falius2-150x150.jpg\" alt=\"\">\r\n\t\t\t\t\t\t\t\t\t\t\t\t\t\t\t\t\t<div class=\"item-position item_position_628\">19<\/div>\r\n\t\t\t\t\t\t\t\t\t\t\t\t\t\t\t\t\t\t<span class=\"item-desc item_desc_628\">Kapi B\u00e9la p\u00fcsp\u00f6k l\u00e1togat\u00e1sa Sopronban 1929. j\u00falius 8- 12. (SEL XV.5. 6.d.)<\/span>\r\n\t\t\t\t\t\t\t\t\t\t\t\t\t\t<\/div>\r\n\t\t\t\t\t<\/a>\r\n\t\t\t\t\t\t\t\t\t\t<a href=\"https:\/\/sopronigyujtemenyek.lutheran.hu\/wp-content\/uploads\/Kapi-B\u00e9la-p\u00fcsp\u00f6k-l\u00e1togat\u00e1sa-Sopronban-1929.-j\u00falius3.jpg\" class=\"pfg-lightbox-all pfg-lightbox-2\" data-lightbox=\"pfg-lightbox\"  data-title=\"Kapi B\u00e9la p\u00fcsp\u00f6k l\u00e1togat\u00e1sa Sopronban 1929. j\u00falius 8- 12. (SEL XV.5. 6.d.)\" data-alt=\"Kapi B\u00e9la p\u00fcsp\u00f6k l\u00e1togat\u00e1sa Sopronban 1929. j\u00falius 8- 12. (SEL XV.5. 6.d.)\" title=\"Kapi B\u00e9la p\u00fcsp\u00f6k l\u00e1togat\u00e1sa Sopronban 1929. j\u00falius 8- 12. (SEL XV.5. 6.d.)\">\r\n\t\t\t\t\t\t<div data-category=\"2\" data-sort=\"Kapi B\u00e9la p\u00fcsp\u00f6k l\u00e1togat\u00e1sa Sopronban 1929. j\u00falius 8- 12. (SEL XV.5. 6.d.)\" class=\"animateonload filtr-item filtr_item_628 single_one col-lg-2 col-md-3 col-sm-4 col-6\">\r\n\t\t\t\t\t\t\t\t\t\t\t\t\t\t\t<img decoding=\"async\" class=\" thumbnail  thumbnail_628 pfg-img pfg_img_628 img-responsive hvr-float-shadow\" src=\"https:\/\/sopronigyujtemenyek.lutheran.hu\/wp-content\/uploads\/Kapi-B\u00e9la-p\u00fcsp\u00f6k-l\u00e1togat\u00e1sa-Sopronban-1929.-j\u00falius3-150x150.jpg\" alt=\"\">\r\n\t\t\t\t\t\t\t\t\t\t\t\t\t\t\t\t\t<div class=\"item-position item_position_628\">20<\/div>\r\n\t\t\t\t\t\t\t\t\t\t\t\t\t\t\t\t\t\t<span class=\"item-desc item_desc_628\">Kapi B\u00e9la p\u00fcsp\u00f6k l\u00e1togat\u00e1sa Sopronban 1929. j\u00falius 8- 12. (SEL XV.5. 6.d.)<\/span>\r\n\t\t\t\t\t\t\t\t\t\t\t\t\t\t<\/div>\r\n\t\t\t\t\t<\/a>\r\n\t\t\t\t\t\t\t\t\t\t<a href=\"https:\/\/sopronigyujtemenyek.lutheran.hu\/wp-content\/uploads\/Kapi-B\u00e9la-p\u00fcsp\u00f6k-l\u00e1togat\u00e1sa-Sopronban-1929.-j\u00falius6.jpg\" class=\"pfg-lightbox-all pfg-lightbox-2\" data-lightbox=\"pfg-lightbox\"  data-title=\"Kapi B\u00e9la p\u00fcsp\u00f6k l\u00e1togat\u00e1sa Sopronban 1929. j\u00falius 8- 12. (SEL XV.5. 6.d.)\" data-alt=\"Kapi B\u00e9la p\u00fcsp\u00f6k l\u00e1togat\u00e1sa Sopronban 1929. j\u00falius 8- 12. (SEL XV.5. 6.d.)\" title=\"Kapi B\u00e9la p\u00fcsp\u00f6k l\u00e1togat\u00e1sa Sopronban 1929. j\u00falius 8- 12. (SEL XV.5. 6.d.)\">\r\n\t\t\t\t\t\t<div data-category=\"2\" data-sort=\"Kapi B\u00e9la p\u00fcsp\u00f6k l\u00e1togat\u00e1sa Sopronban 1929. j\u00falius 8- 12. (SEL XV.5. 6.d.)\" class=\"animateonload filtr-item filtr_item_628 single_one col-lg-2 col-md-3 col-sm-4 col-6\">\r\n\t\t\t\t\t\t\t\t\t\t\t\t\t\t\t<img decoding=\"async\" class=\" thumbnail  thumbnail_628 pfg-img pfg_img_628 img-responsive hvr-float-shadow\" src=\"https:\/\/sopronigyujtemenyek.lutheran.hu\/wp-content\/uploads\/Kapi-B\u00e9la-p\u00fcsp\u00f6k-l\u00e1togat\u00e1sa-Sopronban-1929.-j\u00falius6-150x150.jpg\" alt=\"\">\r\n\t\t\t\t\t\t\t\t\t\t\t\t\t\t\t\t\t<div class=\"item-position item_position_628\">21<\/div>\r\n\t\t\t\t\t\t\t\t\t\t\t\t\t\t\t\t\t\t<span class=\"item-desc item_desc_628\">Kapi B\u00e9la p\u00fcsp\u00f6k l\u00e1togat\u00e1sa Sopronban 1929. j\u00falius 8- 12. (SEL XV.5. 6.d.)<\/span>\r\n\t\t\t\t\t\t\t\t\t\t\t\t\t\t<\/div>\r\n\t\t\t\t\t<\/a>\r\n\t\t\t\t\t\t\t\t\t\t<a href=\"https:\/\/sopronigyujtemenyek.lutheran.hu\/wp-content\/uploads\/Kapi-B\u00e9la-p\u00fcsp\u00f6k-l\u00e1togat\u00e1sa-Sopronban-1929.-j\u00falius7.jpg\" class=\"pfg-lightbox-all pfg-lightbox-2\" data-lightbox=\"pfg-lightbox\"  data-title=\"Kapi B\u00e9la p\u00fcsp\u00f6k l\u00e1togat\u00e1sa Sopronban 1929. j\u00falius 8- 12. (SEL XV.5. 6.d.)\" data-alt=\"Kapi B\u00e9la p\u00fcsp\u00f6k l\u00e1togat\u00e1sa Sopronban 1929. j\u00falius 8- 12. (SEL XV.5. 6.d.)\" title=\"Kapi B\u00e9la p\u00fcsp\u00f6k l\u00e1togat\u00e1sa Sopronban 1929. j\u00falius 8- 12. (SEL XV.5. 6.d.)\">\r\n\t\t\t\t\t\t<div data-category=\"2\" data-sort=\"Kapi B\u00e9la p\u00fcsp\u00f6k l\u00e1togat\u00e1sa Sopronban 1929. j\u00falius 8- 12. (SEL XV.5. 6.d.)\" class=\"animateonload filtr-item filtr_item_628 single_one col-lg-2 col-md-3 col-sm-4 col-6\">\r\n\t\t\t\t\t\t\t\t\t\t\t\t\t\t\t<img decoding=\"async\" class=\" thumbnail  thumbnail_628 pfg-img pfg_img_628 img-responsive hvr-float-shadow\" src=\"https:\/\/sopronigyujtemenyek.lutheran.hu\/wp-content\/uploads\/Kapi-B\u00e9la-p\u00fcsp\u00f6k-l\u00e1togat\u00e1sa-Sopronban-1929.-j\u00falius7-150x150.jpg\" alt=\"\">\r\n\t\t\t\t\t\t\t\t\t\t\t\t\t\t\t\t\t<div class=\"item-position item_position_628\">22<\/div>\r\n\t\t\t\t\t\t\t\t\t\t\t\t\t\t\t\t\t\t<span class=\"item-desc item_desc_628\">Kapi B\u00e9la p\u00fcsp\u00f6k l\u00e1togat\u00e1sa Sopronban 1929. j\u00falius 8- 12. (SEL XV.5. 6.d.)<\/span>\r\n\t\t\t\t\t\t\t\t\t\t\t\t\t\t<\/div>\r\n\t\t\t\t\t<\/a>\r\n\t\t\t\t\t\t\t\t\t\t<a href=\"https:\/\/sopronigyujtemenyek.lutheran.hu\/wp-content\/uploads\/Kapi-B\u00e9la-p\u00fcsp\u00f6k-l\u00e1togat\u00e1sa-Sopronban-1929.-j\u00falius4.jpg\" class=\"pfg-lightbox-all pfg-lightbox-2\" data-lightbox=\"pfg-lightbox\"  data-title=\"Kapi B\u00e9la p\u00fcsp\u00f6k l\u00e1togat\u00e1sa a harkai gy\u00fclekezetn\u00e9l 1929. j\u00falius 8- 12. (SEL XV.5. 6.d.)\" data-alt=\"Kapi B\u00e9la p\u00fcsp\u00f6k l\u00e1togat\u00e1sa a harkai gy\u00fclekezetn\u00e9l 1929. j\u00falius 8- 12. (SEL XV.5. 6.d.)\" title=\"Kapi B\u00e9la p\u00fcsp\u00f6k l\u00e1togat\u00e1sa a harkai gy\u00fclekezetn\u00e9l 1929. j\u00falius 8- 12. (SEL XV.5. 6.d.)\">\r\n\t\t\t\t\t\t<div data-category=\"2\" data-sort=\"Kapi B\u00e9la p\u00fcsp\u00f6k l\u00e1togat\u00e1sa a harkai gy\u00fclekezetn\u00e9l 1929. j\u00falius 8- 12. (SEL XV.5. 6.d.)\" class=\"animateonload filtr-item filtr_item_628 single_one col-lg-2 col-md-3 col-sm-4 col-6\">\r\n\t\t\t\t\t\t\t\t\t\t\t\t\t\t\t<img decoding=\"async\" class=\" thumbnail  thumbnail_628 pfg-img pfg_img_628 img-responsive hvr-float-shadow\" src=\"https:\/\/sopronigyujtemenyek.lutheran.hu\/wp-content\/uploads\/Kapi-B\u00e9la-p\u00fcsp\u00f6k-l\u00e1togat\u00e1sa-Sopronban-1929.-j\u00falius4-150x150.jpg\" alt=\"\">\r\n\t\t\t\t\t\t\t\t\t\t\t\t\t\t\t\t\t<div class=\"item-position item_position_628\">23<\/div>\r\n\t\t\t\t\t\t\t\t\t\t\t\t\t\t\t\t\t\t<span class=\"item-desc item_desc_628\">Kapi B\u00e9la p\u00fcsp\u00f6k l\u00e1togat\u00e1sa a harkai gy\u00fclekezetn\u00e9l 1929. j\u00falius 8- 12. (SEL XV.5. 6.d.)<\/span>\r\n\t\t\t\t\t\t\t\t\t\t\t\t\t\t<\/div>\r\n\t\t\t\t\t<\/a>\r\n\t\t\t\t\t\t\t\t\t\t<a href=\"https:\/\/sopronigyujtemenyek.lutheran.hu\/wp-content\/uploads\/Kapi-B\u00e9la-p\u00fcsp\u00f6k-l\u00e1togat\u00e1sa-Sopronban-1929.-j\u00falius5.jpg\" class=\"pfg-lightbox-all pfg-lightbox-2\" data-lightbox=\"pfg-lightbox\"  data-title=\"Kapi B\u00e9la p\u00fcsp\u00f6k l\u00e1togat\u00e1sa Sopronban 1929. j\u00falius 8- 12. (SEL XV.5. 6.d.)\" data-alt=\"Kapi B\u00e9la p\u00fcsp\u00f6k l\u00e1togat\u00e1sa Sopronban 1929. j\u00falius 8- 12. (SEL XV.5. 6.d.)\" title=\"Kapi B\u00e9la p\u00fcsp\u00f6k l\u00e1togat\u00e1sa Sopronban 1929. j\u00falius 8- 12. (SEL XV.5. 6.d.)\">\r\n\t\t\t\t\t\t<div data-category=\"2\" data-sort=\"Kapi B\u00e9la p\u00fcsp\u00f6k l\u00e1togat\u00e1sa Sopronban 1929. j\u00falius 8- 12. (SEL XV.5. 6.d.)\" class=\"animateonload filtr-item filtr_item_628 single_one col-lg-2 col-md-3 col-sm-4 col-6\">\r\n\t\t\t\t\t\t\t\t\t\t\t\t\t\t\t<img decoding=\"async\" class=\" thumbnail  thumbnail_628 pfg-img pfg_img_628 img-responsive hvr-float-shadow\" src=\"https:\/\/sopronigyujtemenyek.lutheran.hu\/wp-content\/uploads\/Kapi-B\u00e9la-p\u00fcsp\u00f6k-l\u00e1togat\u00e1sa-Sopronban-1929.-j\u00falius5-150x150.jpg\" alt=\"\">\r\n\t\t\t\t\t\t\t\t\t\t\t\t\t\t\t\t\t<div class=\"item-position item_position_628\">24<\/div>\r\n\t\t\t\t\t\t\t\t\t\t\t\t\t\t\t\t\t\t<span class=\"item-desc item_desc_628\">Kapi B\u00e9la p\u00fcsp\u00f6k l\u00e1togat\u00e1sa Sopronban 1929. j\u00falius 8- 12. (SEL XV.5. 6.d.)<\/span>\r\n\t\t\t\t\t\t\t\t\t\t\t\t\t\t<\/div>\r\n\t\t\t\t\t<\/a>\r\n\t\t\t\t\t\t\t\t\t\t<a href=\"https:\/\/sopronigyujtemenyek.lutheran.hu\/wp-content\/uploads\/Kapi-B\u00e9la-p\u00fcsp\u00f6k-l\u00e1togat\u00e1sa-Sopronban-1929.-j\u00falius8.jpg\" class=\"pfg-lightbox-all pfg-lightbox-2\" data-lightbox=\"pfg-lightbox\"  data-title=\"Kapi B\u00e9la p\u00fcsp\u00f6k l\u00e1togat\u00e1sa Sopronban 1929. j\u00falius 8- 12. (SEL XV.5. 6.d.)\" data-alt=\"Kapi B\u00e9la p\u00fcsp\u00f6k l\u00e1togat\u00e1sa Sopronban 1929. j\u00falius 8- 12. (SEL XV.5. 6.d.)\" title=\"Kapi B\u00e9la p\u00fcsp\u00f6k l\u00e1togat\u00e1sa Sopronban 1929. j\u00falius 8- 12. (SEL XV.5. 6.d.)\">\r\n\t\t\t\t\t\t<div data-category=\"2\" data-sort=\"Kapi B\u00e9la p\u00fcsp\u00f6k l\u00e1togat\u00e1sa Sopronban 1929. j\u00falius 8- 12. (SEL XV.5. 6.d.)\" class=\"animateonload filtr-item filtr_item_628 single_one col-lg-2 col-md-3 col-sm-4 col-6\">\r\n\t\t\t\t\t\t\t\t\t\t\t\t\t\t\t<img decoding=\"async\" class=\" thumbnail  thumbnail_628 pfg-img pfg_img_628 img-responsive hvr-float-shadow\" src=\"https:\/\/sopronigyujtemenyek.lutheran.hu\/wp-content\/uploads\/Kapi-B\u00e9la-p\u00fcsp\u00f6k-l\u00e1togat\u00e1sa-Sopronban-1929.-j\u00falius8-150x150.jpg\" alt=\"\">\r\n\t\t\t\t\t\t\t\t\t\t\t\t\t\t\t\t\t<div class=\"item-position item_position_628\">25<\/div>\r\n\t\t\t\t\t\t\t\t\t\t\t\t\t\t\t\t\t\t<span class=\"item-desc item_desc_628\">Kapi B\u00e9la p\u00fcsp\u00f6k l\u00e1togat\u00e1sa Sopronban 1929. j\u00falius 8- 12. (SEL XV.5. 6.d.)<\/span>\r\n\t\t\t\t\t\t\t\t\t\t\t\t\t\t<\/div>\r\n\t\t\t\t\t<\/a>\r\n\t\t\t\t\t\t\t\t\t\t<a href=\"https:\/\/sopronigyujtemenyek.lutheran.hu\/wp-content\/uploads\/Kapi-B\u00e9la-p\u00fcsp\u00f6k-l\u00e1togat\u00e1sa-Sopronban-1929.-j\u00falius9.jpg\" class=\"pfg-lightbox-all pfg-lightbox-2\" data-lightbox=\"pfg-lightbox\"  data-title=\"Kapi B\u00e9la p\u00fcsp\u00f6k l\u00e1togat\u00e1sa Sopronban 1929. j\u00falius 8- 12. (SEL XV.5. 6.d.)\" data-alt=\"Kapi B\u00e9la p\u00fcsp\u00f6k l\u00e1togat\u00e1sa Sopronban 1929. j\u00falius 8- 12. (SEL XV.5. 6.d.)\" title=\"Kapi B\u00e9la p\u00fcsp\u00f6k l\u00e1togat\u00e1sa Sopronban 1929. j\u00falius 8- 12. (SEL XV.5. 6.d.)\">\r\n\t\t\t\t\t\t<div data-category=\"2\" data-sort=\"Kapi B\u00e9la p\u00fcsp\u00f6k l\u00e1togat\u00e1sa Sopronban 1929. j\u00falius 8- 12. (SEL XV.5. 6.d.)\" class=\"animateonload filtr-item filtr_item_628 single_one col-lg-2 col-md-3 col-sm-4 col-6\">\r\n\t\t\t\t\t\t\t\t\t\t\t\t\t\t\t<img decoding=\"async\" class=\" thumbnail  thumbnail_628 pfg-img pfg_img_628 img-responsive hvr-float-shadow\" src=\"https:\/\/sopronigyujtemenyek.lutheran.hu\/wp-content\/uploads\/Kapi-B\u00e9la-p\u00fcsp\u00f6k-l\u00e1togat\u00e1sa-Sopronban-1929.-j\u00falius9-150x150.jpg\" alt=\"\">\r\n\t\t\t\t\t\t\t\t\t\t\t\t\t\t\t\t\t<div class=\"item-position item_position_628\">26<\/div>\r\n\t\t\t\t\t\t\t\t\t\t\t\t\t\t\t\t\t\t<span class=\"item-desc item_desc_628\">Kapi B\u00e9la p\u00fcsp\u00f6k l\u00e1togat\u00e1sa Sopronban 1929. j\u00falius 8- 12. (SEL XV.5. 6.d.)<\/span>\r\n\t\t\t\t\t\t\t\t\t\t\t\t\t\t<\/div>\r\n\t\t\t\t\t<\/a>\r\n\t\t\t\t\t\t\t\t\t\t<a href=\"https:\/\/sopronigyujtemenyek.lutheran.hu\/wp-content\/uploads\/Konfirm\u00e1ci\u00f3s-k\u00e9pek-\u00e9.n2.jpg\" class=\"pfg-lightbox-all pfg-lightbox-8\" data-lightbox=\"pfg-lightbox\"  data-title=\"Konfirm\u00e1ci\u00f3s k\u00e9p \u00e9.n. (SEL XV.5. 3. T\u00e9ka)\" data-alt=\"Konfirm\u00e1ci\u00f3s k\u00e9p \u00e9.n. (SEL XV.5. 3. T\u00e9ka)\" title=\"Konfirm\u00e1ci\u00f3s k\u00e9p \u00e9.n. (SEL XV.5. 3. T\u00e9ka)\">\r\n\t\t\t\t\t\t<div data-category=\"8\" data-sort=\"Konfirm\u00e1ci\u00f3s k\u00e9p \u00e9.n. (SEL XV.5. 3. T\u00e9ka)\" class=\"animateonload filtr-item filtr_item_628 single_one col-lg-2 col-md-3 col-sm-4 col-6\">\r\n\t\t\t\t\t\t\t\t\t\t\t\t\t\t\t<img decoding=\"async\" class=\" thumbnail  thumbnail_628 pfg-img pfg_img_628 img-responsive hvr-float-shadow\" src=\"https:\/\/sopronigyujtemenyek.lutheran.hu\/wp-content\/uploads\/Konfirm\u00e1ci\u00f3s-k\u00e9pek-\u00e9.n2-150x150.jpg\" alt=\"\">\r\n\t\t\t\t\t\t\t\t\t\t\t\t\t\t\t\t\t<div class=\"item-position item_position_628\">27<\/div>\r\n\t\t\t\t\t\t\t\t\t\t\t\t\t\t\t\t\t\t<span class=\"item-desc item_desc_628\">Konfirm\u00e1ci\u00f3s k\u00e9p \u00e9.n. (SEL XV.5. 3. T\u00e9ka)<\/span>\r\n\t\t\t\t\t\t\t\t\t\t\t\t\t\t<\/div>\r\n\t\t\t\t\t<\/a>\r\n\t\t\t\t\t\t\t\t\t\t<a href=\"https:\/\/sopronigyujtemenyek.lutheran.hu\/wp-content\/uploads\/Konfirm\u00e1ci\u00f3s-k\u00e9pek-\u00e9.n5.jpg\" class=\"pfg-lightbox-all pfg-lightbox-8\" data-lightbox=\"pfg-lightbox\"  data-title=\"Konfirm\u00e1ci\u00f3s k\u00e9p \u00e9.n. (SEL XV.5. 3. T\u00e9ka)\" data-alt=\"Konfirm\u00e1ci\u00f3s k\u00e9p \u00e9.n. (SEL XV.5. 3. T\u00e9ka)\" title=\"Konfirm\u00e1ci\u00f3s k\u00e9p \u00e9.n. (SEL XV.5. 3. T\u00e9ka)\">\r\n\t\t\t\t\t\t<div data-category=\"8\" data-sort=\"Konfirm\u00e1ci\u00f3s k\u00e9p \u00e9.n. (SEL XV.5. 3. T\u00e9ka)\" class=\"animateonload filtr-item filtr_item_628 single_one col-lg-2 col-md-3 col-sm-4 col-6\">\r\n\t\t\t\t\t\t\t\t\t\t\t\t\t\t\t<img decoding=\"async\" class=\" thumbnail  thumbnail_628 pfg-img pfg_img_628 img-responsive hvr-float-shadow\" src=\"https:\/\/sopronigyujtemenyek.lutheran.hu\/wp-content\/uploads\/Konfirm\u00e1ci\u00f3s-k\u00e9pek-\u00e9.n5-150x150.jpg\" alt=\"\">\r\n\t\t\t\t\t\t\t\t\t\t\t\t\t\t\t\t\t<div class=\"item-position item_position_628\">28<\/div>\r\n\t\t\t\t\t\t\t\t\t\t\t\t\t\t\t\t\t\t<span class=\"item-desc item_desc_628\">Konfirm\u00e1ci\u00f3s k\u00e9p \u00e9.n. (SEL XV.5. 3. T\u00e9ka)<\/span>\r\n\t\t\t\t\t\t\t\t\t\t\t\t\t\t<\/div>\r\n\t\t\t\t\t<\/a>\r\n\t\t\t\t\t\t\t\t\t\t<a href=\"https:\/\/sopronigyujtemenyek.lutheran.hu\/wp-content\/uploads\/Konfirm\u00e1ci\u00f3s-k\u00e9pek-\u00e9.n4.jpg\" class=\"pfg-lightbox-all pfg-lightbox-8\" data-lightbox=\"pfg-lightbox\"  data-title=\"Konfirm\u00e1ci\u00f3s k\u00e9p \u00e9.n. (SEL XV.5. 3. T\u00e9ka)\" data-alt=\"Konfirm\u00e1ci\u00f3s k\u00e9p \u00e9.n. (SEL XV.5. 3. T\u00e9ka)\" title=\"Konfirm\u00e1ci\u00f3s k\u00e9p \u00e9.n. (SEL XV.5. 3. T\u00e9ka)\">\r\n\t\t\t\t\t\t<div data-category=\"8\" data-sort=\"Konfirm\u00e1ci\u00f3s k\u00e9p \u00e9.n. (SEL XV.5. 3. T\u00e9ka)\" class=\"animateonload filtr-item filtr_item_628 single_one col-lg-2 col-md-3 col-sm-4 col-6\">\r\n\t\t\t\t\t\t\t\t\t\t\t\t\t\t\t<img decoding=\"async\" class=\" thumbnail  thumbnail_628 pfg-img pfg_img_628 img-responsive hvr-float-shadow\" src=\"https:\/\/sopronigyujtemenyek.lutheran.hu\/wp-content\/uploads\/Konfirm\u00e1ci\u00f3s-k\u00e9pek-\u00e9.n4-150x150.jpg\" alt=\"\">\r\n\t\t\t\t\t\t\t\t\t\t\t\t\t\t\t\t\t<div class=\"item-position item_position_628\">29<\/div>\r\n\t\t\t\t\t\t\t\t\t\t\t\t\t\t\t\t\t\t<span class=\"item-desc item_desc_628\">Konfirm\u00e1ci\u00f3s k\u00e9p \u00e9.n. (SEL XV.5. 3. T\u00e9ka)<\/span>\r\n\t\t\t\t\t\t\t\t\t\t\t\t\t\t<\/div>\r\n\t\t\t\t\t<\/a>\r\n\t\t\t\t\t\t\t\t\t\t<a href=\"https:\/\/sopronigyujtemenyek.lutheran.hu\/wp-content\/uploads\/Konfirm\u00e1ci\u00f3s-k\u00e9pek-\u00e9.n3.jpg\" class=\"pfg-lightbox-all pfg-lightbox-8\" data-lightbox=\"pfg-lightbox\"  data-title=\"Konfirm\u00e1ci\u00f3s k\u00e9p \u00e9.n. (SEL XV.5. 3. T\u00e9ka)\" data-alt=\"Konfirm\u00e1ci\u00f3s k\u00e9p \u00e9.n. (SEL XV.5. 3. T\u00e9ka)\" title=\"Konfirm\u00e1ci\u00f3s k\u00e9p \u00e9.n. (SEL XV.5. 3. T\u00e9ka)\">\r\n\t\t\t\t\t\t<div data-category=\"8\" data-sort=\"Konfirm\u00e1ci\u00f3s k\u00e9p \u00e9.n. (SEL XV.5. 3. T\u00e9ka)\" class=\"animateonload filtr-item filtr_item_628 single_one col-lg-2 col-md-3 col-sm-4 col-6\">\r\n\t\t\t\t\t\t\t\t\t\t\t\t\t\t\t<img decoding=\"async\" class=\" thumbnail  thumbnail_628 pfg-img pfg_img_628 img-responsive hvr-float-shadow\" src=\"https:\/\/sopronigyujtemenyek.lutheran.hu\/wp-content\/uploads\/Konfirm\u00e1ci\u00f3s-k\u00e9pek-\u00e9.n3-150x150.jpg\" alt=\"\">\r\n\t\t\t\t\t\t\t\t\t\t\t\t\t\t\t\t\t<div class=\"item-position item_position_628\">30<\/div>\r\n\t\t\t\t\t\t\t\t\t\t\t\t\t\t\t\t\t\t<span class=\"item-desc item_desc_628\">Konfirm\u00e1ci\u00f3s k\u00e9p \u00e9.n. (SEL XV.5. 3. T\u00e9ka)<\/span>\r\n\t\t\t\t\t\t\t\t\t\t\t\t\t\t<\/div>\r\n\t\t\t\t\t<\/a>\r\n\t\t\t\t\t\t\t\t\t\t<a href=\"https:\/\/sopronigyujtemenyek.lutheran.hu\/wp-content\/uploads\/Konfirm\u00e1ci\u00f3s-k\u00e9pek-\u00e9.n1.jpg\" class=\"pfg-lightbox-all pfg-lightbox-8\" data-lightbox=\"pfg-lightbox\"  data-title=\"Konfirm\u00e1ci\u00f3s k\u00e9p \u00e9.n. (SEL XV.5. 3. T\u00e9ka)\" data-alt=\"Konfirm\u00e1ci\u00f3s k\u00e9p \u00e9.n. (SEL XV.5. 3. T\u00e9ka)\" title=\"Konfirm\u00e1ci\u00f3s k\u00e9p \u00e9.n. (SEL XV.5. 3. T\u00e9ka)\">\r\n\t\t\t\t\t\t<div data-category=\"8\" data-sort=\"Konfirm\u00e1ci\u00f3s k\u00e9p \u00e9.n. (SEL XV.5. 3. T\u00e9ka)\" class=\"animateonload filtr-item filtr_item_628 single_one col-lg-2 col-md-3 col-sm-4 col-6\">\r\n\t\t\t\t\t\t\t\t\t\t\t\t\t\t\t<img decoding=\"async\" class=\" thumbnail  thumbnail_628 pfg-img pfg_img_628 img-responsive hvr-float-shadow\" src=\"https:\/\/sopronigyujtemenyek.lutheran.hu\/wp-content\/uploads\/Konfirm\u00e1ci\u00f3s-k\u00e9pek-\u00e9.n1-150x150.jpg\" alt=\"\">\r\n\t\t\t\t\t\t\t\t\t\t\t\t\t\t\t\t\t<div class=\"item-position item_position_628\">31<\/div>\r\n\t\t\t\t\t\t\t\t\t\t\t\t\t\t\t\t\t\t<span class=\"item-desc item_desc_628\">Konfirm\u00e1ci\u00f3s k\u00e9p \u00e9.n. (SEL XV.5. 3. T\u00e9ka)<\/span>\r\n\t\t\t\t\t\t\t\t\t\t\t\t\t\t<\/div>\r\n\t\t\t\t\t<\/a>\r\n\t\t\t\t\t\t\t\t\t\t<a href=\"https:\/\/sopronigyujtemenyek.lutheran.hu\/wp-content\/uploads\/Konfirm\u00e1ci\u00f3s-k\u00e9pek-\u00e9.n6.jpg\" class=\"pfg-lightbox-all pfg-lightbox-8\" data-lightbox=\"pfg-lightbox\"  data-title=\"Konfirm\u00e1ci\u00f3s k\u00e9p \u00e9.n. (SEL XV.5. 3. T\u00e9ka)\" data-alt=\"Konfirm\u00e1ci\u00f3s k\u00e9p \u00e9.n. (SEL XV.5. 3. T\u00e9ka)\" title=\"Konfirm\u00e1ci\u00f3s k\u00e9p \u00e9.n. (SEL XV.5. 3. T\u00e9ka)\">\r\n\t\t\t\t\t\t<div data-category=\"8\" data-sort=\"Konfirm\u00e1ci\u00f3s k\u00e9p \u00e9.n. (SEL XV.5. 3. T\u00e9ka)\" class=\"animateonload filtr-item filtr_item_628 single_one col-lg-2 col-md-3 col-sm-4 col-6\">\r\n\t\t\t\t\t\t\t\t\t\t\t\t\t\t\t<img decoding=\"async\" class=\" thumbnail  thumbnail_628 pfg-img pfg_img_628 img-responsive hvr-float-shadow\" src=\"https:\/\/sopronigyujtemenyek.lutheran.hu\/wp-content\/uploads\/Konfirm\u00e1ci\u00f3s-k\u00e9pek-\u00e9.n6-150x150.jpg\" alt=\"\">\r\n\t\t\t\t\t\t\t\t\t\t\t\t\t\t\t\t\t<div class=\"item-position item_position_628\">32<\/div>\r\n\t\t\t\t\t\t\t\t\t\t\t\t\t\t\t\t\t\t<span class=\"item-desc item_desc_628\">Konfirm\u00e1ci\u00f3s k\u00e9p \u00e9.n. (SEL XV.5. 3. T\u00e9ka)<\/span>\r\n\t\t\t\t\t\t\t\t\t\t\t\t\t\t<\/div>\r\n\t\t\t\t\t<\/a>\r\n\t\t\t\t\t\t\t\t\t\t<a href=\"https:\/\/sopronigyujtemenyek.lutheran.hu\/wp-content\/uploads\/Konfirm\u00e1ci\u00f3s-k\u00e9pek-\u00e9.n7.jpg\" class=\"pfg-lightbox-all pfg-lightbox-8\" data-lightbox=\"pfg-lightbox\"  data-title=\"Konfirm\u00e1ci\u00f3s k\u00e9p \u00e9.n. (SEL XV.5. 3. T\u00e9ka)\" data-alt=\"Konfirm\u00e1ci\u00f3s k\u00e9p \u00e9.n. (SEL XV.5. 3. T\u00e9ka)\" title=\"Konfirm\u00e1ci\u00f3s k\u00e9p \u00e9.n. (SEL XV.5. 3. T\u00e9ka)\">\r\n\t\t\t\t\t\t<div data-category=\"8\" data-sort=\"Konfirm\u00e1ci\u00f3s k\u00e9p \u00e9.n. (SEL XV.5. 3. T\u00e9ka)\" class=\"animateonload filtr-item filtr_item_628 single_one col-lg-2 col-md-3 col-sm-4 col-6\">\r\n\t\t\t\t\t\t\t\t\t\t\t\t\t\t\t<img decoding=\"async\" class=\" thumbnail  thumbnail_628 pfg-img pfg_img_628 img-responsive hvr-float-shadow\" src=\"https:\/\/sopronigyujtemenyek.lutheran.hu\/wp-content\/uploads\/Konfirm\u00e1ci\u00f3s-k\u00e9pek-\u00e9.n7-150x150.jpg\" alt=\"\">\r\n\t\t\t\t\t\t\t\t\t\t\t\t\t\t\t\t\t<div class=\"item-position item_position_628\">33<\/div>\r\n\t\t\t\t\t\t\t\t\t\t\t\t\t\t\t\t\t\t<span class=\"item-desc item_desc_628\">Konfirm\u00e1ci\u00f3s k\u00e9p \u00e9.n. (SEL XV.5. 3. T\u00e9ka)<\/span>\r\n\t\t\t\t\t\t\t\t\t\t\t\t\t\t<\/div>\r\n\t\t\t\t\t<\/a>\r\n\t\t\t\t\t\t\t\t\t\t<a href=\"https:\/\/sopronigyujtemenyek.lutheran.hu\/wp-content\/uploads\/Soproni-Evang\u00e9likus-Elemi-Iskola-14-oszt\u00e1ly\u00e1nak-csoportk\u00e9pei-189611.jpg\" class=\"pfg-lightbox-all pfg-lightbox-6\" data-lightbox=\"pfg-lightbox\"  data-title=\"Soproni Evang\u00e9likus Elemi Iskola 14 oszt\u00e1ly\u00e1nak csoportk\u00e9pei 1896 (SEL XV.5. 4.d.)\" data-alt=\"Soproni Evang\u00e9likus Elemi Iskola 14 oszt\u00e1ly\u00e1nak csoportk\u00e9pei 1896 (SEL XV.5. 4.d.)\" title=\"Soproni Evang\u00e9likus Elemi Iskola 14 oszt\u00e1ly\u00e1nak csoportk\u00e9pei 1896 (SEL XV.5. 4.d.)\">\r\n\t\t\t\t\t\t<div data-category=\"6\" data-sort=\"Soproni Evang\u00e9likus Elemi Iskola 14 oszt\u00e1ly\u00e1nak csoportk\u00e9pei 1896 (SEL XV.5. 4.d.)\" class=\"animateonload filtr-item filtr_item_628 single_one col-lg-2 col-md-3 col-sm-4 col-6\">\r\n\t\t\t\t\t\t\t\t\t\t\t\t\t\t\t<img decoding=\"async\" class=\" thumbnail  thumbnail_628 pfg-img pfg_img_628 img-responsive hvr-float-shadow\" src=\"https:\/\/sopronigyujtemenyek.lutheran.hu\/wp-content\/uploads\/Soproni-Evang\u00e9likus-Elemi-Iskola-14-oszt\u00e1ly\u00e1nak-csoportk\u00e9pei-189611-150x150.jpg\" alt=\"\">\r\n\t\t\t\t\t\t\t\t\t\t\t\t\t\t\t\t\t<div class=\"item-position item_position_628\">34<\/div>\r\n\t\t\t\t\t\t\t\t\t\t\t\t\t\t\t\t\t\t<span class=\"item-desc item_desc_628\">Soproni Evang\u00e9likus Elemi Iskola 14 oszt\u00e1ly\u00e1nak csoportk\u00e9pei 1896 (SEL XV.5. 4.d.)<\/span>\r\n\t\t\t\t\t\t\t\t\t\t\t\t\t\t<\/div>\r\n\t\t\t\t\t<\/a>\r\n\t\t\t\t\t\t\t\t\t\t<a href=\"https:\/\/sopronigyujtemenyek.lutheran.hu\/wp-content\/uploads\/Soproni-Evang\u00e9likus-Elemi-Iskola-14-oszt\u00e1ly\u00e1nak-csoportk\u00e9pei-18961.jpg\" class=\"pfg-lightbox-all pfg-lightbox-6\" data-lightbox=\"pfg-lightbox\"  data-title=\"Soproni Evang\u00e9likus Elemi Iskola 14 oszt\u00e1ly\u00e1nak csoportk\u00e9pei 1896 (SEL XV.5. 4.d.)\" data-alt=\"Soproni Evang\u00e9likus Elemi Iskola 14 oszt\u00e1ly\u00e1nak csoportk\u00e9pei 1896 (SEL XV.5. 4.d.)\" title=\"Soproni Evang\u00e9likus Elemi Iskola 14 oszt\u00e1ly\u00e1nak csoportk\u00e9pei 1896 (SEL XV.5. 4.d.)\">\r\n\t\t\t\t\t\t<div data-category=\"6\" data-sort=\"Soproni Evang\u00e9likus Elemi Iskola 14 oszt\u00e1ly\u00e1nak csoportk\u00e9pei 1896 (SEL XV.5. 4.d.)\" class=\"animateonload filtr-item filtr_item_628 single_one col-lg-2 col-md-3 col-sm-4 col-6\">\r\n\t\t\t\t\t\t\t\t\t\t\t\t\t\t\t<img decoding=\"async\" class=\" thumbnail  thumbnail_628 pfg-img pfg_img_628 img-responsive hvr-float-shadow\" src=\"https:\/\/sopronigyujtemenyek.lutheran.hu\/wp-content\/uploads\/Soproni-Evang\u00e9likus-Elemi-Iskola-14-oszt\u00e1ly\u00e1nak-csoportk\u00e9pei-18961-150x150.jpg\" alt=\"\">\r\n\t\t\t\t\t\t\t\t\t\t\t\t\t\t\t\t\t<div class=\"item-position item_position_628\">35<\/div>\r\n\t\t\t\t\t\t\t\t\t\t\t\t\t\t\t\t\t\t<span class=\"item-desc item_desc_628\">Soproni Evang\u00e9likus Elemi Iskola 14 oszt\u00e1ly\u00e1nak csoportk\u00e9pei 1896 (SEL XV.5. 4.d.)<\/span>\r\n\t\t\t\t\t\t\t\t\t\t\t\t\t\t<\/div>\r\n\t\t\t\t\t<\/a>\r\n\t\t\t\t\t\t\t\t\t\t<a href=\"https:\/\/sopronigyujtemenyek.lutheran.hu\/wp-content\/uploads\/Soproni-Evang\u00e9likus-Elemi-Iskola-14-oszt\u00e1ly\u00e1nak-csoportk\u00e9pei-189612.jpg\" class=\"pfg-lightbox-all pfg-lightbox-6\" data-lightbox=\"pfg-lightbox\"  data-title=\"Soproni Evang\u00e9likus Elemi Iskola 14 oszt\u00e1ly\u00e1nak csoportk\u00e9pei 1896 (SEL XV.5. 4.d.)\" data-alt=\"Soproni Evang\u00e9likus Elemi Iskola 14 oszt\u00e1ly\u00e1nak csoportk\u00e9pei 1896 (SEL XV.5. 4.d.)\" title=\"Soproni Evang\u00e9likus Elemi Iskola 14 oszt\u00e1ly\u00e1nak csoportk\u00e9pei 1896 (SEL XV.5. 4.d.)\">\r\n\t\t\t\t\t\t<div data-category=\"6\" data-sort=\"Soproni Evang\u00e9likus Elemi Iskola 14 oszt\u00e1ly\u00e1nak csoportk\u00e9pei 1896 (SEL XV.5. 4.d.)\" class=\"animateonload filtr-item filtr_item_628 single_one col-lg-2 col-md-3 col-sm-4 col-6\">\r\n\t\t\t\t\t\t\t\t\t\t\t\t\t\t\t<img decoding=\"async\" class=\" thumbnail  thumbnail_628 pfg-img pfg_img_628 img-responsive hvr-float-shadow\" src=\"https:\/\/sopronigyujtemenyek.lutheran.hu\/wp-content\/uploads\/Soproni-Evang\u00e9likus-Elemi-Iskola-14-oszt\u00e1ly\u00e1nak-csoportk\u00e9pei-189612-150x150.jpg\" alt=\"\">\r\n\t\t\t\t\t\t\t\t\t\t\t\t\t\t\t\t\t<div class=\"item-position item_position_628\">36<\/div>\r\n\t\t\t\t\t\t\t\t\t\t\t\t\t\t\t\t\t\t<span class=\"item-desc item_desc_628\">Soproni Evang\u00e9likus Elemi Iskola 14 oszt\u00e1ly\u00e1nak csoportk\u00e9pei 1896 (SEL XV.5. 4.d.)<\/span>\r\n\t\t\t\t\t\t\t\t\t\t\t\t\t\t<\/div>\r\n\t\t\t\t\t<\/a>\r\n\t\t\t\t\t\t\t\t\t\t<a href=\"https:\/\/sopronigyujtemenyek.lutheran.hu\/wp-content\/uploads\/Soproni-Evang\u00e9likus-Elemi-Iskola-14-oszt\u00e1ly\u00e1nak-csoportk\u00e9pei-189610.jpg\" class=\"pfg-lightbox-all pfg-lightbox-6\" data-lightbox=\"pfg-lightbox\"  data-title=\"Soproni Evang\u00e9likus Elemi Iskola 14 oszt\u00e1ly\u00e1nak csoportk\u00e9pei 1896 (SEL XV.5. 4.d.)\" data-alt=\"Soproni Evang\u00e9likus Elemi Iskola 14 oszt\u00e1ly\u00e1nak csoportk\u00e9pei 1896 (SEL XV.5. 4.d.)\" title=\"Soproni Evang\u00e9likus Elemi Iskola 14 oszt\u00e1ly\u00e1nak csoportk\u00e9pei 1896 (SEL XV.5. 4.d.)\">\r\n\t\t\t\t\t\t<div data-category=\"6\" data-sort=\"Soproni Evang\u00e9likus Elemi Iskola 14 oszt\u00e1ly\u00e1nak csoportk\u00e9pei 1896 (SEL XV.5. 4.d.)\" class=\"animateonload filtr-item filtr_item_628 single_one col-lg-2 col-md-3 col-sm-4 col-6\">\r\n\t\t\t\t\t\t\t\t\t\t\t\t\t\t\t<img decoding=\"async\" class=\" thumbnail  thumbnail_628 pfg-img pfg_img_628 img-responsive hvr-float-shadow\" src=\"https:\/\/sopronigyujtemenyek.lutheran.hu\/wp-content\/uploads\/Soproni-Evang\u00e9likus-Elemi-Iskola-14-oszt\u00e1ly\u00e1nak-csoportk\u00e9pei-189610-150x150.jpg\" alt=\"\">\r\n\t\t\t\t\t\t\t\t\t\t\t\t\t\t\t\t\t<div class=\"item-position item_position_628\">37<\/div>\r\n\t\t\t\t\t\t\t\t\t\t\t\t\t\t\t\t\t\t<span class=\"item-desc item_desc_628\">Soproni Evang\u00e9likus Elemi Iskola 14 oszt\u00e1ly\u00e1nak csoportk\u00e9pei 1896 (SEL XV.5. 4.d.)<\/span>\r\n\t\t\t\t\t\t\t\t\t\t\t\t\t\t<\/div>\r\n\t\t\t\t\t<\/a>\r\n\t\t\t\t\t\t\t\t\t\t<a href=\"https:\/\/sopronigyujtemenyek.lutheran.hu\/wp-content\/uploads\/Soproni-Evang\u00e9likus-Elemi-Iskola-14-oszt\u00e1ly\u00e1nak-csoportk\u00e9pei-189614.jpg\" class=\"pfg-lightbox-all pfg-lightbox-6\" data-lightbox=\"pfg-lightbox\"  data-title=\"Soproni Evang\u00e9likus Elemi Iskola 14 oszt\u00e1ly\u00e1nak csoportk\u00e9pei 1896 (SEL XV.5. 4.d.)\" data-alt=\"Soproni Evang\u00e9likus Elemi Iskola 14 oszt\u00e1ly\u00e1nak csoportk\u00e9pei 1896 (SEL XV.5. 4.d.)\" title=\"Soproni Evang\u00e9likus Elemi Iskola 14 oszt\u00e1ly\u00e1nak csoportk\u00e9pei 1896 (SEL XV.5. 4.d.)\">\r\n\t\t\t\t\t\t<div data-category=\"6\" data-sort=\"Soproni Evang\u00e9likus Elemi Iskola 14 oszt\u00e1ly\u00e1nak csoportk\u00e9pei 1896 (SEL XV.5. 4.d.)\" class=\"animateonload filtr-item filtr_item_628 single_one col-lg-2 col-md-3 col-sm-4 col-6\">\r\n\t\t\t\t\t\t\t\t\t\t\t\t\t\t\t<img decoding=\"async\" class=\" thumbnail  thumbnail_628 pfg-img pfg_img_628 img-responsive hvr-float-shadow\" src=\"https:\/\/sopronigyujtemenyek.lutheran.hu\/wp-content\/uploads\/Soproni-Evang\u00e9likus-Elemi-Iskola-14-oszt\u00e1ly\u00e1nak-csoportk\u00e9pei-189614-150x150.jpg\" alt=\"\">\r\n\t\t\t\t\t\t\t\t\t\t\t\t\t\t\t\t\t<div class=\"item-position item_position_628\">38<\/div>\r\n\t\t\t\t\t\t\t\t\t\t\t\t\t\t\t\t\t\t<span class=\"item-desc item_desc_628\">Soproni Evang\u00e9likus Elemi Iskola 14 oszt\u00e1ly\u00e1nak csoportk\u00e9pei 1896 (SEL XV.5. 4.d.)<\/span>\r\n\t\t\t\t\t\t\t\t\t\t\t\t\t\t<\/div>\r\n\t\t\t\t\t<\/a>\r\n\t\t\t\t\t\t\t\t\t\t<a href=\"https:\/\/sopronigyujtemenyek.lutheran.hu\/wp-content\/uploads\/Soproni-Evang\u00e9likus-Elemi-Iskola-14-oszt\u00e1ly\u00e1nak-csoportk\u00e9pei-189613.jpg\" class=\"pfg-lightbox-all pfg-lightbox-6\" data-lightbox=\"pfg-lightbox\"  data-title=\"Soproni Evang\u00e9likus Elemi Iskola 14 oszt\u00e1ly\u00e1nak csoportk\u00e9pei 1896 (SEL XV.5. 4.d.)\" data-alt=\"Soproni Evang\u00e9likus Elemi Iskola 14 oszt\u00e1ly\u00e1nak csoportk\u00e9pei 1896 (SEL XV.5. 4.d.)\" title=\"Soproni Evang\u00e9likus Elemi Iskola 14 oszt\u00e1ly\u00e1nak csoportk\u00e9pei 1896 (SEL XV.5. 4.d.)\">\r\n\t\t\t\t\t\t<div data-category=\"6\" data-sort=\"Soproni Evang\u00e9likus Elemi Iskola 14 oszt\u00e1ly\u00e1nak csoportk\u00e9pei 1896 (SEL XV.5. 4.d.)\" class=\"animateonload filtr-item filtr_item_628 single_one col-lg-2 col-md-3 col-sm-4 col-6\">\r\n\t\t\t\t\t\t\t\t\t\t\t\t\t\t\t<img decoding=\"async\" class=\" thumbnail  thumbnail_628 pfg-img pfg_img_628 img-responsive hvr-float-shadow\" src=\"https:\/\/sopronigyujtemenyek.lutheran.hu\/wp-content\/uploads\/Soproni-Evang\u00e9likus-Elemi-Iskola-14-oszt\u00e1ly\u00e1nak-csoportk\u00e9pei-189613-150x150.jpg\" alt=\"\">\r\n\t\t\t\t\t\t\t\t\t\t\t\t\t\t\t\t\t<div class=\"item-position item_position_628\">39<\/div>\r\n\t\t\t\t\t\t\t\t\t\t\t\t\t\t\t\t\t\t<span class=\"item-desc item_desc_628\">Soproni Evang\u00e9likus Elemi Iskola 14 oszt\u00e1ly\u00e1nak csoportk\u00e9pei 1896 (SEL XV.5. 4.d.)<\/span>\r\n\t\t\t\t\t\t\t\t\t\t\t\t\t\t<\/div>\r\n\t\t\t\t\t<\/a>\r\n\t\t\t\t\t\t\t\t\t\t<a href=\"https:\/\/sopronigyujtemenyek.lutheran.hu\/wp-content\/uploads\/Soproni-Evang\u00e9likus-Elemi-Iskola-14-oszt\u00e1ly\u00e1nak-csoportk\u00e9pei-18962.jpg\" class=\"pfg-lightbox-all pfg-lightbox-6\" data-lightbox=\"pfg-lightbox\"  data-title=\"Soproni Evang\u00e9likus Elemi Iskola 14 oszt\u00e1ly\u00e1nak csoportk\u00e9pei 1896 (SEL XV.5. 4.d.)\" data-alt=\"Soproni Evang\u00e9likus Elemi Iskola 14 oszt\u00e1ly\u00e1nak csoportk\u00e9pei 1896 (SEL XV.5. 4.d.)\" title=\"Soproni Evang\u00e9likus Elemi Iskola 14 oszt\u00e1ly\u00e1nak csoportk\u00e9pei 1896 (SEL XV.5. 4.d.)\">\r\n\t\t\t\t\t\t<div data-category=\"6\" data-sort=\"Soproni Evang\u00e9likus Elemi Iskola 14 oszt\u00e1ly\u00e1nak csoportk\u00e9pei 1896 (SEL XV.5. 4.d.)\" class=\"animateonload filtr-item filtr_item_628 single_one col-lg-2 col-md-3 col-sm-4 col-6\">\r\n\t\t\t\t\t\t\t\t\t\t\t\t\t\t\t<img decoding=\"async\" class=\" thumbnail  thumbnail_628 pfg-img pfg_img_628 img-responsive hvr-float-shadow\" src=\"https:\/\/sopronigyujtemenyek.lutheran.hu\/wp-content\/uploads\/Soproni-Evang\u00e9likus-Elemi-Iskola-14-oszt\u00e1ly\u00e1nak-csoportk\u00e9pei-18962-150x150.jpg\" alt=\"\">\r\n\t\t\t\t\t\t\t\t\t\t\t\t\t\t\t\t\t<div class=\"item-position item_position_628\">40<\/div>\r\n\t\t\t\t\t\t\t\t\t\t\t\t\t\t\t\t\t\t<span class=\"item-desc item_desc_628\">Soproni Evang\u00e9likus Elemi Iskola 14 oszt\u00e1ly\u00e1nak csoportk\u00e9pei 1896 (SEL XV.5. 4.d.)<\/span>\r\n\t\t\t\t\t\t\t\t\t\t\t\t\t\t<\/div>\r\n\t\t\t\t\t<\/a>\r\n\t\t\t\t\t\t\t\t\t\t<a href=\"https:\/\/sopronigyujtemenyek.lutheran.hu\/wp-content\/uploads\/Soproni-Evang\u00e9likus-Elemi-Iskola-14-oszt\u00e1ly\u00e1nak-csoportk\u00e9pei-18963.jpg\" class=\"pfg-lightbox-all pfg-lightbox-6\" data-lightbox=\"pfg-lightbox\"  data-title=\"Soproni Evang\u00e9likus Elemi Iskola 14 oszt\u00e1ly\u00e1nak csoportk\u00e9pei 1896 (SEL XV.5. 4.d.)\" data-alt=\"Soproni Evang\u00e9likus Elemi Iskola 14 oszt\u00e1ly\u00e1nak csoportk\u00e9pei 1896 (SEL XV.5. 4.d.)\" title=\"Soproni Evang\u00e9likus Elemi Iskola 14 oszt\u00e1ly\u00e1nak csoportk\u00e9pei 1896 (SEL XV.5. 4.d.)\">\r\n\t\t\t\t\t\t<div data-category=\"6\" data-sort=\"Soproni Evang\u00e9likus Elemi Iskola 14 oszt\u00e1ly\u00e1nak csoportk\u00e9pei 1896 (SEL XV.5. 4.d.)\" class=\"animateonload filtr-item filtr_item_628 single_one col-lg-2 col-md-3 col-sm-4 col-6\">\r\n\t\t\t\t\t\t\t\t\t\t\t\t\t\t\t<img decoding=\"async\" class=\" thumbnail  thumbnail_628 pfg-img pfg_img_628 img-responsive hvr-float-shadow\" src=\"https:\/\/sopronigyujtemenyek.lutheran.hu\/wp-content\/uploads\/Soproni-Evang\u00e9likus-Elemi-Iskola-14-oszt\u00e1ly\u00e1nak-csoportk\u00e9pei-18963-150x150.jpg\" alt=\"\">\r\n\t\t\t\t\t\t\t\t\t\t\t\t\t\t\t\t\t<div class=\"item-position item_position_628\">41<\/div>\r\n\t\t\t\t\t\t\t\t\t\t\t\t\t\t\t\t\t\t<span class=\"item-desc item_desc_628\">Soproni Evang\u00e9likus Elemi Iskola 14 oszt\u00e1ly\u00e1nak csoportk\u00e9pei 1896 (SEL XV.5. 4.d.)<\/span>\r\n\t\t\t\t\t\t\t\t\t\t\t\t\t\t<\/div>\r\n\t\t\t\t\t<\/a>\r\n\t\t\t\t\t\t\t\t\t\t<a href=\"https:\/\/sopronigyujtemenyek.lutheran.hu\/wp-content\/uploads\/Soproni-Evang\u00e9likus-Elemi-Iskola-14-oszt\u00e1ly\u00e1nak-csoportk\u00e9pei-18966.jpg\" class=\"pfg-lightbox-all pfg-lightbox-6\" data-lightbox=\"pfg-lightbox\"  data-title=\"Soproni Evang\u00e9likus Elemi Iskola 14 oszt\u00e1ly\u00e1nak csoportk\u00e9pei 1896 (SEL XV.5. 4.d.)\" data-alt=\"Soproni Evang\u00e9likus Elemi Iskola 14 oszt\u00e1ly\u00e1nak csoportk\u00e9pei 1896 (SEL XV.5. 4.d.)\" title=\"Soproni Evang\u00e9likus Elemi Iskola 14 oszt\u00e1ly\u00e1nak csoportk\u00e9pei 1896 (SEL XV.5. 4.d.)\">\r\n\t\t\t\t\t\t<div data-category=\"6\" data-sort=\"Soproni Evang\u00e9likus Elemi Iskola 14 oszt\u00e1ly\u00e1nak csoportk\u00e9pei 1896 (SEL XV.5. 4.d.)\" class=\"animateonload filtr-item filtr_item_628 single_one col-lg-2 col-md-3 col-sm-4 col-6\">\r\n\t\t\t\t\t\t\t\t\t\t\t\t\t\t\t<img decoding=\"async\" class=\" thumbnail  thumbnail_628 pfg-img pfg_img_628 img-responsive hvr-float-shadow\" src=\"https:\/\/sopronigyujtemenyek.lutheran.hu\/wp-content\/uploads\/Soproni-Evang\u00e9likus-Elemi-Iskola-14-oszt\u00e1ly\u00e1nak-csoportk\u00e9pei-18966-150x150.jpg\" alt=\"\">\r\n\t\t\t\t\t\t\t\t\t\t\t\t\t\t\t\t\t<div class=\"item-position item_position_628\">42<\/div>\r\n\t\t\t\t\t\t\t\t\t\t\t\t\t\t\t\t\t\t<span class=\"item-desc item_desc_628\">Soproni Evang\u00e9likus Elemi Iskola 14 oszt\u00e1ly\u00e1nak csoportk\u00e9pei 1896 (SEL XV.5. 4.d.)<\/span>\r\n\t\t\t\t\t\t\t\t\t\t\t\t\t\t<\/div>\r\n\t\t\t\t\t<\/a>\r\n\t\t\t\t\t\t\t\t\t\t<a href=\"https:\/\/sopronigyujtemenyek.lutheran.hu\/wp-content\/uploads\/Soproni-Evang\u00e9likus-Elemi-Iskola-14-oszt\u00e1ly\u00e1nak-csoportk\u00e9pei-18967.jpg\" class=\"pfg-lightbox-all pfg-lightbox-6\" data-lightbox=\"pfg-lightbox\"  data-title=\"Soproni Evang\u00e9likus Elemi Iskola 14 oszt\u00e1ly\u00e1nak csoportk\u00e9pei 1896 (SEL XV.5. 4.d.)\" data-alt=\"Soproni Evang\u00e9likus Elemi Iskola 14 oszt\u00e1ly\u00e1nak csoportk\u00e9pei 1896 (SEL XV.5. 4.d.)\" title=\"Soproni Evang\u00e9likus Elemi Iskola 14 oszt\u00e1ly\u00e1nak csoportk\u00e9pei 1896 (SEL XV.5. 4.d.)\">\r\n\t\t\t\t\t\t<div data-category=\"6\" data-sort=\"Soproni Evang\u00e9likus Elemi Iskola 14 oszt\u00e1ly\u00e1nak csoportk\u00e9pei 1896 (SEL XV.5. 4.d.)\" class=\"animateonload filtr-item filtr_item_628 single_one col-lg-2 col-md-3 col-sm-4 col-6\">\r\n\t\t\t\t\t\t\t\t\t\t\t\t\t\t\t<img decoding=\"async\" class=\" thumbnail  thumbnail_628 pfg-img pfg_img_628 img-responsive hvr-float-shadow\" src=\"https:\/\/sopronigyujtemenyek.lutheran.hu\/wp-content\/uploads\/Soproni-Evang\u00e9likus-Elemi-Iskola-14-oszt\u00e1ly\u00e1nak-csoportk\u00e9pei-18967-150x150.jpg\" alt=\"\">\r\n\t\t\t\t\t\t\t\t\t\t\t\t\t\t\t\t\t<div class=\"item-position item_position_628\">43<\/div>\r\n\t\t\t\t\t\t\t\t\t\t\t\t\t\t\t\t\t\t<span class=\"item-desc item_desc_628\">Soproni Evang\u00e9likus Elemi Iskola 14 oszt\u00e1ly\u00e1nak csoportk\u00e9pei 1896 (SEL XV.5. 4.d.)<\/span>\r\n\t\t\t\t\t\t\t\t\t\t\t\t\t\t<\/div>\r\n\t\t\t\t\t<\/a>\r\n\t\t\t\t\t\t\t\t\t\t<a href=\"https:\/\/sopronigyujtemenyek.lutheran.hu\/wp-content\/uploads\/Soproni-Evang\u00e9likus-Elemi-Iskola-14-oszt\u00e1ly\u00e1nak-csoportk\u00e9pei-18965.jpg\" class=\"pfg-lightbox-all pfg-lightbox-6\" data-lightbox=\"pfg-lightbox\"  data-title=\"Soproni Evang\u00e9likus Elemi Iskola 14 oszt\u00e1ly\u00e1nak csoportk\u00e9pei 1896 (SEL XV.5. 4.d.)\" data-alt=\"Soproni Evang\u00e9likus Elemi Iskola 14 oszt\u00e1ly\u00e1nak csoportk\u00e9pei 1896 (SEL XV.5. 4.d.)\" title=\"Soproni Evang\u00e9likus Elemi Iskola 14 oszt\u00e1ly\u00e1nak csoportk\u00e9pei 1896 (SEL XV.5. 4.d.)\">\r\n\t\t\t\t\t\t<div data-category=\"6\" data-sort=\"Soproni Evang\u00e9likus Elemi Iskola 14 oszt\u00e1ly\u00e1nak csoportk\u00e9pei 1896 (SEL XV.5. 4.d.)\" class=\"animateonload filtr-item filtr_item_628 single_one col-lg-2 col-md-3 col-sm-4 col-6\">\r\n\t\t\t\t\t\t\t\t\t\t\t\t\t\t\t<img decoding=\"async\" class=\" thumbnail  thumbnail_628 pfg-img pfg_img_628 img-responsive hvr-float-shadow\" src=\"https:\/\/sopronigyujtemenyek.lutheran.hu\/wp-content\/uploads\/Soproni-Evang\u00e9likus-Elemi-Iskola-14-oszt\u00e1ly\u00e1nak-csoportk\u00e9pei-18965-150x150.jpg\" alt=\"\">\r\n\t\t\t\t\t\t\t\t\t\t\t\t\t\t\t\t\t<div class=\"item-position item_position_628\">44<\/div>\r\n\t\t\t\t\t\t\t\t\t\t\t\t\t\t\t\t\t\t<span class=\"item-desc item_desc_628\">Soproni Evang\u00e9likus Elemi Iskola 14 oszt\u00e1ly\u00e1nak csoportk\u00e9pei 1896 (SEL XV.5. 4.d.)<\/span>\r\n\t\t\t\t\t\t\t\t\t\t\t\t\t\t<\/div>\r\n\t\t\t\t\t<\/a>\r\n\t\t\t\t\t\t\t\t\t\t<a href=\"https:\/\/sopronigyujtemenyek.lutheran.hu\/wp-content\/uploads\/Soproni-Evang\u00e9likus-Elemi-Iskola-14-oszt\u00e1ly\u00e1nak-csoportk\u00e9pei-18964.jpg\" class=\"pfg-lightbox-all pfg-lightbox-6\" data-lightbox=\"pfg-lightbox\"  data-title=\"Soproni Evang\u00e9likus Elemi Iskola 14 oszt\u00e1ly\u00e1nak csoportk\u00e9pei 1896 (SEL XV.5. 4.d.)\" data-alt=\"Soproni Evang\u00e9likus Elemi Iskola 14 oszt\u00e1ly\u00e1nak csoportk\u00e9pei 1896 (SEL XV.5. 4.d.)\" title=\"Soproni Evang\u00e9likus Elemi Iskola 14 oszt\u00e1ly\u00e1nak csoportk\u00e9pei 1896 (SEL XV.5. 4.d.)\">\r\n\t\t\t\t\t\t<div data-category=\"6\" data-sort=\"Soproni Evang\u00e9likus Elemi Iskola 14 oszt\u00e1ly\u00e1nak csoportk\u00e9pei 1896 (SEL XV.5. 4.d.)\" class=\"animateonload filtr-item filtr_item_628 single_one col-lg-2 col-md-3 col-sm-4 col-6\">\r\n\t\t\t\t\t\t\t\t\t\t\t\t\t\t\t<img decoding=\"async\" class=\" thumbnail  thumbnail_628 pfg-img pfg_img_628 img-responsive hvr-float-shadow\" src=\"https:\/\/sopronigyujtemenyek.lutheran.hu\/wp-content\/uploads\/Soproni-Evang\u00e9likus-Elemi-Iskola-14-oszt\u00e1ly\u00e1nak-csoportk\u00e9pei-18964-150x150.jpg\" alt=\"\">\r\n\t\t\t\t\t\t\t\t\t\t\t\t\t\t\t\t\t<div class=\"item-position item_position_628\">45<\/div>\r\n\t\t\t\t\t\t\t\t\t\t\t\t\t\t\t\t\t\t<span class=\"item-desc item_desc_628\">Soproni Evang\u00e9likus Elemi Iskola 14 oszt\u00e1ly\u00e1nak csoportk\u00e9pei 1896 (SEL XV.5. 4.d.)<\/span>\r\n\t\t\t\t\t\t\t\t\t\t\t\t\t\t<\/div>\r\n\t\t\t\t\t<\/a>\r\n\t\t\t\t\t\t\t\t\t\t<a href=\"https:\/\/sopronigyujtemenyek.lutheran.hu\/wp-content\/uploads\/Soproni-Evang\u00e9likus-Elemi-Iskola-14-oszt\u00e1ly\u00e1nak-csoportk\u00e9pei-18969.jpg\" class=\"pfg-lightbox-all pfg-lightbox-6\" data-lightbox=\"pfg-lightbox\"  data-title=\"Soproni Evang\u00e9likus Elemi Iskola 14 oszt\u00e1ly\u00e1nak csoportk\u00e9pei 1896 (SEL XV.5. 4.d.)\" data-alt=\"Soproni Evang\u00e9likus Elemi Iskola 14 oszt\u00e1ly\u00e1nak csoportk\u00e9pei 1896 (SEL XV.5. 4.d.)\" title=\"Soproni Evang\u00e9likus Elemi Iskola 14 oszt\u00e1ly\u00e1nak csoportk\u00e9pei 1896 (SEL XV.5. 4.d.)\">\r\n\t\t\t\t\t\t<div data-category=\"6\" data-sort=\"Soproni Evang\u00e9likus Elemi Iskola 14 oszt\u00e1ly\u00e1nak csoportk\u00e9pei 1896 (SEL XV.5. 4.d.)\" class=\"animateonload filtr-item filtr_item_628 single_one col-lg-2 col-md-3 col-sm-4 col-6\">\r\n\t\t\t\t\t\t\t\t\t\t\t\t\t\t\t<img decoding=\"async\" class=\" thumbnail  thumbnail_628 pfg-img pfg_img_628 img-responsive hvr-float-shadow\" src=\"https:\/\/sopronigyujtemenyek.lutheran.hu\/wp-content\/uploads\/Soproni-Evang\u00e9likus-Elemi-Iskola-14-oszt\u00e1ly\u00e1nak-csoportk\u00e9pei-18969-150x150.jpg\" alt=\"\">\r\n\t\t\t\t\t\t\t\t\t\t\t\t\t\t\t\t\t<div class=\"item-position item_position_628\">46<\/div>\r\n\t\t\t\t\t\t\t\t\t\t\t\t\t\t\t\t\t\t<span class=\"item-desc item_desc_628\">Soproni Evang\u00e9likus Elemi Iskola 14 oszt\u00e1ly\u00e1nak csoportk\u00e9pei 1896 (SEL XV.5. 4.d.)<\/span>\r\n\t\t\t\t\t\t\t\t\t\t\t\t\t\t<\/div>\r\n\t\t\t\t\t<\/a>\r\n\t\t\t\t\t\t\t\t\t\t<a href=\"https:\/\/sopronigyujtemenyek.lutheran.hu\/wp-content\/uploads\/Soproni-Evang\u00e9likus-Elemi-Iskola-14-oszt\u00e1ly\u00e1nak-csoportk\u00e9pei-18968.jpg\" class=\"pfg-lightbox-all pfg-lightbox-6\" data-lightbox=\"pfg-lightbox\"  data-title=\"Soproni Evang\u00e9likus Elemi Iskola 14 oszt\u00e1ly\u00e1nak csoportk\u00e9pei 1896 (SEL XV.5. 4.d.)\" data-alt=\"Soproni Evang\u00e9likus Elemi Iskola 14 oszt\u00e1ly\u00e1nak csoportk\u00e9pei 1896 (SEL XV.5. 4.d.)\" title=\"Soproni Evang\u00e9likus Elemi Iskola 14 oszt\u00e1ly\u00e1nak csoportk\u00e9pei 1896 (SEL XV.5. 4.d.)\">\r\n\t\t\t\t\t\t<div data-category=\"6\" data-sort=\"Soproni Evang\u00e9likus Elemi Iskola 14 oszt\u00e1ly\u00e1nak csoportk\u00e9pei 1896 (SEL XV.5. 4.d.)\" class=\"animateonload filtr-item filtr_item_628 single_one col-lg-2 col-md-3 col-sm-4 col-6\">\r\n\t\t\t\t\t\t\t\t\t\t\t\t\t\t\t<img decoding=\"async\" class=\" thumbnail  thumbnail_628 pfg-img pfg_img_628 img-responsive hvr-float-shadow\" src=\"https:\/\/sopronigyujtemenyek.lutheran.hu\/wp-content\/uploads\/Soproni-Evang\u00e9likus-Elemi-Iskola-14-oszt\u00e1ly\u00e1nak-csoportk\u00e9pei-18968-150x150.jpg\" alt=\"\">\r\n\t\t\t\t\t\t\t\t\t\t\t\t\t\t\t\t\t<div class=\"item-position item_position_628\">47<\/div>\r\n\t\t\t\t\t\t\t\t\t\t\t\t\t\t\t\t\t\t<span class=\"item-desc item_desc_628\">Soproni Evang\u00e9likus Elemi Iskola 14 oszt\u00e1ly\u00e1nak csoportk\u00e9pei 1896 (SEL XV.5. 4.d.)<\/span>\r\n\t\t\t\t\t\t\t\t\t\t\t\t\t\t<\/div>\r\n\t\t\t\t\t<\/a>\r\n\t\t\t\t\t\t\t\t\t\t<a href=\"https:\/\/sopronigyujtemenyek.lutheran.hu\/wp-content\/uploads\/Gosztola-L\u00e1szl\u00f3.jpg\" class=\"pfg-lightbox-all pfg-lightbox-3\" data-lightbox=\"pfg-lightbox\"  data-title=\"Gosztola L\u00e1szl\u00f3 (1923-1980) lelk\u00e9sz (SEL XV.5. 2.d.)\" data-alt=\"Gosztola L\u00e1szl\u00f3 (1923-1980) lelk\u00e9sz (SEL XV.5. 2.d.)\" title=\"Gosztola L\u00e1szl\u00f3 (1923-1980) lelk\u00e9sz (SEL XV.5. 2.d.)\">\r\n\t\t\t\t\t\t<div data-category=\"3\" data-sort=\"Gosztola L\u00e1szl\u00f3 (1923-1980) lelk\u00e9sz (SEL XV.5. 2.d.)\" class=\"animateonload filtr-item filtr_item_628 single_one col-lg-2 col-md-3 col-sm-4 col-6\">\r\n\t\t\t\t\t\t\t\t\t\t\t\t\t\t\t<img decoding=\"async\" class=\" thumbnail  thumbnail_628 pfg-img pfg_img_628 img-responsive hvr-float-shadow\" src=\"https:\/\/sopronigyujtemenyek.lutheran.hu\/wp-content\/uploads\/Gosztola-L\u00e1szl\u00f3-150x150.jpg\" alt=\"\">\r\n\t\t\t\t\t\t\t\t\t\t\t\t\t\t\t\t\t<div class=\"item-position item_position_628\">48<\/div>\r\n\t\t\t\t\t\t\t\t\t\t\t\t\t\t\t\t\t\t<span class=\"item-desc item_desc_628\">Gosztola L\u00e1szl\u00f3 (1923-1980) lelk\u00e9sz (SEL XV.5. 2.d.)<\/span>\r\n\t\t\t\t\t\t\t\t\t\t\t\t\t\t<\/div>\r\n\t\t\t\t\t<\/a>\r\n\t\t\t\t\t\t\t\t\t\t<a href=\"https:\/\/sopronigyujtemenyek.lutheran.hu\/wp-content\/uploads\/Barth-J\u00e1nos-Konr\u00e1d.jpg\" class=\"pfg-lightbox-all pfg-lightbox-3\" data-lightbox=\"pfg-lightbox\"  data-title=\"Barth J\u00e1nos Konr\u00e1d (1634-1692) lelk\u00e9sz, (SEL XV.5. 2.d.)\" data-alt=\"Barth J\u00e1nos Konr\u00e1d (1634-1692) lelk\u00e9sz, (SEL XV.5. 2.d.)\" title=\"Barth J\u00e1nos Konr\u00e1d (1634-1692) lelk\u00e9sz, (SEL XV.5. 2.d.)\">\r\n\t\t\t\t\t\t<div data-category=\"3\" data-sort=\"Barth J\u00e1nos Konr\u00e1d (1634-1692) lelk\u00e9sz, (SEL XV.5. 2.d.)\" class=\"animateonload filtr-item filtr_item_628 single_one col-lg-2 col-md-3 col-sm-4 col-6\">\r\n\t\t\t\t\t\t\t\t\t\t\t\t\t\t\t<img decoding=\"async\" class=\" thumbnail  thumbnail_628 pfg-img pfg_img_628 img-responsive hvr-float-shadow\" src=\"https:\/\/sopronigyujtemenyek.lutheran.hu\/wp-content\/uploads\/Barth-J\u00e1nos-Konr\u00e1d-150x150.jpg\" alt=\"\">\r\n\t\t\t\t\t\t\t\t\t\t\t\t\t\t\t\t\t<div class=\"item-position item_position_628\">49<\/div>\r\n\t\t\t\t\t\t\t\t\t\t\t\t\t\t\t\t\t\t<span class=\"item-desc item_desc_628\">Barth J\u00e1nos Konr\u00e1d (1634-1692) lelk\u00e9sz, (SEL XV.5. 2.d.)<\/span>\r\n\t\t\t\t\t\t\t\t\t\t\t\t\t\t<\/div>\r\n\t\t\t\t\t<\/a>\r\n\t\t\t\t\t\t\t\t\t\t<a href=\"https:\/\/sopronigyujtemenyek.lutheran.hu\/wp-content\/uploads\/Budaker-Oszk\u00e1r.jpg\" class=\"pfg-lightbox-all pfg-lightbox-3\" data-lightbox=\"pfg-lightbox\"  data-title=\"Budaker Oszk\u00e1r lelk\u00e9sz (1896-1952) lelk\u00e9sz, (SEL XV.5. 2.d.)\" data-alt=\"Budaker Oszk\u00e1r lelk\u00e9sz (1896-1952) lelk\u00e9sz, (SEL XV.5. 2.d.)\" title=\"Budaker Oszk\u00e1r lelk\u00e9sz (1896-1952) lelk\u00e9sz, (SEL XV.5. 2.d.)\">\r\n\t\t\t\t\t\t<div data-category=\"3\" data-sort=\"Budaker Oszk\u00e1r lelk\u00e9sz (1896-1952) lelk\u00e9sz, (SEL XV.5. 2.d.)\" class=\"animateonload filtr-item filtr_item_628 single_one col-lg-2 col-md-3 col-sm-4 col-6\">\r\n\t\t\t\t\t\t\t\t\t\t\t\t\t\t\t<img decoding=\"async\" class=\" thumbnail  thumbnail_628 pfg-img pfg_img_628 img-responsive hvr-float-shadow\" src=\"https:\/\/sopronigyujtemenyek.lutheran.hu\/wp-content\/uploads\/Budaker-Oszk\u00e1r-150x150.jpg\" alt=\"\">\r\n\t\t\t\t\t\t\t\t\t\t\t\t\t\t\t\t\t<div class=\"item-position item_position_628\">50<\/div>\r\n\t\t\t\t\t\t\t\t\t\t\t\t\t\t\t\t\t\t<span class=\"item-desc item_desc_628\">Budaker Oszk\u00e1r lelk\u00e9sz (1896-1952) lelk\u00e9sz, (SEL XV.5. 2.d.)<\/span>\r\n\t\t\t\t\t\t\t\t\t\t\t\t\t\t<\/div>\r\n\t\t\t\t\t<\/a>\r\n\t\t\t\t\t\t\t\t\t\t<a href=\"https:\/\/sopronigyujtemenyek.lutheran.hu\/wp-content\/uploads\/Brunner-J\u00e1nos.jpg\" class=\"pfg-lightbox-all pfg-lightbox-3\" data-lightbox=\"pfg-lightbox\"  data-title=\"Brunner J\u00e1nos (1848-1913) lelk\u00e9sz (SEL XV.5. 2.d.)\" data-alt=\"Brunner J\u00e1nos (1848-1913) lelk\u00e9sz (SEL XV.5. 2.d.)\" title=\"Brunner J\u00e1nos (1848-1913) lelk\u00e9sz (SEL XV.5. 2.d.)\">\r\n\t\t\t\t\t\t<div data-category=\"3\" data-sort=\"Brunner J\u00e1nos (1848-1913) lelk\u00e9sz (SEL XV.5. 2.d.)\" class=\"animateonload filtr-item filtr_item_628 single_one col-lg-2 col-md-3 col-sm-4 col-6\">\r\n\t\t\t\t\t\t\t\t\t\t\t\t\t\t\t<img decoding=\"async\" class=\" thumbnail  thumbnail_628 pfg-img pfg_img_628 img-responsive hvr-float-shadow\" src=\"https:\/\/sopronigyujtemenyek.lutheran.hu\/wp-content\/uploads\/Brunner-J\u00e1nos-150x150.jpg\" alt=\"\">\r\n\t\t\t\t\t\t\t\t\t\t\t\t\t\t\t\t\t<div class=\"item-position item_position_628\">51<\/div>\r\n\t\t\t\t\t\t\t\t\t\t\t\t\t\t\t\t\t\t<span class=\"item-desc item_desc_628\">Brunner J\u00e1nos (1848-1913) lelk\u00e9sz (SEL XV.5. 2.d.)<\/span>\r\n\t\t\t\t\t\t\t\t\t\t\t\t\t\t<\/div>\r\n\t\t\t\t\t<\/a>\r\n\t\t\t\t\t\t\t\t\t\t<a href=\"https:\/\/sopronigyujtemenyek.lutheran.hu\/wp-content\/uploads\/Gamauf-Gottlieb.jpg\" class=\"pfg-lightbox-all pfg-lightbox-3\" data-lightbox=\"pfg-lightbox\"  data-title=\"Gamauf Gottlieb (1772-1841) lelk\u00e9sz (SEL XV.5. 2.d.)\" data-alt=\"Gamauf Gottlieb (1772-1841) lelk\u00e9sz (SEL XV.5. 2.d.)\" title=\"Gamauf Gottlieb (1772-1841) lelk\u00e9sz (SEL XV.5. 2.d.)\">\r\n\t\t\t\t\t\t<div data-category=\"3\" data-sort=\"Gamauf Gottlieb (1772-1841) lelk\u00e9sz (SEL XV.5. 2.d.)\" class=\"animateonload filtr-item filtr_item_628 single_one col-lg-2 col-md-3 col-sm-4 col-6\">\r\n\t\t\t\t\t\t\t\t\t\t\t\t\t\t\t<img decoding=\"async\" class=\" thumbnail  thumbnail_628 pfg-img pfg_img_628 img-responsive hvr-float-shadow\" src=\"https:\/\/sopronigyujtemenyek.lutheran.hu\/wp-content\/uploads\/Gamauf-Gottlieb-150x150.jpg\" alt=\"\">\r\n\t\t\t\t\t\t\t\t\t\t\t\t\t\t\t\t\t<div class=\"item-position item_position_628\">52<\/div>\r\n\t\t\t\t\t\t\t\t\t\t\t\t\t\t\t\t\t\t<span class=\"item-desc item_desc_628\">Gamauf Gottlieb (1772-1841) lelk\u00e9sz (SEL XV.5. 2.d.)<\/span>\r\n\t\t\t\t\t\t\t\t\t\t\t\t\t\t<\/div>\r\n\t\t\t\t\t<\/a>\r\n\t\t\t\t\t\t\t\t\t\t<a href=\"https:\/\/sopronigyujtemenyek.lutheran.hu\/wp-content\/uploads\/Csoportk\u00e9p.jpg\" class=\"pfg-lightbox-all pfg-lightbox-3\" data-lightbox=\"pfg-lightbox\"  data-title=\"Lelk\u00e9sz csoportk\u00e9p \u00e9.n. (SEL XV.5. 2.d.)\" data-alt=\"Lelk\u00e9sz csoportk\u00e9p \u00e9.n. (SEL XV.5. 2.d.)\" title=\"Lelk\u00e9sz csoportk\u00e9p \u00e9.n. (SEL XV.5. 2.d.)\">\r\n\t\t\t\t\t\t<div data-category=\"3\" data-sort=\"Lelk\u00e9sz csoportk\u00e9p \u00e9.n. (SEL XV.5. 2.d.)\" class=\"animateonload filtr-item filtr_item_628 single_one col-lg-2 col-md-3 col-sm-4 col-6\">\r\n\t\t\t\t\t\t\t\t\t\t\t\t\t\t\t<img decoding=\"async\" class=\" thumbnail  thumbnail_628 pfg-img pfg_img_628 img-responsive hvr-float-shadow\" src=\"https:\/\/sopronigyujtemenyek.lutheran.hu\/wp-content\/uploads\/Csoportk\u00e9p-150x150.jpg\" alt=\"\">\r\n\t\t\t\t\t\t\t\t\t\t\t\t\t\t\t\t\t<div class=\"item-position item_position_628\">53<\/div>\r\n\t\t\t\t\t\t\t\t\t\t\t\t\t\t\t\t\t\t<span class=\"item-desc item_desc_628\">Lelk\u00e9sz csoportk\u00e9p \u00e9.n. (SEL XV.5. 2.d.)<\/span>\r\n\t\t\t\t\t\t\t\t\t\t\t\t\t\t<\/div>\r\n\t\t\t\t\t<\/a>\r\n\t\t\t\t\t\t\t\t\t\t<a href=\"https:\/\/sopronigyujtemenyek.lutheran.hu\/wp-content\/uploads\/Hanzmann-K\u00e1roly.jpg\" class=\"pfg-lightbox-all pfg-lightbox-3\" data-lightbox=\"pfg-lightbox\"  data-title=\"Hanzmann K\u00e1roly (1884-1955) lelk\u00e9sz (SEL XV.5. 2.d.)\" data-alt=\"Hanzmann K\u00e1roly (1884-1955) lelk\u00e9sz (SEL XV.5. 2.d.)\" title=\"Hanzmann K\u00e1roly (1884-1955) lelk\u00e9sz (SEL XV.5. 2.d.)\">\r\n\t\t\t\t\t\t<div data-category=\"3\" data-sort=\"Hanzmann K\u00e1roly (1884-1955) lelk\u00e9sz (SEL XV.5. 2.d.)\" class=\"animateonload filtr-item filtr_item_628 single_one col-lg-2 col-md-3 col-sm-4 col-6\">\r\n\t\t\t\t\t\t\t\t\t\t\t\t\t\t\t<img decoding=\"async\" class=\" thumbnail  thumbnail_628 pfg-img pfg_img_628 img-responsive hvr-float-shadow\" src=\"https:\/\/sopronigyujtemenyek.lutheran.hu\/wp-content\/uploads\/Hanzmann-K\u00e1roly-150x150.jpg\" alt=\"\">\r\n\t\t\t\t\t\t\t\t\t\t\t\t\t\t\t\t\t<div class=\"item-position item_position_628\">54<\/div>\r\n\t\t\t\t\t\t\t\t\t\t\t\t\t\t\t\t\t\t<span class=\"item-desc item_desc_628\">Hanzmann K\u00e1roly (1884-1955) lelk\u00e9sz (SEL XV.5. 2.d.)<\/span>\r\n\t\t\t\t\t\t\t\t\t\t\t\t\t\t<\/div>\r\n\t\t\t\t\t<\/a>\r\n\t\t\t\t\t\t\t\t\t\t<a href=\"https:\/\/sopronigyujtemenyek.lutheran.hu\/wp-content\/uploads\/Kolbenheyer-M\u00f3r.jpg\" class=\"pfg-lightbox-all pfg-lightbox-3\" data-lightbox=\"pfg-lightbox\"  data-title=\"Kolbenheyer M\u00f3r (1832-1884) lelk\u00e9sz (SEL XV.5. 2.d.)\" data-alt=\"Kolbenheyer M\u00f3r (1832-1884) lelk\u00e9sz (SEL XV.5. 2.d.)\" title=\"Kolbenheyer M\u00f3r (1832-1884) lelk\u00e9sz (SEL XV.5. 2.d.)\">\r\n\t\t\t\t\t\t<div data-category=\"3\" data-sort=\"Kolbenheyer M\u00f3r (1832-1884) lelk\u00e9sz (SEL XV.5. 2.d.)\" class=\"animateonload filtr-item filtr_item_628 single_one col-lg-2 col-md-3 col-sm-4 col-6\">\r\n\t\t\t\t\t\t\t\t\t\t\t\t\t\t\t<img decoding=\"async\" class=\" thumbnail  thumbnail_628 pfg-img pfg_img_628 img-responsive hvr-float-shadow\" src=\"https:\/\/sopronigyujtemenyek.lutheran.hu\/wp-content\/uploads\/Kolbenheyer-M\u00f3r-150x150.jpg\" alt=\"\">\r\n\t\t\t\t\t\t\t\t\t\t\t\t\t\t\t\t\t<div class=\"item-position item_position_628\">55<\/div>\r\n\t\t\t\t\t\t\t\t\t\t\t\t\t\t\t\t\t\t<span class=\"item-desc item_desc_628\">Kolbenheyer M\u00f3r (1832-1884) lelk\u00e9sz (SEL XV.5. 2.d.)<\/span>\r\n\t\t\t\t\t\t\t\t\t\t\t\t\t\t<\/div>\r\n\t\t\t\t\t<\/a>\r\n\t\t\t\t\t\t\t\t\t\t<a href=\"https:\/\/sopronigyujtemenyek.lutheran.hu\/wp-content\/uploads\/Kis-J\u00e1nos.jpg\" class=\"pfg-lightbox-all pfg-lightbox-3\" data-lightbox=\"pfg-lightbox\"  data-title=\"Kis J\u00e1nos (1770-1846) lelk\u00e9sz (SEL XV.5. 2.d.)\" data-alt=\"Kis J\u00e1nos (1770-1846) lelk\u00e9sz (SEL XV.5. 2.d.)\" title=\"Kis J\u00e1nos (1770-1846) lelk\u00e9sz (SEL XV.5. 2.d.)\">\r\n\t\t\t\t\t\t<div data-category=\"3\" data-sort=\"Kis J\u00e1nos (1770-1846) lelk\u00e9sz (SEL XV.5. 2.d.)\" class=\"animateonload filtr-item filtr_item_628 single_one col-lg-2 col-md-3 col-sm-4 col-6\">\r\n\t\t\t\t\t\t\t\t\t\t\t\t\t\t\t<img decoding=\"async\" class=\" thumbnail  thumbnail_628 pfg-img pfg_img_628 img-responsive hvr-float-shadow\" src=\"https:\/\/sopronigyujtemenyek.lutheran.hu\/wp-content\/uploads\/Kis-J\u00e1nos-150x150.jpg\" alt=\"\">\r\n\t\t\t\t\t\t\t\t\t\t\t\t\t\t\t\t\t<div class=\"item-position item_position_628\">56<\/div>\r\n\t\t\t\t\t\t\t\t\t\t\t\t\t\t\t\t\t\t<span class=\"item-desc item_desc_628\">Kis J\u00e1nos (1770-1846) lelk\u00e9sz (SEL XV.5. 2.d.)<\/span>\r\n\t\t\t\t\t\t\t\t\t\t\t\t\t\t<\/div>\r\n\t\t\t\t\t<\/a>\r\n\t\t\t\t\t\t\t\t\t\t<a href=\"https:\/\/sopronigyujtemenyek.lutheran.hu\/wp-content\/uploads\/Lang-M\u00e1ty\u00e1s.jpg\" class=\"pfg-lightbox-all pfg-lightbox-3\" data-lightbox=\"pfg-lightbox\"  data-title=\"Lang M\u00e1ty\u00e1s (1622-1682) lelk\u00e9sz (SEL XV.5. 2.d.)\" data-alt=\"Lang M\u00e1ty\u00e1s (1622-1682) lelk\u00e9sz (SEL XV.5. 2.d.)\" title=\"Lang M\u00e1ty\u00e1s (1622-1682) lelk\u00e9sz (SEL XV.5. 2.d.)\">\r\n\t\t\t\t\t\t<div data-category=\"3\" data-sort=\"Lang M\u00e1ty\u00e1s (1622-1682) lelk\u00e9sz (SEL XV.5. 2.d.)\" class=\"animateonload filtr-item filtr_item_628 single_one col-lg-2 col-md-3 col-sm-4 col-6\">\r\n\t\t\t\t\t\t\t\t\t\t\t\t\t\t\t<img decoding=\"async\" class=\" thumbnail  thumbnail_628 pfg-img pfg_img_628 img-responsive hvr-float-shadow\" src=\"https:\/\/sopronigyujtemenyek.lutheran.hu\/wp-content\/uploads\/Lang-M\u00e1ty\u00e1s-150x150.jpg\" alt=\"\">\r\n\t\t\t\t\t\t\t\t\t\t\t\t\t\t\t\t\t<div class=\"item-position item_position_628\">57<\/div>\r\n\t\t\t\t\t\t\t\t\t\t\t\t\t\t\t\t\t\t<span class=\"item-desc item_desc_628\">Lang M\u00e1ty\u00e1s (1622-1682) lelk\u00e9sz (SEL XV.5. 2.d.)<\/span>\r\n\t\t\t\t\t\t\t\t\t\t\t\t\t\t<\/div>\r\n\t\t\t\t\t<\/a>\r\n\t\t\t\t\t\t\t\t\t\t<a href=\"https:\/\/sopronigyujtemenyek.lutheran.hu\/wp-content\/uploads\/Jo\u00f3b-Oliv\u00e9r.jpg\" class=\"pfg-lightbox-all pfg-lightbox-3\" data-lightbox=\"pfg-lightbox\"  data-title=\"Jo\u00f3b Oliv\u00e9r (1910-1969) lelk\u00e9sz (SEL XV.5. 2.d.)\" data-alt=\"Jo\u00f3b Oliv\u00e9r (1910-1969) lelk\u00e9sz (SEL XV.5. 2.d.)\" title=\"Jo\u00f3b Oliv\u00e9r (1910-1969) lelk\u00e9sz (SEL XV.5. 2.d.)\">\r\n\t\t\t\t\t\t<div data-category=\"3\" data-sort=\"Jo\u00f3b Oliv\u00e9r (1910-1969) lelk\u00e9sz (SEL XV.5. 2.d.)\" class=\"animateonload filtr-item filtr_item_628 single_one col-lg-2 col-md-3 col-sm-4 col-6\">\r\n\t\t\t\t\t\t\t\t\t\t\t\t\t\t\t<img decoding=\"async\" class=\" thumbnail  thumbnail_628 pfg-img pfg_img_628 img-responsive hvr-float-shadow\" src=\"https:\/\/sopronigyujtemenyek.lutheran.hu\/wp-content\/uploads\/Jo\u00f3b-Oliv\u00e9r-150x150.jpg\" alt=\"\">\r\n\t\t\t\t\t\t\t\t\t\t\t\t\t\t\t\t\t<div class=\"item-position item_position_628\">58<\/div>\r\n\t\t\t\t\t\t\t\t\t\t\t\t\t\t\t\t\t\t<span class=\"item-desc item_desc_628\">Jo\u00f3b Oliv\u00e9r (1910-1969) lelk\u00e9sz (SEL XV.5. 2.d.)<\/span>\r\n\t\t\t\t\t\t\t\t\t\t\t\t\t\t<\/div>\r\n\t\t\t\t\t<\/a>\r\n\t\t\t\t\t\t\t\t\t\t<a href=\"https:\/\/sopronigyujtemenyek.lutheran.hu\/wp-content\/uploads\/Menyh\u00e1rd-Frigyes.jpg\" class=\"pfg-lightbox-all pfg-lightbox-3\" data-lightbox=\"pfg-lightbox\"  data-title=\"Menyh\u00e1rd Frigyes (SEL XV.5. 2.d.)\" data-alt=\"Menyh\u00e1rd Frigyes (SEL XV.5. 2.d.)\" title=\"Menyh\u00e1rd Frigyes (SEL XV.5. 2.d.)\">\r\n\t\t\t\t\t\t<div data-category=\"3\" data-sort=\"Menyh\u00e1rd Frigyes (SEL XV.5. 2.d.)\" class=\"animateonload filtr-item filtr_item_628 single_one col-lg-2 col-md-3 col-sm-4 col-6\">\r\n\t\t\t\t\t\t\t\t\t\t\t\t\t\t\t<img decoding=\"async\" class=\" thumbnail  thumbnail_628 pfg-img pfg_img_628 img-responsive hvr-float-shadow\" src=\"https:\/\/sopronigyujtemenyek.lutheran.hu\/wp-content\/uploads\/Menyh\u00e1rd-Frigyes-150x150.jpg\" alt=\"\">\r\n\t\t\t\t\t\t\t\t\t\t\t\t\t\t\t\t\t<div class=\"item-position item_position_628\">59<\/div>\r\n\t\t\t\t\t\t\t\t\t\t\t\t\t\t\t\t\t\t<span class=\"item-desc item_desc_628\">Menyh\u00e1rd Frigyes (SEL XV.5. 2.d.)<\/span>\r\n\t\t\t\t\t\t\t\t\t\t\t\t\t\t<\/div>\r\n\t\t\t\t\t<\/a>\r\n\t\t\t\t\t\t\t\t\t\t<a href=\"https:\/\/sopronigyujtemenyek.lutheran.hu\/wp-content\/uploads\/Oertel-Gottfried.jpg\" class=\"pfg-lightbox-all pfg-lightbox-3\" data-lightbox=\"pfg-lightbox\"  data-title=\"Oertel Gottfried (1695-1757) lelk\u00e9sz (SEL XV.5. 2.d.)\" data-alt=\"Oertel Gottfried (1695-1757) lelk\u00e9sz (SEL XV.5. 2.d.)\" title=\"Oertel Gottfried (1695-1757) lelk\u00e9sz (SEL XV.5. 2.d.)\">\r\n\t\t\t\t\t\t<div data-category=\"3\" data-sort=\"Oertel Gottfried (1695-1757) lelk\u00e9sz (SEL XV.5. 2.d.)\" class=\"animateonload filtr-item filtr_item_628 single_one col-lg-2 col-md-3 col-sm-4 col-6\">\r\n\t\t\t\t\t\t\t\t\t\t\t\t\t\t\t<img decoding=\"async\" class=\" thumbnail  thumbnail_628 pfg-img pfg_img_628 img-responsive hvr-float-shadow\" src=\"https:\/\/sopronigyujtemenyek.lutheran.hu\/wp-content\/uploads\/Oertel-Gottfried-150x150.jpg\" alt=\"\">\r\n\t\t\t\t\t\t\t\t\t\t\t\t\t\t\t\t\t<div class=\"item-position item_position_628\">60<\/div>\r\n\t\t\t\t\t\t\t\t\t\t\t\t\t\t\t\t\t\t<span class=\"item-desc item_desc_628\">Oertel Gottfried (1695-1757) lelk\u00e9sz (SEL XV.5. 2.d.)<\/span>\r\n\t\t\t\t\t\t\t\t\t\t\t\t\t\t<\/div>\r\n\t\t\t\t\t<\/a>\r\n\t\t\t\t\t\t\t\t\t\t<a href=\"https:\/\/sopronigyujtemenyek.lutheran.hu\/wp-content\/uploads\/Poszv\u00e9k-Kereszt\u00e9ly.jpg\" class=\"pfg-lightbox-all pfg-lightbox-3\" data-lightbox=\"pfg-lightbox\"  data-title=\"Poszv\u00e9k Kereszt\u00e9ly (1799-1877) lelk\u00e9sz (SEL XV.5. 2.d.)\" data-alt=\"Poszv\u00e9k Kereszt\u00e9ly (1799-1877) lelk\u00e9sz (SEL XV.5. 2.d.)\" title=\"Poszv\u00e9k Kereszt\u00e9ly (1799-1877) lelk\u00e9sz (SEL XV.5. 2.d.)\">\r\n\t\t\t\t\t\t<div data-category=\"3\" data-sort=\"Poszv\u00e9k Kereszt\u00e9ly (1799-1877) lelk\u00e9sz (SEL XV.5. 2.d.)\" class=\"animateonload filtr-item filtr_item_628 single_one col-lg-2 col-md-3 col-sm-4 col-6\">\r\n\t\t\t\t\t\t\t\t\t\t\t\t\t\t\t<img decoding=\"async\" class=\" thumbnail  thumbnail_628 pfg-img pfg_img_628 img-responsive hvr-float-shadow\" src=\"https:\/\/sopronigyujtemenyek.lutheran.hu\/wp-content\/uploads\/Poszv\u00e9k-Kereszt\u00e9ly-150x150.jpg\" alt=\"\">\r\n\t\t\t\t\t\t\t\t\t\t\t\t\t\t\t\t\t<div class=\"item-position item_position_628\">61<\/div>\r\n\t\t\t\t\t\t\t\t\t\t\t\t\t\t\t\t\t\t<span class=\"item-desc item_desc_628\">Poszv\u00e9k Kereszt\u00e9ly (1799-1877) lelk\u00e9sz (SEL XV.5. 2.d.)<\/span>\r\n\t\t\t\t\t\t\t\t\t\t\t\t\t\t<\/div>\r\n\t\t\t\t\t<\/a>\r\n\t\t\t\t\t\t\t\t\t\t<a href=\"https:\/\/sopronigyujtemenyek.lutheran.hu\/wp-content\/uploads\/Ruszny\u00e1k-Ferenc.jpg\" class=\"pfg-lightbox-all pfg-lightbox-3\" data-lightbox=\"pfg-lightbox\"  data-title=\"Ruszny\u00e1k Ferenc (1907-1977) lelk\u00e9sz (SEL XV.5. 2.d.)\" data-alt=\"Ruszny\u00e1k Ferenc (1907-1977) lelk\u00e9sz (SEL XV.5. 2.d.)\" title=\"Ruszny\u00e1k Ferenc (1907-1977) lelk\u00e9sz (SEL XV.5. 2.d.)\">\r\n\t\t\t\t\t\t<div data-category=\"3\" data-sort=\"Ruszny\u00e1k Ferenc (1907-1977) lelk\u00e9sz (SEL XV.5. 2.d.)\" class=\"animateonload filtr-item filtr_item_628 single_one col-lg-2 col-md-3 col-sm-4 col-6\">\r\n\t\t\t\t\t\t\t\t\t\t\t\t\t\t\t<img decoding=\"async\" class=\" thumbnail  thumbnail_628 pfg-img pfg_img_628 img-responsive hvr-float-shadow\" src=\"https:\/\/sopronigyujtemenyek.lutheran.hu\/wp-content\/uploads\/Ruszny\u00e1k-Ferenc-150x150.jpg\" alt=\"\">\r\n\t\t\t\t\t\t\t\t\t\t\t\t\t\t\t\t\t<div class=\"item-position item_position_628\">62<\/div>\r\n\t\t\t\t\t\t\t\t\t\t\t\t\t\t\t\t\t\t<span class=\"item-desc item_desc_628\">Ruszny\u00e1k Ferenc (1907-1977) lelk\u00e9sz (SEL XV.5. 2.d.)<\/span>\r\n\t\t\t\t\t\t\t\t\t\t\t\t\t\t<\/div>\r\n\t\t\t\t\t<\/a>\r\n\t\t\t\t\t\t\t\t\t\t<a href=\"https:\/\/sopronigyujtemenyek.lutheran.hu\/wp-content\/uploads\/P\u00f6ttschacker-Istv\u00e1n.jpg\" class=\"pfg-lightbox-all pfg-lightbox-3\" data-lightbox=\"pfg-lightbox\"  data-title=\"P\u00f6ttschacher Istv\u00e1n (1887-?) lelk\u00e9sz (SEL XV.5. 2.d.)\" data-alt=\"P\u00f6ttschacher Istv\u00e1n (1887-?) lelk\u00e9sz (SEL XV.5. 2.d.)\" title=\"P\u00f6ttschacher Istv\u00e1n (1887-?) lelk\u00e9sz (SEL XV.5. 2.d.)\">\r\n\t\t\t\t\t\t<div data-category=\"3\" data-sort=\"P\u00f6ttschacher Istv\u00e1n (1887-?) lelk\u00e9sz (SEL XV.5. 2.d.)\" class=\"animateonload filtr-item filtr_item_628 single_one col-lg-2 col-md-3 col-sm-4 col-6\">\r\n\t\t\t\t\t\t\t\t\t\t\t\t\t\t\t<img decoding=\"async\" class=\" thumbnail  thumbnail_628 pfg-img pfg_img_628 img-responsive hvr-float-shadow\" src=\"https:\/\/sopronigyujtemenyek.lutheran.hu\/wp-content\/uploads\/P\u00f6ttschacker-Istv\u00e1n-150x150.jpg\" alt=\"\">\r\n\t\t\t\t\t\t\t\t\t\t\t\t\t\t\t\t\t<div class=\"item-position item_position_628\">63<\/div>\r\n\t\t\t\t\t\t\t\t\t\t\t\t\t\t\t\t\t\t<span class=\"item-desc item_desc_628\">P\u00f6ttschacher Istv\u00e1n (1887-?) lelk\u00e9sz (SEL XV.5. 2.d.)<\/span>\r\n\t\t\t\t\t\t\t\t\t\t\t\t\t\t<\/div>\r\n\t\t\t\t\t<\/a>\r\n\t\t\t\t\t\t\t\t\t\t<a href=\"https:\/\/sopronigyujtemenyek.lutheran.hu\/wp-content\/uploads\/Pr\u00f6hle-K\u00e1roly-lelk\u00e9szavat\u00e1sa.jpg\" class=\"pfg-lightbox-all pfg-lightbox-3\" data-lightbox=\"pfg-lightbox\"  data-title=\"Pr\u00f6hle K\u00e1roly lelk\u00e9szavat\u00e1sa (SEL XV.5. 2.d.)\" data-alt=\"Pr\u00f6hle K\u00e1roly lelk\u00e9szavat\u00e1sa (SEL XV.5. 2.d.)\" title=\"Pr\u00f6hle K\u00e1roly lelk\u00e9szavat\u00e1sa (SEL XV.5. 2.d.)\">\r\n\t\t\t\t\t\t<div data-category=\"3\" data-sort=\"Pr\u00f6hle K\u00e1roly lelk\u00e9szavat\u00e1sa (SEL XV.5. 2.d.)\" class=\"animateonload filtr-item filtr_item_628 single_one col-lg-2 col-md-3 col-sm-4 col-6\">\r\n\t\t\t\t\t\t\t\t\t\t\t\t\t\t\t<img decoding=\"async\" class=\" thumbnail  thumbnail_628 pfg-img pfg_img_628 img-responsive hvr-float-shadow\" src=\"https:\/\/sopronigyujtemenyek.lutheran.hu\/wp-content\/uploads\/Pr\u00f6hle-K\u00e1roly-lelk\u00e9szavat\u00e1sa-150x150.jpg\" alt=\"\">\r\n\t\t\t\t\t\t\t\t\t\t\t\t\t\t\t\t\t<div class=\"item-position item_position_628\">64<\/div>\r\n\t\t\t\t\t\t\t\t\t\t\t\t\t\t\t\t\t\t<span class=\"item-desc item_desc_628\">Pr\u00f6hle K\u00e1roly lelk\u00e9szavat\u00e1sa (SEL XV.5. 2.d.)<\/span>\r\n\t\t\t\t\t\t\t\t\t\t\t\t\t\t<\/div>\r\n\t\t\t\t\t<\/a>\r\n\t\t\t\t\t\t\t\t\t\t<a href=\"https:\/\/sopronigyujtemenyek.lutheran.hu\/wp-content\/uploads\/Serpilius-J\u00e1nos.jpg\" class=\"pfg-lightbox-all pfg-lightbox-3\" data-lightbox=\"pfg-lightbox\"  data-title=\"Serpilius J\u00e1nos (1623-1686) lelk\u00e9sz (SEL XV.5. 2.d.)\" data-alt=\"Serpilius J\u00e1nos (1623-1686) lelk\u00e9sz (SEL XV.5. 2.d.)\" title=\"Serpilius J\u00e1nos (1623-1686) lelk\u00e9sz (SEL XV.5. 2.d.)\">\r\n\t\t\t\t\t\t<div data-category=\"3\" data-sort=\"Serpilius J\u00e1nos (1623-1686) lelk\u00e9sz (SEL XV.5. 2.d.)\" class=\"animateonload filtr-item filtr_item_628 single_one col-lg-2 col-md-3 col-sm-4 col-6\">\r\n\t\t\t\t\t\t\t\t\t\t\t\t\t\t\t<img decoding=\"async\" class=\" thumbnail  thumbnail_628 pfg-img pfg_img_628 img-responsive hvr-float-shadow\" src=\"https:\/\/sopronigyujtemenyek.lutheran.hu\/wp-content\/uploads\/Serpilius-J\u00e1nos-150x150.jpg\" alt=\"\">\r\n\t\t\t\t\t\t\t\t\t\t\t\t\t\t\t\t\t<div class=\"item-position item_position_628\">65<\/div>\r\n\t\t\t\t\t\t\t\t\t\t\t\t\t\t\t\t\t\t<span class=\"item-desc item_desc_628\">Serpilius J\u00e1nos (1623-1686) lelk\u00e9sz (SEL XV.5. 2.d.)<\/span>\r\n\t\t\t\t\t\t\t\t\t\t\t\t\t\t<\/div>\r\n\t\t\t\t\t<\/a>\r\n\t\t\t\t\t\t\t\t\t\t<a href=\"https:\/\/sopronigyujtemenyek.lutheran.hu\/wp-content\/uploads\/Sowitch-Krist\u00f3f.jpg\" class=\"pfg-lightbox-all pfg-lightbox-3\" data-lightbox=\"pfg-lightbox\"  data-title=\"Sowitch Krist\u00f3f (1651-1692) lelk\u00e9sz (SEL XV.5. 2.d.)\" data-alt=\"Sowitch Krist\u00f3f (1651-1692) lelk\u00e9sz (SEL XV.5. 2.d.)\" title=\"Sowitch Krist\u00f3f (1651-1692) lelk\u00e9sz (SEL XV.5. 2.d.)\">\r\n\t\t\t\t\t\t<div data-category=\"3\" data-sort=\"Sowitch Krist\u00f3f (1651-1692) lelk\u00e9sz (SEL XV.5. 2.d.)\" class=\"animateonload filtr-item filtr_item_628 single_one col-lg-2 col-md-3 col-sm-4 col-6\">\r\n\t\t\t\t\t\t\t\t\t\t\t\t\t\t\t<img decoding=\"async\" class=\" thumbnail  thumbnail_628 pfg-img pfg_img_628 img-responsive hvr-float-shadow\" src=\"https:\/\/sopronigyujtemenyek.lutheran.hu\/wp-content\/uploads\/Sowitch-Krist\u00f3f-150x150.jpg\" alt=\"\">\r\n\t\t\t\t\t\t\t\t\t\t\t\t\t\t\t\t\t<div class=\"item-position item_position_628\">66<\/div>\r\n\t\t\t\t\t\t\t\t\t\t\t\t\t\t\t\t\t\t<span class=\"item-desc item_desc_628\">Sowitch Krist\u00f3f (1651-1692) lelk\u00e9sz (SEL XV.5. 2.d.)<\/span>\r\n\t\t\t\t\t\t\t\t\t\t\t\t\t\t<\/div>\r\n\t\t\t\t\t<\/a>\r\n\t\t\t\t\t\t\t\t\t\t<a href=\"https:\/\/sopronigyujtemenyek.lutheran.hu\/wp-content\/uploads\/S\u00fcmeghy-J\u00f3zsef.jpg\" class=\"pfg-lightbox-all pfg-lightbox-3\" data-lightbox=\"pfg-lightbox\"  data-title=\"S\u00fcmeghy J\u00f3zsef (1920-2007) lelk\u00e9sz (SEL XV.5. 2.d.)\" data-alt=\"S\u00fcmeghy J\u00f3zsef (1920-2007) lelk\u00e9sz (SEL XV.5. 2.d.)\" title=\"S\u00fcmeghy J\u00f3zsef (1920-2007) lelk\u00e9sz (SEL XV.5. 2.d.)\">\r\n\t\t\t\t\t\t<div data-category=\"3\" data-sort=\"S\u00fcmeghy J\u00f3zsef (1920-2007) lelk\u00e9sz (SEL XV.5. 2.d.)\" class=\"animateonload filtr-item filtr_item_628 single_one col-lg-2 col-md-3 col-sm-4 col-6\">\r\n\t\t\t\t\t\t\t\t\t\t\t\t\t\t\t<img decoding=\"async\" class=\" thumbnail  thumbnail_628 pfg-img pfg_img_628 img-responsive hvr-float-shadow\" src=\"https:\/\/sopronigyujtemenyek.lutheran.hu\/wp-content\/uploads\/S\u00fcmeghy-J\u00f3zsef-150x150.jpg\" alt=\"\">\r\n\t\t\t\t\t\t\t\t\t\t\t\t\t\t\t\t\t<div class=\"item-position item_position_628\">67<\/div>\r\n\t\t\t\t\t\t\t\t\t\t\t\t\t\t\t\t\t\t<span class=\"item-desc item_desc_628\">S\u00fcmeghy J\u00f3zsef (1920-2007) lelk\u00e9sz (SEL XV.5. 2.d.)<\/span>\r\n\t\t\t\t\t\t\t\t\t\t\t\t\t\t<\/div>\r\n\t\t\t\t\t<\/a>\r\n\t\t\t\t\t\t\t\t\t\t<a href=\"https:\/\/sopronigyujtemenyek.lutheran.hu\/wp-content\/uploads\/Stiegler-Guszt\u00e1v.jpg\" class=\"pfg-lightbox-all pfg-lightbox-3\" data-lightbox=\"pfg-lightbox\"  data-title=\"Stiegler Guszt\u00e1v (1850-1900) lelk\u00e9sz (SEL XV.5. 2.d.)\" data-alt=\"Stiegler Guszt\u00e1v (1850-1900) lelk\u00e9sz (SEL XV.5. 2.d.)\" title=\"Stiegler Guszt\u00e1v (1850-1900) lelk\u00e9sz (SEL XV.5. 2.d.)\">\r\n\t\t\t\t\t\t<div data-category=\"3\" data-sort=\"Stiegler Guszt\u00e1v (1850-1900) lelk\u00e9sz (SEL XV.5. 2.d.)\" class=\"animateonload filtr-item filtr_item_628 single_one col-lg-2 col-md-3 col-sm-4 col-6\">\r\n\t\t\t\t\t\t\t\t\t\t\t\t\t\t\t<img decoding=\"async\" class=\" thumbnail  thumbnail_628 pfg-img pfg_img_628 img-responsive hvr-float-shadow\" src=\"https:\/\/sopronigyujtemenyek.lutheran.hu\/wp-content\/uploads\/Stiegler-Guszt\u00e1v-150x150.jpg\" alt=\"\">\r\n\t\t\t\t\t\t\t\t\t\t\t\t\t\t\t\t\t<div class=\"item-position item_position_628\">68<\/div>\r\n\t\t\t\t\t\t\t\t\t\t\t\t\t\t\t\t\t\t<span class=\"item-desc item_desc_628\">Stiegler Guszt\u00e1v (1850-1900) lelk\u00e9sz (SEL XV.5. 2.d.)<\/span>\r\n\t\t\t\t\t\t\t\t\t\t\t\t\t\t<\/div>\r\n\t\t\t\t\t<\/a>\r\n\t\t\t\t\t\t\t\t\t\t<a href=\"https:\/\/sopronigyujtemenyek.lutheran.hu\/wp-content\/uploads\/Torkos-J\u00f3zsef.jpg\" class=\"pfg-lightbox-all pfg-lightbox-3\" data-lightbox=\"pfg-lightbox\"  data-title=\"Torkos J\u00f3zsef (1710-1791) lelk\u00e9sz (SEL XV.5. 2.d.)\" data-alt=\"Torkos J\u00f3zsef (1710-1791) lelk\u00e9sz (SEL XV.5. 2.d.)\" title=\"Torkos J\u00f3zsef (1710-1791) lelk\u00e9sz (SEL XV.5. 2.d.)\">\r\n\t\t\t\t\t\t<div data-category=\"3\" data-sort=\"Torkos J\u00f3zsef (1710-1791) lelk\u00e9sz (SEL XV.5. 2.d.)\" class=\"animateonload filtr-item filtr_item_628 single_one col-lg-2 col-md-3 col-sm-4 col-6\">\r\n\t\t\t\t\t\t\t\t\t\t\t\t\t\t\t<img decoding=\"async\" class=\" thumbnail  thumbnail_628 pfg-img pfg_img_628 img-responsive hvr-float-shadow\" src=\"https:\/\/sopronigyujtemenyek.lutheran.hu\/wp-content\/uploads\/Torkos-J\u00f3zsef-150x150.jpg\" alt=\"\">\r\n\t\t\t\t\t\t\t\t\t\t\t\t\t\t\t\t\t<div class=\"item-position item_position_628\">69<\/div>\r\n\t\t\t\t\t\t\t\t\t\t\t\t\t\t\t\t\t\t<span class=\"item-desc item_desc_628\">Torkos J\u00f3zsef (1710-1791) lelk\u00e9sz (SEL XV.5. 2.d.)<\/span>\r\n\t\t\t\t\t\t\t\t\t\t\t\t\t\t<\/div>\r\n\t\t\t\t\t<\/a>\r\n\t\t\t\t\t\t\t\t\t\t<a href=\"https:\/\/sopronigyujtemenyek.lutheran.hu\/wp-content\/uploads\/Wagner-J\u00e1nos-Frigyes.jpg\" class=\"pfg-lightbox-all pfg-lightbox-3\" data-lightbox=\"pfg-lightbox\"  data-title=\"Wagner J\u00e1nos Frigyes (1803-1873) lelk\u00e9sz (SEL XV.5. 2.d.)\" data-alt=\"Wagner J\u00e1nos Frigyes (1803-1873) lelk\u00e9sz (SEL XV.5. 2.d.)\" title=\"Wagner J\u00e1nos Frigyes (1803-1873) lelk\u00e9sz (SEL XV.5. 2.d.)\">\r\n\t\t\t\t\t\t<div data-category=\"3\" data-sort=\"Wagner J\u00e1nos Frigyes (1803-1873) lelk\u00e9sz (SEL XV.5. 2.d.)\" class=\"animateonload filtr-item filtr_item_628 single_one col-lg-2 col-md-3 col-sm-4 col-6\">\r\n\t\t\t\t\t\t\t\t\t\t\t\t\t\t\t<img decoding=\"async\" class=\" thumbnail  thumbnail_628 pfg-img pfg_img_628 img-responsive hvr-float-shadow\" src=\"https:\/\/sopronigyujtemenyek.lutheran.hu\/wp-content\/uploads\/Wagner-J\u00e1nos-Frigyes-150x150.jpg\" alt=\"\">\r\n\t\t\t\t\t\t\t\t\t\t\t\t\t\t\t\t\t<div class=\"item-position item_position_628\">70<\/div>\r\n\t\t\t\t\t\t\t\t\t\t\t\t\t\t\t\t\t\t<span class=\"item-desc item_desc_628\">Wagner J\u00e1nos Frigyes (1803-1873) lelk\u00e9sz (SEL XV.5. 2.d.)<\/span>\r\n\t\t\t\t\t\t\t\t\t\t\t\t\t\t<\/div>\r\n\t\t\t\t\t<\/a>\r\n\t\t\t\t\t\t\t\t\t\t<a href=\"https:\/\/sopronigyujtemenyek.lutheran.hu\/wp-content\/uploads\/Weltler-Rezs\u0151.jpg\" class=\"pfg-lightbox-all pfg-lightbox-3\" data-lightbox=\"pfg-lightbox\"  data-title=\"Weltler Rezs\u0151 (1910-1977) lelk\u00e9sz\" data-alt=\"Weltler Rezs\u0151 (1910-1977) lelk\u00e9sz\" title=\"Weltler Rezs\u0151 (1910-1977) lelk\u00e9sz\">\r\n\t\t\t\t\t\t<div data-category=\"3\" data-sort=\"Weltler Rezs\u0151 (1910-1977) lelk\u00e9sz\" class=\"animateonload filtr-item filtr_item_628 single_one col-lg-2 col-md-3 col-sm-4 col-6\">\r\n\t\t\t\t\t\t\t\t\t\t\t\t\t\t\t<img decoding=\"async\" class=\" thumbnail  thumbnail_628 pfg-img pfg_img_628 img-responsive hvr-float-shadow\" src=\"https:\/\/sopronigyujtemenyek.lutheran.hu\/wp-content\/uploads\/Weltler-Rezs\u0151-150x150.jpg\" alt=\"\">\r\n\t\t\t\t\t\t\t\t\t\t\t\t\t\t\t\t\t<div class=\"item-position item_position_628\">71<\/div>\r\n\t\t\t\t\t\t\t\t\t\t\t\t\t\t\t\t\t\t<span class=\"item-desc item_desc_628\">Weltler Rezs\u0151 (1910-1977) lelk\u00e9sz<\/span>\r\n\t\t\t\t\t\t\t\t\t\t\t\t\t\t<\/div>\r\n\t\t\t\t\t<\/a>\r\n\t\t\t\t\t\t\t\t\t\t<a href=\"https:\/\/sopronigyujtemenyek.lutheran.hu\/wp-content\/uploads\/Ziermann-Lajos.jpg\" class=\"pfg-lightbox-all pfg-lightbox-3\" data-lightbox=\"pfg-lightbox\"  data-title=\"Ziermann Lajos (1874-1952) lelk\u00e9sz (SEL XV.5. 2.d.)\" data-alt=\"Ziermann Lajos (1874-1952) lelk\u00e9sz (SEL XV.5. 2.d.)\" title=\"Ziermann Lajos (1874-1952) lelk\u00e9sz (SEL XV.5. 2.d.)\">\r\n\t\t\t\t\t\t<div data-category=\"3\" data-sort=\"Ziermann Lajos (1874-1952) lelk\u00e9sz (SEL XV.5. 2.d.)\" class=\"animateonload filtr-item filtr_item_628 single_one col-lg-2 col-md-3 col-sm-4 col-6\">\r\n\t\t\t\t\t\t\t\t\t\t\t\t\t\t\t<img decoding=\"async\" class=\" thumbnail  thumbnail_628 pfg-img pfg_img_628 img-responsive hvr-float-shadow\" src=\"https:\/\/sopronigyujtemenyek.lutheran.hu\/wp-content\/uploads\/Ziermann-Lajos-150x150.jpg\" alt=\"\">\r\n\t\t\t\t\t\t\t\t\t\t\t\t\t\t\t\t\t<div class=\"item-position item_position_628\">72<\/div>\r\n\t\t\t\t\t\t\t\t\t\t\t\t\t\t\t\t\t\t<span class=\"item-desc item_desc_628\">Ziermann Lajos (1874-1952) lelk\u00e9sz (SEL XV.5. 2.d.)<\/span>\r\n\t\t\t\t\t\t\t\t\t\t\t\t\t\t<\/div>\r\n\t\t\t\t\t<\/a>\r\n\t\t\t\t\t\t\t\t\t\t<a href=\"https:\/\/sopronigyujtemenyek.lutheran.hu\/wp-content\/uploads\/Z\u00e1br\u00e1k-D\u00e9nes.jpg\" class=\"pfg-lightbox-all pfg-lightbox-3\" data-lightbox=\"pfg-lightbox\"  data-title=\"Z\u00e1br\u00e1k D\u00e9nes (1852-1913) lelk\u00e9sz (SEL XV.5. 2.d.)\" data-alt=\"Z\u00e1br\u00e1k D\u00e9nes (1852-1913) lelk\u00e9sz (SEL XV.5. 2.d.)\" title=\"Z\u00e1br\u00e1k D\u00e9nes (1852-1913) lelk\u00e9sz (SEL XV.5. 2.d.)\">\r\n\t\t\t\t\t\t<div data-category=\"3\" data-sort=\"Z\u00e1br\u00e1k D\u00e9nes (1852-1913) lelk\u00e9sz (SEL XV.5. 2.d.)\" class=\"animateonload filtr-item filtr_item_628 single_one col-lg-2 col-md-3 col-sm-4 col-6\">\r\n\t\t\t\t\t\t\t\t\t\t\t\t\t\t\t<img decoding=\"async\" class=\" thumbnail  thumbnail_628 pfg-img pfg_img_628 img-responsive hvr-float-shadow\" src=\"https:\/\/sopronigyujtemenyek.lutheran.hu\/wp-content\/uploads\/Z\u00e1br\u00e1k-D\u00e9nes-150x150.jpg\" alt=\"\">\r\n\t\t\t\t\t\t\t\t\t\t\t\t\t\t\t\t\t<div class=\"item-position item_position_628\">73<\/div>\r\n\t\t\t\t\t\t\t\t\t\t\t\t\t\t\t\t\t\t<span class=\"item-desc item_desc_628\">Z\u00e1br\u00e1k D\u00e9nes (1852-1913) lelk\u00e9sz (SEL XV.5. 2.d.)<\/span>\r\n\t\t\t\t\t\t\t\t\t\t\t\t\t\t<\/div>\r\n\t\t\t\t\t<\/a>\r\n\t\t\t\t\t\t\t\t\t\t<a href=\"https:\/\/sopronigyujtemenyek.lutheran.hu\/wp-content\/uploads\/Zolt\u00e1n-L\u00e1szl\u00f3.jpg\" class=\"pfg-lightbox-all pfg-lightbox-3\" data-lightbox=\"pfg-lightbox\"  data-title=\"Zolt\u00e1n L\u00e1szl\u00f3 (1915-2008) lelk\u00e9sz (SEL XV.5. 2.d.)\" data-alt=\"Zolt\u00e1n L\u00e1szl\u00f3 (1915-2008) lelk\u00e9sz (SEL XV.5. 2.d.)\" title=\"Zolt\u00e1n L\u00e1szl\u00f3 (1915-2008) lelk\u00e9sz (SEL XV.5. 2.d.)\">\r\n\t\t\t\t\t\t<div data-category=\"3\" data-sort=\"Zolt\u00e1n L\u00e1szl\u00f3 (1915-2008) lelk\u00e9sz (SEL XV.5. 2.d.)\" class=\"animateonload filtr-item filtr_item_628 single_one col-lg-2 col-md-3 col-sm-4 col-6\">\r\n\t\t\t\t\t\t\t\t\t\t\t\t\t\t\t<img decoding=\"async\" class=\" thumbnail  thumbnail_628 pfg-img pfg_img_628 img-responsive hvr-float-shadow\" src=\"https:\/\/sopronigyujtemenyek.lutheran.hu\/wp-content\/uploads\/Zolt\u00e1n-L\u00e1szl\u00f3-150x150.jpg\" alt=\"\">\r\n\t\t\t\t\t\t\t\t\t\t\t\t\t\t\t\t\t<div class=\"item-position item_position_628\">74<\/div>\r\n\t\t\t\t\t\t\t\t\t\t\t\t\t\t\t\t\t\t<span class=\"item-desc item_desc_628\">Zolt\u00e1n L\u00e1szl\u00f3 (1915-2008) lelk\u00e9sz (SEL XV.5. 2.d.)<\/span>\r\n\t\t\t\t\t\t\t\t\t\t\t\t\t\t<\/div>\r\n\t\t\t\t\t<\/a>\r\n\t\t\t\t\t\t\t\t\t\t<a href=\"https:\/\/sopronigyujtemenyek.lutheran.hu\/wp-content\/uploads\/Zuana-P\u00e9ter.jpg\" class=\"pfg-lightbox-all pfg-lightbox-5\" data-lightbox=\"pfg-lightbox\"  data-title=\"Zuana P\u00e9ter (?-1666) polg\u00e1rmester (SEL XV.5. 2.d.)\" data-alt=\"Zuana P\u00e9ter (?-1666) polg\u00e1rmester (SEL XV.5. 2.d.)\" title=\"Zuana P\u00e9ter (?-1666) polg\u00e1rmester (SEL XV.5. 2.d.)\">\r\n\t\t\t\t\t\t<div data-category=\"5\" data-sort=\"Zuana P\u00e9ter (?-1666) polg\u00e1rmester (SEL XV.5. 2.d.)\" class=\"animateonload filtr-item filtr_item_628 single_one col-lg-2 col-md-3 col-sm-4 col-6\">\r\n\t\t\t\t\t\t\t\t\t\t\t\t\t\t\t<img decoding=\"async\" class=\" thumbnail  thumbnail_628 pfg-img pfg_img_628 img-responsive hvr-float-shadow\" src=\"https:\/\/sopronigyujtemenyek.lutheran.hu\/wp-content\/uploads\/Zuana-P\u00e9ter-150x150.jpg\" alt=\"\">\r\n\t\t\t\t\t\t\t\t\t\t\t\t\t\t\t\t\t<div class=\"item-position item_position_628\">75<\/div>\r\n\t\t\t\t\t\t\t\t\t\t\t\t\t\t\t\t\t\t<span class=\"item-desc item_desc_628\">Zuana P\u00e9ter (?-1666) polg\u00e1rmester (SEL XV.5. 2.d.)<\/span>\r\n\t\t\t\t\t\t\t\t\t\t\t\t\t\t<\/div>\r\n\t\t\t\t\t<\/a>\r\n\t\t\t\t\t\t\t\t\t\t<a href=\"https:\/\/sopronigyujtemenyek.lutheran.hu\/wp-content\/uploads\/Dr-Lipner-P\u00e1l.jpg\" class=\"pfg-lightbox-all pfg-lightbox-4\" data-lightbox=\"pfg-lightbox\"  data-title=\"Dr Lipner P\u00e1l fel\u00fcgyel\u0151 (1953-1965) (SEL XV.5. 2.d.)\" data-alt=\"Dr Lipner P\u00e1l fel\u00fcgyel\u0151 (1953-1965) (SEL XV.5. 2.d.)\" title=\"Dr Lipner P\u00e1l fel\u00fcgyel\u0151 (1953-1965) (SEL XV.5. 2.d.)\">\r\n\t\t\t\t\t\t<div data-category=\"4\" data-sort=\"Dr Lipner P\u00e1l fel\u00fcgyel\u0151 (1953-1965) (SEL XV.5. 2.d.)\" class=\"animateonload filtr-item filtr_item_628 single_one col-lg-2 col-md-3 col-sm-4 col-6\">\r\n\t\t\t\t\t\t\t\t\t\t\t\t\t\t\t<img decoding=\"async\" class=\" thumbnail  thumbnail_628 pfg-img pfg_img_628 img-responsive hvr-float-shadow\" src=\"https:\/\/sopronigyujtemenyek.lutheran.hu\/wp-content\/uploads\/Dr-Lipner-P\u00e1l-150x150.jpg\" alt=\"\">\r\n\t\t\t\t\t\t\t\t\t\t\t\t\t\t\t\t\t<div class=\"item-position item_position_628\">76<\/div>\r\n\t\t\t\t\t\t\t\t\t\t\t\t\t\t\t\t\t\t<span class=\"item-desc item_desc_628\">Dr Lipner P\u00e1l fel\u00fcgyel\u0151 (1953-1965) (SEL XV.5. 2.d.)<\/span>\r\n\t\t\t\t\t\t\t\t\t\t\t\t\t\t<\/div>\r\n\t\t\t\t\t<\/a>\r\n\t\t\t\t\t\t\t\t\t\t<a href=\"https:\/\/sopronigyujtemenyek.lutheran.hu\/wp-content\/uploads\/Dr.-Horv\u00e1th-D\u00e9nes.jpg\" class=\"pfg-lightbox-all pfg-lightbox-4\" data-lightbox=\"pfg-lightbox\"  data-title=\"Dr. Horv\u00e1th D\u00e9nes fel\u00fcgyel\u0151 (1978-1985) (SEL XV.5. 2.d.)\" data-alt=\"Dr. Horv\u00e1th D\u00e9nes fel\u00fcgyel\u0151 (1978-1985) (SEL XV.5. 2.d.)\" title=\"Dr. Horv\u00e1th D\u00e9nes fel\u00fcgyel\u0151 (1978-1985) (SEL XV.5. 2.d.)\">\r\n\t\t\t\t\t\t<div data-category=\"4\" data-sort=\"Dr. Horv\u00e1th D\u00e9nes fel\u00fcgyel\u0151 (1978-1985) (SEL XV.5. 2.d.)\" class=\"animateonload filtr-item filtr_item_628 single_one col-lg-2 col-md-3 col-sm-4 col-6\">\r\n\t\t\t\t\t\t\t\t\t\t\t\t\t\t\t<img decoding=\"async\" class=\" thumbnail  thumbnail_628 pfg-img pfg_img_628 img-responsive hvr-float-shadow\" src=\"https:\/\/sopronigyujtemenyek.lutheran.hu\/wp-content\/uploads\/Dr.-Horv\u00e1th-D\u00e9nes-150x150.jpg\" alt=\"\">\r\n\t\t\t\t\t\t\t\t\t\t\t\t\t\t\t\t\t<div class=\"item-position item_position_628\">77<\/div>\r\n\t\t\t\t\t\t\t\t\t\t\t\t\t\t\t\t\t\t<span class=\"item-desc item_desc_628\">Dr. Horv\u00e1th D\u00e9nes fel\u00fcgyel\u0151 (1978-1985) (SEL XV.5. 2.d.)<\/span>\r\n\t\t\t\t\t\t\t\t\t\t\t\t\t\t<\/div>\r\n\t\t\t\t\t<\/a>\r\n\t\t\t\t\t\t\t\t\t\t<a href=\"https:\/\/sopronigyujtemenyek.lutheran.hu\/wp-content\/uploads\/Prickler-J\u00e1nos.jpg\" class=\"pfg-lightbox-all pfg-lightbox-4\" data-lightbox=\"pfg-lightbox\"  data-title=\"Prickler J\u00e1nos fel\u00fcgyel\u0151 (1936-1946) (SEL XV.5. 2.d.)\" data-alt=\"Prickler J\u00e1nos fel\u00fcgyel\u0151 (1936-1946) (SEL XV.5. 2.d.)\" title=\"Prickler J\u00e1nos fel\u00fcgyel\u0151 (1936-1946) (SEL XV.5. 2.d.)\">\r\n\t\t\t\t\t\t<div data-category=\"4\" data-sort=\"Prickler J\u00e1nos fel\u00fcgyel\u0151 (1936-1946) (SEL XV.5. 2.d.)\" class=\"animateonload filtr-item filtr_item_628 single_one col-lg-2 col-md-3 col-sm-4 col-6\">\r\n\t\t\t\t\t\t\t\t\t\t\t\t\t\t\t<img decoding=\"async\" class=\" thumbnail  thumbnail_628 pfg-img pfg_img_628 img-responsive hvr-float-shadow\" src=\"https:\/\/sopronigyujtemenyek.lutheran.hu\/wp-content\/uploads\/Prickler-J\u00e1nos-150x150.jpg\" alt=\"\">\r\n\t\t\t\t\t\t\t\t\t\t\t\t\t\t\t\t\t<div class=\"item-position item_position_628\">78<\/div>\r\n\t\t\t\t\t\t\t\t\t\t\t\t\t\t\t\t\t\t<span class=\"item-desc item_desc_628\">Prickler J\u00e1nos fel\u00fcgyel\u0151 (1936-1946) (SEL XV.5. 2.d.)<\/span>\r\n\t\t\t\t\t\t\t\t\t\t\t\t\t\t<\/div>\r\n\t\t\t\t\t<\/a>\r\n\t\t\t\t\t\t\t\t\t\t<a href=\"https:\/\/sopronigyujtemenyek.lutheran.hu\/wp-content\/uploads\/Jager-Mih\u00e1ly.jpg\" class=\"pfg-lightbox-all pfg-lightbox-4\" data-lightbox=\"pfg-lightbox\"  data-title=\"J\u00e4ger Mih\u00e1ly fel\u00fcgyel\u0151 (1972-1978) (SEL XV.5. 2.d.)\" data-alt=\"J\u00e4ger Mih\u00e1ly fel\u00fcgyel\u0151 (1972-1978) (SEL XV.5. 2.d.)\" title=\"J\u00e4ger Mih\u00e1ly fel\u00fcgyel\u0151 (1972-1978) (SEL XV.5. 2.d.)\">\r\n\t\t\t\t\t\t<div data-category=\"4\" data-sort=\"J\u00e4ger Mih\u00e1ly fel\u00fcgyel\u0151 (1972-1978) (SEL XV.5. 2.d.)\" class=\"animateonload filtr-item filtr_item_628 single_one col-lg-2 col-md-3 col-sm-4 col-6\">\r\n\t\t\t\t\t\t\t\t\t\t\t\t\t\t\t<img decoding=\"async\" class=\" thumbnail  thumbnail_628 pfg-img pfg_img_628 img-responsive hvr-float-shadow\" src=\"https:\/\/sopronigyujtemenyek.lutheran.hu\/wp-content\/uploads\/Jager-Mih\u00e1ly-150x150.jpg\" alt=\"\">\r\n\t\t\t\t\t\t\t\t\t\t\t\t\t\t\t\t\t<div class=\"item-position item_position_628\">79<\/div>\r\n\t\t\t\t\t\t\t\t\t\t\t\t\t\t\t\t\t\t<span class=\"item-desc item_desc_628\">J\u00e4ger Mih\u00e1ly fel\u00fcgyel\u0151 (1972-1978) (SEL XV.5. 2.d.)<\/span>\r\n\t\t\t\t\t\t\t\t\t\t\t\t\t\t<\/div>\r\n\t\t\t\t\t<\/a>\r\n\t\t\t\t\t\t\t\t\t\t<a href=\"https:\/\/sopronigyujtemenyek.lutheran.hu\/wp-content\/uploads\/Fegyvert\u00e1r-1.jpg\" class=\"pfg-lightbox-all pfg-lightbox-1\" data-lightbox=\"pfg-lightbox\"  data-title=\"Fegyvert\u00e1r u. 3. (SEL XV.5.)\" data-alt=\"Fegyvert\u00e1r u. 3. (SEL XV.5.)\" title=\"Fegyvert\u00e1r u. 3. (SEL XV.5.)\">\r\n\t\t\t\t\t\t<div data-category=\"1\" data-sort=\"Fegyvert\u00e1r u. 3. (SEL XV.5.)\" class=\"animateonload filtr-item filtr_item_628 single_one col-lg-2 col-md-3 col-sm-4 col-6\">\r\n\t\t\t\t\t\t\t\t\t\t\t\t\t\t\t<img decoding=\"async\" class=\" thumbnail  thumbnail_628 pfg-img pfg_img_628 img-responsive hvr-float-shadow\" src=\"https:\/\/sopronigyujtemenyek.lutheran.hu\/wp-content\/uploads\/Fegyvert\u00e1r-1-150x150.jpg\" alt=\"\">\r\n\t\t\t\t\t\t\t\t\t\t\t\t\t\t\t\t\t<div class=\"item-position item_position_628\">80<\/div>\r\n\t\t\t\t\t\t\t\t\t\t\t\t\t\t\t\t\t\t<span class=\"item-desc item_desc_628\">Fegyvert\u00e1r u. 3. (SEL XV.5.)<\/span>\r\n\t\t\t\t\t\t\t\t\t\t\t\t\t\t<\/div>\r\n\t\t\t\t\t<\/a>\r\n\t\t\t\t\t\t\t\t\t\t<a href=\"https:\/\/sopronigyujtemenyek.lutheran.hu\/wp-content\/uploads\/Dorfmeister-utca-1.jpg\" class=\"pfg-lightbox-all pfg-lightbox-1\" data-lightbox=\"pfg-lightbox\"  data-title=\"Dorfmeister utca (SEL XV.5.)\" data-alt=\"Dorfmeister utca (SEL XV.5.)\" title=\"Dorfmeister utca (SEL XV.5.)\">\r\n\t\t\t\t\t\t<div data-category=\"1\" data-sort=\"Dorfmeister utca (SEL XV.5.)\" class=\"animateonload filtr-item filtr_item_628 single_one col-lg-2 col-md-3 col-sm-4 col-6\">\r\n\t\t\t\t\t\t\t\t\t\t\t\t\t\t\t<img decoding=\"async\" class=\" thumbnail  thumbnail_628 pfg-img pfg_img_628 img-responsive hvr-float-shadow\" src=\"https:\/\/sopronigyujtemenyek.lutheran.hu\/wp-content\/uploads\/Dorfmeister-utca-1-150x150.jpg\" alt=\"\">\r\n\t\t\t\t\t\t\t\t\t\t\t\t\t\t\t\t\t<div class=\"item-position item_position_628\">81<\/div>\r\n\t\t\t\t\t\t\t\t\t\t\t\t\t\t\t\t\t\t<span class=\"item-desc item_desc_628\">Dorfmeister utca (SEL XV.5.)<\/span>\r\n\t\t\t\t\t\t\t\t\t\t\t\t\t\t<\/div>\r\n\t\t\t\t\t<\/a>\r\n\t\t\t\t\t\t\t\t\t\t<a href=\"https:\/\/sopronigyujtemenyek.lutheran.hu\/wp-content\/uploads\/Domonkos-utca-1.jpg\" class=\"pfg-lightbox-all pfg-lightbox-1\" data-lightbox=\"pfg-lightbox\"  data-title=\"Domonkos utca ( ma M\u00f3ricz Zs. utca) (SEL XV.5.)\" data-alt=\"Domonkos utca ( ma M\u00f3ricz Zs. utca) (SEL XV.5.)\" title=\"Domonkos utca ( ma M\u00f3ricz Zs. utca) (SEL XV.5.)\">\r\n\t\t\t\t\t\t<div data-category=\"1\" data-sort=\"Domonkos utca ( ma M\u00f3ricz Zs. utca) (SEL XV.5.)\" class=\"animateonload filtr-item filtr_item_628 single_one col-lg-2 col-md-3 col-sm-4 col-6\">\r\n\t\t\t\t\t\t\t\t\t\t\t\t\t\t\t<img decoding=\"async\" class=\" thumbnail  thumbnail_628 pfg-img pfg_img_628 img-responsive hvr-float-shadow\" src=\"https:\/\/sopronigyujtemenyek.lutheran.hu\/wp-content\/uploads\/Domonkos-utca-1-150x150.jpg\" alt=\"\">\r\n\t\t\t\t\t\t\t\t\t\t\t\t\t\t\t\t\t<div class=\"item-position item_position_628\">82<\/div>\r\n\t\t\t\t\t\t\t\t\t\t\t\t\t\t\t\t\t\t<span class=\"item-desc item_desc_628\">Domonkos utca ( ma M\u00f3ricz Zs. utca) (SEL XV.5.)<\/span>\r\n\t\t\t\t\t\t\t\t\t\t\t\t\t\t<\/div>\r\n\t\t\t\t\t<\/a>\r\n\t\t\t\t\t\t\t\t\t\t<a href=\"https:\/\/sopronigyujtemenyek.lutheran.hu\/wp-content\/uploads\/B\u00e9csi-utca-1.jpg\" class=\"pfg-lightbox-all pfg-lightbox-1\" data-lightbox=\"pfg-lightbox\"  data-title=\"B\u00e9csi utca L\u00e9n\u00e1rt kereszt (SEL XV.5.)\" data-alt=\"B\u00e9csi utca L\u00e9n\u00e1rt kereszt (SEL XV.5.)\" title=\"B\u00e9csi utca L\u00e9n\u00e1rt kereszt (SEL XV.5.)\">\r\n\t\t\t\t\t\t<div data-category=\"1\" data-sort=\"B\u00e9csi utca L\u00e9n\u00e1rt kereszt (SEL XV.5.)\" class=\"animateonload filtr-item filtr_item_628 single_one col-lg-2 col-md-3 col-sm-4 col-6\">\r\n\t\t\t\t\t\t\t\t\t\t\t\t\t\t\t<img decoding=\"async\" class=\" thumbnail  thumbnail_628 pfg-img pfg_img_628 img-responsive hvr-float-shadow\" src=\"https:\/\/sopronigyujtemenyek.lutheran.hu\/wp-content\/uploads\/B\u00e9csi-utca-1-150x150.jpg\" alt=\"\">\r\n\t\t\t\t\t\t\t\t\t\t\t\t\t\t\t\t\t<div class=\"item-position item_position_628\">83<\/div>\r\n\t\t\t\t\t\t\t\t\t\t\t\t\t\t\t\t\t\t<span class=\"item-desc item_desc_628\">B\u00e9csi utca L\u00e9n\u00e1rt kereszt (SEL XV.5.)<\/span>\r\n\t\t\t\t\t\t\t\t\t\t\t\t\t\t<\/div>\r\n\t\t\t\t\t<\/a>\r\n\t\t\t\t\t\t\t\t\t\t<a href=\"https:\/\/sopronigyujtemenyek.lutheran.hu\/wp-content\/uploads\/Balfi-utca-1.jpg\" class=\"pfg-lightbox-all pfg-lightbox-1\" data-lightbox=\"pfg-lightbox\"  data-title=\"Balfi utca (SEL XV.5.)\" data-alt=\"Balfi utca (SEL XV.5.)\" title=\"Balfi utca (SEL XV.5.)\">\r\n\t\t\t\t\t\t<div data-category=\"1\" data-sort=\"Balfi utca (SEL XV.5.)\" class=\"animateonload filtr-item filtr_item_628 single_one col-lg-2 col-md-3 col-sm-4 col-6\">\r\n\t\t\t\t\t\t\t\t\t\t\t\t\t\t\t<img decoding=\"async\" class=\" thumbnail  thumbnail_628 pfg-img pfg_img_628 img-responsive hvr-float-shadow\" src=\"https:\/\/sopronigyujtemenyek.lutheran.hu\/wp-content\/uploads\/Balfi-utca-1-150x150.jpg\" alt=\"\">\r\n\t\t\t\t\t\t\t\t\t\t\t\t\t\t\t\t\t<div class=\"item-position item_position_628\">84<\/div>\r\n\t\t\t\t\t\t\t\t\t\t\t\t\t\t\t\t\t\t<span class=\"item-desc item_desc_628\">Balfi utca (SEL XV.5.)<\/span>\r\n\t\t\t\t\t\t\t\t\t\t\t\t\t\t<\/div>\r\n\t\t\t\t\t<\/a>\r\n\t\t\t\t\t\t\t\t\t\t<a href=\"https:\/\/sopronigyujtemenyek.lutheran.hu\/wp-content\/uploads\/Frankenburg-utca-1.jpg\" class=\"pfg-lightbox-all pfg-lightbox-1\" data-lightbox=\"pfg-lightbox\"  data-title=\"Frankenburg utca (SEL XV.5.)\" data-alt=\"Frankenburg utca (SEL XV.5.)\" title=\"Frankenburg utca (SEL XV.5.)\">\r\n\t\t\t\t\t\t<div data-category=\"1\" data-sort=\"Frankenburg utca (SEL XV.5.)\" class=\"animateonload filtr-item filtr_item_628 single_one col-lg-2 col-md-3 col-sm-4 col-6\">\r\n\t\t\t\t\t\t\t\t\t\t\t\t\t\t\t<img decoding=\"async\" class=\" thumbnail  thumbnail_628 pfg-img pfg_img_628 img-responsive hvr-float-shadow\" src=\"https:\/\/sopronigyujtemenyek.lutheran.hu\/wp-content\/uploads\/Frankenburg-utca-1-150x150.jpg\" alt=\"\">\r\n\t\t\t\t\t\t\t\t\t\t\t\t\t\t\t\t\t<div class=\"item-position item_position_628\">85<\/div>\r\n\t\t\t\t\t\t\t\t\t\t\t\t\t\t\t\t\t\t<span class=\"item-desc item_desc_628\">Frankenburg utca (SEL XV.5.)<\/span>\r\n\t\t\t\t\t\t\t\t\t\t\t\t\t\t<\/div>\r\n\t\t\t\t\t<\/a>\r\n\t\t\t\t\t\t\t\t\t\t<a href=\"https:\/\/sopronigyujtemenyek.lutheran.hu\/wp-content\/uploads\/Orsolya-t\u00e9r-1.jpg\" class=\"pfg-lightbox-all pfg-lightbox-1\" data-lightbox=\"pfg-lightbox\"  data-title=\"Orsolya t\u00e9r (SEL XV.5.)\" data-alt=\"Orsolya t\u00e9r (SEL XV.5.)\" title=\"Orsolya t\u00e9r (SEL XV.5.)\">\r\n\t\t\t\t\t\t<div data-category=\"1\" data-sort=\"Orsolya t\u00e9r (SEL XV.5.)\" class=\"animateonload filtr-item filtr_item_628 single_one col-lg-2 col-md-3 col-sm-4 col-6\">\r\n\t\t\t\t\t\t\t\t\t\t\t\t\t\t\t<img decoding=\"async\" class=\" thumbnail  thumbnail_628 pfg-img pfg_img_628 img-responsive hvr-float-shadow\" src=\"https:\/\/sopronigyujtemenyek.lutheran.hu\/wp-content\/uploads\/Orsolya-t\u00e9r-1-150x150.jpg\" alt=\"\">\r\n\t\t\t\t\t\t\t\t\t\t\t\t\t\t\t\t\t<div class=\"item-position item_position_628\">86<\/div>\r\n\t\t\t\t\t\t\t\t\t\t\t\t\t\t\t\t\t\t<span class=\"item-desc item_desc_628\">Orsolya t\u00e9r (SEL XV.5.)<\/span>\r\n\t\t\t\t\t\t\t\t\t\t\t\t\t\t<\/div>\r\n\t\t\t\t\t<\/a>\r\n\t\t\t\t\t\t\t\t\t\t<a href=\"https:\/\/sopronigyujtemenyek.lutheran.hu\/wp-content\/uploads\/Hal\u00e1sz-utca-1.jpg\" class=\"pfg-lightbox-all pfg-lightbox-1\" data-lightbox=\"pfg-lightbox\"  data-title=\"Hal\u00e1sz utca 11. (SEL XV.5.)\" data-alt=\"Hal\u00e1sz utca 11. (SEL XV.5.)\" title=\"Hal\u00e1sz utca 11. (SEL XV.5.)\">\r\n\t\t\t\t\t\t<div data-category=\"1\" data-sort=\"Hal\u00e1sz utca 11. (SEL XV.5.)\" class=\"animateonload filtr-item filtr_item_628 single_one col-lg-2 col-md-3 col-sm-4 col-6\">\r\n\t\t\t\t\t\t\t\t\t\t\t\t\t\t\t<img decoding=\"async\" class=\" thumbnail  thumbnail_628 pfg-img pfg_img_628 img-responsive hvr-float-shadow\" src=\"https:\/\/sopronigyujtemenyek.lutheran.hu\/wp-content\/uploads\/Hal\u00e1sz-utca-1-150x150.jpg\" alt=\"\">\r\n\t\t\t\t\t\t\t\t\t\t\t\t\t\t\t\t\t<div class=\"item-position item_position_628\">87<\/div>\r\n\t\t\t\t\t\t\t\t\t\t\t\t\t\t\t\t\t\t<span class=\"item-desc item_desc_628\">Hal\u00e1sz utca 11. (SEL XV.5.)<\/span>\r\n\t\t\t\t\t\t\t\t\t\t\t\t\t\t<\/div>\r\n\t\t\t\t\t<\/a>\r\n\t\t\t\t\t\t\t\t\t\t<a href=\"https:\/\/sopronigyujtemenyek.lutheran.hu\/wp-content\/uploads\/Kolostor-utca-1.jpg\" class=\"pfg-lightbox-all pfg-lightbox-1\" data-lightbox=\"pfg-lightbox\"  data-title=\"Kolostor utca (SEL XV.5.)\" data-alt=\"Kolostor utca (SEL XV.5.)\" title=\"Kolostor utca (SEL XV.5.)\">\r\n\t\t\t\t\t\t<div data-category=\"1\" data-sort=\"Kolostor utca (SEL XV.5.)\" class=\"animateonload filtr-item filtr_item_628 single_one col-lg-2 col-md-3 col-sm-4 col-6\">\r\n\t\t\t\t\t\t\t\t\t\t\t\t\t\t\t<img decoding=\"async\" class=\" thumbnail  thumbnail_628 pfg-img pfg_img_628 img-responsive hvr-float-shadow\" src=\"https:\/\/sopronigyujtemenyek.lutheran.hu\/wp-content\/uploads\/Kolostor-utca-1-150x150.jpg\" alt=\"\">\r\n\t\t\t\t\t\t\t\t\t\t\t\t\t\t\t\t\t<div class=\"item-position item_position_628\">88<\/div>\r\n\t\t\t\t\t\t\t\t\t\t\t\t\t\t\t\t\t\t<span class=\"item-desc item_desc_628\">Kolostor utca (SEL XV.5.)<\/span>\r\n\t\t\t\t\t\t\t\t\t\t\t\t\t\t<\/div>\r\n\t\t\t\t\t<\/a>\r\n\t\t\t\t\t\t\t\t\t\t<a href=\"https:\/\/sopronigyujtemenyek.lutheran.hu\/wp-content\/uploads\/H\u00e1ts\u00f3kapu-utca-1.jpg\" class=\"pfg-lightbox-all pfg-lightbox-1\" data-lightbox=\"pfg-lightbox\"  data-title=\"H\u00e1ts\u00f3kapu utca (SEL XV.5.)\" data-alt=\"H\u00e1ts\u00f3kapu utca (SEL XV.5.)\" title=\"H\u00e1ts\u00f3kapu utca (SEL XV.5.)\">\r\n\t\t\t\t\t\t<div data-category=\"1\" data-sort=\"H\u00e1ts\u00f3kapu utca (SEL XV.5.)\" class=\"animateonload filtr-item filtr_item_628 single_one col-lg-2 col-md-3 col-sm-4 col-6\">\r\n\t\t\t\t\t\t\t\t\t\t\t\t\t\t\t<img decoding=\"async\" class=\" thumbnail  thumbnail_628 pfg-img pfg_img_628 img-responsive hvr-float-shadow\" src=\"https:\/\/sopronigyujtemenyek.lutheran.hu\/wp-content\/uploads\/H\u00e1ts\u00f3kapu-utca-1-150x150.jpg\" alt=\"\">\r\n\t\t\t\t\t\t\t\t\t\t\t\t\t\t\t\t\t<div class=\"item-position item_position_628\">89<\/div>\r\n\t\t\t\t\t\t\t\t\t\t\t\t\t\t\t\t\t\t<span class=\"item-desc item_desc_628\">H\u00e1ts\u00f3kapu utca (SEL XV.5.)<\/span>\r\n\t\t\t\t\t\t\t\t\t\t\t\t\t\t<\/div>\r\n\t\t\t\t\t<\/a>\r\n\t\t\t\t\t\t\t\t\t\t<a href=\"https:\/\/sopronigyujtemenyek.lutheran.hu\/wp-content\/uploads\/Gazda-utca-1.jpg\" class=\"pfg-lightbox-all pfg-lightbox-1\" data-lightbox=\"pfg-lightbox\"  data-title=\"Gazda utca (SEL XV.5.)\" data-alt=\"Gazda utca (SEL XV.5.)\" title=\"Gazda utca (SEL XV.5.)\">\r\n\t\t\t\t\t\t<div data-category=\"1\" data-sort=\"Gazda utca (SEL XV.5.)\" class=\"animateonload filtr-item filtr_item_628 single_one col-lg-2 col-md-3 col-sm-4 col-6\">\r\n\t\t\t\t\t\t\t\t\t\t\t\t\t\t\t<img decoding=\"async\" class=\" thumbnail  thumbnail_628 pfg-img pfg_img_628 img-responsive hvr-float-shadow\" src=\"https:\/\/sopronigyujtemenyek.lutheran.hu\/wp-content\/uploads\/Gazda-utca-1-150x150.jpg\" alt=\"\">\r\n\t\t\t\t\t\t\t\t\t\t\t\t\t\t\t\t\t<div class=\"item-position item_position_628\">90<\/div>\r\n\t\t\t\t\t\t\t\t\t\t\t\t\t\t\t\t\t\t<span class=\"item-desc item_desc_628\">Gazda utca (SEL XV.5.)<\/span>\r\n\t\t\t\t\t\t\t\t\t\t\t\t\t\t<\/div>\r\n\t\t\t\t\t<\/a>\r\n\t\t\t\t\t\t\t\t\t\t<a href=\"https:\/\/sopronigyujtemenyek.lutheran.hu\/wp-content\/uploads\/Magyar-utca-1.jpg\" class=\"pfg-lightbox-all pfg-lightbox-1\" data-lightbox=\"pfg-lightbox\"  data-title=\"Magyar utca (SEL XV.5.)\" data-alt=\"Magyar utca (SEL XV.5.)\" title=\"Magyar utca (SEL XV.5.)\">\r\n\t\t\t\t\t\t<div data-category=\"1\" data-sort=\"Magyar utca (SEL XV.5.)\" class=\"animateonload filtr-item filtr_item_628 single_one col-lg-2 col-md-3 col-sm-4 col-6\">\r\n\t\t\t\t\t\t\t\t\t\t\t\t\t\t\t<img decoding=\"async\" class=\" thumbnail  thumbnail_628 pfg-img pfg_img_628 img-responsive hvr-float-shadow\" src=\"https:\/\/sopronigyujtemenyek.lutheran.hu\/wp-content\/uploads\/Magyar-utca-1-150x150.jpg\" alt=\"\">\r\n\t\t\t\t\t\t\t\t\t\t\t\t\t\t\t\t\t<div class=\"item-position item_position_628\">91<\/div>\r\n\t\t\t\t\t\t\t\t\t\t\t\t\t\t\t\t\t\t<span class=\"item-desc item_desc_628\">Magyar utca (SEL XV.5.)<\/span>\r\n\t\t\t\t\t\t\t\t\t\t\t\t\t\t<\/div>\r\n\t\t\t\t\t<\/a>\r\n\t\t\t\t\t\t\t\t\t\t<a href=\"https:\/\/sopronigyujtemenyek.lutheran.hu\/wp-content\/uploads\/Tabl\u00f3k\u00e9pek_Evang\u00e9likus-Tan\u00edt\u00f3k\u00e9pz\u01511.jpg\" class=\"pfg-lightbox-all pfg-lightbox-5\" data-lightbox=\"pfg-lightbox\"  data-title=\"Evang\u00e9likus Tan\u00edt\u00f3k\u00e9pz\u0151 tabl\u00f3k\u00e9pe 1874 (SEL XV.5. 4.d.)\" data-alt=\"Evang\u00e9likus Tan\u00edt\u00f3k\u00e9pz\u0151 tabl\u00f3k\u00e9pe 1874 (SEL XV.5. 4.d.)\" title=\"Evang\u00e9likus Tan\u00edt\u00f3k\u00e9pz\u0151 tabl\u00f3k\u00e9pe 1874 (SEL XV.5. 4.d.)\">\r\n\t\t\t\t\t\t<div data-category=\"5\" data-sort=\"Evang\u00e9likus Tan\u00edt\u00f3k\u00e9pz\u0151 tabl\u00f3k\u00e9pe 1874 (SEL XV.5. 4.d.)\" class=\"animateonload filtr-item filtr_item_628 single_one col-lg-2 col-md-3 col-sm-4 col-6\">\r\n\t\t\t\t\t\t\t\t\t\t\t\t\t\t\t<img decoding=\"async\" class=\" thumbnail  thumbnail_628 pfg-img pfg_img_628 img-responsive hvr-float-shadow\" src=\"https:\/\/sopronigyujtemenyek.lutheran.hu\/wp-content\/uploads\/Tabl\u00f3k\u00e9pek_Evang\u00e9likus-Tan\u00edt\u00f3k\u00e9pz\u01511-150x150.jpg\" alt=\"\">\r\n\t\t\t\t\t\t\t\t\t\t\t\t\t\t\t\t\t<div class=\"item-position item_position_628\">92<\/div>\r\n\t\t\t\t\t\t\t\t\t\t\t\t\t\t\t\t\t\t<span class=\"item-desc item_desc_628\">Evang\u00e9likus Tan\u00edt\u00f3k\u00e9pz\u0151 tabl\u00f3k\u00e9pe 1874 (SEL XV.5. 4.d.)<\/span>\r\n\t\t\t\t\t\t\t\t\t\t\t\t\t\t<\/div>\r\n\t\t\t\t\t<\/a>\r\n\t\t\t\t\t\t\t\t\t\t<a href=\"https:\/\/sopronigyujtemenyek.lutheran.hu\/wp-content\/uploads\/Tabl\u00f3k\u00e9pek_Evang\u00e9likus-Tan\u00edt\u00f3k\u00e9pz\u015110.jpg\" class=\"pfg-lightbox-all pfg-lightbox-5\" data-lightbox=\"pfg-lightbox\"  data-title=\"Evang\u00e9likus Tan\u00edt\u00f3k\u00e9pz\u0151 tabl\u00f3k\u00e9pe 1940-1941 (SEL XV.5. 4.d.)\" data-alt=\"Evang\u00e9likus Tan\u00edt\u00f3k\u00e9pz\u0151 tabl\u00f3k\u00e9pe 1940-1941 (SEL XV.5. 4.d.)\" title=\"Evang\u00e9likus Tan\u00edt\u00f3k\u00e9pz\u0151 tabl\u00f3k\u00e9pe 1940-1941 (SEL XV.5. 4.d.)\">\r\n\t\t\t\t\t\t<div data-category=\"5\" data-sort=\"Evang\u00e9likus Tan\u00edt\u00f3k\u00e9pz\u0151 tabl\u00f3k\u00e9pe 1940-1941 (SEL XV.5. 4.d.)\" class=\"animateonload filtr-item filtr_item_628 single_one col-lg-2 col-md-3 col-sm-4 col-6\">\r\n\t\t\t\t\t\t\t\t\t\t\t\t\t\t\t<img decoding=\"async\" class=\" thumbnail  thumbnail_628 pfg-img pfg_img_628 img-responsive hvr-float-shadow\" src=\"https:\/\/sopronigyujtemenyek.lutheran.hu\/wp-content\/uploads\/Tabl\u00f3k\u00e9pek_Evang\u00e9likus-Tan\u00edt\u00f3k\u00e9pz\u015110-150x150.jpg\" alt=\"\">\r\n\t\t\t\t\t\t\t\t\t\t\t\t\t\t\t\t\t<div class=\"item-position item_position_628\">93<\/div>\r\n\t\t\t\t\t\t\t\t\t\t\t\t\t\t\t\t\t\t<span class=\"item-desc item_desc_628\">Evang\u00e9likus Tan\u00edt\u00f3k\u00e9pz\u0151 tabl\u00f3k\u00e9pe 1940-1941 (SEL XV.5. 4.d.)<\/span>\r\n\t\t\t\t\t\t\t\t\t\t\t\t\t\t<\/div>\r\n\t\t\t\t\t<\/a>\r\n\t\t\t\t\t\t\t\t\t\t<a href=\"https:\/\/sopronigyujtemenyek.lutheran.hu\/wp-content\/uploads\/Tabl\u00f3k\u00e9pek_Evang\u00e9likus-Tan\u00edt\u00f3k\u00e9pz\u01513.jpg\" class=\"pfg-lightbox-all pfg-lightbox-5\" data-lightbox=\"pfg-lightbox\"  data-title=\"Evang\u00e9likus Tan\u00edt\u00f3k\u00e9pz\u0151 tabl\u00f3k\u00e9pe 1926-1927 (SEL XV.5. 4.d.)\" data-alt=\"Evang\u00e9likus Tan\u00edt\u00f3k\u00e9pz\u0151 tabl\u00f3k\u00e9pe 1926-1927 (SEL XV.5. 4.d.)\" title=\"Evang\u00e9likus Tan\u00edt\u00f3k\u00e9pz\u0151 tabl\u00f3k\u00e9pe 1926-1927 (SEL XV.5. 4.d.)\">\r\n\t\t\t\t\t\t<div data-category=\"5\" data-sort=\"Evang\u00e9likus Tan\u00edt\u00f3k\u00e9pz\u0151 tabl\u00f3k\u00e9pe 1926-1927 (SEL XV.5. 4.d.)\" class=\"animateonload filtr-item filtr_item_628 single_one col-lg-2 col-md-3 col-sm-4 col-6\">\r\n\t\t\t\t\t\t\t\t\t\t\t\t\t\t\t<img decoding=\"async\" class=\" thumbnail  thumbnail_628 pfg-img pfg_img_628 img-responsive hvr-float-shadow\" src=\"https:\/\/sopronigyujtemenyek.lutheran.hu\/wp-content\/uploads\/Tabl\u00f3k\u00e9pek_Evang\u00e9likus-Tan\u00edt\u00f3k\u00e9pz\u01513-150x150.jpg\" alt=\"\">\r\n\t\t\t\t\t\t\t\t\t\t\t\t\t\t\t\t\t<div class=\"item-position item_position_628\">94<\/div>\r\n\t\t\t\t\t\t\t\t\t\t\t\t\t\t\t\t\t\t<span class=\"item-desc item_desc_628\">Evang\u00e9likus Tan\u00edt\u00f3k\u00e9pz\u0151 tabl\u00f3k\u00e9pe 1926-1927 (SEL XV.5. 4.d.)<\/span>\r\n\t\t\t\t\t\t\t\t\t\t\t\t\t\t<\/div>\r\n\t\t\t\t\t<\/a>\r\n\t\t\t\t\t\t\t\t\t\t<a href=\"https:\/\/sopronigyujtemenyek.lutheran.hu\/wp-content\/uploads\/Tabl\u00f3k\u00e9pek_Evang\u00e9likus-Tan\u00edt\u00f3k\u00e9pz\u01515.jpg\" class=\"pfg-lightbox-all pfg-lightbox-5\" data-lightbox=\"pfg-lightbox\"  data-title=\"Evang\u00e9likus Tan\u00edt\u00f3k\u00e9pz\u0151 tabl\u00f3k\u00e9pe 1929-1930 (SEL XV.5. 4.d.)\" data-alt=\"Evang\u00e9likus Tan\u00edt\u00f3k\u00e9pz\u0151 tabl\u00f3k\u00e9pe 1929-1930 (SEL XV.5. 4.d.)\" title=\"Evang\u00e9likus Tan\u00edt\u00f3k\u00e9pz\u0151 tabl\u00f3k\u00e9pe 1929-1930 (SEL XV.5. 4.d.)\">\r\n\t\t\t\t\t\t<div data-category=\"5\" data-sort=\"Evang\u00e9likus Tan\u00edt\u00f3k\u00e9pz\u0151 tabl\u00f3k\u00e9pe 1929-1930 (SEL XV.5. 4.d.)\" class=\"animateonload filtr-item filtr_item_628 single_one col-lg-2 col-md-3 col-sm-4 col-6\">\r\n\t\t\t\t\t\t\t\t\t\t\t\t\t\t\t<img decoding=\"async\" class=\" thumbnail  thumbnail_628 pfg-img pfg_img_628 img-responsive hvr-float-shadow\" src=\"https:\/\/sopronigyujtemenyek.lutheran.hu\/wp-content\/uploads\/Tabl\u00f3k\u00e9pek_Evang\u00e9likus-Tan\u00edt\u00f3k\u00e9pz\u01515-150x150.jpg\" alt=\"\">\r\n\t\t\t\t\t\t\t\t\t\t\t\t\t\t\t\t\t<div class=\"item-position item_position_628\">95<\/div>\r\n\t\t\t\t\t\t\t\t\t\t\t\t\t\t\t\t\t\t<span class=\"item-desc item_desc_628\">Evang\u00e9likus Tan\u00edt\u00f3k\u00e9pz\u0151 tabl\u00f3k\u00e9pe 1929-1930 (SEL XV.5. 4.d.)<\/span>\r\n\t\t\t\t\t\t\t\t\t\t\t\t\t\t<\/div>\r\n\t\t\t\t\t<\/a>\r\n\t\t\t\t\t\t\t\t\t\t<a href=\"https:\/\/sopronigyujtemenyek.lutheran.hu\/wp-content\/uploads\/Tabl\u00f3k\u00e9pek_Evang\u00e9likus-Tan\u00edt\u00f3k\u00e9pz\u01512.jpg\" class=\"pfg-lightbox-all pfg-lightbox-5\" data-lightbox=\"pfg-lightbox\"  data-title=\"Evang\u00e9likus Tan\u00edt\u00f3k\u00e9pz\u0151 tabl\u00f3k\u00e9pe 1925-1926 (SEL XV.5. 4.d.)\" data-alt=\"Evang\u00e9likus Tan\u00edt\u00f3k\u00e9pz\u0151 tabl\u00f3k\u00e9pe 1925-1926 (SEL XV.5. 4.d.)\" title=\"Evang\u00e9likus Tan\u00edt\u00f3k\u00e9pz\u0151 tabl\u00f3k\u00e9pe 1925-1926 (SEL XV.5. 4.d.)\">\r\n\t\t\t\t\t\t<div data-category=\"5\" data-sort=\"Evang\u00e9likus Tan\u00edt\u00f3k\u00e9pz\u0151 tabl\u00f3k\u00e9pe 1925-1926 (SEL XV.5. 4.d.)\" class=\"animateonload filtr-item filtr_item_628 single_one col-lg-2 col-md-3 col-sm-4 col-6\">\r\n\t\t\t\t\t\t\t\t\t\t\t\t\t\t\t<img decoding=\"async\" class=\" thumbnail  thumbnail_628 pfg-img pfg_img_628 img-responsive hvr-float-shadow\" src=\"https:\/\/sopronigyujtemenyek.lutheran.hu\/wp-content\/uploads\/Tabl\u00f3k\u00e9pek_Evang\u00e9likus-Tan\u00edt\u00f3k\u00e9pz\u01512-150x150.jpg\" alt=\"\">\r\n\t\t\t\t\t\t\t\t\t\t\t\t\t\t\t\t\t<div class=\"item-position item_position_628\">96<\/div>\r\n\t\t\t\t\t\t\t\t\t\t\t\t\t\t\t\t\t\t<span class=\"item-desc item_desc_628\">Evang\u00e9likus Tan\u00edt\u00f3k\u00e9pz\u0151 tabl\u00f3k\u00e9pe 1925-1926 (SEL XV.5. 4.d.)<\/span>\r\n\t\t\t\t\t\t\t\t\t\t\t\t\t\t<\/div>\r\n\t\t\t\t\t<\/a>\r\n\t\t\t\t\t\t\t\t\t\t<a href=\"https:\/\/sopronigyujtemenyek.lutheran.hu\/wp-content\/uploads\/Tabl\u00f3k\u00e9pek_Evang\u00e9likus-Tan\u00edt\u00f3k\u00e9pz\u01519.jpg\" class=\"pfg-lightbox-all pfg-lightbox-5\" data-lightbox=\"pfg-lightbox\"  data-title=\"Evang\u00e9likus Tan\u00edt\u00f3k\u00e9pz\u0151 tabl\u00f3k\u00e9pe 1937-1938 (SEL XV.5. 4.d.)\" data-alt=\"Evang\u00e9likus Tan\u00edt\u00f3k\u00e9pz\u0151 tabl\u00f3k\u00e9pe 1937-1938 (SEL XV.5. 4.d.)\" title=\"Evang\u00e9likus Tan\u00edt\u00f3k\u00e9pz\u0151 tabl\u00f3k\u00e9pe 1937-1938 (SEL XV.5. 4.d.)\">\r\n\t\t\t\t\t\t<div data-category=\"5\" data-sort=\"Evang\u00e9likus Tan\u00edt\u00f3k\u00e9pz\u0151 tabl\u00f3k\u00e9pe 1937-1938 (SEL XV.5. 4.d.)\" class=\"animateonload filtr-item filtr_item_628 single_one col-lg-2 col-md-3 col-sm-4 col-6\">\r\n\t\t\t\t\t\t\t\t\t\t\t\t\t\t\t<img decoding=\"async\" class=\" thumbnail  thumbnail_628 pfg-img pfg_img_628 img-responsive hvr-float-shadow\" src=\"https:\/\/sopronigyujtemenyek.lutheran.hu\/wp-content\/uploads\/Tabl\u00f3k\u00e9pek_Evang\u00e9likus-Tan\u00edt\u00f3k\u00e9pz\u01519-150x150.jpg\" alt=\"\">\r\n\t\t\t\t\t\t\t\t\t\t\t\t\t\t\t\t\t<div class=\"item-position item_position_628\">97<\/div>\r\n\t\t\t\t\t\t\t\t\t\t\t\t\t\t\t\t\t\t<span class=\"item-desc item_desc_628\">Evang\u00e9likus Tan\u00edt\u00f3k\u00e9pz\u0151 tabl\u00f3k\u00e9pe 1937-1938 (SEL XV.5. 4.d.)<\/span>\r\n\t\t\t\t\t\t\t\t\t\t\t\t\t\t<\/div>\r\n\t\t\t\t\t<\/a>\r\n\t\t\t\t\t\t\t\t\t\t<a href=\"https:\/\/sopronigyujtemenyek.lutheran.hu\/wp-content\/uploads\/Tabl\u00f3k\u00e9pek_Evang\u00e9likus-Tan\u00edt\u00f3k\u00e9pz\u01514.jpg\" class=\"pfg-lightbox-all pfg-lightbox-5\" data-lightbox=\"pfg-lightbox\"  data-title=\"Evang\u00e9likus Tan\u00edt\u00f3k\u00e9pz\u0151 tabl\u00f3k\u00e9pe 1927-1928 (SEL XV.5. 4.d)\" data-alt=\"Evang\u00e9likus Tan\u00edt\u00f3k\u00e9pz\u0151 tabl\u00f3k\u00e9pe 1927-1928 (SEL XV.5. 4.d)\" title=\"Evang\u00e9likus Tan\u00edt\u00f3k\u00e9pz\u0151 tabl\u00f3k\u00e9pe 1927-1928 (SEL XV.5. 4.d)\">\r\n\t\t\t\t\t\t<div data-category=\"5\" data-sort=\"Evang\u00e9likus Tan\u00edt\u00f3k\u00e9pz\u0151 tabl\u00f3k\u00e9pe 1927-1928 (SEL XV.5. 4.d)\" class=\"animateonload filtr-item filtr_item_628 single_one col-lg-2 col-md-3 col-sm-4 col-6\">\r\n\t\t\t\t\t\t\t\t\t\t\t\t\t\t\t<img decoding=\"async\" class=\" thumbnail  thumbnail_628 pfg-img pfg_img_628 img-responsive hvr-float-shadow\" src=\"https:\/\/sopronigyujtemenyek.lutheran.hu\/wp-content\/uploads\/Tabl\u00f3k\u00e9pek_Evang\u00e9likus-Tan\u00edt\u00f3k\u00e9pz\u01514-150x150.jpg\" alt=\"\">\r\n\t\t\t\t\t\t\t\t\t\t\t\t\t\t\t\t\t<div class=\"item-position item_position_628\">98<\/div>\r\n\t\t\t\t\t\t\t\t\t\t\t\t\t\t\t\t\t\t<span class=\"item-desc item_desc_628\">Evang\u00e9likus Tan\u00edt\u00f3k\u00e9pz\u0151 tabl\u00f3k\u00e9pe 1927-1928 (SEL XV.5. 4.d)<\/span>\r\n\t\t\t\t\t\t\t\t\t\t\t\t\t\t<\/div>\r\n\t\t\t\t\t<\/a>\r\n\t\t\t\t\t\t\t\t\t\t<a href=\"https:\/\/sopronigyujtemenyek.lutheran.hu\/wp-content\/uploads\/Tabl\u00f3k\u00e9pek_Evang\u00e9likus-Tan\u00edt\u00f3k\u00e9pz\u01516.jpg\" class=\"pfg-lightbox-all pfg-lightbox-5\" data-lightbox=\"pfg-lightbox\"  data-title=\"Evang\u00e9likus Tan\u00edt\u00f3k\u00e9pz\u0151 tabl\u00f3k\u00e9pe 1930-1931 (SEL XV.5. 4.d.)\" data-alt=\"Evang\u00e9likus Tan\u00edt\u00f3k\u00e9pz\u0151 tabl\u00f3k\u00e9pe 1930-1931 (SEL XV.5. 4.d.)\" title=\"Evang\u00e9likus Tan\u00edt\u00f3k\u00e9pz\u0151 tabl\u00f3k\u00e9pe 1930-1931 (SEL XV.5. 4.d.)\">\r\n\t\t\t\t\t\t<div data-category=\"5\" data-sort=\"Evang\u00e9likus Tan\u00edt\u00f3k\u00e9pz\u0151 tabl\u00f3k\u00e9pe 1930-1931 (SEL XV.5. 4.d.)\" class=\"animateonload filtr-item filtr_item_628 single_one col-lg-2 col-md-3 col-sm-4 col-6\">\r\n\t\t\t\t\t\t\t\t\t\t\t\t\t\t\t<img decoding=\"async\" class=\" thumbnail  thumbnail_628 pfg-img pfg_img_628 img-responsive hvr-float-shadow\" src=\"https:\/\/sopronigyujtemenyek.lutheran.hu\/wp-content\/uploads\/Tabl\u00f3k\u00e9pek_Evang\u00e9likus-Tan\u00edt\u00f3k\u00e9pz\u01516-150x150.jpg\" alt=\"\">\r\n\t\t\t\t\t\t\t\t\t\t\t\t\t\t\t\t\t<div class=\"item-position item_position_628\">99<\/div>\r\n\t\t\t\t\t\t\t\t\t\t\t\t\t\t\t\t\t\t<span class=\"item-desc item_desc_628\">Evang\u00e9likus Tan\u00edt\u00f3k\u00e9pz\u0151 tabl\u00f3k\u00e9pe 1930-1931 (SEL XV.5. 4.d.)<\/span>\r\n\t\t\t\t\t\t\t\t\t\t\t\t\t\t<\/div>\r\n\t\t\t\t\t<\/a>\r\n\t\t\t\t\t\t\t\t\t\t<a href=\"https:\/\/sopronigyujtemenyek.lutheran.hu\/wp-content\/uploads\/Tabl\u00f3k\u00e9pek_Evang\u00e9likus-Tan\u00edt\u00f3k\u00e9pz\u01518.jpg\" class=\"pfg-lightbox-all pfg-lightbox-5\" data-lightbox=\"pfg-lightbox\"  data-title=\"Evang\u00e9likus Tan\u00edt\u00f3k\u00e9pz\u0151 tabl\u00f3k\u00e9pe 1936 (SEL XV.5. 4.d)\" data-alt=\"Evang\u00e9likus Tan\u00edt\u00f3k\u00e9pz\u0151 tabl\u00f3k\u00e9pe 1936 (SEL XV.5. 4.d)\" title=\"Evang\u00e9likus Tan\u00edt\u00f3k\u00e9pz\u0151 tabl\u00f3k\u00e9pe 1936 (SEL XV.5. 4.d)\">\r\n\t\t\t\t\t\t<div data-category=\"5\" data-sort=\"Evang\u00e9likus Tan\u00edt\u00f3k\u00e9pz\u0151 tabl\u00f3k\u00e9pe 1936 (SEL XV.5. 4.d)\" class=\"animateonload filtr-item filtr_item_628 single_one col-lg-2 col-md-3 col-sm-4 col-6\">\r\n\t\t\t\t\t\t\t\t\t\t\t\t\t\t\t<img decoding=\"async\" class=\" thumbnail  thumbnail_628 pfg-img pfg_img_628 img-responsive hvr-float-shadow\" src=\"https:\/\/sopronigyujtemenyek.lutheran.hu\/wp-content\/uploads\/Tabl\u00f3k\u00e9pek_Evang\u00e9likus-Tan\u00edt\u00f3k\u00e9pz\u01518-150x150.jpg\" alt=\"\">\r\n\t\t\t\t\t\t\t\t\t\t\t\t\t\t\t\t\t<div class=\"item-position item_position_628\">100<\/div>\r\n\t\t\t\t\t\t\t\t\t\t\t\t\t\t\t\t\t\t<span class=\"item-desc item_desc_628\">Evang\u00e9likus Tan\u00edt\u00f3k\u00e9pz\u0151 tabl\u00f3k\u00e9pe 1936 (SEL XV.5. 4.d)<\/span>\r\n\t\t\t\t\t\t\t\t\t\t\t\t\t\t<\/div>\r\n\t\t\t\t\t<\/a>\r\n\t\t\t\t\t\t\t\t\t\t<a href=\"https:\/\/sopronigyujtemenyek.lutheran.hu\/wp-content\/uploads\/Nagy-S\u00e1ndor-III.-\u00c9vf.-1.jpg\" class=\"pfg-lightbox-all pfg-lightbox-7\" data-lightbox=\"pfg-lightbox\"  data-title=\"Nagy S\u00e1ndor III. \u00e9vf. (SEL XV.5. 4.d)\" data-alt=\"Nagy S\u00e1ndor III. \u00e9vf. (SEL XV.5. 4.d)\" title=\"Nagy S\u00e1ndor III. \u00e9vf. (SEL XV.5. 4.d)\">\r\n\t\t\t\t\t\t<div data-category=\"7\" data-sort=\"Nagy S\u00e1ndor III. \u00e9vf. (SEL XV.5. 4.d)\" class=\"animateonload filtr-item filtr_item_628 single_one col-lg-2 col-md-3 col-sm-4 col-6\">\r\n\t\t\t\t\t\t\t\t\t\t\t\t\t\t\t<img decoding=\"async\" class=\" thumbnail  thumbnail_628 pfg-img pfg_img_628 img-responsive hvr-float-shadow\" src=\"https:\/\/sopronigyujtemenyek.lutheran.hu\/wp-content\/uploads\/Nagy-S\u00e1ndor-III.-\u00c9vf.-1-150x150.jpg\" alt=\"\">\r\n\t\t\t\t\t\t\t\t\t\t\t\t\t\t\t\t\t<div class=\"item-position item_position_628\">101<\/div>\r\n\t\t\t\t\t\t\t\t\t\t\t\t\t\t\t\t\t\t<span class=\"item-desc item_desc_628\">Nagy S\u00e1ndor III. \u00e9vf. (SEL XV.5. 4.d)<\/span>\r\n\t\t\t\t\t\t\t\t\t\t\t\t\t\t<\/div>\r\n\t\t\t\t\t<\/a>\r\n\t\t\t\t\t\t\t\t\t\t<a href=\"https:\/\/sopronigyujtemenyek.lutheran.hu\/wp-content\/uploads\/Nagy-P\u00e1l-IV.-\u00e9vf.-1.jpg\" class=\"pfg-lightbox-all pfg-lightbox-7\" data-lightbox=\"pfg-lightbox\"  data-title=\"Nagy P\u00e1l IV. \u00e9vf. (SEL XV.5. 4.d)\" data-alt=\"Nagy P\u00e1l IV. \u00e9vf. (SEL XV.5. 4.d)\" title=\"Nagy P\u00e1l IV. \u00e9vf. (SEL XV.5. 4.d)\">\r\n\t\t\t\t\t\t<div data-category=\"7\" data-sort=\"Nagy P\u00e1l IV. \u00e9vf. (SEL XV.5. 4.d)\" class=\"animateonload filtr-item filtr_item_628 single_one col-lg-2 col-md-3 col-sm-4 col-6\">\r\n\t\t\t\t\t\t\t\t\t\t\t\t\t\t\t<img decoding=\"async\" class=\" thumbnail  thumbnail_628 pfg-img pfg_img_628 img-responsive hvr-float-shadow\" src=\"https:\/\/sopronigyujtemenyek.lutheran.hu\/wp-content\/uploads\/Nagy-P\u00e1l-IV.-\u00e9vf.-1-150x150.jpg\" alt=\"\">\r\n\t\t\t\t\t\t\t\t\t\t\t\t\t\t\t\t\t<div class=\"item-position item_position_628\">102<\/div>\r\n\t\t\t\t\t\t\t\t\t\t\t\t\t\t\t\t\t\t<span class=\"item-desc item_desc_628\">Nagy P\u00e1l IV. \u00e9vf. (SEL XV.5. 4.d)<\/span>\r\n\t\t\t\t\t\t\t\t\t\t\t\t\t\t<\/div>\r\n\t\t\t\t\t<\/a>\r\n\t\t\t\t\t\t\t\t\t\t<a href=\"https:\/\/sopronigyujtemenyek.lutheran.hu\/wp-content\/uploads\/Levente-nap-1942.-jan.18-1.jpg\" class=\"pfg-lightbox-all pfg-lightbox-2\" data-lightbox=\"pfg-lightbox\"  data-title=\"Levente nap 1942. jan.18. (SEL XV.5. 4.d)\" data-alt=\"Levente nap 1942. jan.18. (SEL XV.5. 4.d)\" title=\"Levente nap 1942. jan.18. (SEL XV.5. 4.d)\">\r\n\t\t\t\t\t\t<div data-category=\"2\" data-sort=\"Levente nap 1942. jan.18. (SEL XV.5. 4.d)\" class=\"animateonload filtr-item filtr_item_628 single_one col-lg-2 col-md-3 col-sm-4 col-6\">\r\n\t\t\t\t\t\t\t\t\t\t\t\t\t\t\t<img decoding=\"async\" class=\" thumbnail  thumbnail_628 pfg-img pfg_img_628 img-responsive hvr-float-shadow\" src=\"https:\/\/sopronigyujtemenyek.lutheran.hu\/wp-content\/uploads\/Levente-nap-1942.-jan.18-1-150x150.jpg\" alt=\"\">\r\n\t\t\t\t\t\t\t\t\t\t\t\t\t\t\t\t\t<div class=\"item-position item_position_628\">103<\/div>\r\n\t\t\t\t\t\t\t\t\t\t\t\t\t\t\t\t\t\t<span class=\"item-desc item_desc_628\">Levente nap 1942. jan.18. (SEL XV.5. 4.d)<\/span>\r\n\t\t\t\t\t\t\t\t\t\t\t\t\t\t<\/div>\r\n\t\t\t\t\t<\/a>\r\n\t\t\t\t\t\t\t\t\t\t<a href=\"https:\/\/sopronigyujtemenyek.lutheran.hu\/wp-content\/uploads\/V\u00f6r\u00f6s-Endre-III.\u00e9vf.-1.jpg\" class=\"pfg-lightbox-all pfg-lightbox-7\" data-lightbox=\"pfg-lightbox\"  data-title=\"V\u00f6r\u00f6s Endre III.\u00e9vf. (SEL XV.5. 4.d)\" data-alt=\"V\u00f6r\u00f6s Endre III.\u00e9vf. (SEL XV.5. 4.d)\" title=\"V\u00f6r\u00f6s Endre III.\u00e9vf. (SEL XV.5. 4.d)\">\r\n\t\t\t\t\t\t<div data-category=\"7\" data-sort=\"V\u00f6r\u00f6s Endre III.\u00e9vf. (SEL XV.5. 4.d)\" class=\"animateonload filtr-item filtr_item_628 single_one col-lg-2 col-md-3 col-sm-4 col-6\">\r\n\t\t\t\t\t\t\t\t\t\t\t\t\t\t\t<img decoding=\"async\" class=\" thumbnail  thumbnail_628 pfg-img pfg_img_628 img-responsive hvr-float-shadow\" src=\"https:\/\/sopronigyujtemenyek.lutheran.hu\/wp-content\/uploads\/V\u00f6r\u00f6s-Endre-III.\u00e9vf.-1-150x150.jpg\" alt=\"\">\r\n\t\t\t\t\t\t\t\t\t\t\t\t\t\t\t\t\t<div class=\"item-position item_position_628\">104<\/div>\r\n\t\t\t\t\t\t\t\t\t\t\t\t\t\t\t\t\t\t<span class=\"item-desc item_desc_628\">V\u00f6r\u00f6s Endre III.\u00e9vf. (SEL XV.5. 4.d)<\/span>\r\n\t\t\t\t\t\t\t\t\t\t\t\t\t\t<\/div>\r\n\t\t\t\t\t<\/a>\r\n\t\t\t\t\t\t\t\t\t\t<a href=\"https:\/\/sopronigyujtemenyek.lutheran.hu\/wp-content\/uploads\/8.-kep-harangszenteles-1926.jpg\" class=\"pfg-lightbox-all pfg-lightbox-2\" data-lightbox=\"pfg-lightbox\"  data-title=\"8. k\u00e9p \u2013 harangszentel\u00e9s (1926) (SEL XV.5. 5. t\u00e9ka)\" data-alt=\"8. k\u00e9p \u2013 harangszentel\u00e9s (1926) (SEL XV.5. 5. t\u00e9ka)\" title=\"8. k\u00e9p \u2013 harangszentel\u00e9s (1926) (SEL XV.5. 5. t\u00e9ka)\">\r\n\t\t\t\t\t\t<div data-category=\"2\" data-sort=\"8. k\u00e9p \u2013 harangszentel\u00e9s (1926) (SEL XV.5. 5. t\u00e9ka)\" class=\"animateonload filtr-item filtr_item_628 single_one col-lg-2 col-md-3 col-sm-4 col-6\">\r\n\t\t\t\t\t\t\t\t\t\t\t\t\t\t\t<img decoding=\"async\" class=\" thumbnail  thumbnail_628 pfg-img pfg_img_628 img-responsive hvr-float-shadow\" src=\"https:\/\/sopronigyujtemenyek.lutheran.hu\/wp-content\/uploads\/8.-kep-harangszenteles-1926-150x150.jpg\" alt=\"\">\r\n\t\t\t\t\t\t\t\t\t\t\t\t\t\t\t\t\t<div class=\"item-position item_position_628\">105<\/div>\r\n\t\t\t\t\t\t\t\t\t\t\t\t\t\t\t\t\t\t<span class=\"item-desc item_desc_628\">8. k\u00e9p \u2013 harangszentel\u00e9s (1926) (SEL XV.5. 5. t\u00e9ka)<\/span>\r\n\t\t\t\t\t\t\t\t\t\t\t\t\t\t<\/div>\r\n\t\t\t\t\t<\/a>\r\n\t\t\t\t\t\t\t\t\t\t<a href=\"https:\/\/sopronigyujtemenyek.lutheran.hu\/wp-content\/uploads\/6.-kep-harangszenteles-1926.jpg\" class=\"pfg-lightbox-all pfg-lightbox-2\" data-lightbox=\"pfg-lightbox\"  data-title=\"6. k\u00e9p \u2013 harangszentel\u00e9s (1926) (SEL XV.5. 5. t\u00e9ka)\" data-alt=\"6. k\u00e9p \u2013 harangszentel\u00e9s (1926) (SEL XV.5. 5. t\u00e9ka)\" title=\"6. k\u00e9p \u2013 harangszentel\u00e9s (1926) (SEL XV.5. 5. t\u00e9ka)\">\r\n\t\t\t\t\t\t<div data-category=\"2\" data-sort=\"6. k\u00e9p \u2013 harangszentel\u00e9s (1926) (SEL XV.5. 5. t\u00e9ka)\" class=\"animateonload filtr-item filtr_item_628 single_one col-lg-2 col-md-3 col-sm-4 col-6\">\r\n\t\t\t\t\t\t\t\t\t\t\t\t\t\t\t<img decoding=\"async\" class=\" thumbnail  thumbnail_628 pfg-img pfg_img_628 img-responsive hvr-float-shadow\" src=\"https:\/\/sopronigyujtemenyek.lutheran.hu\/wp-content\/uploads\/6.-kep-harangszenteles-1926-150x150.jpg\" alt=\"\">\r\n\t\t\t\t\t\t\t\t\t\t\t\t\t\t\t\t\t<div class=\"item-position item_position_628\">106<\/div>\r\n\t\t\t\t\t\t\t\t\t\t\t\t\t\t\t\t\t\t<span class=\"item-desc item_desc_628\">6. k\u00e9p \u2013 harangszentel\u00e9s (1926) (SEL XV.5. 5. t\u00e9ka)<\/span>\r\n\t\t\t\t\t\t\t\t\t\t\t\t\t\t<\/div>\r\n\t\t\t\t\t<\/a>\r\n\t\t\t\t\t\t\t\t\t\t<a href=\"https:\/\/sopronigyujtemenyek.lutheran.hu\/wp-content\/uploads\/7.-kep-harangszenteles-1926.jpg\" class=\"pfg-lightbox-all pfg-lightbox-2\" data-lightbox=\"pfg-lightbox\"  data-title=\"7. k\u00e9p \u2013 harangszentel\u00e9s (1926) (SEL XV.5. 5. t\u00e9ka)\" data-alt=\"7. k\u00e9p \u2013 harangszentel\u00e9s (1926) (SEL XV.5. 5. t\u00e9ka)\" title=\"7. k\u00e9p \u2013 harangszentel\u00e9s (1926) (SEL XV.5. 5. t\u00e9ka)\">\r\n\t\t\t\t\t\t<div data-category=\"2\" data-sort=\"7. k\u00e9p \u2013 harangszentel\u00e9s (1926) (SEL XV.5. 5. t\u00e9ka)\" class=\"animateonload filtr-item filtr_item_628 single_one col-lg-2 col-md-3 col-sm-4 col-6\">\r\n\t\t\t\t\t\t\t\t\t\t\t\t\t\t\t<img decoding=\"async\" class=\" thumbnail  thumbnail_628 pfg-img pfg_img_628 img-responsive hvr-float-shadow\" src=\"https:\/\/sopronigyujtemenyek.lutheran.hu\/wp-content\/uploads\/7.-kep-harangszenteles-1926-150x150.jpg\" alt=\"\">\r\n\t\t\t\t\t\t\t\t\t\t\t\t\t\t\t\t\t<div class=\"item-position item_position_628\">107<\/div>\r\n\t\t\t\t\t\t\t\t\t\t\t\t\t\t\t\t\t\t<span class=\"item-desc item_desc_628\">7. k\u00e9p \u2013 harangszentel\u00e9s (1926) (SEL XV.5. 5. t\u00e9ka)<\/span>\r\n\t\t\t\t\t\t\t\t\t\t\t\t\t\t<\/div>\r\n\t\t\t\t\t<\/a>\r\n\t\t\t\t\t\t\t\t\t\t<a href=\"https:\/\/sopronigyujtemenyek.lutheran.hu\/wp-content\/uploads\/3.-kep-harangszenteles-1926.jpg\" class=\"pfg-lightbox-all pfg-lightbox-2\" data-lightbox=\"pfg-lightbox\"  data-title=\"3. k\u00e9p \u2013 harangszentel\u00e9s (1926) (SEL XV.5. 5. t\u00e9ka)\" data-alt=\"3. k\u00e9p \u2013 harangszentel\u00e9s (1926) (SEL XV.5. 5. t\u00e9ka)\" title=\"3. k\u00e9p \u2013 harangszentel\u00e9s (1926) (SEL XV.5. 5. t\u00e9ka)\">\r\n\t\t\t\t\t\t<div data-category=\"2\" data-sort=\"3. k\u00e9p \u2013 harangszentel\u00e9s (1926) (SEL XV.5. 5. t\u00e9ka)\" class=\"animateonload filtr-item filtr_item_628 single_one col-lg-2 col-md-3 col-sm-4 col-6\">\r\n\t\t\t\t\t\t\t\t\t\t\t\t\t\t\t<img decoding=\"async\" class=\" thumbnail  thumbnail_628 pfg-img pfg_img_628 img-responsive hvr-float-shadow\" src=\"https:\/\/sopronigyujtemenyek.lutheran.hu\/wp-content\/uploads\/3.-kep-harangszenteles-1926-150x150.jpg\" alt=\"\">\r\n\t\t\t\t\t\t\t\t\t\t\t\t\t\t\t\t\t<div class=\"item-position item_position_628\">108<\/div>\r\n\t\t\t\t\t\t\t\t\t\t\t\t\t\t\t\t\t\t<span class=\"item-desc item_desc_628\">3. k\u00e9p \u2013 harangszentel\u00e9s (1926) (SEL XV.5. 5. t\u00e9ka)<\/span>\r\n\t\t\t\t\t\t\t\t\t\t\t\t\t\t<\/div>\r\n\t\t\t\t\t<\/a>\r\n\t\t\t\t\t\t\t\t\t\t<a href=\"https:\/\/sopronigyujtemenyek.lutheran.hu\/wp-content\/uploads\/4.-kep-harangszenteles-1926.jpg\" class=\"pfg-lightbox-all pfg-lightbox-2\" data-lightbox=\"pfg-lightbox\"  data-title=\"4. k\u00e9p \u2013 harangszentel\u00e9s (1926) (SEL XV.5. 5. t\u00e9ka)\" data-alt=\"4. k\u00e9p \u2013 harangszentel\u00e9s (1926) (SEL XV.5. 5. t\u00e9ka)\" title=\"4. k\u00e9p \u2013 harangszentel\u00e9s (1926) (SEL XV.5. 5. t\u00e9ka)\">\r\n\t\t\t\t\t\t<div data-category=\"2\" data-sort=\"4. k\u00e9p \u2013 harangszentel\u00e9s (1926) (SEL XV.5. 5. t\u00e9ka)\" class=\"animateonload filtr-item filtr_item_628 single_one col-lg-2 col-md-3 col-sm-4 col-6\">\r\n\t\t\t\t\t\t\t\t\t\t\t\t\t\t\t<img decoding=\"async\" class=\" thumbnail  thumbnail_628 pfg-img pfg_img_628 img-responsive hvr-float-shadow\" src=\"https:\/\/sopronigyujtemenyek.lutheran.hu\/wp-content\/uploads\/4.-kep-harangszenteles-1926-150x150.jpg\" alt=\"\">\r\n\t\t\t\t\t\t\t\t\t\t\t\t\t\t\t\t\t<div class=\"item-position item_position_628\">109<\/div>\r\n\t\t\t\t\t\t\t\t\t\t\t\t\t\t\t\t\t\t<span class=\"item-desc item_desc_628\">4. k\u00e9p \u2013 harangszentel\u00e9s (1926) (SEL XV.5. 5. t\u00e9ka)<\/span>\r\n\t\t\t\t\t\t\t\t\t\t\t\t\t\t<\/div>\r\n\t\t\t\t\t<\/a>\r\n\t\t\t\t\t\t\t\t\t\t<a href=\"https:\/\/sopronigyujtemenyek.lutheran.hu\/wp-content\/uploads\/5.-kep-harangszenteles-1926.jpg\" class=\"pfg-lightbox-all pfg-lightbox-2\" data-lightbox=\"pfg-lightbox\"  data-title=\"5. k\u00e9p \u2013 harangszentel\u00e9s (1926) (SEL XV.5. 5. t\u00e9ka)\" data-alt=\"5. k\u00e9p \u2013 harangszentel\u00e9s (1926) (SEL XV.5. 5. t\u00e9ka)\" title=\"5. k\u00e9p \u2013 harangszentel\u00e9s (1926) (SEL XV.5. 5. t\u00e9ka)\">\r\n\t\t\t\t\t\t<div data-category=\"2\" data-sort=\"5. k\u00e9p \u2013 harangszentel\u00e9s (1926) (SEL XV.5. 5. t\u00e9ka)\" class=\"animateonload filtr-item filtr_item_628 single_one col-lg-2 col-md-3 col-sm-4 col-6\">\r\n\t\t\t\t\t\t\t\t\t\t\t\t\t\t\t<img decoding=\"async\" class=\" thumbnail  thumbnail_628 pfg-img pfg_img_628 img-responsive hvr-float-shadow\" src=\"https:\/\/sopronigyujtemenyek.lutheran.hu\/wp-content\/uploads\/5.-kep-harangszenteles-1926-150x150.jpg\" alt=\"\">\r\n\t\t\t\t\t\t\t\t\t\t\t\t\t\t\t\t\t<div class=\"item-position item_position_628\">110<\/div>\r\n\t\t\t\t\t\t\t\t\t\t\t\t\t\t\t\t\t\t<span class=\"item-desc item_desc_628\">5. k\u00e9p \u2013 harangszentel\u00e9s (1926) (SEL XV.5. 5. t\u00e9ka)<\/span>\r\n\t\t\t\t\t\t\t\t\t\t\t\t\t\t<\/div>\r\n\t\t\t\t\t<\/a>\r\n\t\t\t\t\t\t\t\t\t\t<a href=\"https:\/\/sopronigyujtemenyek.lutheran.hu\/wp-content\/uploads\/1.-kep-harangszenteles-1926.jpg\" class=\"pfg-lightbox-all pfg-lightbox-2\" data-lightbox=\"pfg-lightbox\"  data-title=\"1. k\u00e9p \u2013 harangszentel\u00e9s (1926) (SEL XV.5. 5. t\u00e9ka)\" data-alt=\"1. k\u00e9p \u2013 harangszentel\u00e9s (1926) (SEL XV.5. 5. t\u00e9ka)\" title=\"1. k\u00e9p \u2013 harangszentel\u00e9s (1926) (SEL XV.5. 5. t\u00e9ka)\">\r\n\t\t\t\t\t\t<div data-category=\"2\" data-sort=\"1. k\u00e9p \u2013 harangszentel\u00e9s (1926) (SEL XV.5. 5. t\u00e9ka)\" class=\"animateonload filtr-item filtr_item_628 single_one col-lg-2 col-md-3 col-sm-4 col-6\">\r\n\t\t\t\t\t\t\t\t\t\t\t\t\t\t\t<img decoding=\"async\" class=\" thumbnail  thumbnail_628 pfg-img pfg_img_628 img-responsive hvr-float-shadow\" src=\"https:\/\/sopronigyujtemenyek.lutheran.hu\/wp-content\/uploads\/1.-kep-harangszenteles-1926-150x150.jpg\" alt=\"\">\r\n\t\t\t\t\t\t\t\t\t\t\t\t\t\t\t\t\t<div class=\"item-position item_position_628\">111<\/div>\r\n\t\t\t\t\t\t\t\t\t\t\t\t\t\t\t\t\t\t<span class=\"item-desc item_desc_628\">1. k\u00e9p \u2013 harangszentel\u00e9s (1926) (SEL XV.5. 5. t\u00e9ka)<\/span>\r\n\t\t\t\t\t\t\t\t\t\t\t\t\t\t<\/div>\r\n\t\t\t\t\t<\/a>\r\n\t\t\t\t\t\t\t\t\t\t<a href=\"https:\/\/sopronigyujtemenyek.lutheran.hu\/wp-content\/uploads\/2.-kep-harangszenteles-1926.jpg\" class=\"pfg-lightbox-all pfg-lightbox-2\" data-lightbox=\"pfg-lightbox\"  data-title=\"2. k\u00e9p \u2013 harangszentel\u00e9s (1926) (SEL XV.5. 5. t\u00e9ka)\" data-alt=\"2. k\u00e9p \u2013 harangszentel\u00e9s (1926) (SEL XV.5. 5. t\u00e9ka)\" title=\"2. k\u00e9p \u2013 harangszentel\u00e9s (1926) (SEL XV.5. 5. t\u00e9ka)\">\r\n\t\t\t\t\t\t<div data-category=\"2\" data-sort=\"2. k\u00e9p \u2013 harangszentel\u00e9s (1926) (SEL XV.5. 5. t\u00e9ka)\" class=\"animateonload filtr-item filtr_item_628 single_one col-lg-2 col-md-3 col-sm-4 col-6\">\r\n\t\t\t\t\t\t\t\t\t\t\t\t\t\t\t<img decoding=\"async\" class=\" thumbnail  thumbnail_628 pfg-img pfg_img_628 img-responsive hvr-float-shadow\" src=\"https:\/\/sopronigyujtemenyek.lutheran.hu\/wp-content\/uploads\/2.-kep-harangszenteles-1926-150x150.jpg\" alt=\"\">\r\n\t\t\t\t\t\t\t\t\t\t\t\t\t\t\t\t\t<div class=\"item-position item_position_628\">112<\/div>\r\n\t\t\t\t\t\t\t\t\t\t\t\t\t\t\t\t\t\t<span class=\"item-desc item_desc_628\">2. k\u00e9p \u2013 harangszentel\u00e9s (1926) (SEL XV.5. 5. t\u00e9ka)<\/span>\r\n\t\t\t\t\t\t\t\t\t\t\t\t\t\t<\/div>\r\n\t\t\t\t\t<\/a>\r\n\t\t\t\t\t\t\t\t\t\t<a href=\"https:\/\/sopronigyujtemenyek.lutheran.hu\/wp-content\/uploads\/Hetvenyi-Lajos-1869-1926.jpg\" class=\"pfg-lightbox-all pfg-lightbox-9\" data-lightbox=\"pfg-lightbox\"  data-title=\"Hetv\u00e9nyi Lajos (1869-1926) (SEL XV.5.1.d.)\" data-alt=\"Hetv\u00e9nyi Lajos (1869-1926) (SEL XV.5.1.d.)\" title=\"Hetv\u00e9nyi Lajos (1869-1926) (SEL XV.5.1.d.)\">\r\n\t\t\t\t\t\t<div data-category=\"9\" data-sort=\"Hetv\u00e9nyi Lajos (1869-1926) (SEL XV.5.1.d.)\" class=\"animateonload filtr-item filtr_item_628 single_one col-lg-2 col-md-3 col-sm-4 col-6\">\r\n\t\t\t\t\t\t\t\t\t\t\t\t\t\t\t<img decoding=\"async\" class=\" thumbnail  thumbnail_628 pfg-img pfg_img_628 img-responsive hvr-float-shadow\" src=\"https:\/\/sopronigyujtemenyek.lutheran.hu\/wp-content\/uploads\/Hetvenyi-Lajos-1869-1926-150x150.jpg\" alt=\"\">\r\n\t\t\t\t\t\t\t\t\t\t\t\t\t\t\t\t\t<div class=\"item-position item_position_628\">113<\/div>\r\n\t\t\t\t\t\t\t\t\t\t\t\t\t\t\t\t\t\t<span class=\"item-desc item_desc_628\">Hetv\u00e9nyi Lajos (1869-1926) (SEL XV.5.1.d.)<\/span>\r\n\t\t\t\t\t\t\t\t\t\t\t\t\t\t<\/div>\r\n\t\t\t\t\t<\/a>\r\n\t\t\t\t\t\t\t\t\t\t<a href=\"https:\/\/sopronigyujtemenyek.lutheran.hu\/wp-content\/uploads\/Gombocz-Miklos-1844-1922.jpg\" class=\"pfg-lightbox-all pfg-lightbox-9\" data-lightbox=\"pfg-lightbox\"  data-title=\"Gombocz Mikl\u00f3s (1844-1922) (SEL XV.5.1.d.)\" data-alt=\"Gombocz Mikl\u00f3s (1844-1922) (SEL XV.5.1.d.)\" title=\"Gombocz Mikl\u00f3s (1844-1922) (SEL XV.5.1.d.)\">\r\n\t\t\t\t\t\t<div data-category=\"9\" data-sort=\"Gombocz Mikl\u00f3s (1844-1922) (SEL XV.5.1.d.)\" class=\"animateonload filtr-item filtr_item_628 single_one col-lg-2 col-md-3 col-sm-4 col-6\">\r\n\t\t\t\t\t\t\t\t\t\t\t\t\t\t\t<img decoding=\"async\" class=\" thumbnail  thumbnail_628 pfg-img pfg_img_628 img-responsive hvr-float-shadow\" src=\"https:\/\/sopronigyujtemenyek.lutheran.hu\/wp-content\/uploads\/Gombocz-Miklos-1844-1922-150x150.jpg\" alt=\"\">\r\n\t\t\t\t\t\t\t\t\t\t\t\t\t\t\t\t\t<div class=\"item-position item_position_628\">114<\/div>\r\n\t\t\t\t\t\t\t\t\t\t\t\t\t\t\t\t\t\t<span class=\"item-desc item_desc_628\">Gombocz Mikl\u00f3s (1844-1922) (SEL XV.5.1.d.)<\/span>\r\n\t\t\t\t\t\t\t\t\t\t\t\t\t\t<\/div>\r\n\t\t\t\t\t<\/a>\r\n\t\t\t\t\t\t\t\t\t\t<a href=\"https:\/\/sopronigyujtemenyek.lutheran.hu\/wp-content\/uploads\/Kiraly-Bela-1860-1901.jpg\" class=\"pfg-lightbox-all pfg-lightbox-9\" data-lightbox=\"pfg-lightbox\"  data-title=\"Kir\u00e1ly B\u00e9la (1860-1901) (SEL XV.5.1.d.)\" data-alt=\"Kir\u00e1ly B\u00e9la (1860-1901) (SEL XV.5.1.d.)\" title=\"Kir\u00e1ly B\u00e9la (1860-1901) (SEL XV.5.1.d.)\">\r\n\t\t\t\t\t\t<div data-category=\"9\" data-sort=\"Kir\u00e1ly B\u00e9la (1860-1901) (SEL XV.5.1.d.)\" class=\"animateonload filtr-item filtr_item_628 single_one col-lg-2 col-md-3 col-sm-4 col-6\">\r\n\t\t\t\t\t\t\t\t\t\t\t\t\t\t\t<img decoding=\"async\" class=\" thumbnail  thumbnail_628 pfg-img pfg_img_628 img-responsive hvr-float-shadow\" src=\"https:\/\/sopronigyujtemenyek.lutheran.hu\/wp-content\/uploads\/Kiraly-Bela-1860-1901-150x150.jpg\" alt=\"\">\r\n\t\t\t\t\t\t\t\t\t\t\t\t\t\t\t\t\t<div class=\"item-position item_position_628\">115<\/div>\r\n\t\t\t\t\t\t\t\t\t\t\t\t\t\t\t\t\t\t<span class=\"item-desc item_desc_628\">Kir\u00e1ly B\u00e9la (1860-1901) (SEL XV.5.1.d.)<\/span>\r\n\t\t\t\t\t\t\t\t\t\t\t\t\t\t<\/div>\r\n\t\t\t\t\t<\/a>\r\n\t\t\t\t\t\t\t\t\t\t<a href=\"https:\/\/sopronigyujtemenyek.lutheran.hu\/wp-content\/uploads\/Kiraly-Jozsef-Pal-1810-1887.jpg\" class=\"pfg-lightbox-all pfg-lightbox-9\" data-lightbox=\"pfg-lightbox\"  data-title=\"Kir\u00e1ly J\u00f3zsef P\u00e1l (1810-1887) (SEL XV.5.1.d.)\" data-alt=\"Kir\u00e1ly J\u00f3zsef P\u00e1l (1810-1887) (SEL XV.5.1.d.)\" title=\"Kir\u00e1ly J\u00f3zsef P\u00e1l (1810-1887) (SEL XV.5.1.d.)\">\r\n\t\t\t\t\t\t<div data-category=\"9\" data-sort=\"Kir\u00e1ly J\u00f3zsef P\u00e1l (1810-1887) (SEL XV.5.1.d.)\" class=\"animateonload filtr-item filtr_item_628 single_one col-lg-2 col-md-3 col-sm-4 col-6\">\r\n\t\t\t\t\t\t\t\t\t\t\t\t\t\t\t<img decoding=\"async\" class=\" thumbnail  thumbnail_628 pfg-img pfg_img_628 img-responsive hvr-float-shadow\" src=\"https:\/\/sopronigyujtemenyek.lutheran.hu\/wp-content\/uploads\/Kiraly-Jozsef-Pal-1810-1887-150x150.jpg\" alt=\"\">\r\n\t\t\t\t\t\t\t\t\t\t\t\t\t\t\t\t\t<div class=\"item-position item_position_628\">116<\/div>\r\n\t\t\t\t\t\t\t\t\t\t\t\t\t\t\t\t\t\t<span class=\"item-desc item_desc_628\">Kir\u00e1ly J\u00f3zsef P\u00e1l (1810-1887) (SEL XV.5.1.d.)<\/span>\r\n\t\t\t\t\t\t\t\t\t\t\t\t\t\t<\/div>\r\n\t\t\t\t\t<\/a>\r\n\t\t\t\t\t\t\t\t\t\t<a href=\"https:\/\/sopronigyujtemenyek.lutheran.hu\/wp-content\/uploads\/Nemeth-Samuel-1877-1975.jpg\" class=\"pfg-lightbox-all pfg-lightbox-9\" data-lightbox=\"pfg-lightbox\"  data-title=\"N\u00e9meth S\u00e1muel (1877-1975) (SEL XV.5.1.d.)\" data-alt=\"N\u00e9meth S\u00e1muel (1877-1975) (SEL XV.5.1.d.)\" title=\"N\u00e9meth S\u00e1muel (1877-1975) (SEL XV.5.1.d.)\">\r\n\t\t\t\t\t\t<div data-category=\"9\" data-sort=\"N\u00e9meth S\u00e1muel (1877-1975) (SEL XV.5.1.d.)\" class=\"animateonload filtr-item filtr_item_628 single_one col-lg-2 col-md-3 col-sm-4 col-6\">\r\n\t\t\t\t\t\t\t\t\t\t\t\t\t\t\t<img decoding=\"async\" class=\" thumbnail  thumbnail_628 pfg-img pfg_img_628 img-responsive hvr-float-shadow\" src=\"https:\/\/sopronigyujtemenyek.lutheran.hu\/wp-content\/uploads\/Nemeth-Samuel-1877-1975-150x150.jpg\" alt=\"\">\r\n\t\t\t\t\t\t\t\t\t\t\t\t\t\t\t\t\t<div class=\"item-position item_position_628\">117<\/div>\r\n\t\t\t\t\t\t\t\t\t\t\t\t\t\t\t\t\t\t<span class=\"item-desc item_desc_628\">N\u00e9meth S\u00e1muel (1877-1975) (SEL XV.5.1.d.)<\/span>\r\n\t\t\t\t\t\t\t\t\t\t\t\t\t\t<\/div>\r\n\t\t\t\t\t<\/a>\r\n\t\t\t\t\t\t\t\t\t\t<a href=\"https:\/\/sopronigyujtemenyek.lutheran.hu\/wp-content\/uploads\/Ihasz-Ferenc.jpg\" class=\"pfg-lightbox-all pfg-lightbox-9\" data-lightbox=\"pfg-lightbox\"  data-title=\"Ih\u00e1sz Ferenc (SEL XV.5.1.d.)\" data-alt=\"Ih\u00e1sz Ferenc (SEL XV.5.1.d.)\" title=\"Ih\u00e1sz Ferenc (SEL XV.5.1.d.)\">\r\n\t\t\t\t\t\t<div data-category=\"9\" data-sort=\"Ih\u00e1sz Ferenc (SEL XV.5.1.d.)\" class=\"animateonload filtr-item filtr_item_628 single_one col-lg-2 col-md-3 col-sm-4 col-6\">\r\n\t\t\t\t\t\t\t\t\t\t\t\t\t\t\t<img decoding=\"async\" class=\" thumbnail  thumbnail_628 pfg-img pfg_img_628 img-responsive hvr-float-shadow\" src=\"https:\/\/sopronigyujtemenyek.lutheran.hu\/wp-content\/uploads\/Ihasz-Ferenc-150x150.jpg\" alt=\"\">\r\n\t\t\t\t\t\t\t\t\t\t\t\t\t\t\t\t\t<div class=\"item-position item_position_628\">118<\/div>\r\n\t\t\t\t\t\t\t\t\t\t\t\t\t\t\t\t\t\t<span class=\"item-desc item_desc_628\">Ih\u00e1sz Ferenc (SEL XV.5.1.d.)<\/span>\r\n\t\t\t\t\t\t\t\t\t\t\t\t\t\t<\/div>\r\n\t\t\t\t\t<\/a>\r\n\t\t\t\t\t\t\t\t\t\t<a href=\"https:\/\/sopronigyujtemenyek.lutheran.hu\/wp-content\/uploads\/Nemeth-Samuel-1967.-szeptemberben-90-eves.jpg\" class=\"pfg-lightbox-all pfg-lightbox-9\" data-lightbox=\"pfg-lightbox\"  data-title=\"N\u00e9meth S\u00e1muel 1967. szeptemberben (90 \u00e9ves) (SEL XV.5.1.d.)\" data-alt=\"N\u00e9meth S\u00e1muel 1967. szeptemberben (90 \u00e9ves) (SEL XV.5.1.d.)\" title=\"N\u00e9meth S\u00e1muel 1967. szeptemberben (90 \u00e9ves) (SEL XV.5.1.d.)\">\r\n\t\t\t\t\t\t<div data-category=\"9\" data-sort=\"N\u00e9meth S\u00e1muel 1967. szeptemberben (90 \u00e9ves) (SEL XV.5.1.d.)\" class=\"animateonload filtr-item filtr_item_628 single_one col-lg-2 col-md-3 col-sm-4 col-6\">\r\n\t\t\t\t\t\t\t\t\t\t\t\t\t\t\t<img decoding=\"async\" class=\" thumbnail  thumbnail_628 pfg-img pfg_img_628 img-responsive hvr-float-shadow\" src=\"https:\/\/sopronigyujtemenyek.lutheran.hu\/wp-content\/uploads\/Nemeth-Samuel-1967.-szeptemberben-90-eves-150x150.jpg\" alt=\"\">\r\n\t\t\t\t\t\t\t\t\t\t\t\t\t\t\t\t\t<div class=\"item-position item_position_628\">119<\/div>\r\n\t\t\t\t\t\t\t\t\t\t\t\t\t\t\t\t\t\t<span class=\"item-desc item_desc_628\">N\u00e9meth S\u00e1muel 1967. szeptemberben (90 \u00e9ves) (SEL XV.5.1.d.)<\/span>\r\n\t\t\t\t\t\t\t\t\t\t\t\t\t\t<\/div>\r\n\t\t\t\t\t<\/a>\r\n\t\t\t\t\t\t\t\t\t\t<a href=\"https:\/\/sopronigyujtemenyek.lutheran.hu\/wp-content\/uploads\/Ruhmann-Jeno-1884-1954.jpg\" class=\"pfg-lightbox-all pfg-lightbox-9\" data-lightbox=\"pfg-lightbox\"  data-title=\"Ruhmann Jen\u0151 (1884-1954) (SEL XV.5.1.d.)\" data-alt=\"Ruhmann Jen\u0151 (1884-1954) (SEL XV.5.1.d.)\" title=\"Ruhmann Jen\u0151 (1884-1954) (SEL XV.5.1.d.)\">\r\n\t\t\t\t\t\t<div data-category=\"9\" data-sort=\"Ruhmann Jen\u0151 (1884-1954) (SEL XV.5.1.d.)\" class=\"animateonload filtr-item filtr_item_628 single_one col-lg-2 col-md-3 col-sm-4 col-6\">\r\n\t\t\t\t\t\t\t\t\t\t\t\t\t\t\t<img decoding=\"async\" class=\" thumbnail  thumbnail_628 pfg-img pfg_img_628 img-responsive hvr-float-shadow\" src=\"https:\/\/sopronigyujtemenyek.lutheran.hu\/wp-content\/uploads\/Ruhmann-Jeno-1884-1954-150x150.jpg\" alt=\"\">\r\n\t\t\t\t\t\t\t\t\t\t\t\t\t\t\t\t\t<div class=\"item-position item_position_628\">120<\/div>\r\n\t\t\t\t\t\t\t\t\t\t\t\t\t\t\t\t\t\t<span class=\"item-desc item_desc_628\">Ruhmann Jen\u0151 (1884-1954) (SEL XV.5.1.d.)<\/span>\r\n\t\t\t\t\t\t\t\t\t\t\t\t\t\t<\/div>\r\n\t\t\t\t\t<\/a>\r\n\t\t\t\t\t\t\t\t\t\t<a href=\"https:\/\/sopronigyujtemenyek.lutheran.hu\/wp-content\/uploads\/Banfalvi-hosi-temeto.jpg\" class=\"pfg-lightbox-all pfg-lightbox-1\" data-lightbox=\"pfg-lightbox\"  data-title=\"B\u00e1nfalvi h\u0151si temet\u0151 (SEL XV.5. 6.d.)\" data-alt=\"B\u00e1nfalvi h\u0151si temet\u0151 (SEL XV.5. 6.d.)\" title=\"B\u00e1nfalvi h\u0151si temet\u0151 (SEL XV.5. 6.d.)\">\r\n\t\t\t\t\t\t<div data-category=\"1\" data-sort=\"B\u00e1nfalvi h\u0151si temet\u0151 (SEL XV.5. 6.d.)\" class=\"animateonload filtr-item filtr_item_628 single_one col-lg-2 col-md-3 col-sm-4 col-6\">\r\n\t\t\t\t\t\t\t\t\t\t\t\t\t\t\t<img decoding=\"async\" class=\" thumbnail  thumbnail_628 pfg-img pfg_img_628 img-responsive hvr-float-shadow\" src=\"https:\/\/sopronigyujtemenyek.lutheran.hu\/wp-content\/uploads\/Banfalvi-hosi-temeto-150x150.jpg\" alt=\"\">\r\n\t\t\t\t\t\t\t\t\t\t\t\t\t\t\t\t\t<div class=\"item-position item_position_628\">121<\/div>\r\n\t\t\t\t\t\t\t\t\t\t\t\t\t\t\t\t\t\t<span class=\"item-desc item_desc_628\">B\u00e1nfalvi h\u0151si temet\u0151 (SEL XV.5. 6.d.)<\/span>\r\n\t\t\t\t\t\t\t\t\t\t\t\t\t\t<\/div>\r\n\t\t\t\t\t<\/a>\r\n\t\t\t\t\t\t\t\t\t\t<a href=\"https:\/\/sopronigyujtemenyek.lutheran.hu\/wp-content\/uploads\/Domonkos-templom.jpg\" class=\"pfg-lightbox-all pfg-lightbox-1\" data-lightbox=\"pfg-lightbox\"  data-title=\"Domonkos templom (SEL XV.5. 6.d.)\" data-alt=\"Domonkos templom (SEL XV.5. 6.d.)\" title=\"Domonkos templom (SEL XV.5. 6.d.)\">\r\n\t\t\t\t\t\t<div data-category=\"1\" data-sort=\"Domonkos templom (SEL XV.5. 6.d.)\" class=\"animateonload filtr-item filtr_item_628 single_one col-lg-2 col-md-3 col-sm-4 col-6\">\r\n\t\t\t\t\t\t\t\t\t\t\t\t\t\t\t<img decoding=\"async\" class=\" thumbnail  thumbnail_628 pfg-img pfg_img_628 img-responsive hvr-float-shadow\" src=\"https:\/\/sopronigyujtemenyek.lutheran.hu\/wp-content\/uploads\/Domonkos-templom-150x150.jpg\" alt=\"\">\r\n\t\t\t\t\t\t\t\t\t\t\t\t\t\t\t\t\t<div class=\"item-position item_position_628\">122<\/div>\r\n\t\t\t\t\t\t\t\t\t\t\t\t\t\t\t\t\t\t<span class=\"item-desc item_desc_628\">Domonkos templom (SEL XV.5. 6.d.)<\/span>\r\n\t\t\t\t\t\t\t\t\t\t\t\t\t\t<\/div>\r\n\t\t\t\t\t<\/a>\r\n\t\t\t\t\t\t\t\t\t\t<a href=\"https:\/\/sopronigyujtemenyek.lutheran.hu\/wp-content\/uploads\/Fresko-reszlet-Sopronbanfalva-Maria-Magdolna-templom.jpg\" class=\"pfg-lightbox-all pfg-lightbox-1\" data-lightbox=\"pfg-lightbox\"  data-title=\"Fresk\u00f3 r\u00e9szlet- Sopronb\u00e1nfalva- M\u00e1ria Magdolna templom (SEL XV.5. 6.d.)\" data-alt=\"Fresk\u00f3 r\u00e9szlet- Sopronb\u00e1nfalva- M\u00e1ria Magdolna templom (SEL XV.5. 6.d.)\" title=\"Fresk\u00f3 r\u00e9szlet- Sopronb\u00e1nfalva- M\u00e1ria Magdolna templom (SEL XV.5. 6.d.)\">\r\n\t\t\t\t\t\t<div data-category=\"1\" data-sort=\"Fresk\u00f3 r\u00e9szlet- Sopronb\u00e1nfalva- M\u00e1ria Magdolna templom (SEL XV.5. 6.d.)\" class=\"animateonload filtr-item filtr_item_628 single_one col-lg-2 col-md-3 col-sm-4 col-6\">\r\n\t\t\t\t\t\t\t\t\t\t\t\t\t\t\t<img decoding=\"async\" class=\" thumbnail  thumbnail_628 pfg-img pfg_img_628 img-responsive hvr-float-shadow\" src=\"https:\/\/sopronigyujtemenyek.lutheran.hu\/wp-content\/uploads\/Fresko-reszlet-Sopronbanfalva-Maria-Magdolna-templom-150x150.jpg\" alt=\"\">\r\n\t\t\t\t\t\t\t\t\t\t\t\t\t\t\t\t\t<div class=\"item-position item_position_628\">123<\/div>\r\n\t\t\t\t\t\t\t\t\t\t\t\t\t\t\t\t\t\t<span class=\"item-desc item_desc_628\">Fresk\u00f3 r\u00e9szlet- Sopronb\u00e1nfalva- M\u00e1ria Magdolna templom (SEL XV.5. 6.d.)<\/span>\r\n\t\t\t\t\t\t\t\t\t\t\t\t\t\t<\/div>\r\n\t\t\t\t\t<\/a>\r\n\t\t\t\t\t\t\t\t\t\t<a href=\"https:\/\/sopronigyujtemenyek.lutheran.hu\/wp-content\/uploads\/Fresko-reszlet-Sopronbanfalva-Maria-Magdolna-templom-2..jpg\" class=\"pfg-lightbox-all pfg-lightbox-1\" data-lightbox=\"pfg-lightbox\"  data-title=\"Fresk\u00f3 r\u00e9szlet \u2013 Sopronb\u00e1nfalva- M\u00e1ria Magdolna templom 2. (SEL XV.5. 6.d.)\" data-alt=\"Fresk\u00f3 r\u00e9szlet \u2013 Sopronb\u00e1nfalva- M\u00e1ria Magdolna templom 2. (SEL XV.5. 6.d.)\" title=\"Fresk\u00f3 r\u00e9szlet \u2013 Sopronb\u00e1nfalva- M\u00e1ria Magdolna templom 2. (SEL XV.5. 6.d.)\">\r\n\t\t\t\t\t\t<div data-category=\"1\" data-sort=\"Fresk\u00f3 r\u00e9szlet \u2013 Sopronb\u00e1nfalva- M\u00e1ria Magdolna templom 2. (SEL XV.5. 6.d.)\" class=\"animateonload filtr-item filtr_item_628 single_one col-lg-2 col-md-3 col-sm-4 col-6\">\r\n\t\t\t\t\t\t\t\t\t\t\t\t\t\t\t<img decoding=\"async\" class=\" thumbnail  thumbnail_628 pfg-img pfg_img_628 img-responsive hvr-float-shadow\" src=\"https:\/\/sopronigyujtemenyek.lutheran.hu\/wp-content\/uploads\/Fresko-reszlet-Sopronbanfalva-Maria-Magdolna-templom-2.-150x150.jpg\" alt=\"\">\r\n\t\t\t\t\t\t\t\t\t\t\t\t\t\t\t\t\t<div class=\"item-position item_position_628\">124<\/div>\r\n\t\t\t\t\t\t\t\t\t\t\t\t\t\t\t\t\t\t<span class=\"item-desc item_desc_628\">Fresk\u00f3 r\u00e9szlet \u2013 Sopronb\u00e1nfalva- M\u00e1ria Magdolna templom 2. (SEL XV.5. 6.d.)<\/span>\r\n\t\t\t\t\t\t\t\t\t\t\t\t\t\t<\/div>\r\n\t\t\t\t\t<\/a>\r\n\t\t\t\t\t\t\t\t\t\t<a href=\"https:\/\/sopronigyujtemenyek.lutheran.hu\/wp-content\/uploads\/Karmelita-templom-Banfalva.jpg\" class=\"pfg-lightbox-all pfg-lightbox-1\" data-lightbox=\"pfg-lightbox\"  data-title=\"K\u00e1rmelita templom, B\u00e1nfalva (SEL XV.5. 6.d.)\" data-alt=\"K\u00e1rmelita templom, B\u00e1nfalva (SEL XV.5. 6.d.)\" title=\"K\u00e1rmelita templom, B\u00e1nfalva (SEL XV.5. 6.d.)\">\r\n\t\t\t\t\t\t<div data-category=\"1\" data-sort=\"K\u00e1rmelita templom, B\u00e1nfalva (SEL XV.5. 6.d.)\" class=\"animateonload filtr-item filtr_item_628 single_one col-lg-2 col-md-3 col-sm-4 col-6\">\r\n\t\t\t\t\t\t\t\t\t\t\t\t\t\t\t<img decoding=\"async\" class=\" thumbnail  thumbnail_628 pfg-img pfg_img_628 img-responsive hvr-float-shadow\" src=\"https:\/\/sopronigyujtemenyek.lutheran.hu\/wp-content\/uploads\/Karmelita-templom-Banfalva-150x150.jpg\" alt=\"\">\r\n\t\t\t\t\t\t\t\t\t\t\t\t\t\t\t\t\t<div class=\"item-position item_position_628\">125<\/div>\r\n\t\t\t\t\t\t\t\t\t\t\t\t\t\t\t\t\t\t<span class=\"item-desc item_desc_628\">K\u00e1rmelita templom, B\u00e1nfalva (SEL XV.5. 6.d.)<\/span>\r\n\t\t\t\t\t\t\t\t\t\t\t\t\t\t<\/div>\r\n\t\t\t\t\t<\/a>\r\n\t\t\t\t\t\t\t\t\t\t<a href=\"https:\/\/sopronigyujtemenyek.lutheran.hu\/wp-content\/uploads\/Fresko-reszlet-Sopronbanfalva-Maria-Magdolna-templom-3..jpg\" class=\"pfg-lightbox-all pfg-lightbox-1\" data-lightbox=\"pfg-lightbox\"  data-title=\"Fresk\u00f3 r\u00e9szlet \u2013 Sopronb\u00e1nfalva- M\u00e1ria Magdolna templom 3. (SEL XV.5. 6.d.)\" data-alt=\"Fresk\u00f3 r\u00e9szlet \u2013 Sopronb\u00e1nfalva- M\u00e1ria Magdolna templom 3. (SEL XV.5. 6.d.)\" title=\"Fresk\u00f3 r\u00e9szlet \u2013 Sopronb\u00e1nfalva- M\u00e1ria Magdolna templom 3. (SEL XV.5. 6.d.)\">\r\n\t\t\t\t\t\t<div data-category=\"1\" data-sort=\"Fresk\u00f3 r\u00e9szlet \u2013 Sopronb\u00e1nfalva- M\u00e1ria Magdolna templom 3. (SEL XV.5. 6.d.)\" class=\"animateonload filtr-item filtr_item_628 single_one col-lg-2 col-md-3 col-sm-4 col-6\">\r\n\t\t\t\t\t\t\t\t\t\t\t\t\t\t\t<img decoding=\"async\" class=\" thumbnail  thumbnail_628 pfg-img pfg_img_628 img-responsive hvr-float-shadow\" src=\"https:\/\/sopronigyujtemenyek.lutheran.hu\/wp-content\/uploads\/Fresko-reszlet-Sopronbanfalva-Maria-Magdolna-templom-3.-150x150.jpg\" alt=\"\">\r\n\t\t\t\t\t\t\t\t\t\t\t\t\t\t\t\t\t<div class=\"item-position item_position_628\">126<\/div>\r\n\t\t\t\t\t\t\t\t\t\t\t\t\t\t\t\t\t\t<span class=\"item-desc item_desc_628\">Fresk\u00f3 r\u00e9szlet \u2013 Sopronb\u00e1nfalva- M\u00e1ria Magdolna templom 3. (SEL XV.5. 6.d.)<\/span>\r\n\t\t\t\t\t\t\t\t\t\t\t\t\t\t<\/div>\r\n\t\t\t\t\t<\/a>\r\n\t\t\t\t\t\t\t\t\t\t<a href=\"https:\/\/sopronigyujtemenyek.lutheran.hu\/wp-content\/uploads\/Otvos-utca.jpg\" class=\"pfg-lightbox-all pfg-lightbox-1\" data-lightbox=\"pfg-lightbox\"  data-title=\"\u00d6tv\u00f6s utca (SEL XV.5. 6.d.)\" data-alt=\"\u00d6tv\u00f6s utca (SEL XV.5. 6.d.)\" title=\"\u00d6tv\u00f6s utca (SEL XV.5. 6.d.)\">\r\n\t\t\t\t\t\t<div data-category=\"1\" data-sort=\"\u00d6tv\u00f6s utca (SEL XV.5. 6.d.)\" class=\"animateonload filtr-item filtr_item_628 single_one col-lg-2 col-md-3 col-sm-4 col-6\">\r\n\t\t\t\t\t\t\t\t\t\t\t\t\t\t\t<img decoding=\"async\" class=\" thumbnail  thumbnail_628 pfg-img pfg_img_628 img-responsive hvr-float-shadow\" src=\"https:\/\/sopronigyujtemenyek.lutheran.hu\/wp-content\/uploads\/Otvos-utca-150x150.jpg\" alt=\"\">\r\n\t\t\t\t\t\t\t\t\t\t\t\t\t\t\t\t\t<div class=\"item-position item_position_628\">127<\/div>\r\n\t\t\t\t\t\t\t\t\t\t\t\t\t\t\t\t\t\t<span class=\"item-desc item_desc_628\">\u00d6tv\u00f6s utca (SEL XV.5. 6.d.)<\/span>\r\n\t\t\t\t\t\t\t\t\t\t\t\t\t\t<\/div>\r\n\t\t\t\t\t<\/a>\r\n\t\t\t\t\t\t\t\t\t\t<a href=\"https:\/\/sopronigyujtemenyek.lutheran.hu\/wp-content\/uploads\/Ket-mor-haz.jpg\" class=\"pfg-lightbox-all pfg-lightbox-1\" data-lightbox=\"pfg-lightbox\"  data-title=\"K\u00e9t m\u00f3r h\u00e1z (SEL XV.5. 6.d.)\" data-alt=\"K\u00e9t m\u00f3r h\u00e1z (SEL XV.5. 6.d.)\" title=\"K\u00e9t m\u00f3r h\u00e1z (SEL XV.5. 6.d.)\">\r\n\t\t\t\t\t\t<div data-category=\"1\" data-sort=\"K\u00e9t m\u00f3r h\u00e1z (SEL XV.5. 6.d.)\" class=\"animateonload filtr-item filtr_item_628 single_one col-lg-2 col-md-3 col-sm-4 col-6\">\r\n\t\t\t\t\t\t\t\t\t\t\t\t\t\t\t<img decoding=\"async\" class=\" thumbnail  thumbnail_628 pfg-img pfg_img_628 img-responsive hvr-float-shadow\" src=\"https:\/\/sopronigyujtemenyek.lutheran.hu\/wp-content\/uploads\/Ket-mor-haz-150x150.jpg\" alt=\"\">\r\n\t\t\t\t\t\t\t\t\t\t\t\t\t\t\t\t\t<div class=\"item-position item_position_628\">128<\/div>\r\n\t\t\t\t\t\t\t\t\t\t\t\t\t\t\t\t\t\t<span class=\"item-desc item_desc_628\">K\u00e9t m\u00f3r h\u00e1z (SEL XV.5. 6.d.)<\/span>\r\n\t\t\t\t\t\t\t\t\t\t\t\t\t\t<\/div>\r\n\t\t\t\t\t<\/a>\r\n\t\t\t\t\t\t\t\t\t\t<a href=\"https:\/\/sopronigyujtemenyek.lutheran.hu\/wp-content\/uploads\/Ket-mor-haz-homlokzata.jpg\" class=\"pfg-lightbox-all pfg-lightbox-1\" data-lightbox=\"pfg-lightbox\"  data-title=\"K\u00e9t m\u00f3r h\u00e1z homlokzata (SEL XV.5. 6.d.)\" data-alt=\"K\u00e9t m\u00f3r h\u00e1z homlokzata (SEL XV.5. 6.d.)\" title=\"K\u00e9t m\u00f3r h\u00e1z homlokzata (SEL XV.5. 6.d.)\">\r\n\t\t\t\t\t\t<div data-category=\"1\" data-sort=\"K\u00e9t m\u00f3r h\u00e1z homlokzata (SEL XV.5. 6.d.)\" class=\"animateonload filtr-item filtr_item_628 single_one col-lg-2 col-md-3 col-sm-4 col-6\">\r\n\t\t\t\t\t\t\t\t\t\t\t\t\t\t\t<img decoding=\"async\" class=\" thumbnail  thumbnail_628 pfg-img pfg_img_628 img-responsive hvr-float-shadow\" src=\"https:\/\/sopronigyujtemenyek.lutheran.hu\/wp-content\/uploads\/Ket-mor-haz-homlokzata-150x150.jpg\" alt=\"\">\r\n\t\t\t\t\t\t\t\t\t\t\t\t\t\t\t\t\t<div class=\"item-position item_position_628\">129<\/div>\r\n\t\t\t\t\t\t\t\t\t\t\t\t\t\t\t\t\t\t<span class=\"item-desc item_desc_628\">K\u00e9t m\u00f3r h\u00e1z homlokzata (SEL XV.5. 6.d.)<\/span>\r\n\t\t\t\t\t\t\t\t\t\t\t\t\t\t<\/div>\r\n\t\t\t\t\t<\/a>\r\n\t\t\t\t\t\t\t\t\t\t<a href=\"https:\/\/sopronigyujtemenyek.lutheran.hu\/wp-content\/uploads\/Pocsi-utca.jpg\" class=\"pfg-lightbox-all pfg-lightbox-1\" data-lightbox=\"pfg-lightbox\"  data-title=\"P\u00f3csi utca (SEL XV.5. 6.d.)\" data-alt=\"P\u00f3csi utca (SEL XV.5. 6.d.)\" title=\"P\u00f3csi utca (SEL XV.5. 6.d.)\">\r\n\t\t\t\t\t\t<div data-category=\"1\" data-sort=\"P\u00f3csi utca (SEL XV.5. 6.d.)\" class=\"animateonload filtr-item filtr_item_628 single_one col-lg-2 col-md-3 col-sm-4 col-6\">\r\n\t\t\t\t\t\t\t\t\t\t\t\t\t\t\t<img decoding=\"async\" class=\" thumbnail  thumbnail_628 pfg-img pfg_img_628 img-responsive hvr-float-shadow\" src=\"https:\/\/sopronigyujtemenyek.lutheran.hu\/wp-content\/uploads\/Pocsi-utca-150x150.jpg\" alt=\"\">\r\n\t\t\t\t\t\t\t\t\t\t\t\t\t\t\t\t\t<div class=\"item-position item_position_628\">130<\/div>\r\n\t\t\t\t\t\t\t\t\t\t\t\t\t\t\t\t\t\t<span class=\"item-desc item_desc_628\">P\u00f3csi utca (SEL XV.5. 6.d.)<\/span>\r\n\t\t\t\t\t\t\t\t\t\t\t\t\t\t<\/div>\r\n\t\t\t\t\t<\/a>\r\n\t\t\t\t\t\t\t\t\t\t<a href=\"https:\/\/sopronigyujtemenyek.lutheran.hu\/wp-content\/uploads\/Kisvarkerulet.jpg\" class=\"pfg-lightbox-all pfg-lightbox-1\" data-lightbox=\"pfg-lightbox\"  data-title=\"Kisv\u00e1rker\u00fclet (SEL XV.5. 6.d.)\" data-alt=\"Kisv\u00e1rker\u00fclet (SEL XV.5. 6.d.)\" title=\"Kisv\u00e1rker\u00fclet (SEL XV.5. 6.d.)\">\r\n\t\t\t\t\t\t<div data-category=\"1\" data-sort=\"Kisv\u00e1rker\u00fclet (SEL XV.5. 6.d.)\" class=\"animateonload filtr-item filtr_item_628 single_one col-lg-2 col-md-3 col-sm-4 col-6\">\r\n\t\t\t\t\t\t\t\t\t\t\t\t\t\t\t<img decoding=\"async\" class=\" thumbnail  thumbnail_628 pfg-img pfg_img_628 img-responsive hvr-float-shadow\" src=\"https:\/\/sopronigyujtemenyek.lutheran.hu\/wp-content\/uploads\/Kisvarkerulet-150x150.jpg\" alt=\"\">\r\n\t\t\t\t\t\t\t\t\t\t\t\t\t\t\t\t\t<div class=\"item-position item_position_628\">131<\/div>\r\n\t\t\t\t\t\t\t\t\t\t\t\t\t\t\t\t\t\t<span class=\"item-desc item_desc_628\">Kisv\u00e1rker\u00fclet (SEL XV.5. 6.d.)<\/span>\r\n\t\t\t\t\t\t\t\t\t\t\t\t\t\t<\/div>\r\n\t\t\t\t\t<\/a>\r\n\t\t\t\t\t\t\t\t\t\t<a href=\"https:\/\/sopronigyujtemenyek.lutheran.hu\/wp-content\/uploads\/Ket-mor-haz-kapuja.jpg\" class=\"pfg-lightbox-all pfg-lightbox-1\" data-lightbox=\"pfg-lightbox\"  data-title=\"K\u00e9t m\u00f3r h\u00e1z kapuja (SEL XV.5. 6.d.)\" data-alt=\"K\u00e9t m\u00f3r h\u00e1z kapuja (SEL XV.5. 6.d.)\" title=\"K\u00e9t m\u00f3r h\u00e1z kapuja (SEL XV.5. 6.d.)\">\r\n\t\t\t\t\t\t<div data-category=\"1\" data-sort=\"K\u00e9t m\u00f3r h\u00e1z kapuja (SEL XV.5. 6.d.)\" class=\"animateonload filtr-item filtr_item_628 single_one col-lg-2 col-md-3 col-sm-4 col-6\">\r\n\t\t\t\t\t\t\t\t\t\t\t\t\t\t\t<img decoding=\"async\" class=\" thumbnail  thumbnail_628 pfg-img pfg_img_628 img-responsive hvr-float-shadow\" src=\"https:\/\/sopronigyujtemenyek.lutheran.hu\/wp-content\/uploads\/Ket-mor-haz-kapuja-150x150.jpg\" alt=\"\">\r\n\t\t\t\t\t\t\t\t\t\t\t\t\t\t\t\t\t<div class=\"item-position item_position_628\">132<\/div>\r\n\t\t\t\t\t\t\t\t\t\t\t\t\t\t\t\t\t\t<span class=\"item-desc item_desc_628\">K\u00e9t m\u00f3r h\u00e1z kapuja (SEL XV.5. 6.d.)<\/span>\r\n\t\t\t\t\t\t\t\t\t\t\t\t\t\t<\/div>\r\n\t\t\t\t\t<\/a>\r\n\t\t\t\t\t\t\t\t\t\t<a href=\"https:\/\/sopronigyujtemenyek.lutheran.hu\/wp-content\/uploads\/Rozsa-utca-2..jpg\" class=\"pfg-lightbox-all pfg-lightbox-1\" data-lightbox=\"pfg-lightbox\"  data-title=\"R\u00f3zsa utca 2. (SEL XV.5. 6.d.)\" data-alt=\"R\u00f3zsa utca 2. (SEL XV.5. 6.d.)\" title=\"R\u00f3zsa utca 2. (SEL XV.5. 6.d.)\">\r\n\t\t\t\t\t\t<div data-category=\"1\" data-sort=\"R\u00f3zsa utca 2. (SEL XV.5. 6.d.)\" class=\"animateonload filtr-item filtr_item_628 single_one col-lg-2 col-md-3 col-sm-4 col-6\">\r\n\t\t\t\t\t\t\t\t\t\t\t\t\t\t\t<img decoding=\"async\" class=\" thumbnail  thumbnail_628 pfg-img pfg_img_628 img-responsive hvr-float-shadow\" src=\"https:\/\/sopronigyujtemenyek.lutheran.hu\/wp-content\/uploads\/Rozsa-utca-2.-150x150.jpg\" alt=\"\">\r\n\t\t\t\t\t\t\t\t\t\t\t\t\t\t\t\t\t<div class=\"item-position item_position_628\">133<\/div>\r\n\t\t\t\t\t\t\t\t\t\t\t\t\t\t\t\t\t\t<span class=\"item-desc item_desc_628\">R\u00f3zsa utca 2. (SEL XV.5. 6.d.)<\/span>\r\n\t\t\t\t\t\t\t\t\t\t\t\t\t\t<\/div>\r\n\t\t\t\t\t<\/a>\r\n\t\t\t\t\t\t\t\t\t\t<a href=\"https:\/\/sopronigyujtemenyek.lutheran.hu\/wp-content\/uploads\/Reszlet-a-Szent-Gyorgy-u.-19-udvararol-elerheto-belso-varosfalbol.jpg\" class=\"pfg-lightbox-all pfg-lightbox-1\" data-lightbox=\"pfg-lightbox\"  data-title=\"R\u00e9szlet a Szent Gy\u00f6rgy u. 19 udvar\u00e1r\u00f3l el\u00e9rhet\u0151 bels\u0151 v\u00e1rosfalb\u00f3l (SEL XV.5. 6.d.)\" data-alt=\"R\u00e9szlet a Szent Gy\u00f6rgy u. 19 udvar\u00e1r\u00f3l el\u00e9rhet\u0151 bels\u0151 v\u00e1rosfalb\u00f3l (SEL XV.5. 6.d.)\" title=\"R\u00e9szlet a Szent Gy\u00f6rgy u. 19 udvar\u00e1r\u00f3l el\u00e9rhet\u0151 bels\u0151 v\u00e1rosfalb\u00f3l (SEL XV.5. 6.d.)\">\r\n\t\t\t\t\t\t<div data-category=\"1\" data-sort=\"R\u00e9szlet a Szent Gy\u00f6rgy u. 19 udvar\u00e1r\u00f3l el\u00e9rhet\u0151 bels\u0151 v\u00e1rosfalb\u00f3l (SEL XV.5. 6.d.)\" class=\"animateonload filtr-item filtr_item_628 single_one col-lg-2 col-md-3 col-sm-4 col-6\">\r\n\t\t\t\t\t\t\t\t\t\t\t\t\t\t\t<img decoding=\"async\" class=\" thumbnail  thumbnail_628 pfg-img pfg_img_628 img-responsive hvr-float-shadow\" src=\"https:\/\/sopronigyujtemenyek.lutheran.hu\/wp-content\/uploads\/Reszlet-a-Szent-Gyorgy-u.-19-udvararol-elerheto-belso-varosfalbol-150x150.jpg\" alt=\"\">\r\n\t\t\t\t\t\t\t\t\t\t\t\t\t\t\t\t\t<div class=\"item-position item_position_628\">134<\/div>\r\n\t\t\t\t\t\t\t\t\t\t\t\t\t\t\t\t\t\t<span class=\"item-desc item_desc_628\">R\u00e9szlet a Szent Gy\u00f6rgy u. 19 udvar\u00e1r\u00f3l el\u00e9rhet\u0151 bels\u0151 v\u00e1rosfalb\u00f3l (SEL XV.5. 6.d.)<\/span>\r\n\t\t\t\t\t\t\t\t\t\t\t\t\t\t<\/div>\r\n\t\t\t\t\t<\/a>\r\n\t\t\t\t\t\t\t\t\t\t<a href=\"https:\/\/sopronigyujtemenyek.lutheran.hu\/wp-content\/uploads\/Rozsa-utca.jpg\" class=\"pfg-lightbox-all pfg-lightbox-1\" data-lightbox=\"pfg-lightbox\"  data-title=\"R\u00f3zsa utca (SEL XV.5. 6.d.)\" data-alt=\"R\u00f3zsa utca (SEL XV.5. 6.d.)\" title=\"R\u00f3zsa utca (SEL XV.5. 6.d.)\">\r\n\t\t\t\t\t\t<div data-category=\"1\" data-sort=\"R\u00f3zsa utca (SEL XV.5. 6.d.)\" class=\"animateonload filtr-item filtr_item_628 single_one col-lg-2 col-md-3 col-sm-4 col-6\">\r\n\t\t\t\t\t\t\t\t\t\t\t\t\t\t\t<img decoding=\"async\" class=\" thumbnail  thumbnail_628 pfg-img pfg_img_628 img-responsive hvr-float-shadow\" src=\"https:\/\/sopronigyujtemenyek.lutheran.hu\/wp-content\/uploads\/Rozsa-utca-150x150.jpg\" alt=\"\">\r\n\t\t\t\t\t\t\t\t\t\t\t\t\t\t\t\t\t<div class=\"item-position item_position_628\">135<\/div>\r\n\t\t\t\t\t\t\t\t\t\t\t\t\t\t\t\t\t\t<span class=\"item-desc item_desc_628\">R\u00f3zsa utca (SEL XV.5. 6.d.)<\/span>\r\n\t\t\t\t\t\t\t\t\t\t\t\t\t\t<\/div>\r\n\t\t\t\t\t<\/a>\r\n\t\t\t\t\t\t\t\t\t\t<a href=\"https:\/\/sopronigyujtemenyek.lutheran.hu\/wp-content\/uploads\/Reszlet-a-Szent-Gyorgy-u.-19-udvararol-elerheto-belso-varosfalbol-II..jpg\" class=\"pfg-lightbox-all pfg-lightbox-1\" data-lightbox=\"pfg-lightbox\"  data-title=\"R\u00e9szlet a Szent Gy\u00f6rgy u. 19 udvar\u00e1r\u00f3l el\u00e9rhet\u0151 bels\u0151 v\u00e1rosfalb\u00f3l II. (SEL XV.5. 6.d.)\" data-alt=\"R\u00e9szlet a Szent Gy\u00f6rgy u. 19 udvar\u00e1r\u00f3l el\u00e9rhet\u0151 bels\u0151 v\u00e1rosfalb\u00f3l II. (SEL XV.5. 6.d.)\" title=\"R\u00e9szlet a Szent Gy\u00f6rgy u. 19 udvar\u00e1r\u00f3l el\u00e9rhet\u0151 bels\u0151 v\u00e1rosfalb\u00f3l II. (SEL XV.5. 6.d.)\">\r\n\t\t\t\t\t\t<div data-category=\"1\" data-sort=\"R\u00e9szlet a Szent Gy\u00f6rgy u. 19 udvar\u00e1r\u00f3l el\u00e9rhet\u0151 bels\u0151 v\u00e1rosfalb\u00f3l II. (SEL XV.5. 6.d.)\" class=\"animateonload filtr-item filtr_item_628 single_one col-lg-2 col-md-3 col-sm-4 col-6\">\r\n\t\t\t\t\t\t\t\t\t\t\t\t\t\t\t<img decoding=\"async\" class=\" thumbnail  thumbnail_628 pfg-img pfg_img_628 img-responsive hvr-float-shadow\" src=\"https:\/\/sopronigyujtemenyek.lutheran.hu\/wp-content\/uploads\/Reszlet-a-Szent-Gyorgy-u.-19-udvararol-elerheto-belso-varosfalbol-II.-150x150.jpg\" alt=\"\">\r\n\t\t\t\t\t\t\t\t\t\t\t\t\t\t\t\t\t<div class=\"item-position item_position_628\">136<\/div>\r\n\t\t\t\t\t\t\t\t\t\t\t\t\t\t\t\t\t\t<span class=\"item-desc item_desc_628\">R\u00e9szlet a Szent Gy\u00f6rgy u. 19 udvar\u00e1r\u00f3l el\u00e9rhet\u0151 bels\u0151 v\u00e1rosfalb\u00f3l II. (SEL XV.5. 6.d.)<\/span>\r\n\t\t\t\t\t\t\t\t\t\t\t\t\t\t<\/div>\r\n\t\t\t\t\t<\/a>\r\n\t\t\t\t\t\t\t\t\t\t<a href=\"https:\/\/sopronigyujtemenyek.lutheran.hu\/wp-content\/uploads\/Rozsa-utca-4..jpg\" class=\"pfg-lightbox-all pfg-lightbox-1\" data-lightbox=\"pfg-lightbox\"  data-title=\"R\u00f3zsa utca 4. (SEL XV.5. 6.d.)\" data-alt=\"R\u00f3zsa utca 4. (SEL XV.5. 6.d.)\" title=\"R\u00f3zsa utca 4. (SEL XV.5. 6.d.)\">\r\n\t\t\t\t\t\t<div data-category=\"1\" data-sort=\"R\u00f3zsa utca 4. (SEL XV.5. 6.d.)\" class=\"animateonload filtr-item filtr_item_628 single_one col-lg-2 col-md-3 col-sm-4 col-6\">\r\n\t\t\t\t\t\t\t\t\t\t\t\t\t\t\t<img decoding=\"async\" class=\" thumbnail  thumbnail_628 pfg-img pfg_img_628 img-responsive hvr-float-shadow\" src=\"https:\/\/sopronigyujtemenyek.lutheran.hu\/wp-content\/uploads\/Rozsa-utca-4.-150x150.jpg\" alt=\"\">\r\n\t\t\t\t\t\t\t\t\t\t\t\t\t\t\t\t\t<div class=\"item-position item_position_628\">137<\/div>\r\n\t\t\t\t\t\t\t\t\t\t\t\t\t\t\t\t\t\t<span class=\"item-desc item_desc_628\">R\u00f3zsa utca 4. (SEL XV.5. 6.d.)<\/span>\r\n\t\t\t\t\t\t\t\t\t\t\t\t\t\t<\/div>\r\n\t\t\t\t\t<\/a>\r\n\t\t\t\t\t\t\t\t\t\t<a href=\"https:\/\/sopronigyujtemenyek.lutheran.hu\/wp-content\/uploads\/Rozsa-utca-3..jpg\" class=\"pfg-lightbox-all pfg-lightbox-1\" data-lightbox=\"pfg-lightbox\"  data-title=\"R\u00f3zsa utca 3. (SEL XV.5. 6.d.)\" data-alt=\"R\u00f3zsa utca 3. (SEL XV.5. 6.d.)\" title=\"R\u00f3zsa utca 3. (SEL XV.5. 6.d.)\">\r\n\t\t\t\t\t\t<div data-category=\"1\" data-sort=\"R\u00f3zsa utca 3. (SEL XV.5. 6.d.)\" class=\"animateonload filtr-item filtr_item_628 single_one col-lg-2 col-md-3 col-sm-4 col-6\">\r\n\t\t\t\t\t\t\t\t\t\t\t\t\t\t\t<img decoding=\"async\" class=\" thumbnail  thumbnail_628 pfg-img pfg_img_628 img-responsive hvr-float-shadow\" src=\"https:\/\/sopronigyujtemenyek.lutheran.hu\/wp-content\/uploads\/Rozsa-utca-3.-150x150.jpg\" alt=\"\">\r\n\t\t\t\t\t\t\t\t\t\t\t\t\t\t\t\t\t<div class=\"item-position item_position_628\">138<\/div>\r\n\t\t\t\t\t\t\t\t\t\t\t\t\t\t\t\t\t\t<span class=\"item-desc item_desc_628\">R\u00f3zsa utca 3. (SEL XV.5. 6.d.)<\/span>\r\n\t\t\t\t\t\t\t\t\t\t\t\t\t\t<\/div>\r\n\t\t\t\t\t<\/a>\r\n\t\t\t\t\t\t\t\t\t\t<a href=\"https:\/\/sopronigyujtemenyek.lutheran.hu\/wp-content\/uploads\/Sopronbanfalva-Maria-Magdolna-templom.jpg\" class=\"pfg-lightbox-all pfg-lightbox-1\" data-lightbox=\"pfg-lightbox\"  data-title=\"Sopronb\u00e1nfalva- M\u00e1ria Magdolna templom (SEL XV.5. 6.d.)\" data-alt=\"Sopronb\u00e1nfalva- M\u00e1ria Magdolna templom (SEL XV.5. 6.d.)\" title=\"Sopronb\u00e1nfalva- M\u00e1ria Magdolna templom (SEL XV.5. 6.d.)\">\r\n\t\t\t\t\t\t<div data-category=\"1\" data-sort=\"Sopronb\u00e1nfalva- M\u00e1ria Magdolna templom (SEL XV.5. 6.d.)\" class=\"animateonload filtr-item filtr_item_628 single_one col-lg-2 col-md-3 col-sm-4 col-6\">\r\n\t\t\t\t\t\t\t\t\t\t\t\t\t\t\t<img decoding=\"async\" class=\" thumbnail  thumbnail_628 pfg-img pfg_img_628 img-responsive hvr-float-shadow\" src=\"https:\/\/sopronigyujtemenyek.lutheran.hu\/wp-content\/uploads\/Sopronbanfalva-Maria-Magdolna-templom-150x150.jpg\" alt=\"\">\r\n\t\t\t\t\t\t\t\t\t\t\t\t\t\t\t\t\t<div class=\"item-position item_position_628\">139<\/div>\r\n\t\t\t\t\t\t\t\t\t\t\t\t\t\t\t\t\t\t<span class=\"item-desc item_desc_628\">Sopronb\u00e1nfalva- M\u00e1ria Magdolna templom (SEL XV.5. 6.d.)<\/span>\r\n\t\t\t\t\t\t\t\t\t\t\t\t\t\t<\/div>\r\n\t\t\t\t\t<\/a>\r\n\t\t\t\t\t\t\t\t\t\t<a href=\"https:\/\/sopronigyujtemenyek.lutheran.hu\/wp-content\/uploads\/Sopronbanfalva-Maria-Magdolna-templom-3..jpg\" class=\"pfg-lightbox-all pfg-lightbox-1\" data-lightbox=\"pfg-lightbox\"  data-title=\"Sopronb\u00e1nfalva- M\u00e1ria Magdolna templom 3. (SEL XV.5. 6.d.)\" data-alt=\"Sopronb\u00e1nfalva- M\u00e1ria Magdolna templom 3. (SEL XV.5. 6.d.)\" title=\"Sopronb\u00e1nfalva- M\u00e1ria Magdolna templom 3. (SEL XV.5. 6.d.)\">\r\n\t\t\t\t\t\t<div data-category=\"1\" data-sort=\"Sopronb\u00e1nfalva- M\u00e1ria Magdolna templom 3. (SEL XV.5. 6.d.)\" class=\"animateonload filtr-item filtr_item_628 single_one col-lg-2 col-md-3 col-sm-4 col-6\">\r\n\t\t\t\t\t\t\t\t\t\t\t\t\t\t\t<img decoding=\"async\" class=\" thumbnail  thumbnail_628 pfg-img pfg_img_628 img-responsive hvr-float-shadow\" src=\"https:\/\/sopronigyujtemenyek.lutheran.hu\/wp-content\/uploads\/Sopronbanfalva-Maria-Magdolna-templom-3.-150x150.jpg\" alt=\"\">\r\n\t\t\t\t\t\t\t\t\t\t\t\t\t\t\t\t\t<div class=\"item-position item_position_628\">140<\/div>\r\n\t\t\t\t\t\t\t\t\t\t\t\t\t\t\t\t\t\t<span class=\"item-desc item_desc_628\">Sopronb\u00e1nfalva- M\u00e1ria Magdolna templom 3. (SEL XV.5. 6.d.)<\/span>\r\n\t\t\t\t\t\t\t\t\t\t\t\t\t\t<\/div>\r\n\t\t\t\t\t<\/a>\r\n\t\t\t\t\t\t\t\t\t\t<a href=\"https:\/\/sopronigyujtemenyek.lutheran.hu\/wp-content\/uploads\/Sopronbanfalva-Maria-Magdolna-templom-5..jpg\" class=\"pfg-lightbox-all pfg-lightbox-1\" data-lightbox=\"pfg-lightbox\"  data-title=\"Sopronb\u00e1nfalva- M\u00e1ria Magdolna templom 5.(SEL XV.5. 6.d.)\" data-alt=\"Sopronb\u00e1nfalva- M\u00e1ria Magdolna templom 5.(SEL XV.5. 6.d.)\" title=\"Sopronb\u00e1nfalva- M\u00e1ria Magdolna templom 5.(SEL XV.5. 6.d.)\">\r\n\t\t\t\t\t\t<div data-category=\"1\" data-sort=\"Sopronb\u00e1nfalva- M\u00e1ria Magdolna templom 5.(SEL XV.5. 6.d.)\" class=\"animateonload filtr-item filtr_item_628 single_one col-lg-2 col-md-3 col-sm-4 col-6\">\r\n\t\t\t\t\t\t\t\t\t\t\t\t\t\t\t<img decoding=\"async\" class=\" thumbnail  thumbnail_628 pfg-img pfg_img_628 img-responsive hvr-float-shadow\" src=\"https:\/\/sopronigyujtemenyek.lutheran.hu\/wp-content\/uploads\/Sopronbanfalva-Maria-Magdolna-templom-5.-150x150.jpg\" alt=\"\">\r\n\t\t\t\t\t\t\t\t\t\t\t\t\t\t\t\t\t<div class=\"item-position item_position_628\">141<\/div>\r\n\t\t\t\t\t\t\t\t\t\t\t\t\t\t\t\t\t\t<span class=\"item-desc item_desc_628\">Sopronb\u00e1nfalva- M\u00e1ria Magdolna templom 5.(SEL XV.5. 6.d.)<\/span>\r\n\t\t\t\t\t\t\t\t\t\t\t\t\t\t<\/div>\r\n\t\t\t\t\t<\/a>\r\n\t\t\t\t\t\t\t\t\t\t<a href=\"https:\/\/sopronigyujtemenyek.lutheran.hu\/wp-content\/uploads\/Sopronbanfalva-Maria-Magdolna-templom-2..jpg\" class=\"pfg-lightbox-all pfg-lightbox-1\" data-lightbox=\"pfg-lightbox\"  data-title=\"Sopronb\u00e1nfalva- M\u00e1ria Magdolna templom 2. (SEL XV.5. 6.d.)\" data-alt=\"Sopronb\u00e1nfalva- M\u00e1ria Magdolna templom 2. (SEL XV.5. 6.d.)\" title=\"Sopronb\u00e1nfalva- M\u00e1ria Magdolna templom 2. (SEL XV.5. 6.d.)\">\r\n\t\t\t\t\t\t<div data-category=\"1\" data-sort=\"Sopronb\u00e1nfalva- M\u00e1ria Magdolna templom 2. (SEL XV.5. 6.d.)\" class=\"animateonload filtr-item filtr_item_628 single_one col-lg-2 col-md-3 col-sm-4 col-6\">\r\n\t\t\t\t\t\t\t\t\t\t\t\t\t\t\t<img decoding=\"async\" class=\" thumbnail  thumbnail_628 pfg-img pfg_img_628 img-responsive hvr-float-shadow\" src=\"https:\/\/sopronigyujtemenyek.lutheran.hu\/wp-content\/uploads\/Sopronbanfalva-Maria-Magdolna-templom-2.-150x150.jpg\" alt=\"\">\r\n\t\t\t\t\t\t\t\t\t\t\t\t\t\t\t\t\t<div class=\"item-position item_position_628\">142<\/div>\r\n\t\t\t\t\t\t\t\t\t\t\t\t\t\t\t\t\t\t<span class=\"item-desc item_desc_628\">Sopronb\u00e1nfalva- M\u00e1ria Magdolna templom 2. (SEL XV.5. 6.d.)<\/span>\r\n\t\t\t\t\t\t\t\t\t\t\t\t\t\t<\/div>\r\n\t\t\t\t\t<\/a>\r\n\t\t\t\t\t\t\t\t\t\t<a href=\"https:\/\/sopronigyujtemenyek.lutheran.hu\/wp-content\/uploads\/Sas-ter.jpg\" class=\"pfg-lightbox-all pfg-lightbox-1\" data-lightbox=\"pfg-lightbox\"  data-title=\"Sas t\u00e9r (SEL XV.5. 6.d.)\" data-alt=\"Sas t\u00e9r (SEL XV.5. 6.d.)\" title=\"Sas t\u00e9r (SEL XV.5. 6.d.)\">\r\n\t\t\t\t\t\t<div data-category=\"1\" data-sort=\"Sas t\u00e9r (SEL XV.5. 6.d.)\" class=\"animateonload filtr-item filtr_item_628 single_one col-lg-2 col-md-3 col-sm-4 col-6\">\r\n\t\t\t\t\t\t\t\t\t\t\t\t\t\t\t<img decoding=\"async\" class=\" thumbnail  thumbnail_628 pfg-img pfg_img_628 img-responsive hvr-float-shadow\" src=\"https:\/\/sopronigyujtemenyek.lutheran.hu\/wp-content\/uploads\/Sas-ter-150x150.jpg\" alt=\"\">\r\n\t\t\t\t\t\t\t\t\t\t\t\t\t\t\t\t\t<div class=\"item-position item_position_628\">143<\/div>\r\n\t\t\t\t\t\t\t\t\t\t\t\t\t\t\t\t\t\t<span class=\"item-desc item_desc_628\">Sas t\u00e9r (SEL XV.5. 6.d.)<\/span>\r\n\t\t\t\t\t\t\t\t\t\t\t\t\t\t<\/div>\r\n\t\t\t\t\t<\/a>\r\n\t\t\t\t\t\t\t\t\t\t<a href=\"https:\/\/sopronigyujtemenyek.lutheran.hu\/wp-content\/uploads\/Sopronbanfalva-Maria-Magdolna-templom-4..jpg\" class=\"pfg-lightbox-all pfg-lightbox-1\" data-lightbox=\"pfg-lightbox\"  data-title=\"Sopronb\u00e1nfalva- M\u00e1ria Magdolna templom 4. (SEL XV.5. 6.d.)\" data-alt=\"Sopronb\u00e1nfalva- M\u00e1ria Magdolna templom 4. (SEL XV.5. 6.d.)\" title=\"Sopronb\u00e1nfalva- M\u00e1ria Magdolna templom 4. (SEL XV.5. 6.d.)\">\r\n\t\t\t\t\t\t<div data-category=\"1\" data-sort=\"Sopronb\u00e1nfalva- M\u00e1ria Magdolna templom 4. (SEL XV.5. 6.d.)\" class=\"animateonload filtr-item filtr_item_628 single_one col-lg-2 col-md-3 col-sm-4 col-6\">\r\n\t\t\t\t\t\t\t\t\t\t\t\t\t\t\t<img decoding=\"async\" class=\" thumbnail  thumbnail_628 pfg-img pfg_img_628 img-responsive hvr-float-shadow\" src=\"https:\/\/sopronigyujtemenyek.lutheran.hu\/wp-content\/uploads\/Sopronbanfalva-Maria-Magdolna-templom-4.-150x150.jpg\" alt=\"\">\r\n\t\t\t\t\t\t\t\t\t\t\t\t\t\t\t\t\t<div class=\"item-position item_position_628\">144<\/div>\r\n\t\t\t\t\t\t\t\t\t\t\t\t\t\t\t\t\t\t<span class=\"item-desc item_desc_628\">Sopronb\u00e1nfalva- M\u00e1ria Magdolna templom 4. (SEL XV.5. 6.d.)<\/span>\r\n\t\t\t\t\t\t\t\t\t\t\t\t\t\t<\/div>\r\n\t\t\t\t\t<\/a>\r\n\t\t\t\t\t\t\t\t\t\t<a href=\"https:\/\/sopronigyujtemenyek.lutheran.hu\/wp-content\/uploads\/Sopronbanfalva-Maria-Magdolna-templomreszlet.jpg\" class=\"pfg-lightbox-all pfg-lightbox-1\" data-lightbox=\"pfg-lightbox\"  data-title=\"Sopronb\u00e1nfalva- M\u00e1ria Magdolna templomr\u00e9szlet (SEL XV.5. 6.d.)\" data-alt=\"Sopronb\u00e1nfalva- M\u00e1ria Magdolna templomr\u00e9szlet (SEL XV.5. 6.d.)\" title=\"Sopronb\u00e1nfalva- M\u00e1ria Magdolna templomr\u00e9szlet (SEL XV.5. 6.d.)\">\r\n\t\t\t\t\t\t<div data-category=\"1\" data-sort=\"Sopronb\u00e1nfalva- M\u00e1ria Magdolna templomr\u00e9szlet (SEL XV.5. 6.d.)\" class=\"animateonload filtr-item filtr_item_628 single_one col-lg-2 col-md-3 col-sm-4 col-6\">\r\n\t\t\t\t\t\t\t\t\t\t\t\t\t\t\t<img decoding=\"async\" class=\" thumbnail  thumbnail_628 pfg-img pfg_img_628 img-responsive hvr-float-shadow\" src=\"https:\/\/sopronigyujtemenyek.lutheran.hu\/wp-content\/uploads\/Sopronbanfalva-Maria-Magdolna-templomreszlet-150x150.jpg\" alt=\"\">\r\n\t\t\t\t\t\t\t\t\t\t\t\t\t\t\t\t\t<div class=\"item-position item_position_628\">145<\/div>\r\n\t\t\t\t\t\t\t\t\t\t\t\t\t\t\t\t\t\t<span class=\"item-desc item_desc_628\">Sopronb\u00e1nfalva- M\u00e1ria Magdolna templomr\u00e9szlet (SEL XV.5. 6.d.)<\/span>\r\n\t\t\t\t\t\t\t\t\t\t\t\t\t\t<\/div>\r\n\t\t\t\t\t<\/a>\r\n\t\t\t\t\t\t\t\t\t\t<a href=\"https:\/\/sopronigyujtemenyek.lutheran.hu\/wp-content\/uploads\/Sopronbanfalva-Maria-Magdolna-templomreszlet-3..jpg\" class=\"pfg-lightbox-all pfg-lightbox-1\" data-lightbox=\"pfg-lightbox\"  data-title=\"Sopronb\u00e1nfalva- M\u00e1ria Magdolna templomr\u00e9szlet 3. (SEL XV.5. 6.d.)\" data-alt=\"Sopronb\u00e1nfalva- M\u00e1ria Magdolna templomr\u00e9szlet 3. (SEL XV.5. 6.d.)\" title=\"Sopronb\u00e1nfalva- M\u00e1ria Magdolna templomr\u00e9szlet 3. (SEL XV.5. 6.d.)\">\r\n\t\t\t\t\t\t<div data-category=\"1\" data-sort=\"Sopronb\u00e1nfalva- M\u00e1ria Magdolna templomr\u00e9szlet 3. (SEL XV.5. 6.d.)\" class=\"animateonload filtr-item filtr_item_628 single_one col-lg-2 col-md-3 col-sm-4 col-6\">\r\n\t\t\t\t\t\t\t\t\t\t\t\t\t\t\t<img decoding=\"async\" class=\" thumbnail  thumbnail_628 pfg-img pfg_img_628 img-responsive hvr-float-shadow\" src=\"https:\/\/sopronigyujtemenyek.lutheran.hu\/wp-content\/uploads\/Sopronbanfalva-Maria-Magdolna-templomreszlet-3.-150x150.jpg\" alt=\"\">\r\n\t\t\t\t\t\t\t\t\t\t\t\t\t\t\t\t\t<div class=\"item-position item_position_628\">146<\/div>\r\n\t\t\t\t\t\t\t\t\t\t\t\t\t\t\t\t\t\t<span class=\"item-desc item_desc_628\">Sopronb\u00e1nfalva- M\u00e1ria Magdolna templomr\u00e9szlet 3. (SEL XV.5. 6.d.)<\/span>\r\n\t\t\t\t\t\t\t\t\t\t\t\t\t\t<\/div>\r\n\t\t\t\t\t<\/a>\r\n\t\t\t\t\t\t\t\t\t\t<a href=\"https:\/\/sopronigyujtemenyek.lutheran.hu\/wp-content\/uploads\/Sopronbanfalva-Maria-Magdolna-templom-6..jpg\" class=\"pfg-lightbox-all pfg-lightbox-1\" data-lightbox=\"pfg-lightbox\"  data-title=\"Sopronb\u00e1nfalva- M\u00e1ria Magdolna templom 6.(SEL XV.5. 6.d.)\" data-alt=\"Sopronb\u00e1nfalva- M\u00e1ria Magdolna templom 6.(SEL XV.5. 6.d.)\" title=\"Sopronb\u00e1nfalva- M\u00e1ria Magdolna templom 6.(SEL XV.5. 6.d.)\">\r\n\t\t\t\t\t\t<div data-category=\"1\" data-sort=\"Sopronb\u00e1nfalva- M\u00e1ria Magdolna templom 6.(SEL XV.5. 6.d.)\" class=\"animateonload filtr-item filtr_item_628 single_one col-lg-2 col-md-3 col-sm-4 col-6\">\r\n\t\t\t\t\t\t\t\t\t\t\t\t\t\t\t<img decoding=\"async\" class=\" thumbnail  thumbnail_628 pfg-img pfg_img_628 img-responsive hvr-float-shadow\" src=\"https:\/\/sopronigyujtemenyek.lutheran.hu\/wp-content\/uploads\/Sopronbanfalva-Maria-Magdolna-templom-6.-150x150.jpg\" alt=\"\">\r\n\t\t\t\t\t\t\t\t\t\t\t\t\t\t\t\t\t<div class=\"item-position item_position_628\">147<\/div>\r\n\t\t\t\t\t\t\t\t\t\t\t\t\t\t\t\t\t\t<span class=\"item-desc item_desc_628\">Sopronb\u00e1nfalva- M\u00e1ria Magdolna templom 6.(SEL XV.5. 6.d.)<\/span>\r\n\t\t\t\t\t\t\t\t\t\t\t\t\t\t<\/div>\r\n\t\t\t\t\t<\/a>\r\n\t\t\t\t\t\t\t\t\t\t<a href=\"https:\/\/sopronigyujtemenyek.lutheran.hu\/wp-content\/uploads\/Sopronbanfalva-Maria-Magdolna-templomreszlet-2..jpg\" class=\"pfg-lightbox-all pfg-lightbox-1\" data-lightbox=\"pfg-lightbox\"  data-title=\"Sopronb\u00e1nfalva- M\u00e1ria Magdolna templomr\u00e9szlet 2. (SEL XV.5. 6.d.)\" data-alt=\"Sopronb\u00e1nfalva- M\u00e1ria Magdolna templomr\u00e9szlet 2. (SEL XV.5. 6.d.)\" title=\"Sopronb\u00e1nfalva- M\u00e1ria Magdolna templomr\u00e9szlet 2. (SEL XV.5. 6.d.)\">\r\n\t\t\t\t\t\t<div data-category=\"1\" data-sort=\"Sopronb\u00e1nfalva- M\u00e1ria Magdolna templomr\u00e9szlet 2. (SEL XV.5. 6.d.)\" class=\"animateonload filtr-item filtr_item_628 single_one col-lg-2 col-md-3 col-sm-4 col-6\">\r\n\t\t\t\t\t\t\t\t\t\t\t\t\t\t\t<img decoding=\"async\" class=\" thumbnail  thumbnail_628 pfg-img pfg_img_628 img-responsive hvr-float-shadow\" src=\"https:\/\/sopronigyujtemenyek.lutheran.hu\/wp-content\/uploads\/Sopronbanfalva-Maria-Magdolna-templomreszlet-2.-150x150.jpg\" alt=\"\">\r\n\t\t\t\t\t\t\t\t\t\t\t\t\t\t\t\t\t<div class=\"item-position item_position_628\">148<\/div>\r\n\t\t\t\t\t\t\t\t\t\t\t\t\t\t\t\t\t\t<span class=\"item-desc item_desc_628\">Sopronb\u00e1nfalva- M\u00e1ria Magdolna templomr\u00e9szlet 2. (SEL XV.5. 6.d.)<\/span>\r\n\t\t\t\t\t\t\t\t\t\t\t\t\t\t<\/div>\r\n\t\t\t\t\t<\/a>\r\n\t\t\t\t\t\t\t\t\t\t<a href=\"https:\/\/sopronigyujtemenyek.lutheran.hu\/wp-content\/uploads\/Sopronbanfalva-Maria-Magdolna-templomreszlet-3.jpg\" class=\"pfg-lightbox-all pfg-lightbox-1\" data-lightbox=\"pfg-lightbox\"  data-title=\"Sopronb\u00e1nfalva- M\u00e1ria Magdolna templomr\u00e9szlet (3) (SEL XV.5. 6.d.)\" data-alt=\"Sopronb\u00e1nfalva- M\u00e1ria Magdolna templomr\u00e9szlet (3) (SEL XV.5. 6.d.)\" title=\"Sopronb\u00e1nfalva- M\u00e1ria Magdolna templomr\u00e9szlet (3) (SEL XV.5. 6.d.)\">\r\n\t\t\t\t\t\t<div data-category=\"1\" data-sort=\"Sopronb\u00e1nfalva- M\u00e1ria Magdolna templomr\u00e9szlet (3) (SEL XV.5. 6.d.)\" class=\"animateonload filtr-item filtr_item_628 single_one col-lg-2 col-md-3 col-sm-4 col-6\">\r\n\t\t\t\t\t\t\t\t\t\t\t\t\t\t\t<img decoding=\"async\" class=\" thumbnail  thumbnail_628 pfg-img pfg_img_628 img-responsive hvr-float-shadow\" src=\"https:\/\/sopronigyujtemenyek.lutheran.hu\/wp-content\/uploads\/Sopronbanfalva-Maria-Magdolna-templomreszlet-3-150x150.jpg\" alt=\"\">\r\n\t\t\t\t\t\t\t\t\t\t\t\t\t\t\t\t\t<div class=\"item-position item_position_628\">149<\/div>\r\n\t\t\t\t\t\t\t\t\t\t\t\t\t\t\t\t\t\t<span class=\"item-desc item_desc_628\">Sopronb\u00e1nfalva- M\u00e1ria Magdolna templomr\u00e9szlet (3) (SEL XV.5. 6.d.)<\/span>\r\n\t\t\t\t\t\t\t\t\t\t\t\t\t\t<\/div>\r\n\t\t\t\t\t<\/a>\r\n\t\t\t\t\t\t\t\t\t\t<a href=\"https:\/\/sopronigyujtemenyek.lutheran.hu\/wp-content\/uploads\/Sopronbanfalva-Ady-Endre-utca-reszler.jpg\" class=\"pfg-lightbox-all pfg-lightbox-1\" data-lightbox=\"pfg-lightbox\"  data-title=\"Sopronb\u00e1nfalva, Ady Endre utca, r\u00e9szlet (SEL XV.5. 6.d.)\" data-alt=\"Sopronb\u00e1nfalva, Ady Endre utca, r\u00e9szlet (SEL XV.5. 6.d.)\" title=\"Sopronb\u00e1nfalva, Ady Endre utca, r\u00e9szlet (SEL XV.5. 6.d.)\">\r\n\t\t\t\t\t\t<div data-category=\"1\" data-sort=\"Sopronb\u00e1nfalva, Ady Endre utca, r\u00e9szlet (SEL XV.5. 6.d.)\" class=\"animateonload filtr-item filtr_item_628 single_one col-lg-2 col-md-3 col-sm-4 col-6\">\r\n\t\t\t\t\t\t\t\t\t\t\t\t\t\t\t<img decoding=\"async\" class=\" thumbnail  thumbnail_628 pfg-img pfg_img_628 img-responsive hvr-float-shadow\" src=\"https:\/\/sopronigyujtemenyek.lutheran.hu\/wp-content\/uploads\/Sopronbanfalva-Ady-Endre-utca-reszler-150x150.jpg\" alt=\"\">\r\n\t\t\t\t\t\t\t\t\t\t\t\t\t\t\t\t\t<div class=\"item-position item_position_628\">150<\/div>\r\n\t\t\t\t\t\t\t\t\t\t\t\t\t\t\t\t\t\t<span class=\"item-desc item_desc_628\">Sopronb\u00e1nfalva, Ady Endre utca, r\u00e9szlet (SEL XV.5. 6.d.)<\/span>\r\n\t\t\t\t\t\t\t\t\t\t\t\t\t\t<\/div>\r\n\t\t\t\t\t<\/a>\r\n\t\t\t\t\t\t\t\t\t\t<a href=\"https:\/\/sopronigyujtemenyek.lutheran.hu\/wp-content\/uploads\/Sopronbanfalvi-utcakep-Karmelita-templom-2..jpg\" class=\"pfg-lightbox-all pfg-lightbox-1\" data-lightbox=\"pfg-lightbox\"  data-title=\"Sopronb\u00e1nfalvi utcak\u00e9p, K\u00e1rmelita templom 2. (SEL XV.5. 6.d.)\" data-alt=\"Sopronb\u00e1nfalvi utcak\u00e9p, K\u00e1rmelita templom 2. (SEL XV.5. 6.d.)\" title=\"Sopronb\u00e1nfalvi utcak\u00e9p, K\u00e1rmelita templom 2. (SEL XV.5. 6.d.)\">\r\n\t\t\t\t\t\t<div data-category=\"1\" data-sort=\"Sopronb\u00e1nfalvi utcak\u00e9p, K\u00e1rmelita templom 2. (SEL XV.5. 6.d.)\" class=\"animateonload filtr-item filtr_item_628 single_one col-lg-2 col-md-3 col-sm-4 col-6\">\r\n\t\t\t\t\t\t\t\t\t\t\t\t\t\t\t<img decoding=\"async\" class=\" thumbnail  thumbnail_628 pfg-img pfg_img_628 img-responsive hvr-float-shadow\" src=\"https:\/\/sopronigyujtemenyek.lutheran.hu\/wp-content\/uploads\/Sopronbanfalvi-utcakep-Karmelita-templom-2.-150x150.jpg\" alt=\"\">\r\n\t\t\t\t\t\t\t\t\t\t\t\t\t\t\t\t\t<div class=\"item-position item_position_628\">151<\/div>\r\n\t\t\t\t\t\t\t\t\t\t\t\t\t\t\t\t\t\t<span class=\"item-desc item_desc_628\">Sopronb\u00e1nfalvi utcak\u00e9p, K\u00e1rmelita templom 2. (SEL XV.5. 6.d.)<\/span>\r\n\t\t\t\t\t\t\t\t\t\t\t\t\t\t<\/div>\r\n\t\t\t\t\t<\/a>\r\n\t\t\t\t\t\t\t\t\t\t<a href=\"https:\/\/sopronigyujtemenyek.lutheran.hu\/wp-content\/uploads\/Sopronbanfalva-utcareszlet.jpg\" class=\"pfg-lightbox-all pfg-lightbox-1\" data-lightbox=\"pfg-lightbox\"  data-title=\"Sopronb\u00e1nfalva, utcar\u00e9szlet (SEL XV.5. 6.d.)\" data-alt=\"Sopronb\u00e1nfalva, utcar\u00e9szlet (SEL XV.5. 6.d.)\" title=\"Sopronb\u00e1nfalva, utcar\u00e9szlet (SEL XV.5. 6.d.)\">\r\n\t\t\t\t\t\t<div data-category=\"1\" data-sort=\"Sopronb\u00e1nfalva, utcar\u00e9szlet (SEL XV.5. 6.d.)\" class=\"animateonload filtr-item filtr_item_628 single_one col-lg-2 col-md-3 col-sm-4 col-6\">\r\n\t\t\t\t\t\t\t\t\t\t\t\t\t\t\t<img decoding=\"async\" class=\" thumbnail  thumbnail_628 pfg-img pfg_img_628 img-responsive hvr-float-shadow\" src=\"https:\/\/sopronigyujtemenyek.lutheran.hu\/wp-content\/uploads\/Sopronbanfalva-utcareszlet-150x150.jpg\" alt=\"\">\r\n\t\t\t\t\t\t\t\t\t\t\t\t\t\t\t\t\t<div class=\"item-position item_position_628\">152<\/div>\r\n\t\t\t\t\t\t\t\t\t\t\t\t\t\t\t\t\t\t<span class=\"item-desc item_desc_628\">Sopronb\u00e1nfalva, utcar\u00e9szlet (SEL XV.5. 6.d.)<\/span>\r\n\t\t\t\t\t\t\t\t\t\t\t\t\t\t<\/div>\r\n\t\t\t\t\t<\/a>\r\n\t\t\t\t\t\t\t\t\t\t<a href=\"https:\/\/sopronigyujtemenyek.lutheran.hu\/wp-content\/uploads\/Szechenyi-ter-a-husegzaszloval.jpg\" class=\"pfg-lightbox-all pfg-lightbox-1\" data-lightbox=\"pfg-lightbox\"  data-title=\"Sz\u00e9chenyi t\u00e9r a h\u0171s\u00e9gz\u00e1szl\u00f3val (SEL XV.5. 6.d.)\" data-alt=\"Sz\u00e9chenyi t\u00e9r a h\u0171s\u00e9gz\u00e1szl\u00f3val (SEL XV.5. 6.d.)\" title=\"Sz\u00e9chenyi t\u00e9r a h\u0171s\u00e9gz\u00e1szl\u00f3val (SEL XV.5. 6.d.)\">\r\n\t\t\t\t\t\t<div data-category=\"1\" data-sort=\"Sz\u00e9chenyi t\u00e9r a h\u0171s\u00e9gz\u00e1szl\u00f3val (SEL XV.5. 6.d.)\" class=\"animateonload filtr-item filtr_item_628 single_one col-lg-2 col-md-3 col-sm-4 col-6\">\r\n\t\t\t\t\t\t\t\t\t\t\t\t\t\t\t<img decoding=\"async\" class=\" thumbnail  thumbnail_628 pfg-img pfg_img_628 img-responsive hvr-float-shadow\" src=\"https:\/\/sopronigyujtemenyek.lutheran.hu\/wp-content\/uploads\/Szechenyi-ter-a-husegzaszloval-150x150.jpg\" alt=\"\">\r\n\t\t\t\t\t\t\t\t\t\t\t\t\t\t\t\t\t<div class=\"item-position item_position_628\">153<\/div>\r\n\t\t\t\t\t\t\t\t\t\t\t\t\t\t\t\t\t\t<span class=\"item-desc item_desc_628\">Sz\u00e9chenyi t\u00e9r a h\u0171s\u00e9gz\u00e1szl\u00f3val (SEL XV.5. 6.d.)<\/span>\r\n\t\t\t\t\t\t\t\t\t\t\t\t\t\t<\/div>\r\n\t\t\t\t\t<\/a>\r\n\t\t\t\t\t\t\t\t\t\t<a href=\"https:\/\/sopronigyujtemenyek.lutheran.hu\/wp-content\/uploads\/Szechenyi-ter-Poloska-haz.jpg\" class=\"pfg-lightbox-all pfg-lightbox-1\" data-lightbox=\"pfg-lightbox\"  data-title=\"Sz\u00e9chenyi t\u00e9r- Poloska h\u00e1z (SEL XV.5. 6.d.)\" data-alt=\"Sz\u00e9chenyi t\u00e9r- Poloska h\u00e1z (SEL XV.5. 6.d.)\" title=\"Sz\u00e9chenyi t\u00e9r- Poloska h\u00e1z (SEL XV.5. 6.d.)\">\r\n\t\t\t\t\t\t<div data-category=\"1\" data-sort=\"Sz\u00e9chenyi t\u00e9r- Poloska h\u00e1z (SEL XV.5. 6.d.)\" class=\"animateonload filtr-item filtr_item_628 single_one col-lg-2 col-md-3 col-sm-4 col-6\">\r\n\t\t\t\t\t\t\t\t\t\t\t\t\t\t\t<img decoding=\"async\" class=\" thumbnail  thumbnail_628 pfg-img pfg_img_628 img-responsive hvr-float-shadow\" src=\"https:\/\/sopronigyujtemenyek.lutheran.hu\/wp-content\/uploads\/Szechenyi-ter-Poloska-haz-150x150.jpg\" alt=\"\">\r\n\t\t\t\t\t\t\t\t\t\t\t\t\t\t\t\t\t<div class=\"item-position item_position_628\">154<\/div>\r\n\t\t\t\t\t\t\t\t\t\t\t\t\t\t\t\t\t\t<span class=\"item-desc item_desc_628\">Sz\u00e9chenyi t\u00e9r- Poloska h\u00e1z (SEL XV.5. 6.d.)<\/span>\r\n\t\t\t\t\t\t\t\t\t\t\t\t\t\t<\/div>\r\n\t\t\t\t\t<\/a>\r\n\t\t\t\t\t\t\t\t\t\t<a href=\"https:\/\/sopronigyujtemenyek.lutheran.hu\/wp-content\/uploads\/Szechenyi-ter-a-Domonkos-templommal.jpg\" class=\"pfg-lightbox-all pfg-lightbox-1\" data-lightbox=\"pfg-lightbox\"  data-title=\"Sz\u00e9chenyi t\u00e9r a Domonkos templommal (SEL XV.5. 6.d.)\" data-alt=\"Sz\u00e9chenyi t\u00e9r a Domonkos templommal (SEL XV.5. 6.d.)\" title=\"Sz\u00e9chenyi t\u00e9r a Domonkos templommal (SEL XV.5. 6.d.)\">\r\n\t\t\t\t\t\t<div data-category=\"1\" data-sort=\"Sz\u00e9chenyi t\u00e9r a Domonkos templommal (SEL XV.5. 6.d.)\" class=\"animateonload filtr-item filtr_item_628 single_one col-lg-2 col-md-3 col-sm-4 col-6\">\r\n\t\t\t\t\t\t\t\t\t\t\t\t\t\t\t<img decoding=\"async\" class=\" thumbnail  thumbnail_628 pfg-img pfg_img_628 img-responsive hvr-float-shadow\" src=\"https:\/\/sopronigyujtemenyek.lutheran.hu\/wp-content\/uploads\/Szechenyi-ter-a-Domonkos-templommal-150x150.jpg\" alt=\"\">\r\n\t\t\t\t\t\t\t\t\t\t\t\t\t\t\t\t\t<div class=\"item-position item_position_628\">155<\/div>\r\n\t\t\t\t\t\t\t\t\t\t\t\t\t\t\t\t\t\t<span class=\"item-desc item_desc_628\">Sz\u00e9chenyi t\u00e9r a Domonkos templommal (SEL XV.5. 6.d.)<\/span>\r\n\t\t\t\t\t\t\t\t\t\t\t\t\t\t<\/div>\r\n\t\t\t\t\t<\/a>\r\n\t\t\t\t\t\t\t\t\t\t<a href=\"https:\/\/sopronigyujtemenyek.lutheran.hu\/wp-content\/uploads\/Szechenyi-ter-eszaki-hazsora.jpg\" class=\"pfg-lightbox-all pfg-lightbox-1\" data-lightbox=\"pfg-lightbox\"  data-title=\"Sz\u00e9chenyi t\u00e9r \u00e9szaki h\u00e1zsora (SEL XV.5. 6.d.)\" data-alt=\"Sz\u00e9chenyi t\u00e9r \u00e9szaki h\u00e1zsora (SEL XV.5. 6.d.)\" title=\"Sz\u00e9chenyi t\u00e9r \u00e9szaki h\u00e1zsora (SEL XV.5. 6.d.)\">\r\n\t\t\t\t\t\t<div data-category=\"1\" data-sort=\"Sz\u00e9chenyi t\u00e9r \u00e9szaki h\u00e1zsora (SEL XV.5. 6.d.)\" class=\"animateonload filtr-item filtr_item_628 single_one col-lg-2 col-md-3 col-sm-4 col-6\">\r\n\t\t\t\t\t\t\t\t\t\t\t\t\t\t\t<img decoding=\"async\" class=\" thumbnail  thumbnail_628 pfg-img pfg_img_628 img-responsive hvr-float-shadow\" src=\"https:\/\/sopronigyujtemenyek.lutheran.hu\/wp-content\/uploads\/Szechenyi-ter-eszaki-hazsora-150x150.jpg\" alt=\"\">\r\n\t\t\t\t\t\t\t\t\t\t\t\t\t\t\t\t\t<div class=\"item-position item_position_628\">156<\/div>\r\n\t\t\t\t\t\t\t\t\t\t\t\t\t\t\t\t\t\t<span class=\"item-desc item_desc_628\">Sz\u00e9chenyi t\u00e9r \u00e9szaki h\u00e1zsora (SEL XV.5. 6.d.)<\/span>\r\n\t\t\t\t\t\t\t\t\t\t\t\t\t\t<\/div>\r\n\t\t\t\t\t<\/a>\r\n\t\t\t\t\t\t\t\t\t\t<a href=\"https:\/\/sopronigyujtemenyek.lutheran.hu\/wp-content\/uploads\/Szent-Gyorgy-templom.jpg\" class=\"pfg-lightbox-all pfg-lightbox-1\" data-lightbox=\"pfg-lightbox\"  data-title=\"Szent Gy\u00f6rgy templom (SEL XV.5. 6.d.)\" data-alt=\"Szent Gy\u00f6rgy templom (SEL XV.5. 6.d.)\" title=\"Szent Gy\u00f6rgy templom (SEL XV.5. 6.d.)\">\r\n\t\t\t\t\t\t<div data-category=\"1\" data-sort=\"Szent Gy\u00f6rgy templom (SEL XV.5. 6.d.)\" class=\"animateonload filtr-item filtr_item_628 single_one col-lg-2 col-md-3 col-sm-4 col-6\">\r\n\t\t\t\t\t\t\t\t\t\t\t\t\t\t\t<img decoding=\"async\" class=\" thumbnail  thumbnail_628 pfg-img pfg_img_628 img-responsive hvr-float-shadow\" src=\"https:\/\/sopronigyujtemenyek.lutheran.hu\/wp-content\/uploads\/Szent-Gyorgy-templom-150x150.jpg\" alt=\"\">\r\n\t\t\t\t\t\t\t\t\t\t\t\t\t\t\t\t\t<div class=\"item-position item_position_628\">157<\/div>\r\n\t\t\t\t\t\t\t\t\t\t\t\t\t\t\t\t\t\t<span class=\"item-desc item_desc_628\">Szent Gy\u00f6rgy templom (SEL XV.5. 6.d.)<\/span>\r\n\t\t\t\t\t\t\t\t\t\t\t\t\t\t<\/div>\r\n\t\t\t\t\t<\/a>\r\n\t\t\t\t\t\t\t\t\t\t<a href=\"https:\/\/sopronigyujtemenyek.lutheran.hu\/wp-content\/uploads\/Szechenyi-ter-Erzsebet-utca-sarok-a-Poloska-hazzal.jpg\" class=\"pfg-lightbox-all pfg-lightbox-1\" data-lightbox=\"pfg-lightbox\"  data-title=\"Sz\u00e9chenyi t\u00e9r-Erzs\u00e9bet utca sarok a Poloska h\u00e1zzal(SEL XV.5. 6.d.)\" data-alt=\"Sz\u00e9chenyi t\u00e9r-Erzs\u00e9bet utca sarok a Poloska h\u00e1zzal(SEL XV.5. 6.d.)\" title=\"Sz\u00e9chenyi t\u00e9r-Erzs\u00e9bet utca sarok a Poloska h\u00e1zzal(SEL XV.5. 6.d.)\">\r\n\t\t\t\t\t\t<div data-category=\"1\" data-sort=\"Sz\u00e9chenyi t\u00e9r-Erzs\u00e9bet utca sarok a Poloska h\u00e1zzal(SEL XV.5. 6.d.)\" class=\"animateonload filtr-item filtr_item_628 single_one col-lg-2 col-md-3 col-sm-4 col-6\">\r\n\t\t\t\t\t\t\t\t\t\t\t\t\t\t\t<img decoding=\"async\" class=\" thumbnail  thumbnail_628 pfg-img pfg_img_628 img-responsive hvr-float-shadow\" src=\"https:\/\/sopronigyujtemenyek.lutheran.hu\/wp-content\/uploads\/Szechenyi-ter-Erzsebet-utca-sarok-a-Poloska-hazzal-150x150.jpg\" alt=\"\">\r\n\t\t\t\t\t\t\t\t\t\t\t\t\t\t\t\t\t<div class=\"item-position item_position_628\">158<\/div>\r\n\t\t\t\t\t\t\t\t\t\t\t\t\t\t\t\t\t\t<span class=\"item-desc item_desc_628\">Sz\u00e9chenyi t\u00e9r-Erzs\u00e9bet utca sarok a Poloska h\u00e1zzal(SEL XV.5. 6.d.)<\/span>\r\n\t\t\t\t\t\t\t\t\t\t\t\t\t\t<\/div>\r\n\t\t\t\t\t<\/a>\r\n\t\t\t\t\t\t\t\t\t\t<a href=\"https:\/\/sopronigyujtemenyek.lutheran.hu\/wp-content\/uploads\/Szent-Gyorgy-templom-homlokzata.jpg\" class=\"pfg-lightbox-all pfg-lightbox-1\" data-lightbox=\"pfg-lightbox\"  data-title=\"Szent Gy\u00f6rgy templom homlokzata(SEL XV.5. 6.d.)\" data-alt=\"Szent Gy\u00f6rgy templom homlokzata(SEL XV.5. 6.d.)\" title=\"Szent Gy\u00f6rgy templom homlokzata(SEL XV.5. 6.d.)\">\r\n\t\t\t\t\t\t<div data-category=\"1\" data-sort=\"Szent Gy\u00f6rgy templom homlokzata(SEL XV.5. 6.d.)\" class=\"animateonload filtr-item filtr_item_628 single_one col-lg-2 col-md-3 col-sm-4 col-6\">\r\n\t\t\t\t\t\t\t\t\t\t\t\t\t\t\t<img decoding=\"async\" class=\" thumbnail  thumbnail_628 pfg-img pfg_img_628 img-responsive hvr-float-shadow\" src=\"https:\/\/sopronigyujtemenyek.lutheran.hu\/wp-content\/uploads\/Szent-Gyorgy-templom-homlokzata-150x150.jpg\" alt=\"\">\r\n\t\t\t\t\t\t\t\t\t\t\t\t\t\t\t\t\t<div class=\"item-position item_position_628\">159<\/div>\r\n\t\t\t\t\t\t\t\t\t\t\t\t\t\t\t\t\t\t<span class=\"item-desc item_desc_628\">Szent Gy\u00f6rgy templom homlokzata(SEL XV.5. 6.d.)<\/span>\r\n\t\t\t\t\t\t\t\t\t\t\t\t\t\t<\/div>\r\n\t\t\t\t\t<\/a>\r\n\t\t\t\t\t\t\t\t\t\t<a href=\"https:\/\/sopronigyujtemenyek.lutheran.hu\/wp-content\/uploads\/Szent-Gyorgy-templom-bejarata.jpg\" class=\"pfg-lightbox-all pfg-lightbox-1\" data-lightbox=\"pfg-lightbox\"  data-title=\"Szent Gy\u00f6rgy templom bej\u00e1rata (SEL XV.5. 6.d.)\" data-alt=\"Szent Gy\u00f6rgy templom bej\u00e1rata (SEL XV.5. 6.d.)\" title=\"Szent Gy\u00f6rgy templom bej\u00e1rata (SEL XV.5. 6.d.)\">\r\n\t\t\t\t\t\t<div data-category=\"1\" data-sort=\"Szent Gy\u00f6rgy templom bej\u00e1rata (SEL XV.5. 6.d.)\" class=\"animateonload filtr-item filtr_item_628 single_one col-lg-2 col-md-3 col-sm-4 col-6\">\r\n\t\t\t\t\t\t\t\t\t\t\t\t\t\t\t<img decoding=\"async\" class=\" thumbnail  thumbnail_628 pfg-img pfg_img_628 img-responsive hvr-float-shadow\" src=\"https:\/\/sopronigyujtemenyek.lutheran.hu\/wp-content\/uploads\/Szent-Gyorgy-templom-bejarata-150x150.jpg\" alt=\"\">\r\n\t\t\t\t\t\t\t\t\t\t\t\t\t\t\t\t\t<div class=\"item-position item_position_628\">160<\/div>\r\n\t\t\t\t\t\t\t\t\t\t\t\t\t\t\t\t\t\t<span class=\"item-desc item_desc_628\">Szent Gy\u00f6rgy templom bej\u00e1rata (SEL XV.5. 6.d.)<\/span>\r\n\t\t\t\t\t\t\t\t\t\t\t\t\t\t<\/div>\r\n\t\t\t\t\t<\/a>\r\n\t\t\t\t\t\t\t\t\t\t<a href=\"https:\/\/sopronigyujtemenyek.lutheran.hu\/wp-content\/uploads\/Szent-Gyorgy-utca-12.-Eggenber-haz-II..jpg\" class=\"pfg-lightbox-all pfg-lightbox-1\" data-lightbox=\"pfg-lightbox\"  data-title=\"Szent Gy\u00f6rgy utca 12. \u2013 Eggenber h\u00e1z II. (SEL XV.5. 6.d.)\" data-alt=\"Szent Gy\u00f6rgy utca 12. \u2013 Eggenber h\u00e1z II. (SEL XV.5. 6.d.)\" title=\"Szent Gy\u00f6rgy utca 12. \u2013 Eggenber h\u00e1z II. (SEL XV.5. 6.d.)\">\r\n\t\t\t\t\t\t<div data-category=\"1\" data-sort=\"Szent Gy\u00f6rgy utca 12. \u2013 Eggenber h\u00e1z II. (SEL XV.5. 6.d.)\" class=\"animateonload filtr-item filtr_item_628 single_one col-lg-2 col-md-3 col-sm-4 col-6\">\r\n\t\t\t\t\t\t\t\t\t\t\t\t\t\t\t<img decoding=\"async\" class=\" thumbnail  thumbnail_628 pfg-img pfg_img_628 img-responsive hvr-float-shadow\" src=\"https:\/\/sopronigyujtemenyek.lutheran.hu\/wp-content\/uploads\/Szent-Gyorgy-utca-12.-Eggenber-haz-II.-150x150.jpg\" alt=\"\">\r\n\t\t\t\t\t\t\t\t\t\t\t\t\t\t\t\t\t<div class=\"item-position item_position_628\">161<\/div>\r\n\t\t\t\t\t\t\t\t\t\t\t\t\t\t\t\t\t\t<span class=\"item-desc item_desc_628\">Szent Gy\u00f6rgy utca 12. \u2013 Eggenber h\u00e1z II. (SEL XV.5. 6.d.)<\/span>\r\n\t\t\t\t\t\t\t\t\t\t\t\t\t\t<\/div>\r\n\t\t\t\t\t<\/a>\r\n\t\t\t\t\t\t\t\t\t\t<a href=\"https:\/\/sopronigyujtemenyek.lutheran.hu\/wp-content\/uploads\/Szent-Gyorgy-utca-12.-Eggenber-haz-bejarata-a-cimerrel.jpg\" class=\"pfg-lightbox-all pfg-lightbox-1\" data-lightbox=\"pfg-lightbox\"  data-title=\"Szent Gy\u00f6rgy utca 12. \u2013 Eggenber h\u00e1z bej\u00e1rata a c\u00edmerrel (SEL XV.5. 6.d.)\" data-alt=\"Szent Gy\u00f6rgy utca 12. \u2013 Eggenber h\u00e1z bej\u00e1rata a c\u00edmerrel (SEL XV.5. 6.d.)\" title=\"Szent Gy\u00f6rgy utca 12. \u2013 Eggenber h\u00e1z bej\u00e1rata a c\u00edmerrel (SEL XV.5. 6.d.)\">\r\n\t\t\t\t\t\t<div data-category=\"1\" data-sort=\"Szent Gy\u00f6rgy utca 12. \u2013 Eggenber h\u00e1z bej\u00e1rata a c\u00edmerrel (SEL XV.5. 6.d.)\" class=\"animateonload filtr-item filtr_item_628 single_one col-lg-2 col-md-3 col-sm-4 col-6\">\r\n\t\t\t\t\t\t\t\t\t\t\t\t\t\t\t<img decoding=\"async\" class=\" thumbnail  thumbnail_628 pfg-img pfg_img_628 img-responsive hvr-float-shadow\" src=\"https:\/\/sopronigyujtemenyek.lutheran.hu\/wp-content\/uploads\/Szent-Gyorgy-utca-12.-Eggenber-haz-bejarata-a-cimerrel-150x150.jpg\" alt=\"\">\r\n\t\t\t\t\t\t\t\t\t\t\t\t\t\t\t\t\t<div class=\"item-position item_position_628\">162<\/div>\r\n\t\t\t\t\t\t\t\t\t\t\t\t\t\t\t\t\t\t<span class=\"item-desc item_desc_628\">Szent Gy\u00f6rgy utca 12. \u2013 Eggenber h\u00e1z bej\u00e1rata a c\u00edmerrel (SEL XV.5. 6.d.)<\/span>\r\n\t\t\t\t\t\t\t\t\t\t\t\t\t\t<\/div>\r\n\t\t\t\t\t<\/a>\r\n\t\t\t\t\t\t\t\t\t\t<a href=\"https:\/\/sopronigyujtemenyek.lutheran.hu\/wp-content\/uploads\/Szent-Gyorgy-utca-12.-Eggenber-haz-III..jpg\" class=\"pfg-lightbox-all pfg-lightbox-1\" data-lightbox=\"pfg-lightbox\"  data-title=\"Szent Gy\u00f6rgy utca 12. \u2013 Eggenber h\u00e1z III. (SEL XV.5. 6.d.)\" data-alt=\"Szent Gy\u00f6rgy utca 12. \u2013 Eggenber h\u00e1z III. (SEL XV.5. 6.d.)\" title=\"Szent Gy\u00f6rgy utca 12. \u2013 Eggenber h\u00e1z III. (SEL XV.5. 6.d.)\">\r\n\t\t\t\t\t\t<div data-category=\"1\" data-sort=\"Szent Gy\u00f6rgy utca 12. \u2013 Eggenber h\u00e1z III. (SEL XV.5. 6.d.)\" class=\"animateonload filtr-item filtr_item_628 single_one col-lg-2 col-md-3 col-sm-4 col-6\">\r\n\t\t\t\t\t\t\t\t\t\t\t\t\t\t\t<img decoding=\"async\" class=\" thumbnail  thumbnail_628 pfg-img pfg_img_628 img-responsive hvr-float-shadow\" src=\"https:\/\/sopronigyujtemenyek.lutheran.hu\/wp-content\/uploads\/Szent-Gyorgy-utca-12.-Eggenber-haz-III.-150x150.jpg\" alt=\"\">\r\n\t\t\t\t\t\t\t\t\t\t\t\t\t\t\t\t\t<div class=\"item-position item_position_628\">163<\/div>\r\n\t\t\t\t\t\t\t\t\t\t\t\t\t\t\t\t\t\t<span class=\"item-desc item_desc_628\">Szent Gy\u00f6rgy utca 12. \u2013 Eggenber h\u00e1z III. (SEL XV.5. 6.d.)<\/span>\r\n\t\t\t\t\t\t\t\t\t\t\t\t\t\t<\/div>\r\n\t\t\t\t\t<\/a>\r\n\t\t\t\t\t\t\t\t\t\t<a href=\"https:\/\/sopronigyujtemenyek.lutheran.hu\/wp-content\/uploads\/Szent-Gyorgy-utca-12.-Eggenber-haz-IV..jpg\" class=\"pfg-lightbox-all pfg-lightbox-1\" data-lightbox=\"pfg-lightbox\"  data-title=\"Szent Gy\u00f6rgy utca 12. \u2013 Eggenber h\u00e1z IV. (SEL XV.5. 6.d.)\" data-alt=\"Szent Gy\u00f6rgy utca 12. \u2013 Eggenber h\u00e1z IV. (SEL XV.5. 6.d.)\" title=\"Szent Gy\u00f6rgy utca 12. \u2013 Eggenber h\u00e1z IV. (SEL XV.5. 6.d.)\">\r\n\t\t\t\t\t\t<div data-category=\"1\" data-sort=\"Szent Gy\u00f6rgy utca 12. \u2013 Eggenber h\u00e1z IV. (SEL XV.5. 6.d.)\" class=\"animateonload filtr-item filtr_item_628 single_one col-lg-2 col-md-3 col-sm-4 col-6\">\r\n\t\t\t\t\t\t\t\t\t\t\t\t\t\t\t<img decoding=\"async\" class=\" thumbnail  thumbnail_628 pfg-img pfg_img_628 img-responsive hvr-float-shadow\" src=\"https:\/\/sopronigyujtemenyek.lutheran.hu\/wp-content\/uploads\/Szent-Gyorgy-utca-12.-Eggenber-haz-IV.-150x150.jpg\" alt=\"\">\r\n\t\t\t\t\t\t\t\t\t\t\t\t\t\t\t\t\t<div class=\"item-position item_position_628\">164<\/div>\r\n\t\t\t\t\t\t\t\t\t\t\t\t\t\t\t\t\t\t<span class=\"item-desc item_desc_628\">Szent Gy\u00f6rgy utca 12. \u2013 Eggenber h\u00e1z IV. (SEL XV.5. 6.d.)<\/span>\r\n\t\t\t\t\t\t\t\t\t\t\t\t\t\t<\/div>\r\n\t\t\t\t\t<\/a>\r\n\t\t\t\t\t\t\t\t\t\t<a href=\"https:\/\/sopronigyujtemenyek.lutheran.hu\/wp-content\/uploads\/Szent-Gyorgy-utca-16..jpg\" class=\"pfg-lightbox-all pfg-lightbox-1\" data-lightbox=\"pfg-lightbox\"  data-title=\"Szent Gy\u00f6rgy utca 16. (SEL XV.5. 6.d.)\" data-alt=\"Szent Gy\u00f6rgy utca 16. (SEL XV.5. 6.d.)\" title=\"Szent Gy\u00f6rgy utca 16. (SEL XV.5. 6.d.)\">\r\n\t\t\t\t\t\t<div data-category=\"1\" data-sort=\"Szent Gy\u00f6rgy utca 16. (SEL XV.5. 6.d.)\" class=\"animateonload filtr-item filtr_item_628 single_one col-lg-2 col-md-3 col-sm-4 col-6\">\r\n\t\t\t\t\t\t\t\t\t\t\t\t\t\t\t<img decoding=\"async\" class=\" thumbnail  thumbnail_628 pfg-img pfg_img_628 img-responsive hvr-float-shadow\" src=\"https:\/\/sopronigyujtemenyek.lutheran.hu\/wp-content\/uploads\/Szent-Gyorgy-utca-16.-150x150.jpg\" alt=\"\">\r\n\t\t\t\t\t\t\t\t\t\t\t\t\t\t\t\t\t<div class=\"item-position item_position_628\">165<\/div>\r\n\t\t\t\t\t\t\t\t\t\t\t\t\t\t\t\t\t\t<span class=\"item-desc item_desc_628\">Szent Gy\u00f6rgy utca 16. (SEL XV.5. 6.d.)<\/span>\r\n\t\t\t\t\t\t\t\t\t\t\t\t\t\t<\/div>\r\n\t\t\t\t\t<\/a>\r\n\t\t\t\t\t\t\t\t\t\t<a href=\"https:\/\/sopronigyujtemenyek.lutheran.hu\/wp-content\/uploads\/Szent-Gyorgy-utca-16.-II..jpg\" class=\"pfg-lightbox-all pfg-lightbox-1\" data-lightbox=\"pfg-lightbox\"  data-title=\"Szent Gy\u00f6rgy utca 16. II. (SEL XV.5. 6.d.)\" data-alt=\"Szent Gy\u00f6rgy utca 16. II. (SEL XV.5. 6.d.)\" title=\"Szent Gy\u00f6rgy utca 16. II. (SEL XV.5. 6.d.)\">\r\n\t\t\t\t\t\t<div data-category=\"1\" data-sort=\"Szent Gy\u00f6rgy utca 16. II. (SEL XV.5. 6.d.)\" class=\"animateonload filtr-item filtr_item_628 single_one col-lg-2 col-md-3 col-sm-4 col-6\">\r\n\t\t\t\t\t\t\t\t\t\t\t\t\t\t\t<img decoding=\"async\" class=\" thumbnail  thumbnail_628 pfg-img pfg_img_628 img-responsive hvr-float-shadow\" src=\"https:\/\/sopronigyujtemenyek.lutheran.hu\/wp-content\/uploads\/Szent-Gyorgy-utca-16.-II.-150x150.jpg\" alt=\"\">\r\n\t\t\t\t\t\t\t\t\t\t\t\t\t\t\t\t\t<div class=\"item-position item_position_628\">166<\/div>\r\n\t\t\t\t\t\t\t\t\t\t\t\t\t\t\t\t\t\t<span class=\"item-desc item_desc_628\">Szent Gy\u00f6rgy utca 16. II. (SEL XV.5. 6.d.)<\/span>\r\n\t\t\t\t\t\t\t\t\t\t\t\t\t\t<\/div>\r\n\t\t\t\t\t<\/a>\r\n\t\t\t\t\t\t\t\t\t\t<a href=\"https:\/\/sopronigyujtemenyek.lutheran.hu\/wp-content\/uploads\/Szent-Gyorgy-utca-22..jpg\" class=\"pfg-lightbox-all pfg-lightbox-1\" data-lightbox=\"pfg-lightbox\"  data-title=\"Szent Gy\u00f6rgy utca 22. (SEL XV.5. 6.d.)\" data-alt=\"Szent Gy\u00f6rgy utca 22. (SEL XV.5. 6.d.)\" title=\"Szent Gy\u00f6rgy utca 22. (SEL XV.5. 6.d.)\">\r\n\t\t\t\t\t\t<div data-category=\"1\" data-sort=\"Szent Gy\u00f6rgy utca 22. (SEL XV.5. 6.d.)\" class=\"animateonload filtr-item filtr_item_628 single_one col-lg-2 col-md-3 col-sm-4 col-6\">\r\n\t\t\t\t\t\t\t\t\t\t\t\t\t\t\t<img decoding=\"async\" class=\" thumbnail  thumbnail_628 pfg-img pfg_img_628 img-responsive hvr-float-shadow\" src=\"https:\/\/sopronigyujtemenyek.lutheran.hu\/wp-content\/uploads\/Szent-Gyorgy-utca-22.-150x150.jpg\" alt=\"\">\r\n\t\t\t\t\t\t\t\t\t\t\t\t\t\t\t\t\t<div class=\"item-position item_position_628\">167<\/div>\r\n\t\t\t\t\t\t\t\t\t\t\t\t\t\t\t\t\t\t<span class=\"item-desc item_desc_628\">Szent Gy\u00f6rgy utca 22. (SEL XV.5. 6.d.)<\/span>\r\n\t\t\t\t\t\t\t\t\t\t\t\t\t\t<\/div>\r\n\t\t\t\t\t<\/a>\r\n\t\t\t\t\t\t\t\t\t\t<a href=\"https:\/\/sopronigyujtemenyek.lutheran.hu\/wp-content\/uploads\/Szent-Gyorgy-utca-18..jpg\" class=\"pfg-lightbox-all pfg-lightbox-1\" data-lightbox=\"pfg-lightbox\"  data-title=\"Szent Gy\u00f6rgy utca 18. (SEL XV.5. 6.d.)\" data-alt=\"Szent Gy\u00f6rgy utca 18. (SEL XV.5. 6.d.)\" title=\"Szent Gy\u00f6rgy utca 18. (SEL XV.5. 6.d.)\">\r\n\t\t\t\t\t\t<div data-category=\"1\" data-sort=\"Szent Gy\u00f6rgy utca 18. (SEL XV.5. 6.d.)\" class=\"animateonload filtr-item filtr_item_628 single_one col-lg-2 col-md-3 col-sm-4 col-6\">\r\n\t\t\t\t\t\t\t\t\t\t\t\t\t\t\t<img decoding=\"async\" class=\" thumbnail  thumbnail_628 pfg-img pfg_img_628 img-responsive hvr-float-shadow\" src=\"https:\/\/sopronigyujtemenyek.lutheran.hu\/wp-content\/uploads\/Szent-Gyorgy-utca-18.-150x150.jpg\" alt=\"\">\r\n\t\t\t\t\t\t\t\t\t\t\t\t\t\t\t\t\t<div class=\"item-position item_position_628\">168<\/div>\r\n\t\t\t\t\t\t\t\t\t\t\t\t\t\t\t\t\t\t<span class=\"item-desc item_desc_628\">Szent Gy\u00f6rgy utca 18. (SEL XV.5. 6.d.)<\/span>\r\n\t\t\t\t\t\t\t\t\t\t\t\t\t\t<\/div>\r\n\t\t\t\t\t<\/a>\r\n\t\t\t\t\t\t\t\t\t\t<a href=\"https:\/\/sopronigyujtemenyek.lutheran.hu\/wp-content\/uploads\/Szent-Mihaly-templom.jpg\" class=\"pfg-lightbox-all pfg-lightbox-1\" data-lightbox=\"pfg-lightbox\"  data-title=\"Szent Mih\u00e1ly templom (SEL XV.5. 6.d.)\" data-alt=\"Szent Mih\u00e1ly templom (SEL XV.5. 6.d.)\" title=\"Szent Mih\u00e1ly templom (SEL XV.5. 6.d.)\">\r\n\t\t\t\t\t\t<div data-category=\"1\" data-sort=\"Szent Mih\u00e1ly templom (SEL XV.5. 6.d.)\" class=\"animateonload filtr-item filtr_item_628 single_one col-lg-2 col-md-3 col-sm-4 col-6\">\r\n\t\t\t\t\t\t\t\t\t\t\t\t\t\t\t<img decoding=\"async\" class=\" thumbnail  thumbnail_628 pfg-img pfg_img_628 img-responsive hvr-float-shadow\" src=\"https:\/\/sopronigyujtemenyek.lutheran.hu\/wp-content\/uploads\/Szent-Mihaly-templom-150x150.jpg\" alt=\"\">\r\n\t\t\t\t\t\t\t\t\t\t\t\t\t\t\t\t\t<div class=\"item-position item_position_628\">169<\/div>\r\n\t\t\t\t\t\t\t\t\t\t\t\t\t\t\t\t\t\t<span class=\"item-desc item_desc_628\">Szent Mih\u00e1ly templom (SEL XV.5. 6.d.)<\/span>\r\n\t\t\t\t\t\t\t\t\t\t\t\t\t\t<\/div>\r\n\t\t\t\t\t<\/a>\r\n\t\t\t\t\t\t\t\t\t\t<a href=\"https:\/\/sopronigyujtemenyek.lutheran.hu\/wp-content\/uploads\/Szent-Mihaly-utca-V..jpg\" class=\"pfg-lightbox-all pfg-lightbox-1\" data-lightbox=\"pfg-lightbox\"  data-title=\"Szent Mih\u00e1ly utca V. (SEL XV.5. 6.d.)\" data-alt=\"Szent Mih\u00e1ly utca V. (SEL XV.5. 6.d.)\" title=\"Szent Mih\u00e1ly utca V. (SEL XV.5. 6.d.)\">\r\n\t\t\t\t\t\t<div data-category=\"1\" data-sort=\"Szent Mih\u00e1ly utca V. (SEL XV.5. 6.d.)\" class=\"animateonload filtr-item filtr_item_628 single_one col-lg-2 col-md-3 col-sm-4 col-6\">\r\n\t\t\t\t\t\t\t\t\t\t\t\t\t\t\t<img decoding=\"async\" class=\" thumbnail  thumbnail_628 pfg-img pfg_img_628 img-responsive hvr-float-shadow\" src=\"https:\/\/sopronigyujtemenyek.lutheran.hu\/wp-content\/uploads\/Szent-Mihaly-utca-V.-150x150.jpg\" alt=\"\">\r\n\t\t\t\t\t\t\t\t\t\t\t\t\t\t\t\t\t<div class=\"item-position item_position_628\">170<\/div>\r\n\t\t\t\t\t\t\t\t\t\t\t\t\t\t\t\t\t\t<span class=\"item-desc item_desc_628\">Szent Mih\u00e1ly utca V. (SEL XV.5. 6.d.)<\/span>\r\n\t\t\t\t\t\t\t\t\t\t\t\t\t\t<\/div>\r\n\t\t\t\t\t<\/a>\r\n\t\t\t\t\t\t\t\t\t\t<a href=\"https:\/\/sopronigyujtemenyek.lutheran.hu\/wp-content\/uploads\/Szent-Gyorgy-utca-5..jpg\" class=\"pfg-lightbox-all pfg-lightbox-1\" data-lightbox=\"pfg-lightbox\"  data-title=\"Szent Gy\u00f6rgy utca 5. (SEL XV.5. 6.d.)\" data-alt=\"Szent Gy\u00f6rgy utca 5. (SEL XV.5. 6.d.)\" title=\"Szent Gy\u00f6rgy utca 5. (SEL XV.5. 6.d.)\">\r\n\t\t\t\t\t\t<div data-category=\"1\" data-sort=\"Szent Gy\u00f6rgy utca 5. (SEL XV.5. 6.d.)\" class=\"animateonload filtr-item filtr_item_628 single_one col-lg-2 col-md-3 col-sm-4 col-6\">\r\n\t\t\t\t\t\t\t\t\t\t\t\t\t\t\t<img decoding=\"async\" class=\" thumbnail  thumbnail_628 pfg-img pfg_img_628 img-responsive hvr-float-shadow\" src=\"https:\/\/sopronigyujtemenyek.lutheran.hu\/wp-content\/uploads\/Szent-Gyorgy-utca-5.-150x150.jpg\" alt=\"\">\r\n\t\t\t\t\t\t\t\t\t\t\t\t\t\t\t\t\t<div class=\"item-position item_position_628\">171<\/div>\r\n\t\t\t\t\t\t\t\t\t\t\t\t\t\t\t\t\t\t<span class=\"item-desc item_desc_628\">Szent Gy\u00f6rgy utca 5. (SEL XV.5. 6.d.)<\/span>\r\n\t\t\t\t\t\t\t\t\t\t\t\t\t\t<\/div>\r\n\t\t\t\t\t<\/a>\r\n\t\t\t\t\t\t\t\t\t\t<a href=\"https:\/\/sopronigyujtemenyek.lutheran.hu\/wp-content\/uploads\/Szent-Mihaly-utca-VI..jpg\" class=\"pfg-lightbox-all pfg-lightbox-1\" data-lightbox=\"pfg-lightbox\"  data-title=\"Szent Mih\u00e1ly utca VI. (SEL XV.5. 6.d.)\" data-alt=\"Szent Mih\u00e1ly utca VI. (SEL XV.5. 6.d.)\" title=\"Szent Mih\u00e1ly utca VI. (SEL XV.5. 6.d.)\">\r\n\t\t\t\t\t\t<div data-category=\"1\" data-sort=\"Szent Mih\u00e1ly utca VI. (SEL XV.5. 6.d.)\" class=\"animateonload filtr-item filtr_item_628 single_one col-lg-2 col-md-3 col-sm-4 col-6\">\r\n\t\t\t\t\t\t\t\t\t\t\t\t\t\t\t<img decoding=\"async\" class=\" thumbnail  thumbnail_628 pfg-img pfg_img_628 img-responsive hvr-float-shadow\" src=\"https:\/\/sopronigyujtemenyek.lutheran.hu\/wp-content\/uploads\/Szent-Mihaly-utca-VI.-150x150.jpg\" alt=\"\">\r\n\t\t\t\t\t\t\t\t\t\t\t\t\t\t\t\t\t<div class=\"item-position item_position_628\">172<\/div>\r\n\t\t\t\t\t\t\t\t\t\t\t\t\t\t\t\t\t\t<span class=\"item-desc item_desc_628\">Szent Mih\u00e1ly utca VI. (SEL XV.5. 6.d.)<\/span>\r\n\t\t\t\t\t\t\t\t\t\t\t\t\t\t<\/div>\r\n\t\t\t\t\t<\/a>\r\n\t\t\t\t\t\t\t\t\t\t<a href=\"https:\/\/sopronigyujtemenyek.lutheran.hu\/wp-content\/uploads\/Szent-mihaly-utca-VII..jpg\" class=\"pfg-lightbox-all pfg-lightbox-1\" data-lightbox=\"pfg-lightbox\"  data-title=\"Szent mih\u00e1ly utca VII. (SEL XV.5. 6.d.)\" data-alt=\"Szent mih\u00e1ly utca VII. (SEL XV.5. 6.d.)\" title=\"Szent mih\u00e1ly utca VII. (SEL XV.5. 6.d.)\">\r\n\t\t\t\t\t\t<div data-category=\"1\" data-sort=\"Szent mih\u00e1ly utca VII. (SEL XV.5. 6.d.)\" class=\"animateonload filtr-item filtr_item_628 single_one col-lg-2 col-md-3 col-sm-4 col-6\">\r\n\t\t\t\t\t\t\t\t\t\t\t\t\t\t\t<img decoding=\"async\" class=\" thumbnail  thumbnail_628 pfg-img pfg_img_628 img-responsive hvr-float-shadow\" src=\"https:\/\/sopronigyujtemenyek.lutheran.hu\/wp-content\/uploads\/Szent-mihaly-utca-VII.-150x150.jpg\" alt=\"\">\r\n\t\t\t\t\t\t\t\t\t\t\t\t\t\t\t\t\t<div class=\"item-position item_position_628\">173<\/div>\r\n\t\t\t\t\t\t\t\t\t\t\t\t\t\t\t\t\t\t<span class=\"item-desc item_desc_628\">Szent mih\u00e1ly utca VII. (SEL XV.5. 6.d.)<\/span>\r\n\t\t\t\t\t\t\t\t\t\t\t\t\t\t<\/div>\r\n\t\t\t\t\t<\/a>\r\n\t\t\t\t\t\t\t\t\t\t<a href=\"https:\/\/sopronigyujtemenyek.lutheran.hu\/wp-content\/uploads\/Szent-Mihaly-utcai-homlokzat.jpg\" class=\"pfg-lightbox-all pfg-lightbox-1\" data-lightbox=\"pfg-lightbox\"  data-title=\"Szent Mih\u00e1ly utcai homlokzat (SEL XV.5. 6.d.)\" data-alt=\"Szent Mih\u00e1ly utcai homlokzat (SEL XV.5. 6.d.)\" title=\"Szent Mih\u00e1ly utcai homlokzat (SEL XV.5. 6.d.)\">\r\n\t\t\t\t\t\t<div data-category=\"1\" data-sort=\"Szent Mih\u00e1ly utcai homlokzat (SEL XV.5. 6.d.)\" class=\"animateonload filtr-item filtr_item_628 single_one col-lg-2 col-md-3 col-sm-4 col-6\">\r\n\t\t\t\t\t\t\t\t\t\t\t\t\t\t\t<img decoding=\"async\" class=\" thumbnail  thumbnail_628 pfg-img pfg_img_628 img-responsive hvr-float-shadow\" src=\"https:\/\/sopronigyujtemenyek.lutheran.hu\/wp-content\/uploads\/Szent-Mihaly-utcai-homlokzat-150x150.jpg\" alt=\"\">\r\n\t\t\t\t\t\t\t\t\t\t\t\t\t\t\t\t\t<div class=\"item-position item_position_628\">174<\/div>\r\n\t\t\t\t\t\t\t\t\t\t\t\t\t\t\t\t\t\t<span class=\"item-desc item_desc_628\">Szent Mih\u00e1ly utcai homlokzat (SEL XV.5. 6.d.)<\/span>\r\n\t\t\t\t\t\t\t\t\t\t\t\t\t\t<\/div>\r\n\t\t\t\t\t<\/a>\r\n\t\t\t\t\t\t\t\t\t\t<a href=\"https:\/\/sopronigyujtemenyek.lutheran.hu\/wp-content\/uploads\/Szentlelek-utca.jpg\" class=\"pfg-lightbox-all pfg-lightbox-1\" data-lightbox=\"pfg-lightbox\"  data-title=\"Szentl\u00e9lek utca (SEL XV.5. 6.d.)\" data-alt=\"Szentl\u00e9lek utca (SEL XV.5. 6.d.)\" title=\"Szentl\u00e9lek utca (SEL XV.5. 6.d.)\">\r\n\t\t\t\t\t\t<div data-category=\"1\" data-sort=\"Szentl\u00e9lek utca (SEL XV.5. 6.d.)\" class=\"animateonload filtr-item filtr_item_628 single_one col-lg-2 col-md-3 col-sm-4 col-6\">\r\n\t\t\t\t\t\t\t\t\t\t\t\t\t\t\t<img decoding=\"async\" class=\" thumbnail  thumbnail_628 pfg-img pfg_img_628 img-responsive hvr-float-shadow\" src=\"https:\/\/sopronigyujtemenyek.lutheran.hu\/wp-content\/uploads\/Szentlelek-utca-150x150.jpg\" alt=\"\">\r\n\t\t\t\t\t\t\t\t\t\t\t\t\t\t\t\t\t<div class=\"item-position item_position_628\">175<\/div>\r\n\t\t\t\t\t\t\t\t\t\t\t\t\t\t\t\t\t\t<span class=\"item-desc item_desc_628\">Szentl\u00e9lek utca (SEL XV.5. 6.d.)<\/span>\r\n\t\t\t\t\t\t\t\t\t\t\t\t\t\t<\/div>\r\n\t\t\t\t\t<\/a>\r\n\t\t\t\t\t\t\t\t\t\t<a href=\"https:\/\/sopronigyujtemenyek.lutheran.hu\/wp-content\/uploads\/Szentlelek-utca-7..jpg\" class=\"pfg-lightbox-all pfg-lightbox-1\" data-lightbox=\"pfg-lightbox\"  data-title=\"Szentl\u00e9lek utca 7. (SEL XV.5. 6.d.)\" data-alt=\"Szentl\u00e9lek utca 7. (SEL XV.5. 6.d.)\" title=\"Szentl\u00e9lek utca 7. (SEL XV.5. 6.d.)\">\r\n\t\t\t\t\t\t<div data-category=\"1\" data-sort=\"Szentl\u00e9lek utca 7. (SEL XV.5. 6.d.)\" class=\"animateonload filtr-item filtr_item_628 single_one col-lg-2 col-md-3 col-sm-4 col-6\">\r\n\t\t\t\t\t\t\t\t\t\t\t\t\t\t\t<img decoding=\"async\" class=\" thumbnail  thumbnail_628 pfg-img pfg_img_628 img-responsive hvr-float-shadow\" src=\"https:\/\/sopronigyujtemenyek.lutheran.hu\/wp-content\/uploads\/Szentlelek-utca-7.-150x150.jpg\" alt=\"\">\r\n\t\t\t\t\t\t\t\t\t\t\t\t\t\t\t\t\t<div class=\"item-position item_position_628\">176<\/div>\r\n\t\t\t\t\t\t\t\t\t\t\t\t\t\t\t\t\t\t<span class=\"item-desc item_desc_628\">Szentl\u00e9lek utca 7. (SEL XV.5. 6.d.)<\/span>\r\n\t\t\t\t\t\t\t\t\t\t\t\t\t\t<\/div>\r\n\t\t\t\t\t<\/a>\r\n\t\t\t\t\t\t\t\t\t\t<a href=\"https:\/\/sopronigyujtemenyek.lutheran.hu\/wp-content\/uploads\/Szent-Mihaly-utcareszlet.jpg\" class=\"pfg-lightbox-all pfg-lightbox-1\" data-lightbox=\"pfg-lightbox\"  data-title=\"Szent Mih\u00e1ly utcar\u00e9szlet (SEL XV.5. 6.d.)\" data-alt=\"Szent Mih\u00e1ly utcar\u00e9szlet (SEL XV.5. 6.d.)\" title=\"Szent Mih\u00e1ly utcar\u00e9szlet (SEL XV.5. 6.d.)\">\r\n\t\t\t\t\t\t<div data-category=\"1\" data-sort=\"Szent Mih\u00e1ly utcar\u00e9szlet (SEL XV.5. 6.d.)\" class=\"animateonload filtr-item filtr_item_628 single_one col-lg-2 col-md-3 col-sm-4 col-6\">\r\n\t\t\t\t\t\t\t\t\t\t\t\t\t\t\t<img decoding=\"async\" class=\" thumbnail  thumbnail_628 pfg-img pfg_img_628 img-responsive hvr-float-shadow\" src=\"https:\/\/sopronigyujtemenyek.lutheran.hu\/wp-content\/uploads\/Szent-Mihaly-utcareszlet-150x150.jpg\" alt=\"\">\r\n\t\t\t\t\t\t\t\t\t\t\t\t\t\t\t\t\t<div class=\"item-position item_position_628\">177<\/div>\r\n\t\t\t\t\t\t\t\t\t\t\t\t\t\t\t\t\t\t<span class=\"item-desc item_desc_628\">Szent Mih\u00e1ly utcar\u00e9szlet (SEL XV.5. 6.d.)<\/span>\r\n\t\t\t\t\t\t\t\t\t\t\t\t\t\t<\/div>\r\n\t\t\t\t\t<\/a>\r\n\t\t\t\t\t\t\t\t\t\t<a href=\"https:\/\/sopronigyujtemenyek.lutheran.hu\/wp-content\/uploads\/Uj-u.-11..jpg\" class=\"pfg-lightbox-all pfg-lightbox-1\" data-lightbox=\"pfg-lightbox\"  data-title=\"\u00daj u. 11. (SEL XV.5. 6.d.)\" data-alt=\"\u00daj u. 11. (SEL XV.5. 6.d.)\" title=\"\u00daj u. 11. (SEL XV.5. 6.d.)\">\r\n\t\t\t\t\t\t<div data-category=\"1\" data-sort=\"\u00daj u. 11. (SEL XV.5. 6.d.)\" class=\"animateonload filtr-item filtr_item_628 single_one col-lg-2 col-md-3 col-sm-4 col-6\">\r\n\t\t\t\t\t\t\t\t\t\t\t\t\t\t\t<img decoding=\"async\" class=\" thumbnail  thumbnail_628 pfg-img pfg_img_628 img-responsive hvr-float-shadow\" src=\"https:\/\/sopronigyujtemenyek.lutheran.hu\/wp-content\/uploads\/Uj-u.-11.-150x150.jpg\" alt=\"\">\r\n\t\t\t\t\t\t\t\t\t\t\t\t\t\t\t\t\t<div class=\"item-position item_position_628\">178<\/div>\r\n\t\t\t\t\t\t\t\t\t\t\t\t\t\t\t\t\t\t<span class=\"item-desc item_desc_628\">\u00daj u. 11. (SEL XV.5. 6.d.)<\/span>\r\n\t\t\t\t\t\t\t\t\t\t\t\t\t\t<\/div>\r\n\t\t\t\t\t<\/a>\r\n\t\t\t\t\t\t\t\t\t\t<a href=\"https:\/\/sopronigyujtemenyek.lutheran.hu\/wp-content\/uploads\/Templom-utca-18..jpg\" class=\"pfg-lightbox-all pfg-lightbox-1\" data-lightbox=\"pfg-lightbox\"  data-title=\"Templom utca 18. (SEL XV.5. 6.d.)\" data-alt=\"Templom utca 18. (SEL XV.5. 6.d.)\" title=\"Templom utca 18. (SEL XV.5. 6.d.)\">\r\n\t\t\t\t\t\t<div data-category=\"1\" data-sort=\"Templom utca 18. (SEL XV.5. 6.d.)\" class=\"animateonload filtr-item filtr_item_628 single_one col-lg-2 col-md-3 col-sm-4 col-6\">\r\n\t\t\t\t\t\t\t\t\t\t\t\t\t\t\t<img decoding=\"async\" class=\" thumbnail  thumbnail_628 pfg-img pfg_img_628 img-responsive hvr-float-shadow\" src=\"https:\/\/sopronigyujtemenyek.lutheran.hu\/wp-content\/uploads\/Templom-utca-18.-150x150.jpg\" alt=\"\">\r\n\t\t\t\t\t\t\t\t\t\t\t\t\t\t\t\t\t<div class=\"item-position item_position_628\">179<\/div>\r\n\t\t\t\t\t\t\t\t\t\t\t\t\t\t\t\t\t\t<span class=\"item-desc item_desc_628\">Templom utca 18. (SEL XV.5. 6.d.)<\/span>\r\n\t\t\t\t\t\t\t\t\t\t\t\t\t\t<\/div>\r\n\t\t\t\t\t<\/a>\r\n\t\t\t\t\t\t\t\t\t\t<a href=\"https:\/\/sopronigyujtemenyek.lutheran.hu\/wp-content\/uploads\/Templom-utca-12..jpg\" class=\"pfg-lightbox-all pfg-lightbox-1\" data-lightbox=\"pfg-lightbox\"  data-title=\"Templom utca 12. (SEL XV.5. 6.d.)\" data-alt=\"Templom utca 12. (SEL XV.5. 6.d.)\" title=\"Templom utca 12. (SEL XV.5. 6.d.)\">\r\n\t\t\t\t\t\t<div data-category=\"1\" data-sort=\"Templom utca 12. (SEL XV.5. 6.d.)\" class=\"animateonload filtr-item filtr_item_628 single_one col-lg-2 col-md-3 col-sm-4 col-6\">\r\n\t\t\t\t\t\t\t\t\t\t\t\t\t\t\t<img decoding=\"async\" class=\" thumbnail  thumbnail_628 pfg-img pfg_img_628 img-responsive hvr-float-shadow\" src=\"https:\/\/sopronigyujtemenyek.lutheran.hu\/wp-content\/uploads\/Templom-utca-12.-150x150.jpg\" alt=\"\">\r\n\t\t\t\t\t\t\t\t\t\t\t\t\t\t\t\t\t<div class=\"item-position item_position_628\">180<\/div>\r\n\t\t\t\t\t\t\t\t\t\t\t\t\t\t\t\t\t\t<span class=\"item-desc item_desc_628\">Templom utca 12. (SEL XV.5. 6.d.)<\/span>\r\n\t\t\t\t\t\t\t\t\t\t\t\t\t\t<\/div>\r\n\t\t\t\t\t<\/a>\r\n\t\t\t\t\t\t\t\t\t\t<a href=\"https:\/\/sopronigyujtemenyek.lutheran.hu\/wp-content\/uploads\/Uj-u.-16-ablak.jpg\" class=\"pfg-lightbox-all pfg-lightbox-1\" data-lightbox=\"pfg-lightbox\"  data-title=\"\u00daj u. 16 ablak (SEL XV.5. 6.d.)\" data-alt=\"\u00daj u. 16 ablak (SEL XV.5. 6.d.)\" title=\"\u00daj u. 16 ablak (SEL XV.5. 6.d.)\">\r\n\t\t\t\t\t\t<div data-category=\"1\" data-sort=\"\u00daj u. 16 ablak (SEL XV.5. 6.d.)\" class=\"animateonload filtr-item filtr_item_628 single_one col-lg-2 col-md-3 col-sm-4 col-6\">\r\n\t\t\t\t\t\t\t\t\t\t\t\t\t\t\t<img decoding=\"async\" class=\" thumbnail  thumbnail_628 pfg-img pfg_img_628 img-responsive hvr-float-shadow\" src=\"https:\/\/sopronigyujtemenyek.lutheran.hu\/wp-content\/uploads\/Uj-u.-16-ablak-150x150.jpg\" alt=\"\">\r\n\t\t\t\t\t\t\t\t\t\t\t\t\t\t\t\t\t<div class=\"item-position item_position_628\">181<\/div>\r\n\t\t\t\t\t\t\t\t\t\t\t\t\t\t\t\t\t\t<span class=\"item-desc item_desc_628\">\u00daj u. 16 ablak (SEL XV.5. 6.d.)<\/span>\r\n\t\t\t\t\t\t\t\t\t\t\t\t\t\t<\/div>\r\n\t\t\t\t\t<\/a>\r\n\t\t\t\t\t\t\t\t\t\t<a href=\"https:\/\/sopronigyujtemenyek.lutheran.hu\/wp-content\/uploads\/Uj-u.-21.-arkadok.jpg\" class=\"pfg-lightbox-all pfg-lightbox-1\" data-lightbox=\"pfg-lightbox\"  data-title=\"\u00daj u. 21. \u00e1rk\u00e1dok (SEL XV.5. 6.d.)\" data-alt=\"\u00daj u. 21. \u00e1rk\u00e1dok (SEL XV.5. 6.d.)\" title=\"\u00daj u. 21. \u00e1rk\u00e1dok (SEL XV.5. 6.d.)\">\r\n\t\t\t\t\t\t<div data-category=\"1\" data-sort=\"\u00daj u. 21. \u00e1rk\u00e1dok (SEL XV.5. 6.d.)\" class=\"animateonload filtr-item filtr_item_628 single_one col-lg-2 col-md-3 col-sm-4 col-6\">\r\n\t\t\t\t\t\t\t\t\t\t\t\t\t\t\t<img decoding=\"async\" class=\" thumbnail  thumbnail_628 pfg-img pfg_img_628 img-responsive hvr-float-shadow\" src=\"https:\/\/sopronigyujtemenyek.lutheran.hu\/wp-content\/uploads\/Uj-u.-21.-arkadok-150x150.jpg\" alt=\"\">\r\n\t\t\t\t\t\t\t\t\t\t\t\t\t\t\t\t\t<div class=\"item-position item_position_628\">182<\/div>\r\n\t\t\t\t\t\t\t\t\t\t\t\t\t\t\t\t\t\t<span class=\"item-desc item_desc_628\">\u00daj u. 21. \u00e1rk\u00e1dok (SEL XV.5. 6.d.)<\/span>\r\n\t\t\t\t\t\t\t\t\t\t\t\t\t\t<\/div>\r\n\t\t\t\t\t<\/a>\r\n\t\t\t\t\t\t\t\t\t\t<a href=\"https:\/\/sopronigyujtemenyek.lutheran.hu\/wp-content\/uploads\/Uj-u.-16..jpg\" class=\"pfg-lightbox-all pfg-lightbox-1\" data-lightbox=\"pfg-lightbox\"  data-title=\"\u00daj u. 16. (SEL XV.5. 6.d.)\" data-alt=\"\u00daj u. 16. (SEL XV.5. 6.d.)\" title=\"\u00daj u. 16. (SEL XV.5. 6.d.)\">\r\n\t\t\t\t\t\t<div data-category=\"1\" data-sort=\"\u00daj u. 16. (SEL XV.5. 6.d.)\" class=\"animateonload filtr-item filtr_item_628 single_one col-lg-2 col-md-3 col-sm-4 col-6\">\r\n\t\t\t\t\t\t\t\t\t\t\t\t\t\t\t<img decoding=\"async\" class=\" thumbnail  thumbnail_628 pfg-img pfg_img_628 img-responsive hvr-float-shadow\" src=\"https:\/\/sopronigyujtemenyek.lutheran.hu\/wp-content\/uploads\/Uj-u.-16.-150x150.jpg\" alt=\"\">\r\n\t\t\t\t\t\t\t\t\t\t\t\t\t\t\t\t\t<div class=\"item-position item_position_628\">183<\/div>\r\n\t\t\t\t\t\t\t\t\t\t\t\t\t\t\t\t\t\t<span class=\"item-desc item_desc_628\">\u00daj u. 16. (SEL XV.5. 6.d.)<\/span>\r\n\t\t\t\t\t\t\t\t\t\t\t\t\t\t<\/div>\r\n\t\t\t\t\t<\/a>\r\n\t\t\t\t\t\t\t\t\t\t<a href=\"https:\/\/sopronigyujtemenyek.lutheran.hu\/wp-content\/uploads\/Uj-u.-21.-homlokzat.jpg\" class=\"pfg-lightbox-all pfg-lightbox-1\" data-lightbox=\"pfg-lightbox\"  data-title=\"\u00daj u. 21. homlokzat (SEL XV.5. 6.d.)\" data-alt=\"\u00daj u. 21. homlokzat (SEL XV.5. 6.d.)\" title=\"\u00daj u. 21. homlokzat (SEL XV.5. 6.d.)\">\r\n\t\t\t\t\t\t<div data-category=\"1\" data-sort=\"\u00daj u. 21. homlokzat (SEL XV.5. 6.d.)\" class=\"animateonload filtr-item filtr_item_628 single_one col-lg-2 col-md-3 col-sm-4 col-6\">\r\n\t\t\t\t\t\t\t\t\t\t\t\t\t\t\t<img decoding=\"async\" class=\" thumbnail  thumbnail_628 pfg-img pfg_img_628 img-responsive hvr-float-shadow\" src=\"https:\/\/sopronigyujtemenyek.lutheran.hu\/wp-content\/uploads\/Uj-u.-21.-homlokzat-150x150.jpg\" alt=\"\">\r\n\t\t\t\t\t\t\t\t\t\t\t\t\t\t\t\t\t<div class=\"item-position item_position_628\">184<\/div>\r\n\t\t\t\t\t\t\t\t\t\t\t\t\t\t\t\t\t\t<span class=\"item-desc item_desc_628\">\u00daj u. 21. homlokzat (SEL XV.5. 6.d.)<\/span>\r\n\t\t\t\t\t\t\t\t\t\t\t\t\t\t<\/div>\r\n\t\t\t\t\t<\/a>\r\n\t\t\t\t\t\t\t\t\t\t<a href=\"https:\/\/sopronigyujtemenyek.lutheran.hu\/wp-content\/uploads\/Uj-u.-21.-lepcsosor.jpg\" class=\"pfg-lightbox-all pfg-lightbox-1\" data-lightbox=\"pfg-lightbox\"  data-title=\"\u00daj u. 21. l\u00e9pcs\u0151sor (SEL XV.5. 6.d.)\" data-alt=\"\u00daj u. 21. l\u00e9pcs\u0151sor (SEL XV.5. 6.d.)\" title=\"\u00daj u. 21. l\u00e9pcs\u0151sor (SEL XV.5. 6.d.)\">\r\n\t\t\t\t\t\t<div data-category=\"1\" data-sort=\"\u00daj u. 21. l\u00e9pcs\u0151sor (SEL XV.5. 6.d.)\" class=\"animateonload filtr-item filtr_item_628 single_one col-lg-2 col-md-3 col-sm-4 col-6\">\r\n\t\t\t\t\t\t\t\t\t\t\t\t\t\t\t<img decoding=\"async\" class=\" thumbnail  thumbnail_628 pfg-img pfg_img_628 img-responsive hvr-float-shadow\" src=\"https:\/\/sopronigyujtemenyek.lutheran.hu\/wp-content\/uploads\/Uj-u.-21.-lepcsosor-150x150.jpg\" alt=\"\">\r\n\t\t\t\t\t\t\t\t\t\t\t\t\t\t\t\t\t<div class=\"item-position item_position_628\">185<\/div>\r\n\t\t\t\t\t\t\t\t\t\t\t\t\t\t\t\t\t\t<span class=\"item-desc item_desc_628\">\u00daj u. 21. l\u00e9pcs\u0151sor (SEL XV.5. 6.d.)<\/span>\r\n\t\t\t\t\t\t\t\t\t\t\t\t\t\t<\/div>\r\n\t\t\t\t\t<\/a>\r\n\t\t\t\t\t\t\t\t\t\t<a href=\"https:\/\/sopronigyujtemenyek.lutheran.hu\/wp-content\/uploads\/Uj-u.-21.-udvar.jpg\" class=\"pfg-lightbox-all pfg-lightbox-1\" data-lightbox=\"pfg-lightbox\"  data-title=\"\u00daj u. 21. udvar (SEL XV.5. 6.d.)\" data-alt=\"\u00daj u. 21. udvar (SEL XV.5. 6.d.)\" title=\"\u00daj u. 21. udvar (SEL XV.5. 6.d.)\">\r\n\t\t\t\t\t\t<div data-category=\"1\" data-sort=\"\u00daj u. 21. udvar (SEL XV.5. 6.d.)\" class=\"animateonload filtr-item filtr_item_628 single_one col-lg-2 col-md-3 col-sm-4 col-6\">\r\n\t\t\t\t\t\t\t\t\t\t\t\t\t\t\t<img decoding=\"async\" class=\" thumbnail  thumbnail_628 pfg-img pfg_img_628 img-responsive hvr-float-shadow\" src=\"https:\/\/sopronigyujtemenyek.lutheran.hu\/wp-content\/uploads\/Uj-u.-21.-udvar-150x150.jpg\" alt=\"\">\r\n\t\t\t\t\t\t\t\t\t\t\t\t\t\t\t\t\t<div class=\"item-position item_position_628\">186<\/div>\r\n\t\t\t\t\t\t\t\t\t\t\t\t\t\t\t\t\t\t<span class=\"item-desc item_desc_628\">\u00daj u. 21. udvar (SEL XV.5. 6.d.)<\/span>\r\n\t\t\t\t\t\t\t\t\t\t\t\t\t\t<\/div>\r\n\t\t\t\t\t<\/a>\r\n\t\t\t\t\t\t\t\t\t\t<a href=\"https:\/\/sopronigyujtemenyek.lutheran.hu\/wp-content\/uploads\/Uj-utca-6-8-10-12-14.jpg\" class=\"pfg-lightbox-all pfg-lightbox-1\" data-lightbox=\"pfg-lightbox\"  data-title=\"\u00daj utca 6-8-10-12-14. (SEL XV.5. 6.d.)\" data-alt=\"\u00daj utca 6-8-10-12-14. (SEL XV.5. 6.d.)\" title=\"\u00daj utca 6-8-10-12-14. (SEL XV.5. 6.d.)\">\r\n\t\t\t\t\t\t<div data-category=\"1\" data-sort=\"\u00daj utca 6-8-10-12-14. (SEL XV.5. 6.d.)\" class=\"animateonload filtr-item filtr_item_628 single_one col-lg-2 col-md-3 col-sm-4 col-6\">\r\n\t\t\t\t\t\t\t\t\t\t\t\t\t\t\t<img decoding=\"async\" class=\" thumbnail  thumbnail_628 pfg-img pfg_img_628 img-responsive hvr-float-shadow\" src=\"https:\/\/sopronigyujtemenyek.lutheran.hu\/wp-content\/uploads\/Uj-utca-6-8-10-12-14-150x150.jpg\" alt=\"\">\r\n\t\t\t\t\t\t\t\t\t\t\t\t\t\t\t\t\t<div class=\"item-position item_position_628\">187<\/div>\r\n\t\t\t\t\t\t\t\t\t\t\t\t\t\t\t\t\t\t<span class=\"item-desc item_desc_628\">\u00daj utca 6-8-10-12-14. (SEL XV.5. 6.d.)<\/span>\r\n\t\t\t\t\t\t\t\t\t\t\t\t\t\t<\/div>\r\n\t\t\t\t\t<\/a>\r\n\t\t\t\t\t\t\t\t\t\t<a href=\"https:\/\/sopronigyujtemenyek.lutheran.hu\/wp-content\/uploads\/Uj-utca.jpg\" class=\"pfg-lightbox-all pfg-lightbox-1\" data-lightbox=\"pfg-lightbox\"  data-title=\"\u00daj utca (SEL XV.5. 6.d.)\" data-alt=\"\u00daj utca (SEL XV.5. 6.d.)\" title=\"\u00daj utca (SEL XV.5. 6.d.)\">\r\n\t\t\t\t\t\t<div data-category=\"1\" data-sort=\"\u00daj utca (SEL XV.5. 6.d.)\" class=\"animateonload filtr-item filtr_item_628 single_one col-lg-2 col-md-3 col-sm-4 col-6\">\r\n\t\t\t\t\t\t\t\t\t\t\t\t\t\t\t<img decoding=\"async\" class=\" thumbnail  thumbnail_628 pfg-img pfg_img_628 img-responsive hvr-float-shadow\" src=\"https:\/\/sopronigyujtemenyek.lutheran.hu\/wp-content\/uploads\/Uj-utca-150x150.jpg\" alt=\"\">\r\n\t\t\t\t\t\t\t\t\t\t\t\t\t\t\t\t\t<div class=\"item-position item_position_628\">188<\/div>\r\n\t\t\t\t\t\t\t\t\t\t\t\t\t\t\t\t\t\t<span class=\"item-desc item_desc_628\">\u00daj utca (SEL XV.5. 6.d.)<\/span>\r\n\t\t\t\t\t\t\t\t\t\t\t\t\t\t<\/div>\r\n\t\t\t\t\t<\/a>\r\n\t\t\t\t\t\t\t\t\t\t<a href=\"https:\/\/sopronigyujtemenyek.lutheran.hu\/wp-content\/uploads\/Uj-utca-7..jpg\" class=\"pfg-lightbox-all pfg-lightbox-1\" data-lightbox=\"pfg-lightbox\"  data-title=\"\u00daj utca 7. (SEL XV.5. 6.d.)\" data-alt=\"\u00daj utca 7. (SEL XV.5. 6.d.)\" title=\"\u00daj utca 7. (SEL XV.5. 6.d.)\">\r\n\t\t\t\t\t\t<div data-category=\"1\" data-sort=\"\u00daj utca 7. (SEL XV.5. 6.d.)\" class=\"animateonload filtr-item filtr_item_628 single_one col-lg-2 col-md-3 col-sm-4 col-6\">\r\n\t\t\t\t\t\t\t\t\t\t\t\t\t\t\t<img decoding=\"async\" class=\" thumbnail  thumbnail_628 pfg-img pfg_img_628 img-responsive hvr-float-shadow\" src=\"https:\/\/sopronigyujtemenyek.lutheran.hu\/wp-content\/uploads\/Uj-utca-7.-150x150.jpg\" alt=\"\">\r\n\t\t\t\t\t\t\t\t\t\t\t\t\t\t\t\t\t<div class=\"item-position item_position_628\">189<\/div>\r\n\t\t\t\t\t\t\t\t\t\t\t\t\t\t\t\t\t\t<span class=\"item-desc item_desc_628\">\u00daj utca 7. (SEL XV.5. 6.d.)<\/span>\r\n\t\t\t\t\t\t\t\t\t\t\t\t\t\t<\/div>\r\n\t\t\t\t\t<\/a>\r\n\t\t\t\t\t\t\t\t\t\t<a href=\"https:\/\/sopronigyujtemenyek.lutheran.hu\/wp-content\/uploads\/Uj-utca-7.-udvar.jpg\" class=\"pfg-lightbox-all pfg-lightbox-1\" data-lightbox=\"pfg-lightbox\"  data-title=\"\u00daj utca 7. udvar (SEL XV.5. 6.d.)\" data-alt=\"\u00daj utca 7. udvar (SEL XV.5. 6.d.)\" title=\"\u00daj utca 7. udvar (SEL XV.5. 6.d.)\">\r\n\t\t\t\t\t\t<div data-category=\"1\" data-sort=\"\u00daj utca 7. udvar (SEL XV.5. 6.d.)\" class=\"animateonload filtr-item filtr_item_628 single_one col-lg-2 col-md-3 col-sm-4 col-6\">\r\n\t\t\t\t\t\t\t\t\t\t\t\t\t\t\t<img decoding=\"async\" class=\" thumbnail  thumbnail_628 pfg-img pfg_img_628 img-responsive hvr-float-shadow\" src=\"https:\/\/sopronigyujtemenyek.lutheran.hu\/wp-content\/uploads\/Uj-utca-7.-udvar-150x150.jpg\" alt=\"\">\r\n\t\t\t\t\t\t\t\t\t\t\t\t\t\t\t\t\t<div class=\"item-position item_position_628\">190<\/div>\r\n\t\t\t\t\t\t\t\t\t\t\t\t\t\t\t\t\t\t<span class=\"item-desc item_desc_628\">\u00daj utca 7. udvar (SEL XV.5. 6.d.)<\/span>\r\n\t\t\t\t\t\t\t\t\t\t\t\t\t\t<\/div>\r\n\t\t\t\t\t<\/a>\r\n\t\t\t\t\t\t\t\t\t\t<a href=\"https:\/\/sopronigyujtemenyek.lutheran.hu\/wp-content\/uploads\/Uj-utca-7-9..jpg\" class=\"pfg-lightbox-all pfg-lightbox-1\" data-lightbox=\"pfg-lightbox\"  data-title=\"\u00daj utca 7-9. (SEL XV.5. 6.d.)\" data-alt=\"\u00daj utca 7-9. (SEL XV.5. 6.d.)\" title=\"\u00daj utca 7-9. (SEL XV.5. 6.d.)\">\r\n\t\t\t\t\t\t<div data-category=\"1\" data-sort=\"\u00daj utca 7-9. (SEL XV.5. 6.d.)\" class=\"animateonload filtr-item filtr_item_628 single_one col-lg-2 col-md-3 col-sm-4 col-6\">\r\n\t\t\t\t\t\t\t\t\t\t\t\t\t\t\t<img decoding=\"async\" class=\" thumbnail  thumbnail_628 pfg-img pfg_img_628 img-responsive hvr-float-shadow\" src=\"https:\/\/sopronigyujtemenyek.lutheran.hu\/wp-content\/uploads\/Uj-utca-7-9.-150x150.jpg\" alt=\"\">\r\n\t\t\t\t\t\t\t\t\t\t\t\t\t\t\t\t\t<div class=\"item-position item_position_628\">191<\/div>\r\n\t\t\t\t\t\t\t\t\t\t\t\t\t\t\t\t\t\t<span class=\"item-desc item_desc_628\">\u00daj utca 7-9. (SEL XV.5. 6.d.)<\/span>\r\n\t\t\t\t\t\t\t\t\t\t\t\t\t\t<\/div>\r\n\t\t\t\t\t<\/a>\r\n\t\t\t\t\t\t\t\t\t\t<a href=\"https:\/\/sopronigyujtemenyek.lutheran.hu\/wp-content\/uploads\/Uj-utca-9.-arkadok.jpg\" class=\"pfg-lightbox-all pfg-lightbox-1\" data-lightbox=\"pfg-lightbox\"  data-title=\"\u00daj utca 9. \u00e1rk\u00e1dok (SEL XV.5. 6.d.)\" data-alt=\"\u00daj utca 9. \u00e1rk\u00e1dok (SEL XV.5. 6.d.)\" title=\"\u00daj utca 9. \u00e1rk\u00e1dok (SEL XV.5. 6.d.)\">\r\n\t\t\t\t\t\t<div data-category=\"1\" data-sort=\"\u00daj utca 9. \u00e1rk\u00e1dok (SEL XV.5. 6.d.)\" class=\"animateonload filtr-item filtr_item_628 single_one col-lg-2 col-md-3 col-sm-4 col-6\">\r\n\t\t\t\t\t\t\t\t\t\t\t\t\t\t\t<img decoding=\"async\" class=\" thumbnail  thumbnail_628 pfg-img pfg_img_628 img-responsive hvr-float-shadow\" src=\"https:\/\/sopronigyujtemenyek.lutheran.hu\/wp-content\/uploads\/Uj-utca-9.-arkadok-150x150.jpg\" alt=\"\">\r\n\t\t\t\t\t\t\t\t\t\t\t\t\t\t\t\t\t<div class=\"item-position item_position_628\">192<\/div>\r\n\t\t\t\t\t\t\t\t\t\t\t\t\t\t\t\t\t\t<span class=\"item-desc item_desc_628\">\u00daj utca 9. \u00e1rk\u00e1dok (SEL XV.5. 6.d.)<\/span>\r\n\t\t\t\t\t\t\t\t\t\t\t\t\t\t<\/div>\r\n\t\t\t\t\t<\/a>\r\n\t\t\t\t\t\t\t\t\t\t<a href=\"https:\/\/sopronigyujtemenyek.lutheran.hu\/wp-content\/uploads\/Ujeteleki-utca-hazsor.jpg\" class=\"pfg-lightbox-all pfg-lightbox-1\" data-lightbox=\"pfg-lightbox\"  data-title=\"\u00dajeteleki utca h\u00e1zsor (SEL XV.5. 6.d.)\" data-alt=\"\u00dajeteleki utca h\u00e1zsor (SEL XV.5. 6.d.)\" title=\"\u00dajeteleki utca h\u00e1zsor (SEL XV.5. 6.d.)\">\r\n\t\t\t\t\t\t<div data-category=\"1\" data-sort=\"\u00dajeteleki utca h\u00e1zsor (SEL XV.5. 6.d.)\" class=\"animateonload filtr-item filtr_item_628 single_one col-lg-2 col-md-3 col-sm-4 col-6\">\r\n\t\t\t\t\t\t\t\t\t\t\t\t\t\t\t<img decoding=\"async\" class=\" thumbnail  thumbnail_628 pfg-img pfg_img_628 img-responsive hvr-float-shadow\" src=\"https:\/\/sopronigyujtemenyek.lutheran.hu\/wp-content\/uploads\/Ujeteleki-utca-hazsor-150x150.jpg\" alt=\"\">\r\n\t\t\t\t\t\t\t\t\t\t\t\t\t\t\t\t\t<div class=\"item-position item_position_628\">193<\/div>\r\n\t\t\t\t\t\t\t\t\t\t\t\t\t\t\t\t\t\t<span class=\"item-desc item_desc_628\">\u00dajeteleki utca h\u00e1zsor (SEL XV.5. 6.d.)<\/span>\r\n\t\t\t\t\t\t\t\t\t\t\t\t\t\t<\/div>\r\n\t\t\t\t\t<\/a>\r\n\t\t\t\t\t\t\t\t\t\t<a href=\"https:\/\/sopronigyujtemenyek.lutheran.hu\/wp-content\/uploads\/Uj-utca-9.-II..jpg\" class=\"pfg-lightbox-all pfg-lightbox-1\" data-lightbox=\"pfg-lightbox\"  data-title=\"\u00daj utca 9. II. (SEL XV.5. 6.d.)\" data-alt=\"\u00daj utca 9. II. (SEL XV.5. 6.d.)\" title=\"\u00daj utca 9. II. (SEL XV.5. 6.d.)\">\r\n\t\t\t\t\t\t<div data-category=\"1\" data-sort=\"\u00daj utca 9. II. (SEL XV.5. 6.d.)\" class=\"animateonload filtr-item filtr_item_628 single_one col-lg-2 col-md-3 col-sm-4 col-6\">\r\n\t\t\t\t\t\t\t\t\t\t\t\t\t\t\t<img decoding=\"async\" class=\" thumbnail  thumbnail_628 pfg-img pfg_img_628 img-responsive hvr-float-shadow\" src=\"https:\/\/sopronigyujtemenyek.lutheran.hu\/wp-content\/uploads\/Uj-utca-9.-II.-150x150.jpg\" alt=\"\">\r\n\t\t\t\t\t\t\t\t\t\t\t\t\t\t\t\t\t<div class=\"item-position item_position_628\">194<\/div>\r\n\t\t\t\t\t\t\t\t\t\t\t\t\t\t\t\t\t\t<span class=\"item-desc item_desc_628\">\u00daj utca 9. II. (SEL XV.5. 6.d.)<\/span>\r\n\t\t\t\t\t\t\t\t\t\t\t\t\t\t<\/div>\r\n\t\t\t\t\t<\/a>\r\n\t\t\t\t\t\t\t\t\t\t<a href=\"https:\/\/sopronigyujtemenyek.lutheran.hu\/wp-content\/uploads\/Ujteleki-utca.jpg\" class=\"pfg-lightbox-all pfg-lightbox-1\" data-lightbox=\"pfg-lightbox\"  data-title=\"\u00dajteleki utca (SEL XV.5. 6.d.)\" data-alt=\"\u00dajteleki utca (SEL XV.5. 6.d.)\" title=\"\u00dajteleki utca (SEL XV.5. 6.d.)\">\r\n\t\t\t\t\t\t<div data-category=\"1\" data-sort=\"\u00dajteleki utca (SEL XV.5. 6.d.)\" class=\"animateonload filtr-item filtr_item_628 single_one col-lg-2 col-md-3 col-sm-4 col-6\">\r\n\t\t\t\t\t\t\t\t\t\t\t\t\t\t\t<img decoding=\"async\" class=\" thumbnail  thumbnail_628 pfg-img pfg_img_628 img-responsive hvr-float-shadow\" src=\"https:\/\/sopronigyujtemenyek.lutheran.hu\/wp-content\/uploads\/Ujteleki-utca-150x150.jpg\" alt=\"\">\r\n\t\t\t\t\t\t\t\t\t\t\t\t\t\t\t\t\t<div class=\"item-position item_position_628\">195<\/div>\r\n\t\t\t\t\t\t\t\t\t\t\t\t\t\t\t\t\t\t<span class=\"item-desc item_desc_628\">\u00dajteleki utca (SEL XV.5. 6.d.)<\/span>\r\n\t\t\t\t\t\t\t\t\t\t\t\t\t\t<\/div>\r\n\t\t\t\t\t<\/a>\r\n\t\t\t\t\t\t\t\t\t\t<a href=\"https:\/\/sopronigyujtemenyek.lutheran.hu\/wp-content\/uploads\/Varfal-reszlet.jpg\" class=\"pfg-lightbox-all pfg-lightbox-1\" data-lightbox=\"pfg-lightbox\"  data-title=\"V\u00e1rfal r\u00e9szlet (SEL XV.5. 6.d.)\" data-alt=\"V\u00e1rfal r\u00e9szlet (SEL XV.5. 6.d.)\" title=\"V\u00e1rfal r\u00e9szlet (SEL XV.5. 6.d.)\">\r\n\t\t\t\t\t\t<div data-category=\"1\" data-sort=\"V\u00e1rfal r\u00e9szlet (SEL XV.5. 6.d.)\" class=\"animateonload filtr-item filtr_item_628 single_one col-lg-2 col-md-3 col-sm-4 col-6\">\r\n\t\t\t\t\t\t\t\t\t\t\t\t\t\t\t<img decoding=\"async\" class=\" thumbnail  thumbnail_628 pfg-img pfg_img_628 img-responsive hvr-float-shadow\" src=\"https:\/\/sopronigyujtemenyek.lutheran.hu\/wp-content\/uploads\/Varfal-reszlet-150x150.jpg\" alt=\"\">\r\n\t\t\t\t\t\t\t\t\t\t\t\t\t\t\t\t\t<div class=\"item-position item_position_628\">196<\/div>\r\n\t\t\t\t\t\t\t\t\t\t\t\t\t\t\t\t\t\t<span class=\"item-desc item_desc_628\">V\u00e1rfal r\u00e9szlet (SEL XV.5. 6.d.)<\/span>\r\n\t\t\t\t\t\t\t\t\t\t\t\t\t\t<\/div>\r\n\t\t\t\t\t<\/a>\r\n\t\t\t\t\t\t\t\t\t\t<a href=\"https:\/\/sopronigyujtemenyek.lutheran.hu\/wp-content\/uploads\/Varfal-reszlet-bastyaval.jpg\" class=\"pfg-lightbox-all pfg-lightbox-1\" data-lightbox=\"pfg-lightbox\"  data-title=\"V\u00e1rfal r\u00e9szlet b\u00e1sty\u00e1val (SEL XV.5. 6.d.)\" data-alt=\"V\u00e1rfal r\u00e9szlet b\u00e1sty\u00e1val (SEL XV.5. 6.d.)\" title=\"V\u00e1rfal r\u00e9szlet b\u00e1sty\u00e1val (SEL XV.5. 6.d.)\">\r\n\t\t\t\t\t\t<div data-category=\"1\" data-sort=\"V\u00e1rfal r\u00e9szlet b\u00e1sty\u00e1val (SEL XV.5. 6.d.)\" class=\"animateonload filtr-item filtr_item_628 single_one col-lg-2 col-md-3 col-sm-4 col-6\">\r\n\t\t\t\t\t\t\t\t\t\t\t\t\t\t\t<img decoding=\"async\" class=\" thumbnail  thumbnail_628 pfg-img pfg_img_628 img-responsive hvr-float-shadow\" src=\"https:\/\/sopronigyujtemenyek.lutheran.hu\/wp-content\/uploads\/Varfal-reszlet-bastyaval-150x150.jpg\" alt=\"\">\r\n\t\t\t\t\t\t\t\t\t\t\t\t\t\t\t\t\t<div class=\"item-position item_position_628\">197<\/div>\r\n\t\t\t\t\t\t\t\t\t\t\t\t\t\t\t\t\t\t<span class=\"item-desc item_desc_628\">V\u00e1rfal r\u00e9szlet b\u00e1sty\u00e1val (SEL XV.5. 6.d.)<\/span>\r\n\t\t\t\t\t\t\t\t\t\t\t\t\t\t<\/div>\r\n\t\t\t\t\t<\/a>\r\n\t\t\t\t\t\t\t\t\t\t<a href=\"https:\/\/sopronigyujtemenyek.lutheran.hu\/wp-content\/uploads\/Varkerulet-Maria-szobor.jpg\" class=\"pfg-lightbox-all pfg-lightbox-1\" data-lightbox=\"pfg-lightbox\"  data-title=\"V\u00e1rker\u00fclet \u2013 M\u00e1ria szobor (SEL XV.5. 6.d.)\" data-alt=\"V\u00e1rker\u00fclet \u2013 M\u00e1ria szobor (SEL XV.5. 6.d.)\" title=\"V\u00e1rker\u00fclet \u2013 M\u00e1ria szobor (SEL XV.5. 6.d.)\">\r\n\t\t\t\t\t\t<div data-category=\"1\" data-sort=\"V\u00e1rker\u00fclet \u2013 M\u00e1ria szobor (SEL XV.5. 6.d.)\" class=\"animateonload filtr-item filtr_item_628 single_one col-lg-2 col-md-3 col-sm-4 col-6\">\r\n\t\t\t\t\t\t\t\t\t\t\t\t\t\t\t<img decoding=\"async\" class=\" thumbnail  thumbnail_628 pfg-img pfg_img_628 img-responsive hvr-float-shadow\" src=\"https:\/\/sopronigyujtemenyek.lutheran.hu\/wp-content\/uploads\/Varkerulet-Maria-szobor-150x150.jpg\" alt=\"\">\r\n\t\t\t\t\t\t\t\t\t\t\t\t\t\t\t\t\t<div class=\"item-position item_position_628\">198<\/div>\r\n\t\t\t\t\t\t\t\t\t\t\t\t\t\t\t\t\t\t<span class=\"item-desc item_desc_628\">V\u00e1rker\u00fclet \u2013 M\u00e1ria szobor (SEL XV.5. 6.d.)<\/span>\r\n\t\t\t\t\t\t\t\t\t\t\t\t\t\t<\/div>\r\n\t\t\t\t\t<\/a>\r\n\t\t\t\t\t\t\t\t\t\t<a href=\"https:\/\/sopronigyujtemenyek.lutheran.hu\/wp-content\/uploads\/Varkerulet-Varfal-reszlet.jpg\" class=\"pfg-lightbox-all pfg-lightbox-1\" data-lightbox=\"pfg-lightbox\"  data-title=\"V\u00e1rker\u00fclet \u2013 V\u00e1rfal r\u00e9szlet (SEL XV.5. 6.d.)\" data-alt=\"V\u00e1rker\u00fclet \u2013 V\u00e1rfal r\u00e9szlet (SEL XV.5. 6.d.)\" title=\"V\u00e1rker\u00fclet \u2013 V\u00e1rfal r\u00e9szlet (SEL XV.5. 6.d.)\">\r\n\t\t\t\t\t\t<div data-category=\"1\" data-sort=\"V\u00e1rker\u00fclet \u2013 V\u00e1rfal r\u00e9szlet (SEL XV.5. 6.d.)\" class=\"animateonload filtr-item filtr_item_628 single_one col-lg-2 col-md-3 col-sm-4 col-6\">\r\n\t\t\t\t\t\t\t\t\t\t\t\t\t\t\t<img decoding=\"async\" class=\" thumbnail  thumbnail_628 pfg-img pfg_img_628 img-responsive hvr-float-shadow\" src=\"https:\/\/sopronigyujtemenyek.lutheran.hu\/wp-content\/uploads\/Varkerulet-Varfal-reszlet-150x150.jpg\" alt=\"\">\r\n\t\t\t\t\t\t\t\t\t\t\t\t\t\t\t\t\t<div class=\"item-position item_position_628\">199<\/div>\r\n\t\t\t\t\t\t\t\t\t\t\t\t\t\t\t\t\t\t<span class=\"item-desc item_desc_628\">V\u00e1rker\u00fclet \u2013 V\u00e1rfal r\u00e9szlet (SEL XV.5. 6.d.)<\/span>\r\n\t\t\t\t\t\t\t\t\t\t\t\t\t\t<\/div>\r\n\t\t\t\t\t<\/a>\r\n\t\t\t\t\t\t\t\t\t\t<a href=\"https:\/\/sopronigyujtemenyek.lutheran.hu\/wp-content\/uploads\/Varkerulet-55..jpg\" class=\"pfg-lightbox-all pfg-lightbox-1\" data-lightbox=\"pfg-lightbox\"  data-title=\"V\u00e1rker\u00fclet 55. (SEL XV.5. 6.d.)\" data-alt=\"V\u00e1rker\u00fclet 55. (SEL XV.5. 6.d.)\" title=\"V\u00e1rker\u00fclet 55. (SEL XV.5. 6.d.)\">\r\n\t\t\t\t\t\t<div data-category=\"1\" data-sort=\"V\u00e1rker\u00fclet 55. (SEL XV.5. 6.d.)\" class=\"animateonload filtr-item filtr_item_628 single_one col-lg-2 col-md-3 col-sm-4 col-6\">\r\n\t\t\t\t\t\t\t\t\t\t\t\t\t\t\t<img decoding=\"async\" class=\" thumbnail  thumbnail_628 pfg-img pfg_img_628 img-responsive hvr-float-shadow\" src=\"https:\/\/sopronigyujtemenyek.lutheran.hu\/wp-content\/uploads\/Varkerulet-55.-150x150.jpg\" alt=\"\">\r\n\t\t\t\t\t\t\t\t\t\t\t\t\t\t\t\t\t<div class=\"item-position item_position_628\">200<\/div>\r\n\t\t\t\t\t\t\t\t\t\t\t\t\t\t\t\t\t\t<span class=\"item-desc item_desc_628\">V\u00e1rker\u00fclet 55. (SEL XV.5. 6.d.)<\/span>\r\n\t\t\t\t\t\t\t\t\t\t\t\t\t\t<\/div>\r\n\t\t\t\t\t<\/a>\r\n\t\t\t\t\t\t\t\t\t\t<a href=\"https:\/\/sopronigyujtemenyek.lutheran.hu\/wp-content\/uploads\/Varkerulet-hazsor.jpg\" class=\"pfg-lightbox-all pfg-lightbox-1\" data-lightbox=\"pfg-lightbox\"  data-title=\"V\u00e1rker\u00fclet h\u00e1zsor (SEL XV.5. 6.d.)\" data-alt=\"V\u00e1rker\u00fclet h\u00e1zsor (SEL XV.5. 6.d.)\" title=\"V\u00e1rker\u00fclet h\u00e1zsor (SEL XV.5. 6.d.)\">\r\n\t\t\t\t\t\t<div data-category=\"1\" data-sort=\"V\u00e1rker\u00fclet h\u00e1zsor (SEL XV.5. 6.d.)\" class=\"animateonload filtr-item filtr_item_628 single_one col-lg-2 col-md-3 col-sm-4 col-6\">\r\n\t\t\t\t\t\t\t\t\t\t\t\t\t\t\t<img decoding=\"async\" class=\" thumbnail  thumbnail_628 pfg-img pfg_img_628 img-responsive hvr-float-shadow\" src=\"https:\/\/sopronigyujtemenyek.lutheran.hu\/wp-content\/uploads\/Varkerulet-hazsor-150x150.jpg\" alt=\"\">\r\n\t\t\t\t\t\t\t\t\t\t\t\t\t\t\t\t\t<div class=\"item-position item_position_628\">201<\/div>\r\n\t\t\t\t\t\t\t\t\t\t\t\t\t\t\t\t\t\t<span class=\"item-desc item_desc_628\">V\u00e1rker\u00fclet h\u00e1zsor (SEL XV.5. 6.d.)<\/span>\r\n\t\t\t\t\t\t\t\t\t\t\t\t\t\t<\/div>\r\n\t\t\t\t\t<\/a>\r\n\t\t\t\t\t\t\t\t\t\t<a href=\"https:\/\/sopronigyujtemenyek.lutheran.hu\/wp-content\/uploads\/Varkerulet-Varfal-reszlet-a-rondellaval.jpg\" class=\"pfg-lightbox-all pfg-lightbox-1\" data-lightbox=\"pfg-lightbox\"  data-title=\"V\u00e1rker\u00fclet \u2013 V\u00e1rfal r\u00e9szlet a rondell\u00e1val (SEL XV.5. 6.d.)\" data-alt=\"V\u00e1rker\u00fclet \u2013 V\u00e1rfal r\u00e9szlet a rondell\u00e1val (SEL XV.5. 6.d.)\" title=\"V\u00e1rker\u00fclet \u2013 V\u00e1rfal r\u00e9szlet a rondell\u00e1val (SEL XV.5. 6.d.)\">\r\n\t\t\t\t\t\t<div data-category=\"1\" data-sort=\"V\u00e1rker\u00fclet \u2013 V\u00e1rfal r\u00e9szlet a rondell\u00e1val (SEL XV.5. 6.d.)\" class=\"animateonload filtr-item filtr_item_628 single_one col-lg-2 col-md-3 col-sm-4 col-6\">\r\n\t\t\t\t\t\t\t\t\t\t\t\t\t\t\t<img decoding=\"async\" class=\" thumbnail  thumbnail_628 pfg-img pfg_img_628 img-responsive hvr-float-shadow\" src=\"https:\/\/sopronigyujtemenyek.lutheran.hu\/wp-content\/uploads\/Varkerulet-Varfal-reszlet-a-rondellaval-150x150.jpg\" alt=\"\">\r\n\t\t\t\t\t\t\t\t\t\t\t\t\t\t\t\t\t<div class=\"item-position item_position_628\">202<\/div>\r\n\t\t\t\t\t\t\t\t\t\t\t\t\t\t\t\t\t\t<span class=\"item-desc item_desc_628\">V\u00e1rker\u00fclet \u2013 V\u00e1rfal r\u00e9szlet a rondell\u00e1val (SEL XV.5. 6.d.)<\/span>\r\n\t\t\t\t\t\t\t\t\t\t\t\t\t\t<\/div>\r\n\t\t\t\t\t<\/a>\r\n\t\t\t\t\t\t\t\t\t\t<a href=\"https:\/\/sopronigyujtemenyek.lutheran.hu\/wp-content\/uploads\/Varkerulet-reszlet.jpg\" class=\"pfg-lightbox-all pfg-lightbox-1\" data-lightbox=\"pfg-lightbox\"  data-title=\"V\u00e1rker\u00fclet r\u00e9szlet (SEL XV.5. 6.d.)\" data-alt=\"V\u00e1rker\u00fclet r\u00e9szlet (SEL XV.5. 6.d.)\" title=\"V\u00e1rker\u00fclet r\u00e9szlet (SEL XV.5. 6.d.)\">\r\n\t\t\t\t\t\t<div data-category=\"1\" data-sort=\"V\u00e1rker\u00fclet r\u00e9szlet (SEL XV.5. 6.d.)\" class=\"animateonload filtr-item filtr_item_628 single_one col-lg-2 col-md-3 col-sm-4 col-6\">\r\n\t\t\t\t\t\t\t\t\t\t\t\t\t\t\t<img decoding=\"async\" class=\" thumbnail  thumbnail_628 pfg-img pfg_img_628 img-responsive hvr-float-shadow\" src=\"https:\/\/sopronigyujtemenyek.lutheran.hu\/wp-content\/uploads\/Varkerulet-reszlet-150x150.jpg\" alt=\"\">\r\n\t\t\t\t\t\t\t\t\t\t\t\t\t\t\t\t\t<div class=\"item-position item_position_628\">203<\/div>\r\n\t\t\t\t\t\t\t\t\t\t\t\t\t\t\t\t\t\t<span class=\"item-desc item_desc_628\">V\u00e1rker\u00fclet r\u00e9szlet (SEL XV.5. 6.d.)<\/span>\r\n\t\t\t\t\t\t\t\t\t\t\t\t\t\t<\/div>\r\n\t\t\t\t\t<\/a>\r\n\t\t\t\t\t\t\t\t\t\t<a href=\"https:\/\/sopronigyujtemenyek.lutheran.hu\/wp-content\/uploads\/Varkerulet-utcareszlet.jpg\" class=\"pfg-lightbox-all pfg-lightbox-1\" data-lightbox=\"pfg-lightbox\"  data-title=\"V\u00e1rker\u00fclet utcar\u00e9szlet (SEL XV.5. 6.d.)\" data-alt=\"V\u00e1rker\u00fclet utcar\u00e9szlet (SEL XV.5. 6.d.)\" title=\"V\u00e1rker\u00fclet utcar\u00e9szlet (SEL XV.5. 6.d.)\">\r\n\t\t\t\t\t\t<div data-category=\"1\" data-sort=\"V\u00e1rker\u00fclet utcar\u00e9szlet (SEL XV.5. 6.d.)\" class=\"animateonload filtr-item filtr_item_628 single_one col-lg-2 col-md-3 col-sm-4 col-6\">\r\n\t\t\t\t\t\t\t\t\t\t\t\t\t\t\t<img decoding=\"async\" class=\" thumbnail  thumbnail_628 pfg-img pfg_img_628 img-responsive hvr-float-shadow\" src=\"https:\/\/sopronigyujtemenyek.lutheran.hu\/wp-content\/uploads\/Varkerulet-utcareszlet-150x150.jpg\" alt=\"\">\r\n\t\t\t\t\t\t\t\t\t\t\t\t\t\t\t\t\t<div class=\"item-position item_position_628\">204<\/div>\r\n\t\t\t\t\t\t\t\t\t\t\t\t\t\t\t\t\t\t<span class=\"item-desc item_desc_628\">V\u00e1rker\u00fclet utcar\u00e9szlet (SEL XV.5. 6.d.)<\/span>\r\n\t\t\t\t\t\t\t\t\t\t\t\t\t\t<\/div>\r\n\t\t\t\t\t<\/a>\r\n\t\t\t\t\t\t\t\t\t\t<a href=\"https:\/\/sopronigyujtemenyek.lutheran.hu\/wp-content\/uploads\/Varkerulet-Furedi-haz.jpg\" class=\"pfg-lightbox-all pfg-lightbox-1\" data-lightbox=\"pfg-lightbox\"  data-title=\"V\u00e1rker\u00fclet, F\u00fcredi h\u00e1z (SEL XV.5. 6.d.)\" data-alt=\"V\u00e1rker\u00fclet, F\u00fcredi h\u00e1z (SEL XV.5. 6.d.)\" title=\"V\u00e1rker\u00fclet, F\u00fcredi h\u00e1z (SEL XV.5. 6.d.)\">\r\n\t\t\t\t\t\t<div data-category=\"1\" data-sort=\"V\u00e1rker\u00fclet, F\u00fcredi h\u00e1z (SEL XV.5. 6.d.)\" class=\"animateonload filtr-item filtr_item_628 single_one col-lg-2 col-md-3 col-sm-4 col-6\">\r\n\t\t\t\t\t\t\t\t\t\t\t\t\t\t\t<img decoding=\"async\" class=\" thumbnail  thumbnail_628 pfg-img pfg_img_628 img-responsive hvr-float-shadow\" src=\"https:\/\/sopronigyujtemenyek.lutheran.hu\/wp-content\/uploads\/Varkerulet-Furedi-haz-150x150.jpg\" alt=\"\">\r\n\t\t\t\t\t\t\t\t\t\t\t\t\t\t\t\t\t<div class=\"item-position item_position_628\">205<\/div>\r\n\t\t\t\t\t\t\t\t\t\t\t\t\t\t\t\t\t\t<span class=\"item-desc item_desc_628\">V\u00e1rker\u00fclet, F\u00fcredi h\u00e1z (SEL XV.5. 6.d.)<\/span>\r\n\t\t\t\t\t\t\t\t\t\t\t\t\t\t<\/div>\r\n\t\t\t\t\t<\/a>\r\n\t\t\t\t\t\t\t\t\t\t<a href=\"https:\/\/sopronigyujtemenyek.lutheran.hu\/wp-content\/uploads\/CCF20220228-1-scaled.jpg\" class=\"pfg-lightbox-all pfg-lightbox-8\" data-lightbox=\"pfg-lightbox\"  data-title=\"Konfirm\u00e1ci\u00f3s k\u00e9p \u00e9n. (SEL XV.5. 3. T\u00e9ka)\" data-alt=\"Konfirm\u00e1ci\u00f3s k\u00e9p \u00e9n. (SEL XV.5. 3. T\u00e9ka)\" title=\"Konfirm\u00e1ci\u00f3s k\u00e9p \u00e9n. (SEL XV.5. 3. T\u00e9ka)\">\r\n\t\t\t\t\t\t<div data-category=\"8\" data-sort=\"Konfirm\u00e1ci\u00f3s k\u00e9p \u00e9n. (SEL XV.5. 3. T\u00e9ka)\" class=\"animateonload filtr-item filtr_item_628 single_one col-lg-2 col-md-3 col-sm-4 col-6\">\r\n\t\t\t\t\t\t\t\t\t\t\t\t\t\t\t<img decoding=\"async\" class=\" thumbnail  thumbnail_628 pfg-img pfg_img_628 img-responsive hvr-float-shadow\" src=\"https:\/\/sopronigyujtemenyek.lutheran.hu\/wp-content\/uploads\/CCF20220228-1-150x150.jpg\" alt=\"\">\r\n\t\t\t\t\t\t\t\t\t\t\t\t\t\t\t\t\t<div class=\"item-position item_position_628\">206<\/div>\r\n\t\t\t\t\t\t\t\t\t\t\t\t\t\t\t\t\t\t<span class=\"item-desc item_desc_628\">Konfirm\u00e1ci\u00f3s k\u00e9p \u00e9n. (SEL XV.5. 3. T\u00e9ka)<\/span>\r\n\t\t\t\t\t\t\t\t\t\t\t\t\t\t<\/div>\r\n\t\t\t\t\t<\/a>\r\n\t\t\t\t\t\t\t\t\t\t<a href=\"https:\/\/sopronigyujtemenyek.lutheran.hu\/wp-content\/uploads\/CCF20220301.jpg\" class=\"pfg-lightbox-all pfg-lightbox-8\" data-lightbox=\"pfg-lightbox\"  data-title=\"Konfirm\u00e1ci\u00f3s k\u00e9p 1949. m\u00e1jus 26. (SEL XV.5. 3. T\u00e9ka)\" data-alt=\"Konfirm\u00e1ci\u00f3s k\u00e9p 1949. m\u00e1jus 26. (SEL XV.5. 3. T\u00e9ka)\" title=\"Konfirm\u00e1ci\u00f3s k\u00e9p 1949. m\u00e1jus 26. (SEL XV.5. 3. T\u00e9ka)\">\r\n\t\t\t\t\t\t<div data-category=\"8\" data-sort=\"Konfirm\u00e1ci\u00f3s k\u00e9p 1949. m\u00e1jus 26. (SEL XV.5. 3. T\u00e9ka)\" class=\"animateonload filtr-item filtr_item_628 single_one col-lg-2 col-md-3 col-sm-4 col-6\">\r\n\t\t\t\t\t\t\t\t\t\t\t\t\t\t\t<img decoding=\"async\" class=\" thumbnail  thumbnail_628 pfg-img pfg_img_628 img-responsive hvr-float-shadow\" src=\"https:\/\/sopronigyujtemenyek.lutheran.hu\/wp-content\/uploads\/CCF20220301-150x150.jpg\" alt=\"\">\r\n\t\t\t\t\t\t\t\t\t\t\t\t\t\t\t\t\t<div class=\"item-position item_position_628\">207<\/div>\r\n\t\t\t\t\t\t\t\t\t\t\t\t\t\t\t\t\t\t<span class=\"item-desc item_desc_628\">Konfirm\u00e1ci\u00f3s k\u00e9p 1949. m\u00e1jus 26. (SEL XV.5. 3. T\u00e9ka)<\/span>\r\n\t\t\t\t\t\t\t\t\t\t\t\t\t\t<\/div>\r\n\t\t\t\t\t<\/a>\r\n\t\t\t\t\t\t\t<\/div>\r\n\t<\/div>\r\n<script>\r\n\r\nsetTimeout(function () {\r\n\tjQuery(\".thumbnail_628\").each(function(){\r\n\t\t\/\/ console.log(jQuery(this).width() + \"x\" + jQuery(this).height())\r\n\t\tvar h = jQuery(this).height();\r\n\t\tvar w = jQuery(this).width();\r\n\t\tjQuery(this).height(h);\r\n\t\tjQuery(this).width(w);\r\n\t\tjQuery(this).resize();\r\n\t});\r\n}, 2500);\r\n\r\njQuery(document).ready(function (jQuery) {\r\n    jQuery('.filtr-item').addClass('animateonload');\r\n    jQuery('#filter_gallery_628').show();\r\n    jQuery('.loading-wrapper').hide();\r\n    jQuery(\".loader_img\").hide();\r\n    jQuery(\".lg_load_more\").show();\r\n    jQuery(\".filtr-container\").css(\"opacity\", 1);\r\n\r\n    \/\/ Define Filterizr Default Options\r\n    const options = {\r\n        animationDuration: 0.5,\r\n        callbacks: {\r\n            onFilteringStart: function() {\r\n                \/\/ Apply sorting shortly after filtering starts\r\n                setTimeout(function() {\r\n                                    }, 50);\r\n            },\r\n            onFilteringEnd: function() {\r\n                \/\/ Apply sorting shortly after filtering ends\r\n                setTimeout(function() {\r\n                                    }, 50);\r\n            },\r\n            onShufflingStart: function() { },\r\n            onShufflingEnd: function() { },\r\n            onSortingStart: function() { },\r\n            onSortingEnd: function() { }\r\n        },\r\n        controlsSelector: '.filtr-controls-628',\r\n        filter: 'all',\r\n        filterOutCss: {\r\n            top: '0px',\r\n            left: '0px',\r\n            opacity: 0.001,\r\n            transform: ''\r\n        },\r\n        filterInCss: {\r\n            top: '0px',\r\n            left: '0px',\r\n            opacity: 1,\r\n            transform: ''\r\n        },\r\n        layout: 'sameWidth',\r\n        selector: '.filtr-item',\r\n        setupControls: false\r\n    };\r\n\r\n    \/\/ Initialize Filterizr and ensure it is globally accessible\r\n    window.filterizd = jQuery('.filter_gallery_628').filterizr(options);\r\n\r\n    jQuery('.filter_gallery_628').imagesLoaded(function() {\r\n        \/\/ Reapply sorting after initial load\r\n        \r\n        \/\/ Resize handling\r\n        jQuery(window).resize(function() {\r\n            jQuery(\".thumbnail_628\").each(function() {\r\n                var h = jQuery(this).height();\r\n                var w = jQuery(this).width();\r\n                jQuery(this).height(h);\r\n                jQuery(this).width(w);\r\n            });\r\n\r\n            \/\/ Reapply sorting after resizing\r\n                    });\r\n    });\r\n\r\n\t\t\r\n\t\t\/\/bootstrap-lightbox-js\r\n\t\t\/\/ delegate calls to data-toggle=\"lightbox\"\r\n\t\tdocument.addEventListener('DOMContentLoaded', (event) => {\r\n            document.querySelectorAll('.my-lightbox-toggle').forEach((el) => {\r\n                el.addEventListener('click', (e) => {\r\n                    e.preventDefault();\r\n\r\n                    const options = {\r\n                        keyboard: true,\r\n                        size: 'fullscreen'\r\n                    };\r\n\r\n                    \/\/ Assuming Lightbox is a constructor from the included library\r\n                    \/\/ Check if the Lightbox class or function exists\r\n                    if (typeof Lightbox !== 'undefined') {\r\n                        const lightbox = new Lightbox(el, options);\r\n                        lightbox.show();\r\n                    } else {\r\n                        console.error('Lightbox library is not loaded.');\r\n                    }\r\n                });\r\n            });\r\n        });\r\n\t\t\t\tjQuery('.filtr-control-628 [data-filter]').click(function() {\r\n\t\t\t\/\/jQuery('.swiper-628').swipebox('swipebox-destroy');\r\n\t\t\tvar targetFilter = jQuery(this).data('filter');\r\n\t\t\tvar lighbox_class_name = \"pfg-lightbox-\" + targetFilter;\r\n\t\t\tjQuery('.pfg-lightbox-' + targetFilter ).attr('data-lightbox', lighbox_class_name); \/\/ add data filter for parent filters\r\n\t\t});\r\n\t\t\r\n\t\t\r\n\t\/\/ video player\r\n\tjQuery(function(){\r\n      jQuery(\"a.video-box-628\").YouTubePopUp( { autoplay: 0 } ); \/\/ Disable autoplay\r\n\t});\r\n\t\r\n});   \r\n<\/script>\n","protected":false},"excerpt":{"rendered":"","protected":false},"author":1,"featured_media":0,"parent":32,"menu_order":0,"comment_status":"closed","ping_status":"closed","template":"","meta":{"footnotes":""},"class_list":["post-623","page","type-page","status-publish","hentry"],"_links":{"self":[{"href":"https:\/\/sopronigyujtemenyek.lutheran.hu\/index.php?rest_route=\/wp\/v2\/pages\/623","targetHints":{"allow":["GET"]}}],"collection":[{"href":"https:\/\/sopronigyujtemenyek.lutheran.hu\/index.php?rest_route=\/wp\/v2\/pages"}],"about":[{"href":"https:\/\/sopronigyujtemenyek.lutheran.hu\/index.php?rest_route=\/wp\/v2\/types\/page"}],"author":[{"embeddable":true,"href":"https:\/\/sopronigyujtemenyek.lutheran.hu\/index.php?rest_route=\/wp\/v2\/users\/1"}],"replies":[{"embeddable":true,"href":"https:\/\/sopronigyujtemenyek.lutheran.hu\/index.php?rest_route=%2Fwp%2Fv2%2Fcomments&post=623"}],"version-history":[{"count":6,"href":"https:\/\/sopronigyujtemenyek.lutheran.hu\/index.php?rest_route=\/wp\/v2\/pages\/623\/revisions"}],"predecessor-version":[{"id":765,"href":"https:\/\/sopronigyujtemenyek.lutheran.hu\/index.php?rest_route=\/wp\/v2\/pages\/623\/revisions\/765"}],"up":[{"embeddable":true,"href":"https:\/\/sopronigyujtemenyek.lutheran.hu\/index.php?rest_route=\/wp\/v2\/pages\/32"}],"wp:attachment":[{"href":"https:\/\/sopronigyujtemenyek.lutheran.hu\/index.php?rest_route=%2Fwp%2Fv2%2Fmedia&parent=623"}],"curies":[{"name":"wp","href":"https:\/\/api.w.org\/{rel}","templated":true}]}}